{"id":10638,"date":"2021-11-15T20:06:51","date_gmt":"2021-11-15T20:06:51","guid":{"rendered":"https:\/\/www.ibermusicas.org\/?page_id=10638"},"modified":"2026-03-19T19:14:51","modified_gmt":"2026-03-19T19:14:51","slug":"rios-pt","status":"publish","type":"page","link":"https:\/\/www.ibermusicas.org\/index.php\/rios-pt\/","title":{"rendered":"\u00bfo QuE \u00e9 RIOS?"},"content":{"rendered":"\n<p class=\"wp-embed-aspect-16-9 wp-has-aspect-ratio\">A Rede Ibero-americana de Orquestras Sinf\u00f3nicas \u00e9 a organiza\u00e7\u00e3o que liga as orquestras profissionais da regi\u00e3o, sob os ausp\u00edcios do Programa IBERM\u00daSICAS.<\/p>\n\n\n\n<p class=\"wp-embed-aspect-16-9 wp-has-aspect-ratio\">Seu prop\u00f3sito \u00e9 servir de referente \u00e0s orquestras sinf\u00f4nicas na Iberoam\u00e9rica, articulando projetos na regi\u00e3o e com o resto do mundo, e levando adiante uma ghhgfghagenda comum de a\u00e7\u00f5es conjuntas para o fomento das institui\u00e7\u00f5es e a atividade sinf\u00f4nica.<\/p>\n\n\n\n<figure class=\"wp-block-embed is-type-video is-provider-youtube wp-block-embed-youtube wp-embed-aspect-16-9 wp-has-aspect-ratio\"><div class=\"wp-block-embed__wrapper\">\n<iframe loading=\"lazy\" title=\"Lanzamiento de la Red Iberoamericana de Orquestas Sinf\u00f3nicas RIOS\" width=\"500\" height=\"281\" src=\"https:\/\/www.youtube.com\/embed\/AtwcQX8uIms?feature=oembed\" frameborder=\"0\" allow=\"accelerometer; autoplay; clipboard-write; encrypted-media; gyroscope; picture-in-picture; web-share\" referrerpolicy=\"strict-origin-when-cross-origin\" allowfullscreen><\/iframe>\n<\/div><\/figure>\n\n\n\n<h2 class=\"wp-block-heading wp-embed-aspect-16-9 wp-has-aspect-ratio\">Contato<\/h2>\n\n\n\n<p class=\"wp-embed-aspect-16-9 wp-has-aspect-ratio\" id=\"tw-target-text\"><span class=\"Y2IQFc\" lang=\"pt\"><strong>Francisco Varela<\/strong><\/span><\/p>\n\n\n\n<p class=\"wp-embed-aspect-16-9 wp-has-aspect-ratio\" id=\"tw-target-text\"><span class=\"Y2IQFc\" lang=\"pt\">Diretor Executivo da RIOS<\/span><\/p>\n\n\n\n<p class=\"wp-embed-aspect-16-9 wp-has-aspect-ratio\"><a href=\"mailto:rios@ibermusicas.org\">rios@ibermusicas.org<\/a><\/p>\n\n\n\n<p class=\"wp-embed-aspect-16-9 wp-has-aspect-ratio\">+54 911 3039 5535<\/p>\n\n\n\n<p class=\"wp-embed-aspect-16-9 wp-has-aspect-ratio\"><\/p>\n\n\n\n<p><\/p>\n\n\n\n<figure class=\"wp-block-image size-full\"><img loading=\"lazy\" decoding=\"async\" width=\"3001\" height=\"1251\" src=\"https:\/\/www.ibermusicas.org\/wp-content\/uploads\/2026\/03\/RIOS-_footer-landing-RIOS-1.png\" alt=\"\" class=\"wp-image-27885\"\/><\/figure>\n","protected":false},"excerpt":{"rendered":"<p>A Rede Ibero-americana de Orquestras Sinf\u00f3nicas \u00e9 a organiza\u00e7\u00e3o que liga as orquestras profissionais da regi\u00e3o, sob os ausp\u00edcios do Programa IBERM\u00daSICAS. Seu prop\u00f3sito \u00e9 servir de referente \u00e0s orquestras sinf\u00f4nicas na Iberoam\u00e9rica, articulando projetos na regi\u00e3o e com o resto do mundo, e levando adiante uma ghhgfghagenda comum de a\u00e7\u00f5es conjuntas para o fomento [&hellip;]<\/p>\n","protected":false},"author":1,"featured_media":0,"parent":0,"menu_order":0,"comment_status":"closed","ping_status":"closed","template":"rios-pt-2","meta":{"_monsterinsights_skip_tracking":false,"_monsterinsights_sitenote_active":false,"_monsterinsights_sitenote_note":"","_monsterinsights_sitenote_category":0,"footnotes":""},"class_list":["post-10638","page","type-page","status-publish","hentry"],"lang":"pt","translations":{"pt":10638,"es":9549},"pll_sync_post":[],"post_mailing_queue_ids":[],"_links":{"self":[{"href":"https:\/\/www.ibermusicas.org\/index.php\/wp-json\/wp\/v2\/pages\/10638","targetHints":{"allow":["GET"]}}],"collection":[{"href":"https:\/\/www.ibermusicas.org\/index.php\/wp-json\/wp\/v2\/pages"}],"about":[{"href":"https:\/\/www.ibermusicas.org\/index.php\/wp-json\/wp\/v2\/types\/page"}],"author":[{"embeddable":true,"href":"https:\/\/www.ibermusicas.org\/index.php\/wp-json\/wp\/v2\/users\/1"}],"replies":[{"embeddable":true,"href":"https:\/\/www.ibermusicas.org\/index.php\/wp-json\/wp\/v2\/comments?post=10638"}],"version-history":[{"count":2,"href":"https:\/\/www.ibermusicas.org\/index.php\/wp-json\/wp\/v2\/pages\/10638\/revisions"}],"predecessor-version":[{"id":27886,"href":"https:\/\/www.ibermusicas.org\/index.php\/wp-json\/wp\/v2\/pages\/10638\/revisions\/27886"}],"wp:attachment":[{"href":"https:\/\/www.ibermusicas.org\/index.php\/wp-json\/wp\/v2\/media?parent=10638"}],"curies":[{"name":"wp","href":"https:\/\/api.w.org\/{rel}","templated":true}]}}