{"id":1565,"date":"2020-04-15T12:14:52","date_gmt":"2020-04-15T12:14:52","guid":{"rendered":"http:\/\/35.173.133.8\/?page_id=1565"},"modified":"2026-03-20T13:32:06","modified_gmt":"2026-03-20T13:32:06","slug":"inicio","status":"publish","type":"page","link":"https:\/\/www.ibermusicas.org\/index.php\/pt\/","title":{"rendered":"Inicio &#8211; PT"},"content":{"rendered":"\n<div class=\"wp-block-group alignfull has-global-padding is-layout-constrained wp-container-core-group-is-layout-c5903013 wp-block-group-is-layout-constrained\" style=\"padding-right:0px;padding-left:0px\">\n<div class=\"wp-block-getwid-images-slider has-arrows-none has-dots-none has-images-center has-cropped-images has-fixed-height\"><div class=\"wp-block-getwid-images-slider__wrapper\" data-effect=\"fade\" data-slides-show=\"1\" data-slides-show-laptop=\"1\" data-slides-show-tablet=\"1\" data-slides-show-mobile=\"1\" data-slides-scroll=\"1\" data-autoplay=\"true\" data-pause-hover=\"false\" data-autoplay-speed=\"4500\" data-infinite=\"true\" data-animation-speed=\"800\" data-center-mode=\"false\" data-variable-width=\"false\" data-arrows=\"none\" data-dots=\"none\" data-spacing=\"none\"><div class=\"wp-block-getwid-images-slider__item getwid-reset-height-tablet getwid-reset-height-mobile\" style=\"height:100vh\"><figure><img loading=\"lazy\" decoding=\"async\" width=\"2048\" height=\"1152\" src=\"https:\/\/www.ibermusicas.org\/wp-content\/uploads\/2020\/04\/Martin-Sued-Orquestra-Assintomatica-2.jpg\" alt=\"\" data-id=\"19112\" data-link=\"https:\/\/www.ibermusicas.org\/martin-sued-orquestra-assintomatica-2\/\" data-original-link=\"https:\/\/www.ibermusicas.org\/wp-content\/uploads\/2020\/04\/Martin-Sued-Orquestra-Assintomatica-2.jpg\" class=\"wp-block-getwid-images-slider__image wp-image-19112\"\/><\/figure><\/div><div class=\"wp-block-getwid-images-slider__item getwid-reset-height-tablet getwid-reset-height-mobile\" style=\"height:100vh\"><figure><img loading=\"lazy\" decoding=\"async\" width=\"900\" height=\"600\" src=\"https:\/\/www.ibermusicas.org\/wp-content\/uploads\/2020\/04\/Livia-Nestrovski-_-Fred-Ferreira-de-Brasil-en-Portugal-1-2019-1.jpg\" alt=\"\" data-id=\"4061\" data-link=\"https:\/\/www.ibermusicas.org\/livia-nestrovski-_-fred-ferreira-de-brasil-en-portugal-1-2019-1\/\" data-original-link=\"https:\/\/www.ibermusicas.org\/wp-content\/uploads\/2020\/04\/Livia-Nestrovski-_-Fred-Ferreira-de-Brasil-en-Portugal-1-2019-1.jpg\" class=\"wp-block-getwid-images-slider__image wp-image-4061\"\/><\/figure><\/div><div class=\"wp-block-getwid-images-slider__item getwid-reset-height-tablet getwid-reset-height-mobile\" style=\"height:100vh\"><figure><img loading=\"lazy\" decoding=\"async\" width=\"1280\" height=\"853\" src=\"https:\/\/www.ibermusicas.org\/wp-content\/uploads\/2020\/04\/12-1.jpeg\" alt=\"\" data-id=\"4059\" data-link=\"https:\/\/www.ibermusicas.org\/12-1\/\" data-original-link=\"https:\/\/www.ibermusicas.org\/wp-content\/uploads\/2020\/04\/12-1.jpeg\" class=\"wp-block-getwid-images-slider__image wp-image-4059\"\/><\/figure><\/div><div class=\"wp-block-getwid-images-slider__item getwid-reset-height-tablet getwid-reset-height-mobile\" style=\"height:100vh\"><figure><img loading=\"lazy\" decoding=\"async\" width=\"1280\" height=\"847\" src=\"https:\/\/www.ibermusicas.org\/wp-content\/uploads\/2020\/04\/9-1.jpeg\" alt=\"\" data-id=\"4056\" data-link=\"https:\/\/www.ibermusicas.org\/9-1\/\" data-original-link=\"https:\/\/www.ibermusicas.org\/wp-content\/uploads\/2020\/04\/9-1.jpeg\" class=\"wp-block-getwid-images-slider__image wp-image-4056\"\/><\/figure><\/div><div class=\"wp-block-getwid-images-slider__item getwid-reset-height-tablet getwid-reset-height-mobile\" style=\"height:100vh\"><figure><img loading=\"lazy\" decoding=\"async\" width=\"1280\" height=\"959\" src=\"https:\/\/www.ibermusicas.org\/wp-content\/uploads\/2020\/04\/8-1.jpeg\" alt=\"\" data-id=\"4055\" data-link=\"https:\/\/www.ibermusicas.org\/8-1\/\" data-original-link=\"https:\/\/www.ibermusicas.org\/wp-content\/uploads\/2020\/04\/8-1.jpeg\" class=\"wp-block-getwid-images-slider__image wp-image-4055\"\/><\/figure><\/div><div class=\"wp-block-getwid-images-slider__item getwid-reset-height-tablet getwid-reset-height-mobile\" style=\"height:100vh\"><figure><img loading=\"lazy\" decoding=\"async\" width=\"1156\" height=\"768\" src=\"https:\/\/www.ibermusicas.org\/wp-content\/uploads\/2020\/04\/7-1.jpeg\" alt=\"\" data-id=\"4054\" data-link=\"https:\/\/www.ibermusicas.org\/7-1\/\" data-original-link=\"https:\/\/www.ibermusicas.org\/wp-content\/uploads\/2020\/04\/7-1.jpeg\" class=\"wp-block-getwid-images-slider__image wp-image-4054\"\/><\/figure><\/div><div class=\"wp-block-getwid-images-slider__item getwid-reset-height-tablet getwid-reset-height-mobile\" style=\"height:100vh\"><figure><img loading=\"lazy\" decoding=\"async\" width=\"960\" height=\"640\" src=\"https:\/\/www.ibermusicas.org\/wp-content\/uploads\/2020\/04\/5-1.jpeg\" alt=\"\" data-id=\"4053\" data-link=\"https:\/\/www.ibermusicas.org\/5-1\/\" data-original-link=\"https:\/\/www.ibermusicas.org\/wp-content\/uploads\/2020\/04\/5-1.jpeg\" class=\"wp-block-getwid-images-slider__image wp-image-4053\"\/><\/figure><\/div><div class=\"wp-block-getwid-images-slider__item getwid-reset-height-tablet getwid-reset-height-mobile\" style=\"height:100vh\"><figure><img loading=\"lazy\" decoding=\"async\" width=\"1280\" height=\"853\" src=\"https:\/\/www.ibermusicas.org\/wp-content\/uploads\/2020\/04\/3-1.jpeg\" alt=\"\" data-id=\"4052\" data-link=\"https:\/\/www.ibermusicas.org\/3-1\/\" data-original-link=\"https:\/\/www.ibermusicas.org\/wp-content\/uploads\/2020\/04\/3-1.jpeg\" class=\"wp-block-getwid-images-slider__image wp-image-4052\"\/><\/figure><\/div><div class=\"wp-block-getwid-images-slider__item getwid-reset-height-tablet getwid-reset-height-mobile\" style=\"height:100vh\"><figure><img loading=\"lazy\" decoding=\"async\" width=\"520\" height=\"346\" src=\"https:\/\/www.ibermusicas.org\/wp-content\/uploads\/2020\/04\/Felicia-Morales-1-1.jpg\" alt=\"\" data-id=\"3707\" data-link=\"https:\/\/www.ibermusicas.org\/felicia-morales-1-2\/\" data-original-link=\"https:\/\/www.ibermusicas.org\/wp-content\/uploads\/2020\/04\/Felicia-Morales-1-1.jpg\" class=\"wp-block-getwid-images-slider__image wp-image-3707\"\/><\/figure><\/div><\/div><\/div>\n<\/div>\n\n\n\n<div class=\"wp-block-group alignwide has-global-padding is-layout-constrained wp-container-core-group-is-layout-a90ac5d3 wp-block-group-is-layout-constrained\" style=\"margin-top:var(--wp--preset--spacing--80);margin-bottom:var(--wp--preset--spacing--80)\">\n<h2 class=\"wp-block-heading\" style=\"text-transform:uppercase\"><span style=\"color: #0d7ea5;\">\u00bfO que \u00e9 IBERM\u00daSICAS?<\/span><\/h2>\n\n\n\n<p><\/p>\n\n\n\n<p>Somos um programa de coopera\u00e7\u00e3o dedicado exclusivamente ao setor musical ibero-americano.<\/p>\n\n\n\n<p>Nossa miss\u00e3o \u00e9 fornecer todos os atores deste setor din\u00e2mico com ferramentas v\u00e1lidas para acompanhar a realiza\u00e7\u00e3o de seus empreendimentos, seus desafios e, por que n\u00e3o?, seus sonhos.<\/p>\n\n\n\n<div class=\"wp-block-buttons is-layout-flex wp-block-buttons-is-layout-flex\">\n<div class=\"wp-block-button is-style-fill\"><a class=\"wp-block-button__link has-accent-2-background-color has-background has-medium-font-size has-custom-font-size wp-element-button\" href=\"https:\/\/www.ibermusicas.org\/index.php\/que-es-ibermusicas-pt\/\" style=\"border-radius:1px;padding-top:var(--wp--preset--spacing--20);padding-right:var(--wp--preset--spacing--30);padding-bottom:var(--wp--preset--spacing--20);padding-left:var(--wp--preset--spacing--30)\">Saber mais<\/a><\/div>\n<\/div>\n<\/div>\n\n\n\n<div class=\"wp-block-group alignfull has-global-padding is-layout-constrained wp-container-core-group-is-layout-c5903013 wp-block-group-is-layout-constrained\" style=\"padding-right:0px;padding-left:0px\">\n<h2 class=\"wp-block-heading screen-reader-text\">Not\u00edcias em destaque<\/h2>\n\n\n\n        <div class=\"wp-block-getwid-post-slider custom-post-type-post has-arrows-inside has-dots-none\">\n            <div data-slider-option=\"{&quot;getwid_fade_effect&quot;:&quot;slide&quot;,&quot;getwid_autoplay&quot;:true,&quot;getwid_pause_on_hover&quot;:false,&quot;getwid_autoplay_speed&quot;:2500,&quot;getwid_infinite&quot;:true,&quot;getwid_animation_speed&quot;:800,&quot;getwid_arrows&quot;:&quot;inside&quot;,&quot;getwid_dots&quot;:&quot;none&quot;}\" class=\"wp-block-getwid-post-slider__content\">\n                \t\t\t\t\t\t\t<div class=\"wp-block-getwid-post-slider__slide\" style=\"\">\n\t\t\t\t\t\t\t\t\n<div class=\"wp-block-getwid-template-post-featured-background-image has-link has-link-to-post getwid-padding-bottom-none getwid-padding-left-none getwid-align-items-flex-end\"  style=\"min-height: 600px;padding-top:300px;padding-right:35%;\" >\n\t\t<a href=\"https:\/\/www.ibermusicas.org\/index.php\/a-artista-espanhola-karmento-realiza-uma-digressao-por-palcos-da-colombia-costa-rica-guatemala-e-mexico\/\" class=\"wp-block-getwid-template-post-featured-background-image__link\">\n\t\t\t\t<div class=\"wp-block-getwid-template-post-featured-background-image__image\" style=\"background-image: url(https:\/\/www.ibermusicas.org\/wp-content\/uploads\/2026\/04\/5-Karmento-11.jpg);\"><\/div>\n\t\t<div class=\"wp-block-getwid-template-post-featured-background-image__foreground\"\n\t\t style=\"background-color: #000; \" \t><\/div>\n\t\t<\/a>\n\t    <div class=\"wp-block-getwid-template-post-featured-background-image__content\"\n\t\t\t>\n        \n\n<div class=\"wp-block-getwid-section getwid-margin-top-large getwid-margin-bottom-none getwid-section-content-full-width\"><div class=\"wp-block-getwid-section__wrapper getwid-padding-top-medium getwid-padding-bottom-large getwid-padding-left-medium getwid-padding-right-medium getwid-margin-left-none getwid-margin-right-none getwid-align-items-flex-end\"><div class=\"wp-block-getwid-section__inner-wrapper\"><div class=\"wp-block-getwid-section__background-holder\"><div class=\"wp-block-getwid-section__background\"><\/div><div class=\"wp-block-getwid-section__foreground\" style=\"opacity:0.4;background-color:#000000\"><\/div><\/div><div class=\"wp-block-getwid-section__content\"><div class=\"wp-block-getwid-section__inner-content\">\n<h3 class=\"wp-block-getwid-template-post-title has-medium-font-size has-text-color has-base-color\"><a class=\"wp-block-getwid-template-post-title__link\" href=\"https:\/\/www.ibermusicas.org\/index.php\/a-artista-espanhola-karmento-realiza-uma-digressao-por-palcos-da-colombia-costa-rica-guatemala-e-mexico\/\">A artista espanhola Karmento realiza uma digress\u00e3o por palcos da Guatemala e M\u00e9xico<\/a><\/h3>\n\n<div class=\"has-link-color wp-elements-47fe2764cc228056f6fe25cbc6ffaf17 wp-block-post-date has-text-color has-base-color\"><time datetime=\"2026-04-14T17:38:51+00:00\">14 de abril de 2026<\/time><\/div><\/div><\/div><\/div><\/div><\/div>\n\n    <\/div>\n<\/div>\n\t\t\t\t\t\t\t<\/div>\n\t\t\t\t\t\t\t\t\t\t\t\t\t<div class=\"wp-block-getwid-post-slider__slide\" style=\"\">\n\t\t\t\t\t\t\t\t\n<div class=\"wp-block-getwid-template-post-featured-background-image has-link has-link-to-post getwid-padding-bottom-none getwid-padding-left-none getwid-align-items-flex-end\"  style=\"min-height: 600px;padding-top:300px;padding-right:35%;\" >\n\t\t<a href=\"https:\/\/www.ibermusicas.org\/index.php\/a-cantora-compositora-e-pesquisadora-da-tradicao-oral-da-costa-rica-guadalupe-urbina-comeca-a-apresentar-as-cancoes-de-seu-novo-album\/\" class=\"wp-block-getwid-template-post-featured-background-image__link\">\n\t\t\t\t<div class=\"wp-block-getwid-template-post-featured-background-image__image\" style=\"background-image: url(https:\/\/www.ibermusicas.org\/wp-content\/uploads\/2026\/04\/4-Guadalupe-Urbina-21.jpg);\"><\/div>\n\t\t<div class=\"wp-block-getwid-template-post-featured-background-image__foreground\"\n\t\t style=\"background-color: #000; \" \t><\/div>\n\t\t<\/a>\n\t    <div class=\"wp-block-getwid-template-post-featured-background-image__content\"\n\t\t\t>\n        \n\n<div class=\"wp-block-getwid-section getwid-margin-top-large getwid-margin-bottom-none getwid-section-content-full-width\"><div class=\"wp-block-getwid-section__wrapper getwid-padding-top-medium getwid-padding-bottom-large getwid-padding-left-medium getwid-padding-right-medium getwid-margin-left-none getwid-margin-right-none getwid-align-items-flex-end\"><div class=\"wp-block-getwid-section__inner-wrapper\"><div class=\"wp-block-getwid-section__background-holder\"><div class=\"wp-block-getwid-section__background\"><\/div><div class=\"wp-block-getwid-section__foreground\" style=\"opacity:0.4;background-color:#000000\"><\/div><\/div><div class=\"wp-block-getwid-section__content\"><div class=\"wp-block-getwid-section__inner-content\">\n<h3 class=\"wp-block-getwid-template-post-title has-medium-font-size has-text-color has-base-color\"><a class=\"wp-block-getwid-template-post-title__link\" href=\"https:\/\/www.ibermusicas.org\/index.php\/a-cantora-compositora-e-pesquisadora-da-tradicao-oral-da-costa-rica-guadalupe-urbina-comeca-a-apresentar-as-cancoes-de-seu-novo-album\/\">A cantora, compositora e pesquisadora da tradi\u00e7\u00e3o oral da Costa Rica, Guadalupe Urbina, come\u00e7a a apresentar as can\u00e7\u00f5es de seu novo \u00e1lbum<\/a><\/h3>\n\n<div class=\"has-link-color wp-elements-47fe2764cc228056f6fe25cbc6ffaf17 wp-block-post-date has-text-color has-base-color\"><time datetime=\"2026-04-14T17:35:10+00:00\">14 de abril de 2026<\/time><\/div><\/div><\/div><\/div><\/div><\/div>\n\n    <\/div>\n<\/div>\n\t\t\t\t\t\t\t<\/div>\n\t\t\t\t\t\t\t\t\t\t\t\t\t<div class=\"wp-block-getwid-post-slider__slide\" style=\"\">\n\t\t\t\t\t\t\t\t\n<div class=\"wp-block-getwid-template-post-featured-background-image has-link has-link-to-post getwid-padding-bottom-none getwid-padding-left-none getwid-align-items-flex-end\"  style=\"min-height: 600px;padding-top:300px;padding-right:35%;\" >\n\t\t<a href=\"https:\/\/www.ibermusicas.org\/index.php\/a-banda-peruana-de-cumbia-los-chapillacs-chega-a-colombia-com-sua-turne-puentes-sonoros\/\" class=\"wp-block-getwid-template-post-featured-background-image__link\">\n\t\t\t\t<div class=\"wp-block-getwid-template-post-featured-background-image__image\" style=\"background-image: url(https:\/\/www.ibermusicas.org\/wp-content\/uploads\/2026\/04\/3-Chapillacs.jpg);\"><\/div>\n\t\t<div class=\"wp-block-getwid-template-post-featured-background-image__foreground\"\n\t\t style=\"background-color: #000; \" \t><\/div>\n\t\t<\/a>\n\t    <div class=\"wp-block-getwid-template-post-featured-background-image__content\"\n\t\t\t>\n        \n\n<div class=\"wp-block-getwid-section getwid-margin-top-large getwid-margin-bottom-none getwid-section-content-full-width\"><div class=\"wp-block-getwid-section__wrapper getwid-padding-top-medium getwid-padding-bottom-large getwid-padding-left-medium getwid-padding-right-medium getwid-margin-left-none getwid-margin-right-none getwid-align-items-flex-end\"><div class=\"wp-block-getwid-section__inner-wrapper\"><div class=\"wp-block-getwid-section__background-holder\"><div class=\"wp-block-getwid-section__background\"><\/div><div class=\"wp-block-getwid-section__foreground\" style=\"opacity:0.4;background-color:#000000\"><\/div><\/div><div class=\"wp-block-getwid-section__content\"><div class=\"wp-block-getwid-section__inner-content\">\n<h3 class=\"wp-block-getwid-template-post-title has-medium-font-size has-text-color has-base-color\"><a class=\"wp-block-getwid-template-post-title__link\" href=\"https:\/\/www.ibermusicas.org\/index.php\/a-banda-peruana-de-cumbia-los-chapillacs-chega-a-colombia-com-sua-turne-puentes-sonoros\/\">A banda peruana de cumbia Los Chapillacs chega \u00e0 Col\u00f4mbia com sua turn\u00ea Puentes Sonoros<\/a><\/h3>\n\n<div class=\"has-link-color wp-elements-47fe2764cc228056f6fe25cbc6ffaf17 wp-block-post-date has-text-color has-base-color\"><time datetime=\"2026-04-14T17:21:16+00:00\">14 de abril de 2026<\/time><\/div><\/div><\/div><\/div><\/div><\/div>\n\n    <\/div>\n<\/div>\n\t\t\t\t\t\t\t<\/div>\n\t\t\t\t\t\t\t\t\t\t\t\t\t<div class=\"wp-block-getwid-post-slider__slide\" style=\"\">\n\t\t\t\t\t\t\t\t\n<div class=\"wp-block-getwid-template-post-featured-background-image has-link has-link-to-post getwid-padding-bottom-none getwid-padding-left-none getwid-align-items-flex-end\"  style=\"min-height: 600px;padding-top:300px;padding-right:35%;\" >\n\t\t<a href=\"https:\/\/www.ibermusicas.org\/index.php\/o-compositor-paraguaio-mateo-servian-sforza-inicia-seus-estudos-de-composicao-na-hochschule-fur-musik-theater-und-medien-de-hannover-alemanha\/\" class=\"wp-block-getwid-template-post-featured-background-image__link\">\n\t\t\t\t<div class=\"wp-block-getwid-template-post-featured-background-image__image\" style=\"background-image: url(https:\/\/www.ibermusicas.org\/wp-content\/uploads\/2026\/04\/2-Sforza.jpg);\"><\/div>\n\t\t<div class=\"wp-block-getwid-template-post-featured-background-image__foreground\"\n\t\t style=\"background-color: #000; \" \t><\/div>\n\t\t<\/a>\n\t    <div class=\"wp-block-getwid-template-post-featured-background-image__content\"\n\t\t\t>\n        \n\n<div class=\"wp-block-getwid-section getwid-margin-top-large getwid-margin-bottom-none getwid-section-content-full-width\"><div class=\"wp-block-getwid-section__wrapper getwid-padding-top-medium getwid-padding-bottom-large getwid-padding-left-medium getwid-padding-right-medium getwid-margin-left-none getwid-margin-right-none getwid-align-items-flex-end\"><div class=\"wp-block-getwid-section__inner-wrapper\"><div class=\"wp-block-getwid-section__background-holder\"><div class=\"wp-block-getwid-section__background\"><\/div><div class=\"wp-block-getwid-section__foreground\" style=\"opacity:0.4;background-color:#000000\"><\/div><\/div><div class=\"wp-block-getwid-section__content\"><div class=\"wp-block-getwid-section__inner-content\">\n<h3 class=\"wp-block-getwid-template-post-title has-medium-font-size has-text-color has-base-color\"><a class=\"wp-block-getwid-template-post-title__link\" href=\"https:\/\/www.ibermusicas.org\/index.php\/o-compositor-paraguaio-mateo-servian-sforza-inicia-seus-estudos-de-composicao-na-hochschule-fur-musik-theater-und-medien-de-hannover-alemanha\/\">O compositor paraguaio Mateo Servi\u00e1n Sforza inicia seus estudos de composi\u00e7\u00e3o na \u201cHochschule f\u00fcr Musik, Theater und Medien\u201d de Hannover, Alemanha<\/a><\/h3>\n\n<div class=\"has-link-color wp-elements-47fe2764cc228056f6fe25cbc6ffaf17 wp-block-post-date has-text-color has-base-color\"><time datetime=\"2026-04-14T17:18:48+00:00\">14 de abril de 2026<\/time><\/div><\/div><\/div><\/div><\/div><\/div>\n\n    <\/div>\n<\/div>\n\t\t\t\t\t\t\t<\/div>\n\t\t\t\t\t\t\t\t\t\t\t\t\t<div class=\"wp-block-getwid-post-slider__slide\" style=\"\">\n\t\t\t\t\t\t\t\t\n<div class=\"wp-block-getwid-template-post-featured-background-image has-link has-link-to-post getwid-padding-bottom-none getwid-padding-left-none getwid-align-items-flex-end\"  style=\"min-height: 600px;padding-top:300px;padding-right:35%;\" >\n\t\t<a href=\"https:\/\/www.ibermusicas.org\/index.php\/desde-o-paraguai-apresenta-se-melodrama-guarani-um-podcast-sonoro-e-visual\/\" class=\"wp-block-getwid-template-post-featured-background-image__link\">\n\t\t\t\t<div class=\"wp-block-getwid-template-post-featured-background-image__image\" style=\"background-image: url(https:\/\/www.ibermusicas.org\/wp-content\/uploads\/2026\/04\/1-MELODRAMA-GUARANI.png);\"><\/div>\n\t\t<div class=\"wp-block-getwid-template-post-featured-background-image__foreground\"\n\t\t style=\"background-color: #000; \" \t><\/div>\n\t\t<\/a>\n\t    <div class=\"wp-block-getwid-template-post-featured-background-image__content\"\n\t\t\t>\n        \n\n<div class=\"wp-block-getwid-section getwid-margin-top-large getwid-margin-bottom-none getwid-section-content-full-width\"><div class=\"wp-block-getwid-section__wrapper getwid-padding-top-medium getwid-padding-bottom-large getwid-padding-left-medium getwid-padding-right-medium getwid-margin-left-none getwid-margin-right-none getwid-align-items-flex-end\"><div class=\"wp-block-getwid-section__inner-wrapper\"><div class=\"wp-block-getwid-section__background-holder\"><div class=\"wp-block-getwid-section__background\"><\/div><div class=\"wp-block-getwid-section__foreground\" style=\"opacity:0.4;background-color:#000000\"><\/div><\/div><div class=\"wp-block-getwid-section__content\"><div class=\"wp-block-getwid-section__inner-content\">\n<h3 class=\"wp-block-getwid-template-post-title has-medium-font-size has-text-color has-base-color\"><a class=\"wp-block-getwid-template-post-title__link\" href=\"https:\/\/www.ibermusicas.org\/index.php\/desde-o-paraguai-apresenta-se-melodrama-guarani-um-podcast-sonoro-e-visual\/\">Desde o Paraguai apresenta-se \u201cMelodrama Guarani\u201d, um podcast sonoro e visual<\/a><\/h3>\n\n<div class=\"has-link-color wp-elements-47fe2764cc228056f6fe25cbc6ffaf17 wp-block-post-date has-text-color has-base-color\"><time datetime=\"2026-04-14T17:16:00+00:00\">14 de abril de 2026<\/time><\/div><\/div><\/div><\/div><\/div><\/div>\n\n    <\/div>\n<\/div>\n\t\t\t\t\t\t\t<\/div>\n\t\t\t\t\t\t\t\t\t\t\t\t\t<div class=\"wp-block-getwid-post-slider__slide\" style=\"\">\n\t\t\t\t\t\t\t\t\n<div class=\"wp-block-getwid-template-post-featured-background-image has-link has-link-to-post getwid-padding-bottom-none getwid-padding-left-none getwid-align-items-flex-end\"  style=\"min-height: 600px;padding-top:300px;padding-right:35%;\" >\n\t\t<a href=\"https:\/\/www.ibermusicas.org\/index.php\/ibercena-ibermuseus-e-ibermusicas-impulsionam-projetopara-analisar-a-participacao-das-mulheres-na-gestao-cultural\/\" class=\"wp-block-getwid-template-post-featured-background-image__link\">\n\t\t\t\t<div class=\"wp-block-getwid-template-post-featured-background-image__image\" style=\"background-image: url(https:\/\/www.ibermusicas.org\/wp-content\/uploads\/2026\/04\/2026-IBER-CartGEN-banner-1920px.png);\"><\/div>\n\t\t<div class=\"wp-block-getwid-template-post-featured-background-image__foreground\"\n\t\t style=\"background-color: #000; \" \t><\/div>\n\t\t<\/a>\n\t    <div class=\"wp-block-getwid-template-post-featured-background-image__content\"\n\t\t\t>\n        \n\n<div class=\"wp-block-getwid-section getwid-margin-top-large getwid-margin-bottom-none getwid-section-content-full-width\"><div class=\"wp-block-getwid-section__wrapper getwid-padding-top-medium getwid-padding-bottom-large getwid-padding-left-medium getwid-padding-right-medium getwid-margin-left-none getwid-margin-right-none getwid-align-items-flex-end\"><div class=\"wp-block-getwid-section__inner-wrapper\"><div class=\"wp-block-getwid-section__background-holder\"><div class=\"wp-block-getwid-section__background\"><\/div><div class=\"wp-block-getwid-section__foreground\" style=\"opacity:0.4;background-color:#000000\"><\/div><\/div><div class=\"wp-block-getwid-section__content\"><div class=\"wp-block-getwid-section__inner-content\">\n<h3 class=\"wp-block-getwid-template-post-title has-medium-font-size has-text-color has-base-color\"><a class=\"wp-block-getwid-template-post-title__link\" href=\"https:\/\/www.ibermusicas.org\/index.php\/ibercena-ibermuseus-e-ibermusicas-impulsionam-projetopara-analisar-a-participacao-das-mulheres-na-gestao-cultural\/\">Ibercena, Ibermuseus e Iberm\u00fasicas impulsionam projetopara analisar a participa\u00e7\u00e3o das mulheres na gest\u00e3o cultural<\/a><\/h3>\n\n<div class=\"has-link-color wp-elements-47fe2764cc228056f6fe25cbc6ffaf17 wp-block-post-date has-text-color has-base-color\"><time datetime=\"2026-04-10T12:15:48+00:00\">10 de abril de 2026<\/time><\/div><\/div><\/div><\/div><\/div><\/div>\n\n    <\/div>\n<\/div>\n\t\t\t\t\t\t\t<\/div>\n\t\t\t\t\t\t\t\t\t\t\t\t\t<div class=\"wp-block-getwid-post-slider__slide\" style=\"\">\n\t\t\t\t\t\t\t\t\n<div class=\"wp-block-getwid-template-post-featured-background-image has-link has-link-to-post getwid-padding-bottom-none getwid-padding-left-none getwid-align-items-flex-end\"  style=\"min-height: 600px;padding-top:300px;padding-right:35%;\" >\n\t\t<a href=\"https:\/\/www.ibermusicas.org\/index.php\/la-chile-big-band-y-el-compositor-peruano-sergio-salazar-grabaran-musicas-de-raiz-afro-peruanas-en-formato-de-big-band-2\/\" class=\"wp-block-getwid-template-post-featured-background-image__link\">\n\t\t\t\t<div class=\"wp-block-getwid-template-post-featured-background-image__image\" style=\"background-image: url(https:\/\/www.ibermusicas.org\/wp-content\/uploads\/2026\/03\/13-La-Chile-Big-Band-21.jpg);\"><\/div>\n\t\t<div class=\"wp-block-getwid-template-post-featured-background-image__foreground\"\n\t\t style=\"background-color: #000; \" \t><\/div>\n\t\t<\/a>\n\t    <div class=\"wp-block-getwid-template-post-featured-background-image__content\"\n\t\t\t>\n        \n\n<div class=\"wp-block-getwid-section getwid-margin-top-large getwid-margin-bottom-none getwid-section-content-full-width\"><div class=\"wp-block-getwid-section__wrapper getwid-padding-top-medium getwid-padding-bottom-large getwid-padding-left-medium getwid-padding-right-medium getwid-margin-left-none getwid-margin-right-none getwid-align-items-flex-end\"><div class=\"wp-block-getwid-section__inner-wrapper\"><div class=\"wp-block-getwid-section__background-holder\"><div class=\"wp-block-getwid-section__background\"><\/div><div class=\"wp-block-getwid-section__foreground\" style=\"opacity:0.4;background-color:#000000\"><\/div><\/div><div class=\"wp-block-getwid-section__content\"><div class=\"wp-block-getwid-section__inner-content\">\n<h3 class=\"wp-block-getwid-template-post-title has-medium-font-size has-text-color has-base-color\"><a class=\"wp-block-getwid-template-post-title__link\" href=\"https:\/\/www.ibermusicas.org\/index.php\/la-chile-big-band-y-el-compositor-peruano-sergio-salazar-grabaran-musicas-de-raiz-afro-peruanas-en-formato-de-big-band-2\/\">A Chile Big Band e o compositor peruano Sergio Salazar gravar\u00e3o m\u00fasicas de raiz afro-peruana em formato de Big Band<\/a><\/h3>\n\n<div class=\"has-link-color wp-elements-47fe2764cc228056f6fe25cbc6ffaf17 wp-block-post-date has-text-color has-base-color\"><time datetime=\"2026-03-30T19:29:16+00:00\">30 de marzo de 2026<\/time><\/div><\/div><\/div><\/div><\/div><\/div>\n\n    <\/div>\n<\/div>\n\t\t\t\t\t\t\t<\/div>\n\t\t\t\t\t\t\t\t\t\t\t\t\t<div class=\"wp-block-getwid-post-slider__slide\" style=\"\">\n\t\t\t\t\t\t\t\t\n<div class=\"wp-block-getwid-template-post-featured-background-image has-link has-link-to-post getwid-padding-bottom-none getwid-padding-left-none getwid-align-items-flex-end\"  style=\"min-height: 600px;padding-top:300px;padding-right:35%;\" >\n\t\t<a href=\"https:\/\/www.ibermusicas.org\/index.php\/a-musicista-e-professora-chilena-barbara-lopez-silva-inicia-uma-residencia-de-pesquisa-sobre-o-metodo-de-ensino-da-musica-de-joan-chamorro\/\" class=\"wp-block-getwid-template-post-featured-background-image__link\">\n\t\t\t\t<div class=\"wp-block-getwid-template-post-featured-background-image__image\" style=\"background-image: url(https:\/\/www.ibermusicas.org\/wp-content\/uploads\/2026\/03\/12-Barbara-Lopez-2-Sant-Andreu-Jazz-band.jpg);\"><\/div>\n\t\t<div class=\"wp-block-getwid-template-post-featured-background-image__foreground\"\n\t\t style=\"background-color: #000; \" \t><\/div>\n\t\t<\/a>\n\t    <div class=\"wp-block-getwid-template-post-featured-background-image__content\"\n\t\t\t>\n        \n\n<div class=\"wp-block-getwid-section getwid-margin-top-large getwid-margin-bottom-none getwid-section-content-full-width\"><div class=\"wp-block-getwid-section__wrapper getwid-padding-top-medium getwid-padding-bottom-large getwid-padding-left-medium getwid-padding-right-medium getwid-margin-left-none getwid-margin-right-none getwid-align-items-flex-end\"><div class=\"wp-block-getwid-section__inner-wrapper\"><div class=\"wp-block-getwid-section__background-holder\"><div class=\"wp-block-getwid-section__background\"><\/div><div class=\"wp-block-getwid-section__foreground\" style=\"opacity:0.4;background-color:#000000\"><\/div><\/div><div class=\"wp-block-getwid-section__content\"><div class=\"wp-block-getwid-section__inner-content\">\n<h3 class=\"wp-block-getwid-template-post-title has-medium-font-size has-text-color has-base-color\"><a class=\"wp-block-getwid-template-post-title__link\" href=\"https:\/\/www.ibermusicas.org\/index.php\/a-musicista-e-professora-chilena-barbara-lopez-silva-inicia-uma-residencia-de-pesquisa-sobre-o-metodo-de-ensino-da-musica-de-joan-chamorro\/\">A musicista e professora chilena B\u00e1rbara L\u00f3pez Silva inicia uma resid\u00eancia de pesquisa sobre o m\u00e9todo de ensino da m\u00fasica de Joan Chamorro<\/a><\/h3>\n\n<div class=\"has-link-color wp-elements-47fe2764cc228056f6fe25cbc6ffaf17 wp-block-post-date has-text-color has-base-color\"><time datetime=\"2026-03-30T19:26:28+00:00\">30 de marzo de 2026<\/time><\/div><\/div><\/div><\/div><\/div><\/div>\n\n    <\/div>\n<\/div>\n\t\t\t\t\t\t\t<\/div>\n\t\t\t\t\t\t\t\t\t\t\t\t\t<div class=\"wp-block-getwid-post-slider__slide\" style=\"\">\n\t\t\t\t\t\t\t\t\n<div class=\"wp-block-getwid-template-post-featured-background-image has-link has-link-to-post getwid-padding-bottom-none getwid-padding-left-none getwid-align-items-flex-end\"  style=\"min-height: 600px;padding-top:300px;padding-right:35%;\" >\n\t\t<a href=\"https:\/\/www.ibermusicas.org\/index.php\/o-violinista-salvadorenho-rene-hernandez-fara-parte-de-puentes-sonoros-de-el-salvador-a-valencia-junto-ao-ensemble-espanhol-plaerdemavida-ensemble\/\" class=\"wp-block-getwid-template-post-featured-background-image__link\">\n\t\t\t\t<div class=\"wp-block-getwid-template-post-featured-background-image__image\" style=\"background-image: url(https:\/\/www.ibermusicas.org\/wp-content\/uploads\/2026\/03\/11-Puentes-Sonoros-11.jpg);\"><\/div>\n\t\t<div class=\"wp-block-getwid-template-post-featured-background-image__foreground\"\n\t\t style=\"background-color: #000; \" \t><\/div>\n\t\t<\/a>\n\t    <div class=\"wp-block-getwid-template-post-featured-background-image__content\"\n\t\t\t>\n        \n\n<div class=\"wp-block-getwid-section getwid-margin-top-large getwid-margin-bottom-none getwid-section-content-full-width\"><div class=\"wp-block-getwid-section__wrapper getwid-padding-top-medium getwid-padding-bottom-large getwid-padding-left-medium getwid-padding-right-medium getwid-margin-left-none getwid-margin-right-none getwid-align-items-flex-end\"><div class=\"wp-block-getwid-section__inner-wrapper\"><div class=\"wp-block-getwid-section__background-holder\"><div class=\"wp-block-getwid-section__background\"><\/div><div class=\"wp-block-getwid-section__foreground\" style=\"opacity:0.4;background-color:#000000\"><\/div><\/div><div class=\"wp-block-getwid-section__content\"><div class=\"wp-block-getwid-section__inner-content\">\n<h3 class=\"wp-block-getwid-template-post-title has-medium-font-size has-text-color has-base-color\"><a class=\"wp-block-getwid-template-post-title__link\" href=\"https:\/\/www.ibermusicas.org\/index.php\/o-violinista-salvadorenho-rene-hernandez-fara-parte-de-puentes-sonoros-de-el-salvador-a-valencia-junto-ao-ensemble-espanhol-plaerdemavida-ensemble\/\">O violinista salvadorenho Ren\u00e9 Hern\u00e1ndez far\u00e1 parte de \u201cPuentes Sonoros: de El Salvador a Val\u00eancia\u201d junto ao ensemble espanhol Plaerdemavida Ensemble<\/a><\/h3>\n\n<div class=\"has-link-color wp-elements-47fe2764cc228056f6fe25cbc6ffaf17 wp-block-post-date has-text-color has-base-color\"><time datetime=\"2026-03-30T19:24:34+00:00\">30 de marzo de 2026<\/time><\/div><\/div><\/div><\/div><\/div><\/div>\n\n    <\/div>\n<\/div>\n\t\t\t\t\t\t\t<\/div>\n\t\t\t\t\t\t\t\t\t\t\t\t\t<div class=\"wp-block-getwid-post-slider__slide\" style=\"\">\n\t\t\t\t\t\t\t\t\n<div class=\"wp-block-getwid-template-post-featured-background-image has-link has-link-to-post getwid-padding-bottom-none getwid-padding-left-none getwid-align-items-flex-end\"  style=\"min-height: 600px;padding-top:300px;padding-right:35%;\" >\n\t\t<a href=\"https:\/\/www.ibermusicas.org\/index.php\/comeca-o-projeto-de-colaboracao-entre-mexico-e-italia-hackout-sofia-escamilla-yuko-cornale\/\" class=\"wp-block-getwid-template-post-featured-background-image__link\">\n\t\t\t\t<div class=\"wp-block-getwid-template-post-featured-background-image__image\" style=\"background-image: url(https:\/\/www.ibermusicas.org\/wp-content\/uploads\/2026\/03\/9-HackOut-Sofia-Escamilla-Yuko-Cornale-2.jpg);\"><\/div>\n\t\t<div class=\"wp-block-getwid-template-post-featured-background-image__foreground\"\n\t\t style=\"background-color: #000; \" \t><\/div>\n\t\t<\/a>\n\t    <div class=\"wp-block-getwid-template-post-featured-background-image__content\"\n\t\t\t>\n        \n\n<div class=\"wp-block-getwid-section getwid-margin-top-large getwid-margin-bottom-none getwid-section-content-full-width\"><div class=\"wp-block-getwid-section__wrapper getwid-padding-top-medium getwid-padding-bottom-large getwid-padding-left-medium getwid-padding-right-medium getwid-margin-left-none getwid-margin-right-none getwid-align-items-flex-end\"><div class=\"wp-block-getwid-section__inner-wrapper\"><div class=\"wp-block-getwid-section__background-holder\"><div class=\"wp-block-getwid-section__background\"><\/div><div class=\"wp-block-getwid-section__foreground\" style=\"opacity:0.4;background-color:#000000\"><\/div><\/div><div class=\"wp-block-getwid-section__content\"><div class=\"wp-block-getwid-section__inner-content\">\n<h3 class=\"wp-block-getwid-template-post-title has-medium-font-size has-text-color has-base-color\"><a class=\"wp-block-getwid-template-post-title__link\" href=\"https:\/\/www.ibermusicas.org\/index.php\/comeca-o-projeto-de-colaboracao-entre-mexico-e-italia-hackout-sofia-escamilla-yuko-cornale\/\">Come\u00e7a o projeto de colabora\u00e7\u00e3o entre M\u00e9xico e It\u00e1lia HackOut! + Sofia Escamilla + Yuko Cornale<\/a><\/h3>\n\n<div class=\"has-link-color wp-elements-47fe2764cc228056f6fe25cbc6ffaf17 wp-block-post-date has-text-color has-base-color\"><time datetime=\"2026-03-30T19:18:11+00:00\">30 de marzo de 2026<\/time><\/div><\/div><\/div><\/div><\/div><\/div>\n\n    <\/div>\n<\/div>\n\t\t\t\t\t\t\t<\/div>\n\t\t\t\t\t\t            <\/div>\n        <\/div>\n        <\/div>\n\n\n\n<div class=\"wp-block-query alignwide is-layout-flow wp-block-query-is-layout-flow\">\n<div class=\"wp-block-group is-layout-flow wp-block-group-is-layout-flow\" style=\"padding-top:var(--wp--preset--spacing--80);padding-bottom:var(--wp--preset--spacing--80)\">\n<h2 class=\"wp-block-heading screen-reader-text\">Not\u00edcias <\/h2>\n\n\n<ul style=\"border-style:none;border-width:0px;\" class=\"wp-block-post-template has-large-font-size is-layout-grid wp-container-core-post-template-is-layout-3cd8e4d2 wp-block-post-template-is-layout-grid\"><li class=\"wp-block-post post-28038 post type-post status-publish format-standard has-post-thumbnail hentry category-noticias-generales-pt category-noticias-ibermusicas-pt\">\n<figure style=\"aspect-ratio:1; padding-top:0;padding-bottom:0;padding-left:0;padding-right:0;margin-top:var(--wp--preset--spacing--30);margin-bottom:var(--wp--preset--spacing--30);margin-left:0;margin-right:0;\" class=\"wp-block-post-featured-image\"><a href=\"https:\/\/www.ibermusicas.org\/index.php\/ibermusicas-e-a-fundacao-sura-fortalecem-a-cooperacao-regional-por-meio-da-rede-ibero-americana-de-orquestras-sinfonicas-rios\/\" target=\"_self\"  ><img loading=\"lazy\" decoding=\"async\" width=\"945\" height=\"751\" src=\"https:\/\/www.ibermusicas.org\/wp-content\/uploads\/2026\/04\/SURA-1.jpg\" class=\"has-border-color has-accent-6-border-color wp-post-image\" alt=\"Iberm\u00fasicas e a Funda\u00e7\u00e3o SURA fortalecem a coopera\u00e7\u00e3o regional por meio da Rede Ibero-Americana de Orquestras Sinf\u00f4nicas (RIOS)\" style=\"border-width:1px;width:100%;height:100%;object-fit:cover;\" \/><\/a><\/figure>\n\n\n<div class=\"wp-block-group has-global-padding is-layout-constrained wp-container-core-group-is-layout-92b9201d wp-block-group-is-layout-constrained\" style=\"min-height:0px\"><div style=\"border-radius:5px;border-style:none;border-width:0px; padding-top:0;padding-bottom:0;padding-left:0;padding-right:0;margin-top:0;margin-bottom:0;\" class=\"has-text-align-left wp-block-post-date has-small-font-size\"><time datetime=\"2026-04-14T17:44:08+00:00\"><a href=\"https:\/\/www.ibermusicas.org\/index.php\/ibermusicas-e-a-fundacao-sura-fortalecem-a-cooperacao-regional-por-meio-da-rede-ibero-americana-de-orquestras-sinfonicas-rios\/\">14\/04\/2026<\/a><\/time><\/div>\n\n<h3 style=\"font-style:normal;font-weight:600;line-height:1.6;text-transform:uppercase; margin-top:0;margin-bottom:0;\" class=\"has-text-align-left has-link-color wp-elements-24a17a28219c908d948e8faaf16ab714 wp-block-post-title has-text-color has-contrast-color has-medium-font-size\"><a href=\"https:\/\/www.ibermusicas.org\/index.php\/ibermusicas-e-a-fundacao-sura-fortalecem-a-cooperacao-regional-por-meio-da-rede-ibero-americana-de-orquestras-sinfonicas-rios\/\" target=\"_self\" >Iberm\u00fasicas e a Funda\u00e7\u00e3o SURA fortalecem a coopera\u00e7\u00e3o regional por meio da Rede Ibero-Americana de Orquestras Sinf\u00f4nicas (RIOS)<\/a><\/h3><\/div>\n\n<\/li><li class=\"wp-block-post post-28030 post type-post status-publish format-standard has-post-thumbnail hentry category-noticias-ibermusicas-pt\">\n<figure style=\"aspect-ratio:1; padding-top:0;padding-bottom:0;padding-left:0;padding-right:0;margin-top:var(--wp--preset--spacing--30);margin-bottom:var(--wp--preset--spacing--30);margin-left:0;margin-right:0;\" class=\"wp-block-post-featured-image\"><a href=\"https:\/\/www.ibermusicas.org\/index.php\/ibercena-ibermuseus-e-ibermusicas-impulsionam-projetopara-analisar-a-participacao-das-mulheres-na-gestao-cultural-2\/\" target=\"_self\"  ><img loading=\"lazy\" decoding=\"async\" width=\"861\" height=\"750\" src=\"https:\/\/www.ibermusicas.org\/wp-content\/uploads\/2026\/04\/2026-IBER-CartGEN-A4_page-0003-1.jpg\" class=\"has-border-color has-accent-6-border-color wp-post-image\" alt=\"Ibercena, Ibermuseus e Iberm\u00fasicas impulsionam projetopara analisar a participa\u00e7\u00e3o das mulheres na gest\u00e3o cultural\" style=\"border-width:1px;width:100%;height:100%;object-fit:cover;\" \/><\/a><\/figure>\n\n\n<div class=\"wp-block-group has-global-padding is-layout-constrained wp-container-core-group-is-layout-92b9201d wp-block-group-is-layout-constrained\" style=\"min-height:0px\"><div style=\"border-radius:5px;border-style:none;border-width:0px; padding-top:0;padding-bottom:0;padding-left:0;padding-right:0;margin-top:0;margin-bottom:0;\" class=\"has-text-align-left wp-block-post-date has-small-font-size\"><time datetime=\"2026-04-10T12:34:33+00:00\"><a href=\"https:\/\/www.ibermusicas.org\/index.php\/ibercena-ibermuseus-e-ibermusicas-impulsionam-projetopara-analisar-a-participacao-das-mulheres-na-gestao-cultural-2\/\">10\/04\/2026<\/a><\/time><\/div>\n\n<h3 style=\"font-style:normal;font-weight:600;line-height:1.6;text-transform:uppercase; margin-top:0;margin-bottom:0;\" class=\"has-text-align-left has-link-color wp-elements-24a17a28219c908d948e8faaf16ab714 wp-block-post-title has-text-color has-contrast-color has-medium-font-size\"><a href=\"https:\/\/www.ibermusicas.org\/index.php\/ibercena-ibermuseus-e-ibermusicas-impulsionam-projetopara-analisar-a-participacao-das-mulheres-na-gestao-cultural-2\/\" target=\"_self\" >Ibercena, Ibermuseus e Iberm\u00fasicas impulsionam projetopara analisar a participa\u00e7\u00e3o das mulheres na gest\u00e3o cultural<\/a><\/h3><\/div>\n\n<\/li><li class=\"wp-block-post post-28004 post type-post status-publish format-standard has-post-thumbnail hentry category-noticias-generales-pt category-noticias-ibermusicas-pt\">\n<figure style=\"aspect-ratio:1; padding-top:0;padding-bottom:0;padding-left:0;padding-right:0;margin-top:var(--wp--preset--spacing--30);margin-bottom:var(--wp--preset--spacing--30);margin-left:0;margin-right:0;\" class=\"wp-block-post-featured-image\"><a href=\"https:\/\/www.ibermusicas.org\/index.php\/ibermusicas-global-no-bime-bogotaimpulsionando-a-circulacao-global-da-musica-ibero-americana\/\" target=\"_self\"  ><img loading=\"lazy\" decoding=\"async\" width=\"720\" height=\"720\" src=\"https:\/\/www.ibermusicas.org\/wp-content\/uploads\/2026\/03\/BIME.png\" class=\"has-border-color has-accent-6-border-color wp-post-image\" alt=\"Iberm\u00fasicas Global no BIME Bogot\u00e1!Impulsionando a circula\u00e7\u00e3o global da m\u00fasica ibero-americana\" style=\"border-width:1px;width:100%;height:100%;object-fit:cover;\" \/><\/a><\/figure>\n\n\n<div class=\"wp-block-group has-global-padding is-layout-constrained wp-container-core-group-is-layout-92b9201d wp-block-group-is-layout-constrained\" style=\"min-height:0px\"><div style=\"border-radius:5px;border-style:none;border-width:0px; padding-top:0;padding-bottom:0;padding-left:0;padding-right:0;margin-top:0;margin-bottom:0;\" class=\"has-text-align-left wp-block-post-date has-small-font-size\"><time datetime=\"2026-03-30T19:32:56+00:00\"><a href=\"https:\/\/www.ibermusicas.org\/index.php\/ibermusicas-global-no-bime-bogotaimpulsionando-a-circulacao-global-da-musica-ibero-americana\/\">30\/03\/2026<\/a><\/time><\/div>\n\n<h3 style=\"font-style:normal;font-weight:600;line-height:1.6;text-transform:uppercase; margin-top:0;margin-bottom:0;\" class=\"has-text-align-left has-link-color wp-elements-24a17a28219c908d948e8faaf16ab714 wp-block-post-title has-text-color has-contrast-color has-medium-font-size\"><a href=\"https:\/\/www.ibermusicas.org\/index.php\/ibermusicas-global-no-bime-bogotaimpulsionando-a-circulacao-global-da-musica-ibero-americana\/\" target=\"_self\" >Iberm\u00fasicas Global no BIME Bogot\u00e1!Impulsionando a circula\u00e7\u00e3o global da m\u00fasica ibero-americana<\/a><\/h3><\/div>\n\n<\/li><\/ul><\/div>\n<\/div>\n\n\n\n<div class=\"wp-block-group alignfull has-global-padding is-layout-constrained wp-container-core-group-is-layout-a3c34477 wp-block-group-is-layout-constrained\" style=\"margin-bottom:var(--wp--preset--spacing--80);padding-right:0px;padding-left:0px\">\n<div class=\"wp-block-media-text has-media-on-the-right is-stacked-on-mobile is-vertically-aligned-center is-image-fill-element alignfull has-base-color has-accent-3-background-color has-text-color has-background has-link-color wp-elements-bca93e0cb6be1aa0e96860ebbd612eed\" style=\"margin-top:0px;margin-right:0px;margin-bottom:0px;margin-left:0px;padding-top:0;padding-right:0;padding-bottom:0;padding-left:0\"><div class=\"wp-block-media-text__content\">\n<div class=\"wp-block-group has-global-padding is-content-justification-left is-layout-constrained wp-container-core-group-is-layout-f1e48d1c wp-block-group-is-layout-constrained\" style=\"margin-top:0;margin-bottom:0;padding-top:var(--wp--preset--spacing--80);padding-right:var(--wp--preset--spacing--30);padding-bottom:var(--wp--preset--spacing--80);padding-left:var(--wp--preset--spacing--30)\">\n<h2 class=\"wp-block-heading\" style=\"margin-bottom:var(--wp--preset--spacing--30);text-transform:uppercase\">iberm\u00fasicAS GLOBAL<\/h2>\n\n\n\n<p style=\"margin-bottom:var(--wp--preset--spacing--30)\">Mercado musical Ibero-americano para o mundo<\/p>\n\n\n\n<div class=\"wp-block-getwid-advanced-spacer\" style=\"height:10px\" aria-hidden=\"true\"><\/div>\n\n\n\n<div class=\"wp-block-buttons is-layout-flex wp-block-buttons-is-layout-flex\">\n<div class=\"wp-block-button\"><a class=\"wp-block-button__link wp-element-button\" href=\"https:\/\/www.ibermusicas.org\/index.php\/ibermusicas-global-pt\/\">AcceSAR<\/a><\/div>\n<\/div>\n<\/div>\n<\/div><figure class=\"wp-block-media-text__media\"><img loading=\"lazy\" decoding=\"async\" width=\"1450\" height=\"741\" src=\"https:\/\/www.ibermusicas.org\/wp-content\/uploads\/2025\/08\/iber-global-1.jpg\" alt=\"\" class=\"wp-image-26062 size-full\" style=\"object-position:50% 50%\"\/><\/figure><\/div>\n\n\n\n<div class=\"wp-block-media-text is-stacked-on-mobile is-vertically-aligned-center is-image-fill-element alignfull has-base-color has-accent-1-background-color has-text-color has-background has-link-color wp-elements-6de052cf474bd16f43b35bf36d81e08a\" style=\"margin-top:0px;margin-right:0px;margin-bottom:0px;margin-left:0px;padding-top:0;padding-right:0;padding-bottom:0;padding-left:0\"><figure class=\"wp-block-media-text__media\"><img loading=\"lazy\" decoding=\"async\" width=\"1280\" height=\"853\" src=\"https:\/\/www.ibermusicas.org\/wp-content\/uploads\/2022\/06\/1.jpeg\" alt=\"\" class=\"wp-image-12067 size-full\" style=\"object-position:50% 50%\"\/><\/figure><div class=\"wp-block-media-text__content\">\n<div class=\"wp-block-group has-global-padding is-content-justification-left is-layout-constrained wp-container-core-group-is-layout-f1e48d1c wp-block-group-is-layout-constrained\" style=\"margin-top:0;margin-bottom:0;padding-top:var(--wp--preset--spacing--80);padding-right:var(--wp--preset--spacing--30);padding-bottom:var(--wp--preset--spacing--80);padding-left:var(--wp--preset--spacing--30)\">\n<figure class=\"wp-block-image aligncenter size-full is-resized\" style=\"margin-top:0;margin-bottom:var(--wp--preset--spacing--30)\"><img loading=\"lazy\" decoding=\"async\" width=\"2132\" height=\"996\" src=\"https:\/\/www.ibermusicas.org\/wp-content\/uploads\/2025\/06\/RIOS_PT_W_OK.png\" alt=\"\" class=\"wp-image-24108\" style=\"width:273px;height:auto\" srcset=\"https:\/\/www.ibermusicas.org\/wp-content\/uploads\/2025\/06\/RIOS_PT_W_OK.png 2132w, https:\/\/www.ibermusicas.org\/wp-content\/uploads\/2025\/06\/RIOS_PT_W_OK-300x140.png 300w, https:\/\/www.ibermusicas.org\/wp-content\/uploads\/2025\/06\/RIOS_PT_W_OK-1024x478.png 1024w, https:\/\/www.ibermusicas.org\/wp-content\/uploads\/2025\/06\/RIOS_PT_W_OK-768x359.png 768w, https:\/\/www.ibermusicas.org\/wp-content\/uploads\/2025\/06\/RIOS_PT_W_OK-1536x718.png 1536w, https:\/\/www.ibermusicas.org\/wp-content\/uploads\/2025\/06\/RIOS_PT_W_OK-2048x957.png 2048w\" sizes=\"auto, (max-width: 2132px) 100vw, 2132px\" \/><\/figure>\n\n\n\n<h2 class=\"wp-block-heading screen-reader-text\">RIOS<\/h2>\n\n\n\n<p style=\"margin-bottom:var(--wp--preset--spacing--30)\">A Rede Ibero-americana de Orquestras Sinf\u00f3nicas \u00e9 a organiza\u00e7\u00e3o que liga as orquestras profissionais da regi\u00e3o.<\/p>\n\n\n\n<div class=\"wp-block-getwid-advanced-spacer\" style=\"height:10px\" aria-hidden=\"true\"><\/div>\n\n\n\n<div class=\"wp-block-buttons is-content-justification-left is-layout-flex wp-container-core-buttons-is-layout-fc4fd283 wp-block-buttons-is-layout-flex\">\n<div class=\"wp-block-button\"><a class=\"wp-block-button__link wp-element-button\" href=\"https:\/\/www.ibermusicas.org\/index.php\/rios-pt\/\">Accesar<\/a><\/div>\n<\/div>\n<\/div>\n<\/div><\/div>\n\n\n\n<div class=\"wp-block-media-text has-media-on-the-right is-stacked-on-mobile is-vertically-aligned-center is-image-fill-element alignfull has-base-color has-accent-3-background-color has-text-color has-background has-link-color wp-elements-affa701f01861f53e569ec77831b85ed\" style=\"margin-top:0px;margin-right:0px;margin-bottom:0px;margin-left:0px;padding-top:0;padding-right:0;padding-bottom:0;padding-left:0\"><div class=\"wp-block-media-text__content\">\n<div class=\"wp-block-group has-global-padding is-content-justification-left is-layout-constrained wp-container-core-group-is-layout-f1e48d1c wp-block-group-is-layout-constrained\" style=\"margin-top:0;margin-bottom:0;padding-top:var(--wp--preset--spacing--80);padding-right:var(--wp--preset--spacing--30);padding-bottom:var(--wp--preset--spacing--80);padding-left:var(--wp--preset--spacing--30)\">\n<h2 class=\"wp-block-heading\" style=\"margin-bottom:var(--wp--preset--spacing--30);text-transform:uppercase\">Cat\u00e1logo do setor musical<\/h2>\n\n\n\n<p style=\"margin-bottom:var(--wp--preset--spacing--30)\">Quienes son parte de la intensa actividad musical de Iberoam\u00e9rica tienen su perfil en este cat\u00e1logo que no para de crecer.<\/p>\n\n\n\n<div class=\"wp-block-getwid-advanced-spacer\" style=\"height:10px\" aria-hidden=\"true\"><\/div>\n\n\n\n<div class=\"wp-block-buttons is-layout-flex wp-block-buttons-is-layout-flex\">\n<div class=\"wp-block-button\"><a class=\"wp-block-button__link wp-element-button\" href=\"https:\/\/www.ibermusicas.org\/index.php\/catalogo-musical\/\">Acceder<\/a><\/div>\n<\/div>\n<\/div>\n<\/div><figure class=\"wp-block-media-text__media\"><img loading=\"lazy\" decoding=\"async\" width=\"1280\" height=\"850\" src=\"https:\/\/www.ibermusicas.org\/wp-content\/uploads\/2020\/04\/catalogo-sector-musical.jpeg\" alt=\"\" class=\"wp-image-1309 size-full\" style=\"object-position:50% 50%\"\/><\/figure><\/div>\n\n\n\n<div class=\"wp-block-media-text is-stacked-on-mobile is-vertically-aligned-center is-image-fill-element alignfull has-base-color has-accent-1-background-color has-text-color has-background has-link-color wp-elements-49691f37ae01b15b447486f9f1d36d33\" style=\"margin-top:0px;margin-right:0px;margin-bottom:0px;margin-left:0px;padding-top:0;padding-right:0;padding-bottom:0;padding-left:0\"><figure class=\"wp-block-media-text__media\"><img loading=\"lazy\" decoding=\"async\" width=\"835\" height=\"554\" src=\"https:\/\/www.ibermusicas.org\/wp-content\/uploads\/2020\/04\/catalogo-partituras.jpeg\" alt=\"\" class=\"wp-image-1310 size-full\" style=\"object-position:50% 50%\"\/><\/figure><div class=\"wp-block-media-text__content\">\n<div class=\"wp-block-group has-global-padding is-content-justification-left is-layout-constrained wp-container-core-group-is-layout-f1e48d1c wp-block-group-is-layout-constrained\" style=\"margin-top:0;margin-bottom:0;padding-top:var(--wp--preset--spacing--80);padding-right:var(--wp--preset--spacing--30);padding-bottom:var(--wp--preset--spacing--80);padding-left:var(--wp--preset--spacing--30)\">\n<h2 class=\"wp-block-heading\" style=\"margin-bottom:var(--wp--preset--spacing--30);text-transform:uppercase\">Cat\u00e1logo iberoamericano de partituras<\/h2>\n\n\n\n<p style=\"margin-bottom:var(--wp--preset--spacing--30)\">O cat\u00e1logo visa divulgar a m\u00fasica escrita ibero-americana, promovendo a execu\u00e7\u00e3o de obras de compositoras e compositores da regi\u00e3o. Funciona como uma janela que remedia a falta de acesso a essas obras e democratiza sua oferta atrav\u00e9s de um sistema de carga gratuito.<\/p>\n\n\n\n<div class=\"wp-block-getwid-advanced-spacer\" style=\"height:10px\" aria-hidden=\"true\"><\/div>\n\n\n\n<div class=\"wp-block-buttons is-layout-flex wp-block-buttons-is-layout-flex\">\n<div class=\"wp-block-button\"><a class=\"wp-block-button__link wp-element-button\" href=\"https:\/\/www.ibermusicas.org\/index.php\/catalogo-de-partituras-pt\/\">ACESSAR<\/a><\/div>\n<\/div>\n<\/div>\n<\/div><\/div>\n\n\n\n<div class=\"wp-block-media-text has-media-on-the-right is-stacked-on-mobile is-vertically-aligned-center is-image-fill-element alignfull has-base-color has-accent-3-background-color has-text-color has-background has-link-color wp-elements-5133affbb52988afd6afaf7a69ab60c2\" style=\"margin-top:0px;margin-right:0px;margin-bottom:0px;margin-left:0px;padding-top:0;padding-right:0;padding-bottom:0;padding-left:0\"><div class=\"wp-block-media-text__content\">\n<div class=\"wp-block-group has-global-padding is-content-justification-left is-layout-constrained wp-container-core-group-is-layout-f1e48d1c wp-block-group-is-layout-constrained\" style=\"margin-top:0;margin-bottom:0;padding-top:var(--wp--preset--spacing--80);padding-right:var(--wp--preset--spacing--30);padding-bottom:var(--wp--preset--spacing--80);padding-left:var(--wp--preset--spacing--30)\">\n<h2 class=\"wp-block-heading\" style=\"margin-bottom:var(--wp--preset--spacing--30);text-transform:uppercase\"><span>Cat\u00e1logo de pesquisa musical<\/span><\/h2>\n\n\n\n<p style=\"margin-bottom:var(--wp--preset--spacing--30)\"><span>Iberm\u00fasicas disponibiliza para ao p\u00fablico interessado no assunto os trabalhos de Pesquisa Musical criados com o apoio do nosso programa.<\/span><\/p>\n\n\n\n<div class=\"wp-block-buttons is-layout-flex wp-block-buttons-is-layout-flex\">\n<div class=\"wp-block-button\"><a class=\"wp-block-button__link wp-element-button\" href=\"https:\/\/www.ibermusicas.org\/index.php\/catalogo-de-investigacion-musical-pt\/\">Acessar<\/a><\/div>\n<\/div>\n<\/div>\n<\/div><figure class=\"wp-block-media-text__media\"><img loading=\"lazy\" decoding=\"async\" width=\"820\" height=\"543\" src=\"https:\/\/www.ibermusicas.org\/wp-content\/uploads\/2020\/04\/catalogo-investigacion-musical.jpeg\" alt=\"\" class=\"wp-image-1311 size-full\" style=\"object-position:50% 50%\"\/><\/figure><\/div>\n\n\n\n<div class=\"wp-block-media-text is-stacked-on-mobile is-vertically-aligned-center is-image-fill-element alignfull has-base-color has-accent-1-background-color has-text-color has-background has-link-color wp-elements-ddd616c3bc63f30b64cb33324dd273a8\" style=\"margin-top:0px;margin-right:0px;margin-bottom:0px;margin-left:0px;padding-top:0;padding-right:0;padding-bottom:0;padding-left:0\"><figure class=\"wp-block-media-text__media\"><img loading=\"lazy\" decoding=\"async\" width=\"478\" height=\"544\" src=\"https:\/\/www.ibermusicas.org\/wp-content\/uploads\/2024\/01\/Spotify_logo_1.jpg\" alt=\"\" class=\"wp-image-17746 size-full\" style=\"object-position:50% 50%\"\/><\/figure><div class=\"wp-block-media-text__content\">\n<div class=\"wp-block-group has-global-padding is-content-justification-left is-layout-constrained wp-container-core-group-is-layout-f1e48d1c wp-block-group-is-layout-constrained\" style=\"margin-top:0;margin-bottom:0;padding-top:var(--wp--preset--spacing--80);padding-right:var(--wp--preset--spacing--30);padding-bottom:var(--wp--preset--spacing--80);padding-left:var(--wp--preset--spacing--30)\">\n<h2 class=\"wp-block-heading\" style=\"margin-bottom:var(--wp--preset--spacing--30);text-transform:uppercase\"><span>Playlists iberm\u00fasicas<\/span><\/h2>\n\n\n\n<p style=\"margin-bottom:var(--wp--preset--spacing--30)\"><span>Envolvemo-nos na conversa sonora global gerando um espa\u00e7o com propostas de escuta n\u00e3o hegem\u00f4nicas que nos convidam a percorrer novos caminhos. Siga-nos!<\/span><\/p>\n\n\n\n<div class=\"wp-block-buttons is-layout-flex wp-block-buttons-is-layout-flex\">\n<div class=\"wp-block-button\"><a class=\"wp-block-button__link wp-element-button\" href=\"https:\/\/www.ibermusicas.org\/index.php\/playlist-pt\/\">ACESSAR<\/a><\/div>\n<\/div>\n<\/div>\n<\/div><\/div>\n\n\n\n<div class=\"wp-block-media-text has-media-on-the-right is-stacked-on-mobile is-vertically-aligned-center is-image-fill-element alignfull has-base-color has-accent-3-background-color has-text-color has-background has-link-color wp-elements-f1b19dc7bffad3b2b57bb3599c09c267\" style=\"margin-top:0px;margin-right:0px;margin-bottom:0px;margin-left:0px;padding-top:0;padding-right:0;padding-bottom:0;padding-left:0\"><div class=\"wp-block-media-text__content\">\n<div class=\"wp-block-group has-global-padding is-content-justification-left is-layout-constrained wp-container-core-group-is-layout-f1e48d1c wp-block-group-is-layout-constrained\" style=\"margin-top:0;margin-bottom:0;padding-top:var(--wp--preset--spacing--80);padding-right:var(--wp--preset--spacing--30);padding-bottom:var(--wp--preset--spacing--80);padding-left:var(--wp--preset--spacing--30)\">\n<h2 class=\"wp-block-heading\" style=\"margin-bottom:var(--wp--preset--spacing--30);text-transform:uppercase\"><span>Manual ibero-americano de direitos intelectuais na m\u00fasica<\/span><\/h2>\n\n\n\n<div class=\"wp-block-buttons is-layout-flex wp-block-buttons-is-layout-flex\">\n<div class=\"wp-block-button\"><a class=\"wp-block-button__link wp-element-button\" href=\"https:\/\/www.ibermusicas.org\/index.php\/livro-de-manuais\/\">Acessar<\/a><\/div>\n<\/div>\n<\/div>\n<\/div><figure class=\"wp-block-media-text__media\"><img loading=\"lazy\" decoding=\"async\" width=\"491\" height=\"491\" src=\"https:\/\/www.ibermusicas.org\/wp-content\/uploads\/2025\/06\/foto-manual-esp1-edited.jpg\" alt=\"\" class=\"wp-image-23709 size-full\" style=\"object-position:50% 50%\" srcset=\"https:\/\/www.ibermusicas.org\/wp-content\/uploads\/2025\/06\/foto-manual-esp1-edited.jpg 491w, https:\/\/www.ibermusicas.org\/wp-content\/uploads\/2025\/06\/foto-manual-esp1-edited-300x300.jpg 300w, https:\/\/www.ibermusicas.org\/wp-content\/uploads\/2025\/06\/foto-manual-esp1-edited-150x150.jpg 150w\" sizes=\"auto, (max-width: 491px) 100vw, 491px\" \/><\/figure><\/div>\n\n\n\n<div class=\"wp-block-media-text is-stacked-on-mobile is-vertically-aligned-center is-image-fill-element alignfull has-base-color has-accent-1-background-color has-text-color has-background has-link-color wp-elements-a6695697b8736721206cf01547f50fc9\" style=\"margin-top:0px;margin-right:0px;margin-bottom:0px;margin-left:0px;padding-top:0;padding-right:0;padding-bottom:0;padding-left:0\"><figure class=\"wp-block-media-text__media\"><img loading=\"lazy\" decoding=\"async\" width=\"960\" height=\"960\" src=\"https:\/\/www.ibermusicas.org\/wp-content\/uploads\/2025\/04\/3-accesibilidad.jpg\" alt=\"\" class=\"wp-image-22125 size-full\" style=\"object-position:50% 50%\"\/><\/figure><div class=\"wp-block-media-text__content\">\n<div class=\"wp-block-group has-global-padding is-content-justification-left is-layout-constrained wp-container-core-group-is-layout-f1e48d1c wp-block-group-is-layout-constrained\" style=\"margin-top:0;margin-bottom:0;padding-top:var(--wp--preset--spacing--80);padding-right:var(--wp--preset--spacing--30);padding-bottom:var(--wp--preset--spacing--80);padding-left:var(--wp--preset--spacing--30)\">\n<h2 class=\"wp-block-heading\" style=\"margin-bottom:var(--wp--preset--spacing--30);text-transform:uppercase\"><span>Acessibilidade e inclus\u00e3o cultural<\/span><\/h2>\n\n\n\n<p style=\"margin-bottom:var(--wp--preset--spacing--30)\">Refletir, criar e incluir: por uma cultura para todos.<br>Manuais e guias did\u00e1ticos dispon\u00edveis.<\/p>\n\n\n\n<div class=\"wp-block-buttons is-layout-flex wp-block-buttons-is-layout-flex\">\n<div class=\"wp-block-button\"><a class=\"wp-block-button__link wp-element-button\" href=\"https:\/\/www.ibermusicas.org\/index.php\/guia-accesibilidad-inclusion\/\">Accesar<\/a><\/div>\n<\/div>\n<\/div>\n<\/div><\/div>\n<\/div>\n\n\n\n<h2 class=\"wp-block-heading alignwide has-text-align-center is-style-text-display is-style-text-display--1\" style=\"margin-top:0;margin-right:0;margin-bottom:0;margin-left:0;text-transform:uppercase\">Banco de conte\u00fados<\/h2>\n\n\n\n<div class=\"wp-block-query alignwide is-layout-flow wp-block-query-is-layout-flow\">\n<div class=\"wp-block-group is-layout-flow wp-block-group-is-layout-flow\" style=\"padding-top:var(--wp--preset--spacing--50);padding-bottom:var(--wp--preset--spacing--20)\"><ul class=\"wp-block-post-template is-layout-grid wp-container-core-post-template-is-layout-14ee0c4c wp-block-post-template-is-layout-grid\"><li class=\"wp-block-post post-12773 post type-post status-publish format-standard has-post-thumbnail hentry category-banco-conteudos tag-2020-pt tag-ajudas-ao-sector-musical-em-modalidade-virtual tag-colombia-pt\">\n<figure style=\"aspect-ratio:1; margin-top:0;margin-bottom:0;\" class=\"wp-block-post-featured-image\"><a href=\"https:\/\/www.ibermusicas.org\/index.php\/francisco-correa-2\/\" target=\"_self\"  ><img loading=\"lazy\" decoding=\"async\" width=\"794\" height=\"1123\" src=\"https:\/\/www.ibermusicas.org\/wp-content\/uploads\/2022\/08\/Francisco-Correa.jpeg\" class=\"attachment-post-thumbnail size-post-thumbnail wp-post-image\" alt=\"Francisco Correa\" style=\"width:100%;height:100%;object-fit:cover;\" \/><\/a><\/figure>\n<\/li><li class=\"wp-block-post post-13028 post type-post status-publish format-standard has-post-thumbnail hentry category-banco-conteudos tag-2020-pt tag-ajudas-ao-sector-musical-em-modalidade-virtual tag-colombia-pt\">\n<figure style=\"aspect-ratio:1; margin-top:0;margin-bottom:0;\" class=\"wp-block-post-featured-image\"><a href=\"https:\/\/www.ibermusicas.org\/index.php\/8-festival-artistico-internacional-concierto-agrupacion-latinoamerican-2\/\" target=\"_self\"  ><img loading=\"lazy\" decoding=\"async\" width=\"945\" height=\"1223\" src=\"https:\/\/www.ibermusicas.org\/wp-content\/uploads\/2022\/08\/san-francisco.jpeg\" class=\"attachment-post-thumbnail size-post-thumbnail wp-post-image\" alt=\"8\u00b0 Festival Art\u00edstico Internacional &#8211; Concierto Agrupaci\u00f3n Latinoamerican\" style=\"width:100%;height:100%;object-fit:cover;\" \/><\/a><\/figure>\n<\/li><li class=\"wp-block-post post-14815 post type-post status-publish format-standard has-post-thumbnail hentry category-banco-conteudos tag-2020-pt tag-ajudas-ao-sector-musical-em-modalidade-virtual tag-argentina-pt tag-mexico-pt\">\n<figure style=\"aspect-ratio:1; margin-top:0;margin-bottom:0;\" class=\"wp-block-post-featured-image\"><a href=\"https:\/\/www.ibermusicas.org\/index.php\/chocolate-remix-2\/\" target=\"_self\"  ><img loading=\"lazy\" decoding=\"async\" width=\"420\" height=\"525\" src=\"https:\/\/www.ibermusicas.org\/wp-content\/uploads\/2023\/01\/chcolate-remix1.jpg\" class=\"attachment-post-thumbnail size-post-thumbnail wp-post-image\" alt=\"Chocolate Remix\" style=\"width:100%;height:100%;object-fit:cover;\" \/><\/a><\/figure>\n<\/li><li class=\"wp-block-post post-12986 post type-post status-publish format-standard has-post-thumbnail hentry category-banco-conteudos tag-2020-pt tag-ajudas-ao-sector-musical-em-modalidade-virtual tag-argentina-pt\">\n<figure style=\"aspect-ratio:1; margin-top:0;margin-bottom:0;\" class=\"wp-block-post-featured-image\"><a href=\"https:\/\/www.ibermusicas.org\/index.php\/por-el-rio-2\/\" target=\"_self\"  ><img loading=\"lazy\" decoding=\"async\" width=\"320\" height=\"214\" src=\"https:\/\/www.ibermusicas.org\/wp-content\/uploads\/2022\/08\/por-el-rio.jpg\" class=\"attachment-post-thumbnail size-post-thumbnail wp-post-image\" alt=\"Por el r\u00edo\" style=\"width:100%;height:100%;object-fit:cover;\" \/><\/a><\/figure>\n<\/li><li class=\"wp-block-post post-12768 post type-post status-publish format-standard has-post-thumbnail hentry category-banco-conteudos tag-2020-pt tag-ajudas-ao-sector-musical-em-modalidade-virtual tag-panama-pt\">\n<figure style=\"aspect-ratio:1; margin-top:0;margin-bottom:0;\" class=\"wp-block-post-featured-image\"><a href=\"https:\/\/www.ibermusicas.org\/index.php\/concierto-conexion-musical-panamen%cc%83a-2021-fundacion-danilo-perez-2\/\" target=\"_self\"  ><img loading=\"lazy\" decoding=\"async\" width=\"945\" height=\"945\" src=\"https:\/\/www.ibermusicas.org\/wp-content\/uploads\/2022\/08\/Concierto-Conexion-Musical-Panamen\u0303a-2021.jpeg\" class=\"attachment-post-thumbnail size-post-thumbnail wp-post-image\" alt=\"Concierto Conexion Musical Panamen\u0303a 2021 &#8211; Fundacion Danilo Perez\" style=\"width:100%;height:100%;object-fit:cover;\" \/><\/a><\/figure>\n<\/li><li class=\"wp-block-post post-12356 post type-post status-publish format-standard has-post-thumbnail hentry category-banco-conteudos tag-2020-pt tag-ajudas-ao-sector-musical-em-modalidade-virtual tag-argentina-pt tag-colombia-pt\">\n<figure style=\"aspect-ratio:1; margin-top:0;margin-bottom:0;\" class=\"wp-block-post-featured-image\"><a href=\"https:\/\/www.ibermusicas.org\/index.php\/proyecto-de-cooperacion-argentina-colombia-2\/\" target=\"_self\"  ><img loading=\"lazy\" decoding=\"async\" width=\"945\" height=\"1352\" src=\"https:\/\/www.ibermusicas.org\/wp-content\/uploads\/2022\/06\/BMEy5G1655496470.jpeg\" class=\"attachment-post-thumbnail size-post-thumbnail wp-post-image\" alt=\"Proyecto de cooperaci\u00f3n (Argentina-Colombia)\" style=\"width:100%;height:100%;object-fit:cover;\" \/><\/a><\/figure>\n<\/li><li class=\"wp-block-post post-16652 post type-post status-publish format-standard has-post-thumbnail hentry category-banco-conteudos tag-2019-pt tag-ayudas-a-festivales-para-la-movilidad-de-musicas-y-musicos-pt tag-mexico-pt\">\n<figure style=\"aspect-ratio:1; margin-top:0;margin-bottom:0;\" class=\"wp-block-post-featured-image\"><a href=\"https:\/\/www.ibermusicas.org\/index.php\/terceto-del-sur-2\/\" target=\"_self\"  ><img loading=\"lazy\" decoding=\"async\" width=\"369\" height=\"247\" src=\"https:\/\/www.ibermusicas.org\/wp-content\/uploads\/2023\/08\/terceto-del-sur1.jpg\" class=\"attachment-post-thumbnail size-post-thumbnail wp-post-image\" alt=\"Terceto del Sur\" style=\"width:100%;height:100%;object-fit:cover;\" \/><\/a><\/figure>\n<\/li><li class=\"wp-block-post post-14632 post type-post status-publish format-standard has-post-thumbnail hentry category-banco-conteudos tag-2019-pt tag-ayudas-a-la-movilidad-de-musicas-y-musicos-pt tag-mexico-pt\">\n<figure style=\"aspect-ratio:1; margin-top:0;margin-bottom:0;\" class=\"wp-block-post-featured-image\"><a href=\"https:\/\/www.ibermusicas.org\/index.php\/feelin-guacamaya-2\/\" target=\"_self\"  ><img loading=\"lazy\" decoding=\"async\" width=\"945\" height=\"687\" src=\"https:\/\/www.ibermusicas.org\/wp-content\/uploads\/2023\/01\/feeling.jpeg\" class=\"attachment-post-thumbnail size-post-thumbnail wp-post-image\" alt=\"Feelin&#8217; Guacamaya\" style=\"width:100%;height:100%;object-fit:cover;\" \/><\/a><\/figure>\n<\/li><li class=\"wp-block-post post-14757 post type-post status-publish format-standard has-post-thumbnail hentry category-banco-conteudos tag-2019-pt tag-ayudas-a-la-movilidad-de-musicas-y-musicos-pt tag-colombia-pt tag-peru-pt\">\n<figure style=\"aspect-ratio:1; margin-top:0;margin-bottom:0;\" class=\"wp-block-post-featured-image\"><a href=\"https:\/\/www.ibermusicas.org\/index.php\/maria-haydee-guerra-berrios-2\/\" target=\"_self\"  ><img loading=\"lazy\" decoding=\"async\" width=\"338\" height=\"480\" src=\"https:\/\/www.ibermusicas.org\/wp-content\/uploads\/2023\/01\/haydee.jpg\" class=\"attachment-post-thumbnail size-post-thumbnail wp-post-image\" alt=\"Mar\u00eda Hayde\u00e9 Guerra Berr\u00edos\" style=\"width:100%;height:100%;object-fit:cover;\" \/><\/a><\/figure>\n<\/li><li class=\"wp-block-post post-16566 post type-post status-publish format-standard has-post-thumbnail hentry category-banco-conteudos tag-2021-pt tag-ajudas-ao-sector-musical-em-modalidade-virtual tag-costa-rica-pt\">\n<figure style=\"aspect-ratio:1; margin-top:0;margin-bottom:0;\" class=\"wp-block-post-featured-image\"><a href=\"https:\/\/www.ibermusicas.org\/index.php\/insax-2\/\" target=\"_self\"  ><img loading=\"lazy\" decoding=\"async\" width=\"945\" height=\"630\" src=\"https:\/\/www.ibermusicas.org\/wp-content\/uploads\/2022\/07\/INSAX-ETNIA-foto.jpg\" class=\"attachment-post-thumbnail size-post-thumbnail wp-post-image\" alt=\"InSax\" style=\"width:100%;height:100%;object-fit:cover;\" \/><\/a><\/figure>\n<\/li><li class=\"wp-block-post post-12761 post type-post status-publish format-standard has-post-thumbnail hentry category-banco-conteudos tag-2019-pt tag-ayudas-a-compositoras-y-compositores-para-residencias-artisticas-pt tag-colombia-pt\">\n<figure style=\"aspect-ratio:1; margin-top:0;margin-bottom:0;\" class=\"wp-block-post-featured-image\"><a href=\"https:\/\/www.ibermusicas.org\/index.php\/katanga-leonardo-gomez-2\/\" target=\"_self\"  ><img loading=\"lazy\" decoding=\"async\" width=\"945\" height=\"537\" src=\"https:\/\/www.ibermusicas.org\/wp-content\/uploads\/2022\/08\/KATANGA-Leonardo-Gomez-Jattin.jpeg\" class=\"attachment-post-thumbnail size-post-thumbnail wp-post-image\" alt=\"Katanga (Leonardo G\u00f3mez)\" style=\"width:100%;height:100%;object-fit:cover;\" \/><\/a><\/figure>\n<\/li><li class=\"wp-block-post post-13017 post type-post status-publish format-standard has-post-thumbnail hentry category-banco-conteudos tag-2020-pt tag-ajudas-ao-sector-musical-em-modalidade-virtual tag-uruguay-pt\">\n<figure style=\"aspect-ratio:1; margin-top:0;margin-bottom:0;\" class=\"wp-block-post-featured-image\"><a href=\"https:\/\/www.ibermusicas.org\/index.php\/laura-dearmas-2\/\" target=\"_self\"  ><img loading=\"lazy\" decoding=\"async\" width=\"800\" height=\"600\" src=\"https:\/\/www.ibermusicas.org\/wp-content\/uploads\/2022\/08\/laura-drearms121.jpg\" class=\"attachment-post-thumbnail size-post-thumbnail wp-post-image\" alt=\"Laura Dearmas\" style=\"width:100%;height:100%;object-fit:cover;\" \/><\/a><\/figure>\n<\/li><li class=\"wp-block-post post-15876 post type-post status-publish format-standard has-post-thumbnail hentry category-banco-conteudos tag-2021-pt tag-ajudas-ao-sector-musical-em-modalidade-virtual tag-argentina-pt\">\n<figure style=\"aspect-ratio:1; margin-top:0;margin-bottom:0;\" class=\"wp-block-post-featured-image\"><a href=\"https:\/\/www.ibermusicas.org\/index.php\/4o-festival-del-acordeon-de-cordoba-2\/\" target=\"_self\"  ><img loading=\"lazy\" decoding=\"async\" width=\"945\" height=\"945\" src=\"https:\/\/www.ibermusicas.org\/wp-content\/uploads\/2023\/06\/foto.png\" class=\"attachment-post-thumbnail size-post-thumbnail wp-post-image\" alt=\"4\u00ba Festival del Acorde\u00f3n de C\u00f3rdoba\" style=\"width:100%;height:100%;object-fit:cover;\" \/><\/a><\/figure>\n<\/li><li class=\"wp-block-post post-6262 post type-post status-publish format-standard has-post-thumbnail hentry category-banco-conteudos tag-2020-pt tag-chile-pt tag-panama-pt tag-streaming-pt\">\n<figure style=\"aspect-ratio:1; margin-top:0;margin-bottom:0;\" class=\"wp-block-post-featured-image\"><a href=\"https:\/\/www.ibermusicas.org\/index.php\/afrodisiaco-de-panama-junto-a-comprovisation-project-de-chile-estrenaron-el-video-del-tema-desaparecidas-3\/\" target=\"_self\"  ><img loading=\"lazy\" decoding=\"async\" width=\"945\" height=\"1181\" src=\"https:\/\/www.ibermusicas.org\/wp-content\/uploads\/2021\/05\/Afrodisiaco-2.jpg\" class=\"attachment-post-thumbnail size-post-thumbnail wp-post-image\" alt=\"AFRODIS\u00cdACO DE PANAM\u00c1 JUNTO A COMPROVISATION PROJECT DE CHILE, ESTRENARON EL VIDEO DEL TEMA \u201cDESAPARECIDAS\u201d\" style=\"width:100%;height:100%;object-fit:cover;\" \/><\/a><\/figure>\n<\/li><li class=\"wp-block-post post-11743 post type-post status-publish format-standard has-post-thumbnail hentry category-banco-conteudos tag-2020-pt tag-ajudas-ao-sector-musical-em-modalidade-virtual tag-argentina-pt\">\n<figure style=\"aspect-ratio:1; margin-top:0;margin-bottom:0;\" class=\"wp-block-post-featured-image\"><a href=\"https:\/\/www.ibermusicas.org\/index.php\/abasto-base-2\/\" target=\"_self\"  ><img loading=\"lazy\" decoding=\"async\" width=\"669\" height=\"370\" src=\"https:\/\/www.ibermusicas.org\/wp-content\/uploads\/2022\/05\/Sin-titulo-1.jpg\" class=\"attachment-post-thumbnail size-post-thumbnail wp-post-image\" alt=\"Abasto Base\" style=\"width:100%;height:100%;object-fit:cover;\" \/><\/a><\/figure>\n<\/li><\/ul><\/div>\n<\/div>\n\n\n\n<div class=\"wp-block-buttons is-content-justification-center is-layout-flex wp-container-core-buttons-is-layout-a89b3969 wp-block-buttons-is-layout-flex\">\n<div class=\"wp-block-button\"><a class=\"wp-block-button__link wp-element-button\" href=\"https:\/\/www.ibermusicas.org\/index.php\/banco-de-conteudos\/\" style=\"margin-bottom:var(--wp--preset--spacing--80)\">Ver mais<\/a><\/div>\n<\/div>\n\n\n\n<h2 class=\"wp-block-heading alignwide has-text-align-center is-style-text-display is-style-text-display--2\" style=\"margin-top:0;margin-right:0;margin-bottom:0;margin-left:0\">Experi\u00eancias<\/h2>\n\n\n\n<div class=\"wp-block-query alignwide is-layout-flow wp-block-query-is-layout-flow\">\n<div class=\"wp-block-group is-layout-flow wp-block-group-is-layout-flow\" style=\"padding-top:var(--wp--preset--spacing--50);padding-bottom:var(--wp--preset--spacing--20)\"><ul class=\"wp-block-post-template is-layout-grid wp-container-core-post-template-is-layout-14ee0c4c wp-block-post-template-is-layout-grid\"><li class=\"wp-block-post post-15283 post type-post status-publish format-standard has-post-thumbnail hentry category-experiencias-pt tag-2021-pt tag-premio-ibermusicas-a-la-creacion-de-canciones-pt tag-uruguay-pt\">\n<figure style=\"aspect-ratio:1; margin-top:0;margin-bottom:0;\" class=\"wp-block-post-featured-image\"><a href=\"https:\/\/www.ibermusicas.org\/index.php\/ganadores-concurso-creacion-de-cancion-2021-uruguay-2\/\" target=\"_self\"  ><img loading=\"lazy\" decoding=\"async\" width=\"945\" height=\"246\" src=\"https:\/\/www.ibermusicas.org\/wp-content\/uploads\/2023\/04\/NOTICIA.jpg\" class=\"attachment-post-thumbnail size-post-thumbnail wp-post-image\" alt=\"GANADORES CONCURSO CREACI\u00d3N DE CANCI\u00d3N 2021 \u00a0(URUGUAY)\" style=\"width:100%;height:100%;object-fit:cover;\" \/><\/a><\/figure>\n<\/li><li class=\"wp-block-post post-5908 post type-post status-publish format-standard has-post-thumbnail hentry category-experiencias-pt tag-2020-pt tag-colombia-pt tag-premio-ibermusicas-a-la-creacion-de-canciones-pt\">\n<figure style=\"aspect-ratio:1; margin-top:0;margin-bottom:0;\" class=\"wp-block-post-featured-image\"><a href=\"https:\/\/www.ibermusicas.org\/index.php\/ganadores-concurso-creacion-de-cancion-2020-colombia-2\/\" target=\"_self\"  ><img loading=\"lazy\" decoding=\"async\" width=\"878\" height=\"315\" src=\"https:\/\/www.ibermusicas.org\/wp-content\/uploads\/2021\/04\/GANADORES.jpg\" class=\"attachment-post-thumbnail size-post-thumbnail wp-post-image\" alt=\"GANADORES CONCURSO CREACI\u00d3N DE CANCI\u00d3N 2020 (COLOMBIA)\" style=\"width:100%;height:100%;object-fit:cover;\" \/><\/a><\/figure>\n<\/li><li class=\"wp-block-post post-20406 post type-post status-publish format-standard has-post-thumbnail hentry category-experiencias-pt tag-2023-pt tag-ayudas-a-la-movilidad-de-musicas-y-musicos-pt tag-paraguay-pt\">\n<figure style=\"aspect-ratio:1; margin-top:0;margin-bottom:0;\" class=\"wp-block-post-featured-image\"><a href=\"https:\/\/www.ibermusicas.org\/index.php\/musica-paraguaya-en-mexico-chiara-dodorico-2\/\" target=\"_self\"  ><img loading=\"lazy\" decoding=\"async\" width=\"806\" height=\"604\" src=\"https:\/\/www.ibermusicas.org\/wp-content\/uploads\/2024\/10\/chiara31.jpg\" class=\"attachment-post-thumbnail size-post-thumbnail wp-post-image\" alt=\"M\u00fasica Paraguaya en M\u00e9xico &#8211; Chiara d\u2019Odorico\" style=\"width:100%;height:100%;object-fit:cover;\" \/><\/a><\/figure>\n<\/li><li class=\"wp-block-post post-20570 post type-post status-publish format-standard has-post-thumbnail hentry category-experiencias-pt tag-2023-pt tag-ayudas-a-la-movilidad-de-musicas-y-musicos-pt tag-espanha\">\n<figure style=\"aspect-ratio:1; margin-top:0;margin-bottom:0;\" class=\"wp-block-post-featured-image\"><a href=\"https:\/\/www.ibermusicas.org\/index.php\/participacion-de-ignacio-rodes-en-el-festival-internacional-de-guitarra\/\" target=\"_self\"  ><img loading=\"lazy\" decoding=\"async\" width=\"805\" height=\"406\" src=\"https:\/\/www.ibermusicas.org\/wp-content\/uploads\/2024\/10\/rodes2.jpeg\" class=\"attachment-post-thumbnail size-post-thumbnail wp-post-image\" alt=\"Participa\u00e7\u00e3o de Ignacio Rodes no Festival Internacional de Guitarra\" style=\"width:100%;height:100%;object-fit:cover;\" \/><\/a><\/figure>\n<\/li><li class=\"wp-block-post post-2336 post type-post status-publish format-standard has-post-thumbnail hentry category-experiencias-pt tag-ayudas-a-la-movilidad-de-musicas-y-musicos-pt tag-cuba-pt\">\n<figure style=\"aspect-ratio:1; margin-top:0;margin-bottom:0;\" class=\"wp-block-post-featured-image\"><a href=\"https:\/\/www.ibermusicas.org\/index.php\/vocal-universo-cuba-2\/\" target=\"_self\"  ><img loading=\"lazy\" decoding=\"async\" width=\"945\" height=\"630\" src=\"https:\/\/www.ibermusicas.org\/wp-content\/uploads\/2020\/04\/Vocal-Universo-de-Cuba-en-Argentina-1-2018.jpg\" class=\"attachment-post-thumbnail size-post-thumbnail wp-post-image\" alt=\"Vocal Universo (Cuba)\" style=\"width:100%;height:100%;object-fit:cover;\" \/><\/a><\/figure>\n<\/li><li class=\"wp-block-post post-3591 post type-post status-publish format-standard has-post-thumbnail hentry category-experiencias-pt tag-2019-pt tag-ayudas-a-la-movilidad-de-musicas-y-musicos-pt tag-uruguay-pt\">\n<figure style=\"aspect-ratio:1; margin-top:0;margin-bottom:0;\" class=\"wp-block-post-featured-image\"><a href=\"https:\/\/www.ibermusicas.org\/index.php\/alejandro-balbis-y-la-gaditana-que-volvio-uruguay-2\/\" target=\"_self\"  ><img loading=\"lazy\" decoding=\"async\" width=\"800\" height=\"533\" src=\"https:\/\/www.ibermusicas.org\/wp-content\/uploads\/2020\/10\/16200374w.jpg\" class=\"attachment-post-thumbnail size-post-thumbnail wp-post-image\" alt=\"Alejandro Balbis y \u201cLa Gaditana que Volvi\u00f3\u201d (Uruguay)\" style=\"width:100%;height:100%;object-fit:cover;\" \/><\/a><\/figure>\n<\/li><li class=\"wp-block-post post-3299 post type-post status-publish format-standard has-post-thumbnail hentry category-experiencias-pt tag-2018-pt tag-ayudas-a-festivales-para-la-movilidad-de-musicas-y-musicos-pt tag-peru-pt\">\n<figure style=\"aspect-ratio:1; margin-top:0;margin-bottom:0;\" class=\"wp-block-post-featured-image\"><a href=\"https:\/\/www.ibermusicas.org\/index.php\/iii-festival-internacional-de-musica-nativa-peru-2\/\" target=\"_self\"  ><img loading=\"lazy\" decoding=\"async\" width=\"945\" height=\"636\" src=\"https:\/\/www.ibermusicas.org\/wp-content\/uploads\/2020\/07\/01-IMG_8522_B_logos.jpg\" class=\"attachment-post-thumbnail size-post-thumbnail wp-post-image\" alt=\"III  Festival Internacional de M\u00fasica Nativa (Per\u00fa)\" style=\"width:100%;height:100%;object-fit:cover;\" \/><\/a><\/figure>\n<\/li><li class=\"wp-block-post post-5525 post type-post status-publish format-standard has-post-thumbnail hentry category-experiencias-pt tag-2020-pt tag-chile-pt tag-premio-ibermusicas-a-la-creacion-de-canciones-pt\">\n<figure style=\"aspect-ratio:1; margin-top:0;margin-bottom:0;\" class=\"wp-block-post-featured-image\"><a href=\"https:\/\/www.ibermusicas.org\/index.php\/ganadores-concurso-creacion-de-cancion-2020-chile-2\/\" target=\"_self\"  ><img loading=\"lazy\" decoding=\"async\" width=\"627\" height=\"298\" src=\"https:\/\/www.ibermusicas.org\/wp-content\/uploads\/2021\/04\/NOTICIA.jpg\" class=\"attachment-post-thumbnail size-post-thumbnail wp-post-image\" alt=\"GANADORES CONCURSO CREACI\u00d3N DE CANCI\u00d3N 2020 (CHILE)\" style=\"width:100%;height:100%;object-fit:cover;\" \/><\/a><\/figure>\n<\/li><li class=\"wp-block-post post-10446 post type-post status-publish format-standard has-post-thumbnail hentry category-experiencias-pt tag-2020-pt tag-paraguay-pt tag-premio-ibermusicas-a-la-creacion-de-canciones-pt\">\n<figure style=\"aspect-ratio:1; margin-top:0;margin-bottom:0;\" class=\"wp-block-post-featured-image\"><a href=\"https:\/\/www.ibermusicas.org\/index.php\/ganadores-concurso-creacion-de-cancion-2020-paraguay-2\/\" target=\"_self\"  ><img loading=\"lazy\" decoding=\"async\" width=\"945\" height=\"352\" src=\"https:\/\/www.ibermusicas.org\/wp-content\/uploads\/2021\/10\/NOTICIA.jpg\" class=\"attachment-post-thumbnail size-post-thumbnail wp-post-image\" alt=\"GANADORES CONCURSO CREACI\u00d3N DE CANCI\u00d3N 2020 (PARAGUAY)\" style=\"width:100%;height:100%;object-fit:cover;\" \/><\/a><\/figure>\n<\/li><li class=\"wp-block-post post-3021 post type-post status-publish format-standard has-post-thumbnail hentry category-experiencias-pt tag-2019-pt tag-ayudas-a-compositoras-y-compositores-para-residencias-artisticas-pt tag-brasil-pt\">\n<figure style=\"aspect-ratio:1; margin-top:0;margin-bottom:0;\" class=\"wp-block-post-featured-image\"><a href=\"https:\/\/www.ibermusicas.org\/index.php\/mo-maie-brasil-2\/\" target=\"_self\"  ><img loading=\"lazy\" decoding=\"async\" width=\"551\" height=\"310\" src=\"https:\/\/www.ibermusicas.org\/wp-content\/uploads\/2020\/06\/Mo-Mai\u00ea-de-Brasil-en-Senegal-2020-okk.jpg\" class=\"attachment-post-thumbnail size-post-thumbnail wp-post-image\" alt=\"Mo Mai\u00ea (Brasil)\" style=\"width:100%;height:100%;object-fit:cover;\" \/><\/a><\/figure>\n<\/li><li class=\"wp-block-post post-20396 post type-post status-publish format-standard has-post-thumbnail hentry category-experiencias-pt tag-2022-pt tag-ayudas-a-la-movilidad-de-musicas-y-musicos-pt tag-portugal-pt\">\n<figure style=\"aspect-ratio:1; margin-top:0;margin-bottom:0;\" class=\"wp-block-post-featured-image\"><a href=\"https:\/\/www.ibermusicas.org\/index.php\/modinhas-cancoes-portuguesas-dos-seculos-xviii-e-xix-2\/\" target=\"_self\"  ><img loading=\"lazy\" decoding=\"async\" width=\"945\" height=\"709\" src=\"https:\/\/www.ibermusicas.org\/wp-content\/uploads\/2024\/10\/modinhas1.jpeg\" class=\"attachment-post-thumbnail size-post-thumbnail wp-post-image\" alt=\"Modinhas &#8211; Can\u00e7\u00f5es Portuguesas dos s\u00e9culos XVIII e XIX\" style=\"width:100%;height:100%;object-fit:cover;\" \/><\/a><\/figure>\n<\/li><li class=\"wp-block-post post-5079 post type-post status-publish format-standard has-post-thumbnail hentry category-experiencias-pt tag-2020-pt tag-brasil-pt tag-premio-ibermusicas-a-la-creacion-de-canciones-pt\">\n<figure style=\"aspect-ratio:1; margin-top:0;margin-bottom:0;\" class=\"wp-block-post-featured-image\"><a href=\"https:\/\/www.ibermusicas.org\/index.php\/ganadores-concurso-creacion-de-cancion-2020-brasil-2\/\" target=\"_self\"  ><img loading=\"lazy\" decoding=\"async\" width=\"924\" height=\"314\" src=\"https:\/\/www.ibermusicas.org\/wp-content\/uploads\/2021\/03\/PARA-NOTICIA.jpg\" class=\"attachment-post-thumbnail size-post-thumbnail wp-post-image\" alt=\"GANADORES CONCURSO CREACI\u00d3N DE CANCI\u00d3N 2020 (BRASIL)\" style=\"width:100%;height:100%;object-fit:cover;\" \/><\/a><\/figure>\n<\/li><li class=\"wp-block-post post-16555 post type-post status-publish format-standard has-post-thumbnail hentry category-experiencias-pt tag-2021-pt tag-ajudas-ao-sector-musical-em-modalidade-virtual tag-ecuador-pt\">\n<figure style=\"aspect-ratio:1; margin-top:0;margin-bottom:0;\" class=\"wp-block-post-featured-image\"><a href=\"https:\/\/www.ibermusicas.org\/index.php\/casa-en-llamas-ep-ecuador-2\/\" target=\"_self\"  ><img loading=\"lazy\" decoding=\"async\" width=\"308\" height=\"308\" src=\"https:\/\/www.ibermusicas.org\/wp-content\/uploads\/2023\/08\/Casa-en-llamas-11.jpg\" class=\"attachment-post-thumbnail size-post-thumbnail wp-post-image\" alt=\"Casa en llamas EP (Ecuador)\" style=\"width:100%;height:100%;object-fit:cover;\" \/><\/a><\/figure>\n<\/li><li class=\"wp-block-post post-20582 post type-post status-publish format-standard has-post-thumbnail hentry category-experiencias-pt tag-2022-pt tag-ayudas-a-la-movilidad-de-musicas-y-musicos-pt tag-argentina-pt\">\n<figure style=\"aspect-ratio:1; margin-top:0;margin-bottom:0;\" class=\"wp-block-post-featured-image\"><a href=\"https:\/\/www.ibermusicas.org\/index.php\/concierto-y-masterclasses-en-instituto-ling-porto-alegre-2\/\" target=\"_self\"  ><img loading=\"lazy\" decoding=\"async\" width=\"945\" height=\"709\" src=\"https:\/\/www.ibermusicas.org\/wp-content\/uploads\/2024\/10\/espel1.jpeg\" class=\"attachment-post-thumbnail size-post-thumbnail wp-post-image\" alt=\"Concierto y Masterclasses en Instituto Ling Porto Alegre\" style=\"width:100%;height:100%;object-fit:cover;\" \/><\/a><\/figure>\n<\/li><li class=\"wp-block-post post-15319 post type-post status-publish format-standard has-post-thumbnail hentry category-experiencias-pt tag-2021-pt tag-peru-pt tag-premio-ibermusicas-a-la-creacion-de-canciones-pt\">\n<figure style=\"aspect-ratio:1; margin-top:0;margin-bottom:0;\" class=\"wp-block-post-featured-image\"><a href=\"https:\/\/www.ibermusicas.org\/index.php\/ganadores-concurso-creacion-de-cancion-2021-peru-2\/\" target=\"_self\"  ><img loading=\"lazy\" decoding=\"async\" width=\"878\" height=\"429\" src=\"https:\/\/www.ibermusicas.org\/wp-content\/uploads\/2020\/04\/NOTICIA-1.jpg\" class=\"attachment-post-thumbnail size-post-thumbnail wp-post-image\" alt=\"GANADORES CONCURSO CREACI\u00d3N DE CANCI\u00d3N 2021 (PERU)\" style=\"width:100%;height:100%;object-fit:cover;\" \/><\/a><\/figure>\n<\/li><\/ul><\/div>\n<\/div>\n\n\n\n<div class=\"wp-block-buttons is-content-justification-center is-layout-flex wp-container-core-buttons-is-layout-33f7e7bd wp-block-buttons-is-layout-flex\" style=\"margin-bottom:var(--wp--preset--spacing--80)\">\n<div class=\"wp-block-button\"><a class=\"wp-block-button__link wp-element-button\" href=\"https:\/\/www.ibermusicas.org\/index.php\/experiencias-2\/\">Ver mais<\/a><\/div>\n<\/div>\n\n\n\n<div class=\"wp-block-group alignfull has-global-padding is-layout-constrained wp-container-core-group-is-layout-c5903013 wp-block-group-is-layout-constrained\" style=\"padding-right:0px;padding-left:0px\">\n<div class=\"wp-block-media-text has-media-on-the-right is-stacked-on-mobile is-vertically-aligned-center is-image-fill-element alignfull has-base-color has-accent-1-background-color has-text-color has-background has-link-color wp-elements-07e15bd375e134672fda68d7bb54c331\" style=\"margin-top:0px;margin-right:0px;margin-bottom:0px;margin-left:0px;padding-top:0;padding-right:0;padding-bottom:0;padding-left:0\"><div class=\"wp-block-media-text__content\">\n<div class=\"wp-block-group has-global-padding is-content-justification-left is-layout-constrained wp-container-core-group-is-layout-f1e48d1c wp-block-group-is-layout-constrained\" style=\"margin-top:0;margin-bottom:0;padding-top:var(--wp--preset--spacing--80);padding-right:var(--wp--preset--spacing--30);padding-bottom:var(--wp--preset--spacing--80);padding-left:var(--wp--preset--spacing--30)\">\n<h2 class=\"wp-block-heading\" style=\"margin-bottom:var(--wp--preset--spacing--30);text-transform:uppercase\"><span>Convocatorias<\/span><\/h2>\n\n\n\n<p style=\"margin-bottom:var(--wp--preset--spacing--30)\">Ideadas para atender a todas as necessidades do setor musical, Iberm\u00fasicas convida a tpdas e todos a participar de suas chamadas anuais.<\/p>\n\n\n\n<div class=\"wp-block-buttons is-layout-flex wp-block-buttons-is-layout-flex\">\n<div class=\"wp-block-button\"><a class=\"wp-block-button__link wp-element-button\" href=\"https:\/\/www.ibermusicas.org\/index.php\/convocatorias-pt\/\">Acceso<\/a><\/div>\n<\/div>\n<\/div>\n<\/div><figure class=\"wp-block-media-text__media\"><img loading=\"lazy\" decoding=\"async\" width=\"1280\" height=\"853\" src=\"https:\/\/www.ibermusicas.org\/wp-content\/uploads\/2020\/12\/convocatorias.jpeg\" alt=\"\" class=\"wp-image-4066 size-full\" style=\"object-position:50% 50%\"\/><\/figure><\/div>\n<\/div>\n\n\n\n<div class=\"wp-block-group alignwide has-global-padding is-layout-constrained wp-container-core-group-is-layout-c5903013 wp-block-group-is-layout-constrained\" style=\"padding-right:0px;padding-left:0px\">\n<figure class=\"wp-block-image size-full\"><img loading=\"lazy\" decoding=\"async\" width=\"4709\" height=\"3946\" src=\"https:\/\/www.ibermusicas.org\/wp-content\/uploads\/2026\/03\/IBER-ID-FOOTER-_web-20-3-26-1.png\" alt=\"\" class=\"wp-image-27889\"\/><\/figure>\n<\/div>\n","protected":false},"excerpt":{"rendered":"<p>\u00bfO que \u00e9 IBERM\u00daSICAS? Somos um programa de coopera\u00e7\u00e3o dedicado exclusivamente ao setor musical ibero-americano. Nossa miss\u00e3o \u00e9 fornecer todos os atores deste setor din\u00e2mico com ferramentas v\u00e1lidas para acompanhar a realiza\u00e7\u00e3o de seus empreendimentos, seus desafios e, por que n\u00e3o?, seus sonhos. Not\u00edcias em destaque iberm\u00fasicAS GLOBAL Mercado musical Ibero-americano para o mundo RIOS [&hellip;]<\/p>\n","protected":false},"author":1,"featured_media":0,"parent":0,"menu_order":0,"comment_status":"closed","ping_status":"closed","template":"page-no-title","meta":{"_monsterinsights_skip_tracking":false,"_monsterinsights_sitenote_active":false,"_monsterinsights_sitenote_note":"","_monsterinsights_sitenote_category":0,"footnotes":""},"class_list":["post-1565","page","type-page","status-publish","hentry"],"lang":"pt","translations":{"pt":1565,"es":718},"pll_sync_post":[],"post_mailing_queue_ids":[],"_links":{"self":[{"href":"https:\/\/www.ibermusicas.org\/index.php\/wp-json\/wp\/v2\/pages\/1565","targetHints":{"allow":["GET"]}}],"collection":[{"href":"https:\/\/www.ibermusicas.org\/index.php\/wp-json\/wp\/v2\/pages"}],"about":[{"href":"https:\/\/www.ibermusicas.org\/index.php\/wp-json\/wp\/v2\/types\/page"}],"author":[{"embeddable":true,"href":"https:\/\/www.ibermusicas.org\/index.php\/wp-json\/wp\/v2\/users\/1"}],"replies":[{"embeddable":true,"href":"https:\/\/www.ibermusicas.org\/index.php\/wp-json\/wp\/v2\/comments?post=1565"}],"version-history":[{"count":8,"href":"https:\/\/www.ibermusicas.org\/index.php\/wp-json\/wp\/v2\/pages\/1565\/revisions"}],"predecessor-version":[{"id":27893,"href":"https:\/\/www.ibermusicas.org\/index.php\/wp-json\/wp\/v2\/pages\/1565\/revisions\/27893"}],"wp:attachment":[{"href":"https:\/\/www.ibermusicas.org\/index.php\/wp-json\/wp\/v2\/media?parent=1565"}],"curies":[{"name":"wp","href":"https:\/\/api.w.org\/{rel}","templated":true}]}}