{"id":25688,"date":"2025-08-19T14:58:19","date_gmt":"2025-08-19T14:58:19","guid":{"rendered":"https:\/\/www.ibermusicas.org\/?page_id=25688"},"modified":"2025-08-19T21:00:42","modified_gmt":"2025-08-19T21:00:42","slug":"orquestas-membros","status":"publish","type":"page","link":"https:\/\/www.ibermusicas.org\/index.php\/orquestas-membros\/","title":{"rendered":"Orquestas membros"},"content":{"rendered":"<div class=\"tmm tmm_orquestas-miembros\"><div class=\"tmm_4_columns tmm_wrap tmm_theme_f\"><span class=\"tmm_two_containers_tablet\"><\/span><div class=\"tmm_container\"><div class=\"tmm_member\" style=\"border-top:#333333 solid 5px;\"><div class=\"tmm_photo tmm_pic_orquestas-miembros_0\" style=\"background: url(https:\/\/www.ibermusicas.org\/wp-content\/uploads\/2020\/04\/APOETC.jpeg); margin-left: auto; margin-right:auto; background-size:cover !important;\"><\/div><div class=\"tmm_textblock\"><div class=\"tmm_names\"><span class=\"tmm_fname\">Asociaci\u00f3n de Profesores de la Orquesta Estable del Teatro Col\u00f3n<\/span> <\/div><div class=\"tmm_job\">Argentina<\/div><div class=\"tmm_desc\" style=\"text-align:\"><p>Diego Tejedor<\/p><\/div><div class=\"tmm_scblock\"><\/div><\/div><\/div><div class=\"tmm_member\" style=\"border-top:#333333 solid 5px;\"><div class=\"tmm_photo tmm_pic_orquestas-miembros_1\" style=\"background: url(https:\/\/www.ibermusicas.org\/wp-content\/uploads\/2020\/04\/MOD2-Logo-Camerata-PABLO-BONACCI-1-1.png); margin-left: auto; margin-right:auto; background-size:cover !important;\"><\/div><div class=\"tmm_textblock\"><div class=\"tmm_names\"><span class=\"tmm_fname\">Camerata UCASAL<\/span> <\/div><div class=\"tmm_job\">Argentina<\/div><div class=\"tmm_desc\" style=\"text-align:\"><p>Pablo Bonacci<\/p><\/div><div class=\"tmm_scblock\"><\/div><\/div><\/div><span class=\"tmm_two_containers_tablet\"><\/span><div class=\"tmm_member\" style=\"border-top:#333333 solid 5px;\"><div class=\"tmm_photo tmm_pic_orquestas-miembros_2\" style=\"background: url(https:\/\/www.ibermusicas.org\/wp-content\/uploads\/2020\/04\/MOD-Logo-Orquesta-de-ca\u0301mara-Orquesta-Unla.png); margin-left: auto; margin-right:auto; background-size:cover !important;\"><\/div><div class=\"tmm_textblock\"><div class=\"tmm_names\"><span class=\"tmm_fname\">Orquesta de Ca\u0301mara de la Universidad Nacional de Lanu\u0301s<\/span> <\/div><div class=\"tmm_job\">Argentina<\/div><div class=\"tmm_desc\" style=\"text-align:\"><p>Daniel Bozzani<\/p><\/div><div class=\"tmm_scblock\"><\/div><\/div><\/div><div class=\"tmm_member\" style=\"border-top:#333333 solid 5px;\"><div class=\"tmm_photo tmm_pic_orquestas-miembros_3\" style=\"background: url(https:\/\/www.ibermusicas.org\/wp-content\/uploads\/2020\/04\/PARQUE-.png); margin-left: auto; margin-right:auto; background-size:cover !important;\"><\/div><div class=\"tmm_textblock\"><div class=\"tmm_names\"><span class=\"tmm_fname\">Orquesta Estable del Parque del Conocimiento<\/span> <\/div><div class=\"tmm_job\">Argentina<\/div><div class=\"tmm_desc\" style=\"text-align:\"><p>Emilio Rocholl<\/p><\/div><div class=\"tmm_scblock\"><\/div><\/div><\/div><span class=\"tmm_two_containers_tablet\"><\/span><\/div><span class=\"tmm_columns_containers_desktop\"><\/span><div class=\"tmm_container\"><div class=\"tmm_member\" style=\"border-top:#333333 solid 5px;\"><div class=\"tmm_photo tmm_pic_orquestas-miembros_4\" style=\"background: url(https:\/\/www.ibermusicas.org\/wp-content\/uploads\/2020\/04\/OFBA.png); margin-left: auto; margin-right:auto; background-size:cover !important;\"><\/div><div class=\"tmm_textblock\"><div class=\"tmm_names\"><span class=\"tmm_fname\">Orquesta Filarmo\u0301nica de Buenos Aires<\/span> <\/div><div class=\"tmm_job\">Argentina<\/div><div class=\"tmm_desc\" style=\"text-align:\"><p>Anal\u00eda Belli<\/p><\/div><div class=\"tmm_scblock\"><\/div><\/div><\/div><div class=\"tmm_member\" style=\"border-top:#333333 solid 5px;\"><div class=\"tmm_photo tmm_pic_orquestas-miembros_5\" style=\"background: url(https:\/\/www.ibermusicas.org\/wp-content\/uploads\/2020\/04\/MOD-logo_OFRN_MF-3-Produccion-Ofrn.png); margin-left: auto; margin-right:auto; background-size:cover !important;\"><\/div><div class=\"tmm_textblock\"><div class=\"tmm_names\"><span class=\"tmm_fname\">Orquesta Filarmo\u0301nica de R\u00edo Negro <\/span> <\/div><div class=\"tmm_job\">Argentina<\/div><div class=\"tmm_desc\" style=\"text-align:\"><p>Mart\u00edn Fraile<\/p><\/div><div class=\"tmm_scblock\"><\/div><\/div><\/div><span class=\"tmm_two_containers_tablet\"><\/span><div class=\"tmm_member\" style=\"border-top:#333333 solid 5px;\"><div class=\"tmm_photo tmm_pic_orquestas-miembros_6\" style=\"background: url(https:\/\/www.ibermusicas.org\/wp-content\/uploads\/2020\/04\/ONMA.jpg); margin-left: auto; margin-right:auto; background-size:cover !important;\"><\/div><div class=\"tmm_textblock\"><div class=\"tmm_names\"><span class=\"tmm_fname\">Orquesta Nacional de M\u00fasica Argentina<\/span> <\/div><div class=\"tmm_job\">Argentina<\/div><div class=\"tmm_desc\" style=\"text-align:\"><p>Sebasti\u00e1n Giraudo<\/p><\/div><div class=\"tmm_scblock\"><\/div><\/div><\/div><div class=\"tmm_member\" style=\"border-top:#333333 solid 5px;\"><div class=\"tmm_photo tmm_pic_orquestas-miembros_7\" style=\"background: url(https:\/\/www.ibermusicas.org\/wp-content\/uploads\/2020\/04\/codroba.jpg); margin-left: auto; margin-right:auto; background-size:cover !important;\"><\/div><div class=\"tmm_textblock\"><div class=\"tmm_names\"><span class=\"tmm_fname\">Orquesta Sinf\u00f3nica de C\u00f3rdoba<\/span> <\/div><div class=\"tmm_job\">Argentina<\/div><div class=\"tmm_desc\" style=\"text-align:\"><p>Hadri\u00e1n \u00c1vila Arzuza<\/p><\/div><div class=\"tmm_scblock\"><\/div><\/div><\/div><span class=\"tmm_two_containers_tablet\"><\/span><\/div><span class=\"tmm_columns_containers_desktop\"><\/span><div class=\"tmm_container\"><div class=\"tmm_member\" style=\"border-top:#333333 solid 5px;\"><div class=\"tmm_photo tmm_pic_orquestas-miembros_8\" style=\"background: url(https:\/\/www.ibermusicas.org\/wp-content\/uploads\/2020\/04\/OSER.png); margin-left: auto; margin-right:auto; background-size:cover !important;\"><\/div><div class=\"tmm_textblock\"><div class=\"tmm_names\"><span class=\"tmm_fname\">Orquesta Sinf\u00f3nica de Entre R\u00edos<\/span> <\/div><div class=\"tmm_job\">Argentina<\/div><div class=\"tmm_desc\" style=\"text-align:\"><p>Luis Gorelik<\/p><\/div><div class=\"tmm_scblock\"><\/div><\/div><\/div><div class=\"tmm_member\" style=\"border-top:#333333 solid 5px;\"><div class=\"tmm_photo tmm_pic_orquestas-miembros_9\" style=\"background: url(https:\/\/www.ibermusicas.org\/wp-content\/uploads\/2020\/04\/Prefectura.png); margin-left: auto; margin-right:auto; background-size:cover !important;\"><\/div><div class=\"tmm_textblock\"><div class=\"tmm_names\"><span class=\"tmm_fname\">Orquesta Sinf\u00f3nica de la Prefectura Naval Argentina<\/span> <\/div><div class=\"tmm_job\">Argentina<\/div><div class=\"tmm_desc\" style=\"text-align:\"><p>Mart\u00edn Caila<\/p><\/div><div class=\"tmm_scblock\"><\/div><\/div><\/div><span class=\"tmm_two_containers_tablet\"><\/span><div class=\"tmm_member\" style=\"border-top:#333333 solid 5px;\"><div class=\"tmm_photo tmm_pic_orquestas-miembros_10\" style=\"background: url(https:\/\/www.ibermusicas.org\/wp-content\/uploads\/2020\/04\/UNCUYO.jpg); margin-left: auto; margin-right:auto; background-size:cover !important;\"><\/div><div class=\"tmm_textblock\"><div class=\"tmm_names\"><span class=\"tmm_fname\">Orquesta Sinf\u00f3nica de la Universidad Nacional de Cuyo<\/span> <\/div><div class=\"tmm_job\">Argentina<\/div><div class=\"tmm_desc\" style=\"text-align:\"><p>Jos\u00e9 Loyero<\/p><\/div><div class=\"tmm_scblock\"><\/div><\/div><\/div><div class=\"tmm_member\" style=\"border-top:#333333 solid 5px;\"><div class=\"tmm_photo tmm_pic_orquestas-miembros_11\" style=\"background: url(https:\/\/www.ibermusicas.org\/wp-content\/uploads\/2020\/04\/AR-OSUNJ.jpg); margin-left: auto; margin-right:auto; background-size:cover !important;\"><\/div><div class=\"tmm_textblock\"><div class=\"tmm_names\"><span class=\"tmm_fname\">Orquesta Sinf\u00f3nica de la Universidad Nacional de San Juan<\/span> <\/div><div class=\"tmm_job\">Argentina<\/div><div class=\"tmm_desc\" style=\"text-align:\"><p>Ricardo Marinelli<\/p><\/div><div class=\"tmm_scblock\"><\/div><\/div><\/div><span class=\"tmm_two_containers_tablet\"><\/span><\/div><span class=\"tmm_columns_containers_desktop\"><\/span><div class=\"tmm_container\"><div class=\"tmm_member\" style=\"border-top:#333333 solid 5px;\"><div class=\"tmm_photo tmm_pic_orquestas-miembros_12\" style=\"background: url(https:\/\/www.ibermusicas.org\/wp-content\/uploads\/2020\/04\/untuc.jpg); margin-left: auto; margin-right:auto; background-size:cover !important;\"><\/div><div class=\"tmm_textblock\"><div class=\"tmm_names\"><span class=\"tmm_fname\">Orquesta Sinf\u00f3nica de la Universidad Nacional de Tucum\u00e1n<\/span> <\/div><div class=\"tmm_job\">Argentina<\/div><div class=\"tmm_desc\" style=\"text-align:\"><p>Roberto Buffo<\/p><\/div><div class=\"tmm_scblock\"><\/div><\/div><\/div><div class=\"tmm_member\" style=\"border-top:#333333 solid 5px;\"><div class=\"tmm_photo tmm_pic_orquestas-miembros_13\" style=\"background: url(https:\/\/www.ibermusicas.org\/wp-content\/uploads\/2020\/04\/AR-NQN.jpg); margin-left: auto; margin-right:auto; background-size:cover !important;\"><\/div><div class=\"tmm_textblock\"><div class=\"tmm_names\"><span class=\"tmm_fname\">Orquesta Sinf\u00f3nica del Neuqu\u00e9n<\/span> <\/div><div class=\"tmm_job\">Argentina<\/div><div class=\"tmm_desc\" style=\"text-align:\"><p>Andr\u00e9s Tolcachir<\/p><\/div><div class=\"tmm_scblock\"><\/div><\/div><\/div><span class=\"tmm_two_containers_tablet\"><\/span><div class=\"tmm_member\" style=\"border-top:#333333 solid 5px;\"><div class=\"tmm_photo tmm_pic_orquestas-miembros_14\" style=\"background: url(https:\/\/www.ibermusicas.org\/wp-content\/uploads\/2020\/04\/SLA.jpg); margin-left: auto; margin-right:auto; background-size:cover !important;\"><\/div><div class=\"tmm_textblock\"><div class=\"tmm_names\"><span class=\"tmm_fname\">Orquesta Sinf\u00f3nica de Salta<\/span> <\/div><div class=\"tmm_job\">Argentina<\/div><div class=\"tmm_desc\" style=\"text-align:\"><p>Javier Kamiensky<\/p><\/div><div class=\"tmm_scblock\"><\/div><\/div><\/div><div class=\"tmm_member\" style=\"border-top:#333333 solid 5px;\"><div class=\"tmm_photo tmm_pic_orquestas-miembros_15\" style=\"background: url(https:\/\/www.ibermusicas.org\/wp-content\/uploads\/2020\/04\/AR-OSN.jpg); margin-left: auto; margin-right:auto; background-size:cover !important;\"><\/div><div class=\"tmm_textblock\"><div class=\"tmm_names\"><span class=\"tmm_fname\">Orquesta Sinf\u00f3nica Nacional de Argentina<\/span> <\/div><div class=\"tmm_job\">Argentina<\/div><div class=\"tmm_scblock\"><\/div><\/div><\/div><span class=\"tmm_two_containers_tablet\"><\/span><\/div><span class=\"tmm_columns_containers_desktop\"><\/span><div class=\"tmm_container\"><div class=\"tmm_member\" style=\"border-top:#333333 solid 5px;\"><div class=\"tmm_photo tmm_pic_orquestas-miembros_16\" style=\"background: url(https:\/\/www.ibermusicas.org\/wp-content\/uploads\/2020\/04\/MOD-ROSARIO.png); margin-left: auto; margin-right:auto; background-size:cover !important;\"><\/div><div class=\"tmm_textblock\"><div class=\"tmm_names\"><span class=\"tmm_fname\">Orquesta Sinfo\u0301nica Provincial de Rosario<\/span> <\/div><div class=\"tmm_job\">Argentina<\/div><div class=\"tmm_desc\" style=\"text-align:\"><p>Juan Andr\u00e9s Mollo<\/p><\/div><div class=\"tmm_scblock\"><\/div><\/div><\/div><div class=\"tmm_member\" style=\"border-top:#333333 solid 5px;\"><div class=\"tmm_photo tmm_pic_orquestas-miembros_17\" style=\"background: url(https:\/\/www.ibermusicas.org\/wp-content\/uploads\/2020\/04\/Santa-Cruz-2.png); margin-left: auto; margin-right:auto; background-size:cover !important;\"><\/div><div class=\"tmm_textblock\"><div class=\"tmm_names\"><span class=\"tmm_fname\">Orquesta Filarm\u00f3nica de Santa Cruz de la Sierra<\/span> <\/div><div class=\"tmm_job\">Bolivia<\/div><div class=\"tmm_desc\" style=\"text-align:\"><p>Raquel Terceros<\/p><\/div><div class=\"tmm_scblock\"><\/div><\/div><\/div><span class=\"tmm_two_containers_tablet\"><\/span><div class=\"tmm_member\" style=\"border-top:#333333 solid 5px;\"><div class=\"tmm_photo tmm_pic_orquestas-miembros_18\" style=\"background: url(https:\/\/www.ibermusicas.org\/wp-content\/uploads\/2020\/04\/MOD-CAMERATA-I.png); margin-left: auto; margin-right:auto; background-size:cover !important;\"><\/div><div class=\"tmm_textblock\"><div class=\"tmm_names\"><span class=\"tmm_fname\">Camerata Filarmo\u0302nica de Indaitauba<\/span> <\/div><div class=\"tmm_job\">Brasil<\/div><div class=\"tmm_desc\" style=\"text-align:\"><p>Rafael Alencar Silva<\/p><\/div><div class=\"tmm_scblock\"><\/div><\/div><\/div><div class=\"tmm_member\" style=\"border-top:#333333 solid 5px;\"><div class=\"tmm_photo tmm_pic_orquestas-miembros_19\" style=\"background: url(https:\/\/www.ibermusicas.org\/wp-content\/uploads\/2020\/04\/OFGOIAS.jpg); margin-left: auto; margin-right:auto; background-size:cover !important;\"><\/div><div class=\"tmm_textblock\"><div class=\"tmm_names\"><span class=\"tmm_fname\">Orquestra Filarm\u00f4nica de Goi\u00e1s<\/span> <\/div><div class=\"tmm_job\">Brasil<\/div><div class=\"tmm_desc\" style=\"text-align:\"><p>Neil Thomson e Mariana Menezes<\/p><\/div><div class=\"tmm_scblock\"><\/div><\/div><\/div><span class=\"tmm_two_containers_tablet\"><\/span><\/div><span class=\"tmm_columns_containers_desktop\"><\/span><div class=\"tmm_container\"><div class=\"tmm_member\" style=\"border-top:#333333 solid 5px;\"><div class=\"tmm_photo tmm_pic_orquestas-miembros_20\" style=\"background: url(https:\/\/www.ibermusicas.org\/wp-content\/uploads\/2020\/04\/minas.png); margin-left: auto; margin-right:auto; background-size:cover !important;\"><\/div><div class=\"tmm_textblock\"><div class=\"tmm_names\"><span class=\"tmm_fname\">Orquestra Filarm\u00f4nica de Minas Gerais<\/span> <\/div><div class=\"tmm_job\">Brasil<\/div><div class=\"tmm_desc\" style=\"text-align:\"><p>Pedro Gattoni<\/p><\/div><div class=\"tmm_scblock\"><\/div><\/div><\/div><div class=\"tmm_member\" style=\"border-top:#333333 solid 5px;\"><div class=\"tmm_photo tmm_pic_orquestas-miembros_21\" style=\"background: url(https:\/\/www.ibermusicas.org\/wp-content\/uploads\/2020\/04\/logo-opes-v2-Marcos-souza.jpg); margin-left: auto; margin-right:auto; background-size:cover !important;\"><\/div><div class=\"tmm_textblock\"><div class=\"tmm_names\"><span class=\"tmm_fname\">Orquestra Petrobras Sinf\u00f3nica <\/span> <\/div><div class=\"tmm_job\">Brasil<\/div><div class=\"tmm_desc\" style=\"text-align:\"><p>Marcos Souza<\/p><\/div><div class=\"tmm_scblock\"><\/div><\/div><\/div><span class=\"tmm_two_containers_tablet\"><\/span><div class=\"tmm_member\" style=\"border-top:#333333 solid 5px;\"><div class=\"tmm_photo tmm_pic_orquestas-miembros_22\" style=\"background: url(https:\/\/www.ibermusicas.org\/wp-content\/uploads\/2020\/04\/b-OSESP.jpg); margin-left: auto; margin-right:auto; background-size:cover !important;\"><\/div><div class=\"tmm_textblock\"><div class=\"tmm_names\"><span class=\"tmm_fname\">Orquestra Sinfo\u0302nica do Estado de Sa\u0303o Paulo<\/span> <\/div><div class=\"tmm_job\">Brasil<\/div><div class=\"tmm_desc\" style=\"text-align:\"><p>Gabriela de Souza<\/p><\/div><div class=\"tmm_scblock\"><\/div><\/div><\/div><div class=\"tmm_member\" style=\"border-top:#333333 solid 5px;\"><div class=\"tmm_photo tmm_pic_orquestas-miembros_23\" style=\"background: url(https:\/\/www.ibermusicas.org\/wp-content\/uploads\/2020\/04\/OSTNCS_LOGOTIPO-OFICIAL-11.png); margin-left: auto; margin-right:auto; background-size:cover !important;\"><\/div><div class=\"tmm_textblock\"><div class=\"tmm_names\"><span class=\"tmm_fname\">Orquestra Sinfo\u0302nica do Teatro Nacional Claudio Santoro<\/span> <\/div><div class=\"tmm_job\">Brasil<\/div><div class=\"tmm_desc\" style=\"text-align:\"><p>Cl\u00e1udio Cohen<\/p><\/div><div class=\"tmm_scblock\"><\/div><\/div><\/div><span class=\"tmm_two_containers_tablet\"><\/span><\/div><span class=\"tmm_columns_containers_desktop\"><\/span><div class=\"tmm_container\"><div class=\"tmm_member\" style=\"border-top:#333333 solid 5px;\"><div class=\"tmm_photo tmm_pic_orquestas-miembros_24\" style=\"background: url(https:\/\/www.ibermusicas.org\/wp-content\/uploads\/2020\/04\/MOD-HELIOPO.png); margin-left: auto; margin-right:auto; background-size:cover !important;\"><\/div><div class=\"tmm_textblock\"><div class=\"tmm_names\"><span class=\"tmm_fname\">Orquestra Sinfo\u0302nica Helio\u0301polis<\/span> <\/div><div class=\"tmm_job\">Brasil<\/div><div class=\"tmm_desc\" style=\"text-align:\"><p>Edilson Ventureli de Souza\u00a0<\/p><p>Daniela de Oliveira Correia<\/p><\/div><div class=\"tmm_scblock\"><\/div><\/div><\/div><div class=\"tmm_member\" style=\"border-top:#333333 solid 5px;\"><div class=\"tmm_photo tmm_pic_orquestas-miembros_25\" style=\"background: url(https:\/\/www.ibermusicas.org\/wp-content\/uploads\/2020\/04\/MOD-Campinas.png); margin-left: auto; margin-right:auto; background-size:cover !important;\"><\/div><div class=\"tmm_textblock\"><div class=\"tmm_names\"><span class=\"tmm_fname\">Orquestra Sinf\u00f4nica Municipal de Campinas<\/span> <\/div><div class=\"tmm_job\">Brasil<\/div><div class=\"tmm_desc\" style=\"text-align:\"><p>Ana Carolina Ten\u00f3rio<\/p><\/div><div class=\"tmm_scblock\"><\/div><\/div><\/div><span class=\"tmm_two_containers_tablet\"><\/span><div class=\"tmm_member\" style=\"border-top:#333333 solid 5px;\"><div class=\"tmm_photo tmm_pic_orquestas-miembros_26\" style=\"background: url(https:\/\/www.ibermusicas.org\/wp-content\/uploads\/2020\/04\/oscg.jpg); margin-left: auto; margin-right:auto; background-size:cover !important;\"><\/div><div class=\"tmm_textblock\"><div class=\"tmm_names\"><span class=\"tmm_fname\">Orquestra Sinfo\u0302nica Municipal de Campo Grande <\/span> <\/div><div class=\"tmm_job\">Brasil<\/div><div class=\"tmm_desc\" style=\"text-align:\"><p>Eduardo Martinelli Danzi<\/p><\/div><div class=\"tmm_scblock\"><\/div><\/div><\/div><div class=\"tmm_member\" style=\"border-top:#333333 solid 5px;\"><div class=\"tmm_photo tmm_pic_orquestas-miembros_27\" style=\"background: url(https:\/\/www.ibermusicas.org\/wp-content\/uploads\/2020\/04\/osnuff-1.jpg); margin-left: auto; margin-right:auto; background-size:cover !important;\"><\/div><div class=\"tmm_textblock\"><div class=\"tmm_names\"><span class=\"tmm_fname\">Orquestra Sinfo\u0302nica Nacional da Universidade Federal Fluminense<\/span> <\/div><div class=\"tmm_job\">Brasil <\/div><div class=\"tmm_desc\" style=\"text-align:\"><p>Robson Leit\u00e3o e \u00c1gueda Sano<\/p><\/div><div class=\"tmm_scblock\"><\/div><\/div><\/div><span class=\"tmm_two_containers_tablet\"><\/span><\/div><span class=\"tmm_columns_containers_desktop\"><\/span><div class=\"tmm_container\"><div class=\"tmm_member\" style=\"border-top:#333333 solid 5px;\"><div class=\"tmm_photo tmm_pic_orquestas-miembros_28\" style=\"background: url(https:\/\/www.ibermusicas.org\/wp-content\/uploads\/2020\/04\/OCChi.jpeg); margin-left: auto; margin-right:auto; background-size:cover !important;\"><\/div><div class=\"tmm_textblock\"><div class=\"tmm_names\"><span class=\"tmm_fname\">Orquesta de C\u00e1mara de Chile<\/span> <\/div><div class=\"tmm_job\">Chile<\/div><div class=\"tmm_desc\" style=\"text-align:\"><p>Gonzalo Herrera<\/p><\/div><div class=\"tmm_scblock\"><\/div><\/div><\/div><div class=\"tmm_member\" style=\"border-top:#333333 solid 5px;\"><div class=\"tmm_photo tmm_pic_orquestas-miembros_29\" style=\"background: url(https:\/\/www.ibermusicas.org\/wp-content\/uploads\/2020\/04\/MOD-VALDIVIA.png); margin-left: auto; margin-right:auto; background-size:cover !important;\"><\/div><div class=\"tmm_textblock\"><div class=\"tmm_names\"><span class=\"tmm_fname\">Orquesta de Ca\u0301mara de Valdivia<\/span> <\/div><div class=\"tmm_job\">Chile<\/div><div class=\"tmm_desc\" style=\"text-align:\"><p>Dominique Thomann<\/p><\/div><div class=\"tmm_scblock\"><\/div><\/div><\/div><span class=\"tmm_two_containers_tablet\"><\/span><div class=\"tmm_member\" style=\"border-top:#333333 solid 5px;\"><div class=\"tmm_photo tmm_pic_orquestas-miembros_30\" style=\"background: url(https:\/\/www.ibermusicas.org\/wp-content\/uploads\/2020\/04\/MOD-CONCEP.png); margin-left: auto; margin-right:auto; background-size:cover !important;\"><\/div><div class=\"tmm_textblock\"><div class=\"tmm_names\"><span class=\"tmm_fname\">Orquesta Sinfo\u0301nica de la Universidad de Concepcio\u0301n<\/span> <\/div><div class=\"tmm_job\">Chile<\/div><div class=\"tmm_desc\" style=\"text-align:\"><p>Mario Cabrera Delgado<\/p><\/div><div class=\"tmm_scblock\"><\/div><\/div><\/div><div class=\"tmm_member\" style=\"border-top:#333333 solid 5px;\"><div class=\"tmm_photo tmm_pic_orquestas-miembros_31\" style=\"background: url(https:\/\/www.ibermusicas.org\/wp-content\/uploads\/2020\/04\/OSN-Ch.png); margin-left: auto; margin-right:auto; background-size:cover !important;\"><\/div><div class=\"tmm_textblock\"><div class=\"tmm_names\"><span class=\"tmm_fname\">Orquesta Sinfo\u0301nica Nacional de CHILE<\/span> <\/div><div class=\"tmm_job\">Chile<\/div><div class=\"tmm_desc\" style=\"text-align:\"><p>Diego Matte<\/p><\/div><div class=\"tmm_scblock\"><\/div><\/div><\/div><span class=\"tmm_two_containers_tablet\"><\/span><\/div><span class=\"tmm_columns_containers_desktop\"><\/span><div class=\"tmm_container\"><div class=\"tmm_member\" style=\"border-top:#333333 solid 5px;\"><div class=\"tmm_photo tmm_pic_orquestas-miembros_32\" style=\"background: url(https:\/\/www.ibermusicas.org\/wp-content\/uploads\/2020\/04\/OFCALI.jpg); margin-left: auto; margin-right:auto; background-size:cover !important;\"><\/div><div class=\"tmm_textblock\"><div class=\"tmm_names\"><span class=\"tmm_fname\">Orquesta Filarm\u00f3nica de Cali<\/span> <\/div><div class=\"tmm_job\">Colombia<\/div><div class=\"tmm_desc\" style=\"text-align:\"><p>Mariana Garc\u00e9s C\u00f3rdoba<\/p><\/div><div class=\"tmm_scblock\"><\/div><\/div><\/div><div class=\"tmm_member\" style=\"border-top:#333333 solid 5px;\"><div class=\"tmm_photo tmm_pic_orquestas-miembros_33\" style=\"background: url(https:\/\/www.ibermusicas.org\/wp-content\/uploads\/2020\/04\/FILARMED.jpg); margin-left: auto; margin-right:auto; background-size:cover !important;\"><\/div><div class=\"tmm_textblock\"><div class=\"tmm_names\"><span class=\"tmm_fname\">Orquesta Filarm\u00f3nica de Medell\u00edn<\/span> <\/div><div class=\"tmm_job\">Colombia<\/div><div class=\"tmm_desc\" style=\"text-align:\"><p>Maria Catalina Prieto V\u00e1zquez<\/p><\/div><div class=\"tmm_scblock\"><\/div><\/div><\/div><span class=\"tmm_two_containers_tablet\"><\/span><div class=\"tmm_member\" style=\"border-top:#333333 solid 5px;\"><div class=\"tmm_photo tmm_pic_orquestas-miembros_34\" style=\"background: url(https:\/\/www.ibermusicas.org\/wp-content\/uploads\/2020\/04\/MOD-CALDAS-1.png); margin-left: auto; margin-right:auto; background-size:cover !important;\"><\/div><div class=\"tmm_textblock\"><div class=\"tmm_names\"><span class=\"tmm_fname\">Orquesta Sinfo\u0301nica de Caldas <\/span> <\/div><div class=\"tmm_job\">Colombia<\/div><div class=\"tmm_desc\" style=\"text-align:\"><p>Jeniffer Andrea Castillo Mar\u00edn<\/p><\/div><div class=\"tmm_scblock\"><\/div><\/div><\/div><div class=\"tmm_member\" style=\"border-top:#333333 solid 5px;\"><div class=\"tmm_photo tmm_pic_orquestas-miembros_35\" style=\"background: url(https:\/\/www.ibermusicas.org\/wp-content\/uploads\/2020\/04\/MOD-EAFIT.png); margin-left: auto; margin-right:auto; background-size:cover !important;\"><\/div><div class=\"tmm_textblock\"><div class=\"tmm_names\"><span class=\"tmm_fname\">Orquesta Sinfo\u0301nica EAFIT<\/span> <\/div><div class=\"tmm_job\">Colombia<\/div><div class=\"tmm_desc\" style=\"text-align:\"><p>Hilda Mar\u00eda Olaya Estefan<\/p><p>Daniel Cuellar Trujillo<\/p><\/div><div class=\"tmm_scblock\"><\/div><\/div><\/div><span class=\"tmm_two_containers_tablet\"><\/span><\/div><span class=\"tmm_columns_containers_desktop\"><\/span><div class=\"tmm_container\"><div class=\"tmm_member\" style=\"border-top:#333333 solid 5px;\"><div class=\"tmm_photo tmm_pic_orquestas-miembros_36\" style=\"background: url(https:\/\/www.ibermusicas.org\/wp-content\/uploads\/2020\/04\/OSNCo.jpg); margin-left: auto; margin-right:auto; background-size:cover !important;\"><\/div><div class=\"tmm_textblock\"><div class=\"tmm_names\"><span class=\"tmm_fname\">Orquesta Sinf\u00f3nica Nacional de Colombia<\/span> <\/div><div class=\"tmm_job\">Colombia<\/div><div class=\"tmm_desc\" style=\"text-align:\"><p>Juan Antonio Cu\u00e9llar y Luisa Fernanda Her\u00e1ndez<\/p><\/div><div class=\"tmm_scblock\"><\/div><\/div><\/div><div class=\"tmm_member\" style=\"border-top:#333333 solid 5px;\"><div class=\"tmm_photo tmm_pic_orquestas-miembros_37\" style=\"background: url(https:\/\/www.ibermusicas.org\/wp-content\/uploads\/2020\/04\/CRICA.jpeg); margin-left: auto; margin-right:auto; background-size:cover !important;\"><\/div><div class=\"tmm_textblock\"><div class=\"tmm_names\"><span class=\"tmm_fname\">Orquesta Sinf\u00f3nica Nacional de Costa Rica<\/span> <\/div><div class=\"tmm_job\">Costa Rica<\/div><div class=\"tmm_desc\" style=\"text-align:\"><p>Carlos Vargas Herrera y Danny Le\u00f3n Gonz\u00e1lez<\/p><\/div><div class=\"tmm_scblock\"><\/div><\/div><\/div><span class=\"tmm_two_containers_tablet\"><\/span><div class=\"tmm_member\" style=\"border-top:#333333 solid 5px;\"><div class=\"tmm_photo tmm_pic_orquestas-miembros_38\" style=\"background: url(https:\/\/www.ibermusicas.org\/wp-content\/uploads\/2020\/04\/Cuba.jpg); margin-left: auto; margin-right:auto; background-size:cover !important;\"><\/div><div class=\"tmm_textblock\"><div class=\"tmm_names\"><span class=\"tmm_fname\">Orquesta Sinf\u00f3nica Nacional de Cuba<\/span> <\/div><div class=\"tmm_job\">Cuba<\/div><div class=\"tmm_desc\" style=\"text-align:\"><p>Enrique Jos\u00e9 P\u00e9rez Mesa<\/p><\/div><div class=\"tmm_scblock\"><\/div><\/div><\/div><div class=\"tmm_member\" style=\"border-top:#333333 solid 5px;\"><div class=\"tmm_photo tmm_pic_orquestas-miembros_39\" style=\"background: url(https:\/\/www.ibermusicas.org\/wp-content\/uploads\/2020\/04\/MOD-GUAYAQUIL.png); margin-left: auto; margin-right:auto; background-size:cover !important;\"><\/div><div class=\"tmm_textblock\"><div class=\"tmm_names\"><span class=\"tmm_fname\">Orquesta Sinfo\u0301nica de Guayaquil <\/span> <\/div><div class=\"tmm_job\">Ecuador<\/div><div class=\"tmm_desc\" style=\"text-align:\"><p>Ana Tamayo de Mora<\/p><\/div><div class=\"tmm_scblock\"><\/div><\/div><\/div><span class=\"tmm_two_containers_tablet\"><\/span><\/div><span class=\"tmm_columns_containers_desktop\"><\/span><div class=\"tmm_container\"><div class=\"tmm_member\" style=\"border-top:#333333 solid 5px;\"><div class=\"tmm_photo tmm_pic_orquestas-miembros_40\" style=\"background: url(https:\/\/www.ibermusicas.org\/wp-content\/uploads\/2020\/04\/MOD-LOJA.png); margin-left: auto; margin-right:auto; background-size:cover !important;\"><\/div><div class=\"tmm_textblock\"><div class=\"tmm_names\"><span class=\"tmm_fname\">Orquesta Sinfo\u0301nica de Loja<\/span> <\/div><div class=\"tmm_job\">Ecuador<\/div><div class=\"tmm_desc\" style=\"text-align:\"><p>Alex Ortega<\/p><p>Karla Ortega<\/p><\/div><div class=\"tmm_scblock\"><\/div><\/div><\/div><div class=\"tmm_member\" style=\"border-top:#333333 solid 5px;\"><div class=\"tmm_photo tmm_pic_orquestas-miembros_41\" style=\"background: url(https:\/\/www.ibermusicas.org\/wp-content\/uploads\/2020\/04\/OSNEc.jpg); margin-left: auto; margin-right:auto; background-size:cover !important;\"><\/div><div class=\"tmm_textblock\"><div class=\"tmm_names\"><span class=\"tmm_fname\">Orquesta Sinf\u00f3nica Nacional de Ecuador<\/span> <\/div><div class=\"tmm_job\">Ecuador<\/div><div class=\"tmm_desc\" style=\"text-align:\"><p>Julio Villac\u00eds<\/p><\/div><div class=\"tmm_scblock\"><\/div><\/div><\/div><span class=\"tmm_two_containers_tablet\"><\/span><div class=\"tmm_member\" style=\"border-top:#333333 solid 5px;\"><div class=\"tmm_photo tmm_pic_orquestas-miembros_42\" style=\"background: url(https:\/\/www.ibermusicas.org\/wp-content\/uploads\/2020\/04\/MOD-LOGO-REUS.png); margin-left: auto; margin-right:auto; background-size:cover !important;\"><\/div><div class=\"tmm_textblock\"><div class=\"tmm_names\"><span class=\"tmm_fname\">Asociaci\u00f3n de Conciertos de Reus<\/span> <\/div><div class=\"tmm_job\">Espa\u00f1a<\/div><div class=\"tmm_desc\" style=\"text-align:\"><p>Marc Moncusi<\/p><\/div><div class=\"tmm_scblock\"><\/div><\/div><\/div><div class=\"tmm_member\" style=\"border-top:#333333 solid 5px;\"><div class=\"tmm_photo tmm_pic_orquestas-miembros_43\" style=\"background: url(https:\/\/www.ibermusicas.org\/wp-content\/uploads\/2020\/04\/OFUNAM.jpg); margin-left: auto; margin-right:auto; background-size:cover !important;\"><\/div><div class=\"tmm_textblock\"><div class=\"tmm_names\"><span class=\"tmm_fname\">Orquesta Filarmo\u0301nica de la Universidad Nacional Aut\u00f3noma de Me\u0301xico<\/span> <\/div><div class=\"tmm_job\">M\u00e9xico<\/div><div class=\"tmm_desc\" style=\"text-align:\"><p>Valeria Palomino y Edith Citali Morales<\/p><\/div><div class=\"tmm_scblock\"><\/div><\/div><\/div><span class=\"tmm_two_containers_tablet\"><\/span><\/div><span class=\"tmm_columns_containers_desktop\"><\/span><div class=\"tmm_container\"><div class=\"tmm_member\" style=\"border-top:#333333 solid 5px;\"><div class=\"tmm_photo tmm_pic_orquestas-miembros_44\" style=\"background: url(https:\/\/www.ibermusicas.org\/wp-content\/uploads\/2020\/04\/Oquesta-Sinfo\u0301nica-de-Aguascalientes.png); margin-left: auto; margin-right:auto; background-size:cover !important;\"><\/div><div class=\"tmm_textblock\"><div class=\"tmm_names\"><span class=\"tmm_fname\">Orquesta Sinf\u00f3nica de Aguascalientes<\/span> <\/div><div class=\"tmm_job\">M\u00e9xico<\/div><div class=\"tmm_desc\" style=\"text-align:\"><p style=\"text-align: center\">Argelia Yilescas Estrada y Cony Ramirez\u00a0<\/p><\/div><div class=\"tmm_scblock\"><\/div><\/div><\/div><div class=\"tmm_member\" style=\"border-top:#333333 solid 5px;\"><div class=\"tmm_photo tmm_pic_orquestas-miembros_45\" style=\"background: url(https:\/\/www.ibermusicas.org\/wp-content\/uploads\/2020\/04\/MOD-HIDALGO.png); margin-left: auto; margin-right:auto; background-size:cover !important;\"><\/div><div class=\"tmm_textblock\"><div class=\"tmm_names\"><span class=\"tmm_fname\">Orquesta Sinf\u00f3nica del Estado de Hidalgo<\/span> <\/div><div class=\"tmm_job\">M\u00e9xico<\/div><div class=\"tmm_scblock\"><\/div><\/div><\/div><span class=\"tmm_two_containers_tablet\"><\/span><div class=\"tmm_member\" style=\"border-top:#333333 solid 5px;\"><div class=\"tmm_photo tmm_pic_orquestas-miembros_46\" style=\"background: url(https:\/\/www.ibermusicas.org\/wp-content\/uploads\/2020\/04\/OSIPN.jpg); margin-left: auto; margin-right:auto; background-size:cover !important;\"><\/div><div class=\"tmm_textblock\"><div class=\"tmm_names\"><span class=\"tmm_fname\">Orquesta Sinfo\u0301nica del Instituto Polite\u0301cnico Nacional <\/span> <\/div><div class=\"tmm_job\">M\u00e9xico<\/div><div class=\"tmm_desc\" style=\"text-align:\"><p>Enrique Barrios<\/p><\/div><div class=\"tmm_scblock\"><\/div><\/div><\/div><div class=\"tmm_member\" style=\"border-top:#333333 solid 5px;\"><div class=\"tmm_photo tmm_pic_orquestas-miembros_47\" style=\"background: url(https:\/\/www.ibermusicas.org\/wp-content\/uploads\/2020\/04\/logo-osn-mx.jpeg); margin-left: auto; margin-right:auto; background-size:cover !important;\"><\/div><div class=\"tmm_textblock\"><div class=\"tmm_names\"><span class=\"tmm_fname\">Orquesta Sinf\u00f3nica Nacional de M\u00e9xico<\/span> <\/div><div class=\"tmm_job\">M\u00e9xico<\/div><div class=\"tmm_desc\" style=\"text-align:\"><p>Emilio Aranda Mora<\/p><\/div><div class=\"tmm_scblock\"><\/div><\/div><\/div><span class=\"tmm_two_containers_tablet\"><\/span><\/div><span class=\"tmm_columns_containers_desktop\"><\/span><div class=\"tmm_container\"><div class=\"tmm_member\" style=\"border-top:#333333 solid 5px;\"><div class=\"tmm_photo tmm_pic_orquestas-miembros_48\" style=\"background: url(https:\/\/www.ibermusicas.org\/wp-content\/uploads\/2020\/04\/OSSinaloa-.jpeg); margin-left: auto; margin-right:auto; background-size:cover !important;\"><\/div><div class=\"tmm_textblock\"><div class=\"tmm_names\"><span class=\"tmm_fname\">Orquesta Sinf\u00f3nica Sinaloa de las Artes<\/span> <\/div><div class=\"tmm_job\">M\u00e9xico<\/div><div class=\"tmm_desc\" style=\"text-align:\"><p>Ricardo Rodriguez<\/p><\/div><div class=\"tmm_scblock\"><\/div><\/div><\/div><div class=\"tmm_member\" style=\"border-top:#333333 solid 5px;\"><div class=\"tmm_photo tmm_pic_orquestas-miembros_49\" style=\"background: url(https:\/\/www.ibermusicas.org\/wp-content\/uploads\/2020\/04\/OSN-22-Juan-Sanjur.jpg); margin-left: auto; margin-right:auto; background-size:cover !important;\"><\/div><div class=\"tmm_textblock\"><div class=\"tmm_names\"><span class=\"tmm_fname\">Orquesta Sinf\u00f3nica Nacional de Panam\u00e1<\/span> <\/div><div class=\"tmm_job\">Panam\u00e1<\/div><div class=\"tmm_desc\" style=\"text-align:\"><p>Juan Pablo Sanjur Gonz\u00e1lez<\/p><\/div><div class=\"tmm_scblock\"><\/div><\/div><\/div><span class=\"tmm_two_containers_tablet\"><\/span><div class=\"tmm_member\" style=\"border-top:#333333 solid 5px;\"><div class=\"tmm_photo tmm_pic_orquestas-miembros_50\" style=\"background: url(https:\/\/www.ibermusicas.org\/wp-content\/uploads\/2020\/04\/OSCAsuncion.jpg); margin-left: auto; margin-right:auto; background-size:cover !important;\"><\/div><div class=\"tmm_textblock\"><div class=\"tmm_names\"><span class=\"tmm_fname\">Orquesta Sinfo\u0301nica de la Ciudad de Asuncio\u0301n<\/span> <\/div><div class=\"tmm_job\">Paraguay<\/div><div class=\"tmm_desc\" style=\"text-align:\"><p>Luis Szar\u00e1n y Jos\u00e9 Miguel Echeverr\u00eda<\/p><\/div><div class=\"tmm_scblock\"><\/div><\/div><\/div><div class=\"tmm_member\" style=\"border-top:#333333 solid 5px;\"><div class=\"tmm_photo tmm_pic_orquestas-miembros_51\" style=\"background: url(https:\/\/www.ibermusicas.org\/wp-content\/uploads\/2020\/04\/OSIC.jpg); margin-left: auto; margin-right:auto; background-size:cover !important;\"><\/div><div class=\"tmm_textblock\"><div class=\"tmm_names\"><span class=\"tmm_fname\">Orquesta SInfo\u0301nica del Congreso Nacional de Paraguay<\/span> <\/div><div class=\"tmm_job\">Paraguay<\/div><div class=\"tmm_desc\" style=\"text-align:\"><p>Gabriel Graziani<\/p><\/div><div class=\"tmm_scblock\"><\/div><\/div><\/div><span class=\"tmm_two_containers_tablet\"><\/span><\/div><span class=\"tmm_columns_containers_desktop\"><\/span><div class=\"tmm_container\"><div class=\"tmm_member\" style=\"border-top:#333333 solid 5px;\"><div class=\"tmm_photo tmm_pic_orquestas-miembros_52\" style=\"background: url(https:\/\/www.ibermusicas.org\/wp-content\/uploads\/2020\/04\/p-OSN-2021-OSN-PARAGUAY.jpg); margin-left: auto; margin-right:auto; background-size:cover !important;\"><\/div><div class=\"tmm_textblock\"><div class=\"tmm_names\"><span class=\"tmm_fname\">Orquesta Sinfo\u0301nica Nacional de Paraguay<\/span> <\/div><div class=\"tmm_job\">Paraguay<\/div><div class=\"tmm_desc\" style=\"text-align:\"><p>Juan Carlos Dos Santos<\/p><\/div><div class=\"tmm_scblock\"><\/div><\/div><\/div><div class=\"tmm_member\" style=\"border-top:#333333 solid 5px;\"><div class=\"tmm_photo tmm_pic_orquestas-miembros_53\" style=\"background: url(https:\/\/www.ibermusicas.org\/wp-content\/uploads\/2020\/04\/MOD-CUSCO.png); margin-left: auto; margin-right:auto; background-size:cover !important;\"><\/div><div class=\"tmm_textblock\"><div class=\"tmm_names\"><span class=\"tmm_fname\">Orquesta Sinfo\u0301nica de Cusco <\/span> <\/div><div class=\"tmm_job\">Per\u00fa<\/div><div class=\"tmm_desc\" style=\"text-align:\"><p>Emerzon Carrasco \u00d1ahue<\/p><\/div><div class=\"tmm_scblock\"><\/div><\/div><\/div><span class=\"tmm_two_containers_tablet\"><\/span><div class=\"tmm_member\" style=\"border-top:#333333 solid 5px;\"><div class=\"tmm_photo tmm_pic_orquestas-miembros_54\" style=\"background: url(https:\/\/www.ibermusicas.org\/wp-content\/uploads\/2020\/04\/OdAlg.jpeg); margin-left: auto; margin-right:auto; background-size:cover !important;\"><\/div><div class=\"tmm_textblock\"><div class=\"tmm_names\"><span class=\"tmm_fname\">Orquestra do Algarve<\/span> <\/div><div class=\"tmm_job\">Portugal<\/div><div class=\"tmm_desc\" style=\"text-align:\"><p>Joh\u00e3o Paulo Parrilha<\/p><\/div><div class=\"tmm_scblock\"><\/div><\/div><\/div><div class=\"tmm_member\" style=\"border-top:#333333 solid 5px;\"><div class=\"tmm_photo tmm_pic_orquestas-miembros_55\" style=\"background: url(https:\/\/www.ibermusicas.org\/wp-content\/uploads\/2020\/04\/OdNorte.png); margin-left: auto; margin-right:auto; background-size:cover !important;\"><\/div><div class=\"tmm_textblock\"><div class=\"tmm_names\"><span class=\"tmm_fname\">Orquestra do Norte<\/span> <\/div><div class=\"tmm_job\">Portugal<\/div><div class=\"tmm_desc\" style=\"text-align:\"><p>\u00a0Fernando Marinho<\/p><\/div><div class=\"tmm_scblock\"><\/div><\/div><\/div><span class=\"tmm_two_containers_tablet\"><\/span><\/div><span class=\"tmm_columns_containers_desktop\"><\/span><div class=\"tmm_container\"><div class=\"tmm_member\" style=\"border-top:#333333 solid 5px;\"><div class=\"tmm_photo tmm_pic_orquestas-miembros_56\" style=\"background: url(https:\/\/www.ibermusicas.org\/wp-content\/uploads\/2020\/04\/FilarMont.jpg); margin-left: auto; margin-right:auto; background-size:cover !important;\"><\/div><div class=\"tmm_textblock\"><div class=\"tmm_names\"><span class=\"tmm_fname\">Orquesta Filarm\u00f3nica de Montevideo<\/span> <\/div><div class=\"tmm_job\">Uruguay<\/div><div class=\"tmm_desc\" style=\"text-align:\"><p>Alvaro M\u00e9ndez Bonomi<\/p><\/div><div class=\"tmm_scblock\"><\/div><\/div><\/div><div class=\"tmm_member\" style=\"border-top:#333333 solid 5px;\"><div class=\"tmm_photo tmm_pic_orquestas-miembros_57\" style=\"background: url(https:\/\/www.ibermusicas.org\/wp-content\/uploads\/2020\/04\/SODRE.png); margin-left: auto; margin-right:auto; background-size:cover !important;\"><\/div><div class=\"tmm_textblock\"><div class=\"tmm_names\"><span class=\"tmm_fname\">Orquesta Sinfo\u0301nica del SODRE<\/span> <\/div><div class=\"tmm_job\">Uruguay<\/div><div class=\"tmm_desc\" style=\"text-align:\"><p>Diego Silveira Rega<\/p><\/div><div class=\"tmm_scblock\"><\/div><\/div><\/div><span class=\"tmm_two_containers_tablet\"><\/span><div class=\"tmm_member\" style=\"border-top:#333333 solid 5px;\"><div class=\"tmm_photo tmm_pic_orquestas-miembros_58\" style=\"background: url(https:\/\/www.ibermusicas.org\/wp-content\/uploads\/2020\/04\/el-sistema.jpg); margin-left: auto; margin-right:auto; background-size:cover !important;\"><\/div><div class=\"tmm_textblock\"><div class=\"tmm_names\"><span class=\"tmm_fname\">El Sistema<\/span> <\/div><div class=\"tmm_job\">Venezuela<\/div><div class=\"tmm_desc\" style=\"text-align:\"><p>Ronnie Morales y Johanna Rivera<\/p><\/div><div class=\"tmm_scblock\"><\/div><\/div><\/div><div class=\"tmm_member\" style=\"border-top:#333333 solid 5px;\"><div class=\"tmm_photo tmm_pic_orquestas-miembros_59\" style=\"background: url(https:\/\/www.ibermusicas.org\/wp-content\/uploads\/2020\/04\/MOD-ANZOA.png); margin-left: auto; margin-right:auto; background-size:cover !important;\"><\/div><div class=\"tmm_textblock\"><div class=\"tmm_names\"><span class=\"tmm_fname\">Orquesta Filarm\u00f3nica de Anzo\u00e1tegui <\/span> <\/div><div class=\"tmm_job\">Venezuela<\/div><div class=\"tmm_desc\" style=\"text-align:\"><p>Vanessa Abalos<\/p><\/div><div class=\"tmm_scblock\"><\/div><\/div><\/div><span class=\"tmm_two_containers_tablet\"><\/span><\/div><span class=\"tmm_columns_containers_desktop\"><\/span><div class=\"tmm_container\"><div class=\"tmm_member\" style=\"border-top:#333333 solid 5px;\"><div class=\"tmm_photo tmm_pic_orquestas-miembros_60\" style=\"background: url(https:\/\/www.ibermusicas.org\/wp-content\/uploads\/2020\/04\/logo-Fundacio\u0301n-Compan\u0303ia-Nacional-de-Musica.png); margin-left: auto; margin-right:auto; background-size:cover !important;\"><\/div><div class=\"tmm_textblock\"><div class=\"tmm_names\"><span class=\"tmm_fname\">Orquesta Filarm\u00f3nica Nacional de Venezuela<\/span> <\/div><div class=\"tmm_job\">Venezuela<\/div><div class=\"tmm_desc\" style=\"text-align:\"><p>Rub\u00e9n Capriles y Mar\u00eda Alejandra Jim\u00e9nez<\/p><\/div><div class=\"tmm_scblock\"><\/div><\/div><\/div><div class=\"tmm_member\" style=\"border-top:#333333 solid 5px;\"><div class=\"tmm_photo tmm_pic_orquestas-miembros_61\" style=\"background: url(https:\/\/www.ibermusicas.org\/wp-content\/uploads\/2020\/04\/OSFalcon.jpg); margin-left: auto; margin-right:auto; background-size:cover !important;\"><\/div><div class=\"tmm_textblock\"><div class=\"tmm_names\"><span class=\"tmm_fname\">Orquesta Sinf\u00f3nica de Falc\u00f3n<\/span> <\/div><div class=\"tmm_job\">Venezuela<\/div><div class=\"tmm_desc\" style=\"text-align:\"><p>R\u00e9gulo Medina e Ygnacio Sarmiento<\/p><\/div><div class=\"tmm_scblock\"><\/div><\/div><\/div><span class=\"tmm_two_containers_tablet\"><\/span><div class=\"tmm_member\" style=\"border-top:#333333 solid 5px;\"><div class=\"tmm_photo tmm_pic_orquestas-miembros_62\" style=\"background: url(https:\/\/www.ibermusicas.org\/wp-content\/uploads\/2020\/04\/OSGMAyacucho.jpg); margin-left: auto; margin-right:auto; background-size:cover !important;\"><\/div><div class=\"tmm_textblock\"><div class=\"tmm_names\"><span class=\"tmm_fname\">Orquesta Sinf\u00f3nica Gran Mariscal de Ayacucho<\/span> <\/div><div class=\"tmm_job\">Venezuela<\/div><div class=\"tmm_desc\" style=\"text-align:\"><p>Eugenia Vegas<\/p><\/div><div class=\"tmm_scblock\"><\/div><\/div><\/div><div style=\"clear:both;\"><\/div><\/div><\/div><\/div>\n","protected":false},"excerpt":{"rendered":"","protected":false},"author":12,"featured_media":0,"parent":0,"menu_order":0,"comment_status":"closed","ping_status":"closed","template":"rios-pt-2","meta":{"_monsterinsights_skip_tracking":false,"_monsterinsights_sitenote_active":false,"_monsterinsights_sitenote_note":"","_monsterinsights_sitenote_category":0,"footnotes":""},"class_list":["post-25688","page","type-page","status-publish","hentry"],"lang":"pt","translations":{"pt":25688,"es":25684},"pll_sync_post":[],"post_mailing_queue_ids":[],"_links":{"self":[{"href":"https:\/\/www.ibermusicas.org\/index.php\/wp-json\/wp\/v2\/pages\/25688","targetHints":{"allow":["GET"]}}],"collection":[{"href":"https:\/\/www.ibermusicas.org\/index.php\/wp-json\/wp\/v2\/pages"}],"about":[{"href":"https:\/\/www.ibermusicas.org\/index.php\/wp-json\/wp\/v2\/types\/page"}],"author":[{"embeddable":true,"href":"https:\/\/www.ibermusicas.org\/index.php\/wp-json\/wp\/v2\/users\/12"}],"replies":[{"embeddable":true,"href":"https:\/\/www.ibermusicas.org\/index.php\/wp-json\/wp\/v2\/comments?post=25688"}],"version-history":[{"count":1,"href":"https:\/\/www.ibermusicas.org\/index.php\/wp-json\/wp\/v2\/pages\/25688\/revisions"}],"predecessor-version":[{"id":25689,"href":"https:\/\/www.ibermusicas.org\/index.php\/wp-json\/wp\/v2\/pages\/25688\/revisions\/25689"}],"wp:attachment":[{"href":"https:\/\/www.ibermusicas.org\/index.php\/wp-json\/wp\/v2\/media?parent=25688"}],"curies":[{"name":"wp","href":"https:\/\/api.w.org\/{rel}","templated":true}]}}