{"id":25892,"date":"2025-08-27T14:37:10","date_gmt":"2025-08-27T14:37:10","guid":{"rendered":"https:\/\/www.ibermusicas.org\/?page_id=25892"},"modified":"2025-08-29T00:44:25","modified_gmt":"2025-08-29T00:44:25","slug":"ibermusicas-global-pt","status":"publish","type":"page","link":"https:\/\/www.ibermusicas.org\/index.php\/ibermusicas-global-pt\/","title":{"rendered":"Iberm\u00fasicas Global &#8211; Portugu\u00eas"},"content":{"rendered":"\n<div class=\"wp-block-columns alignwide is-layout-flex wp-container-core-columns-is-layout-783b4be3 wp-block-columns-is-layout-flex\" style=\"margin-bottom:var(--wp--preset--spacing--60)\">\n<div class=\"wp-block-column is-layout-flow wp-block-column-is-layout-flow\">\n<figure class=\"wp-block-image aligncenter size-full\"><img loading=\"lazy\" decoding=\"async\" width=\"5709\" height=\"1875\" src=\"https:\/\/www.ibermusicas.org\/wp-content\/uploads\/2025\/08\/IBER-GLOBAL-head-1370x450-_PR-1.png\" alt=\"\" class=\"wp-image-25905\"\/><\/figure>\n<\/div>\n<\/div>\n\n\n\n<div class=\"wp-block-columns alignwide is-layout-flex wp-container-core-columns-is-layout-783b4be3 wp-block-columns-is-layout-flex\" style=\"margin-bottom:var(--wp--preset--spacing--60)\">\n<div class=\"wp-block-column has-base-color has-accent-3-background-color has-text-color has-background has-link-color wp-elements-98518a4b05c043d931b76d1284979b7e is-layout-flow wp-container-core-column-is-layout-f016c79b wp-block-column-is-layout-flow\" style=\"padding-top:0;padding-right:0;padding-bottom:0;padding-left:0\">\n<div class=\"wp-block-getwid-section\"><div class=\"wp-block-getwid-section__wrapper getwid-padding-top-large getwid-padding-bottom-large getwid-padding-left-large getwid-padding-right-large\"><div class=\"wp-block-getwid-section__inner-wrapper\"><div class=\"wp-block-getwid-section__background-holder\"><div class=\"wp-block-getwid-section__background\"><\/div><div class=\"wp-block-getwid-section__foreground\"><\/div><\/div><div class=\"wp-block-getwid-section__content\"><div class=\"wp-block-getwid-section__inner-content\">\n<h2 class=\"wp-block-heading\" style=\"margin-bottom:var(--wp--preset--spacing--40);font-size:clamp(1.378rem, 1.378rem + ((1vw - 0.2rem) * 1.361), 2.25rem);text-transform:uppercase\"><strong>O que \u00e9 o <\/strong>Iberm\u00fasicas Global?<\/h2>\n\n\n\n<div class=\"wp-block-group has-border-color has-base-border-color has-global-padding is-layout-constrained wp-container-core-group-is-layout-68f1bcea wp-block-group-is-layout-constrained\" style=\"border-width:3px;margin-top:0;margin-bottom:0;padding-top:var(--wp--preset--spacing--40);padding-right:var(--wp--preset--spacing--40);padding-bottom:var(--wp--preset--spacing--40);padding-left:var(--wp--preset--spacing--40)\">\n<p class=\"has-large-font-size\">Um espa\u00e7o que promove novas oportunidades de programa\u00e7\u00e3o e potenciais compromissos art\u00edsticos internacionais.<\/p>\n<\/div>\n<\/div><\/div><\/div><\/div><\/div>\n<\/div>\n\n\n\n<div class=\"wp-block-column is-vertically-aligned-center is-layout-flow wp-block-column-is-layout-flow\">\n<p>Iberm\u00fasicas \u00e9 um Programa de Coopera\u00e7\u00e3o Internacional que busca fortalecer o desenvolvimento profissional e art\u00edstico de m\u00fasicos e profissionais vinculados \u00e0 \u00e1rea.<\/p>\n\n\n\n<p>H\u00e1 mais de 10 anos, o Iberm\u00fasicas fomenta redes e internacionaliza a participa\u00e7\u00e3o de <strong>mais de 8.000 artistas, pesquisadores e gestores ibero-americanos, com um investimento superior a US$ 9 milh\u00f5es<\/strong>. Agora, o Iberm\u00fasicas lan\u00e7a o \u00ab<strong>Iberm\u00fasicas Global<\/strong>\u00ab, uma nova iniciativa que facilita sess\u00f5es virtuais de networking (Speed \u200b\u200bMeetings) por meio de sua plataforma.<\/p>\n\n\n\n<p>O Iberm\u00fasicas Global fortalece a cena musical regional facilitando conex\u00f5es, contrata\u00e7\u00f5es, expandindo agendas e gerando oportunidades art\u00edsticas tanto na Am\u00e9rica Latina quanto em novos territ\u00f3rios globais, como \u00c1frica, \u00c1sia, Am\u00e9rica do Norte e Oceania.<\/p>\n<\/div>\n<\/div>\n\n\n\n<div class=\"wp-block-columns alignwide is-layout-flex wp-container-core-columns-is-layout-783b4be3 wp-block-columns-is-layout-flex\" style=\"margin-bottom:var(--wp--preset--spacing--60)\">\n<div class=\"wp-block-column is-layout-flow wp-container-core-column-is-layout-b2a27621 wp-block-column-is-layout-flow\" style=\"padding-top:0;padding-right:0;padding-bottom:0;padding-left:0\">\n<div class=\"wp-block-getwid-section\"><div class=\"wp-block-getwid-section__wrapper getwid-padding-left-large getwid-padding-right-large\"><div class=\"wp-block-getwid-section__inner-wrapper\"><div class=\"wp-block-getwid-section__background-holder\"><div class=\"wp-block-getwid-section__background\"><\/div><div class=\"wp-block-getwid-section__foreground\"><\/div><\/div><div class=\"wp-block-getwid-section__content\"><div class=\"wp-block-getwid-section__inner-content\">\n<div class=\"wp-block-group has-border-color has-accent-2-border-color has-global-padding is-layout-constrained wp-container-core-group-is-layout-82dbc9b9 wp-block-group-is-layout-constrained\" style=\"border-width:3px;margin-top:0;margin-bottom:0;padding-top:var(--wp--preset--spacing--50);padding-right:var(--wp--preset--spacing--50);padding-bottom:var(--wp--preset--spacing--50);padding-left:var(--wp--preset--spacing--50)\">\n<h2 class=\"wp-block-heading has-accent-2-color has-text-color has-link-color has-xx-large-font-size wp-elements-c00a3996c9431545f00d03c76dc6c9aa\" style=\"font-style:normal;font-weight:400;text-transform:uppercase\">CrIE<br><strong>V\u00cdNCULOS<\/strong><br>Produtivos<\/h2>\n<\/div>\n<\/div><\/div><\/div><\/div><\/div>\n<\/div>\n\n\n\n<div class=\"wp-block-column is-vertically-aligned-center has-global-padding is-layout-constrained wp-block-column-is-layout-constrained\">\n<p><span style=\"color: var(--wp--preset--color--accent-2);\">&gt; <\/span> Se voc\u00ea \u00e9 um\/uma <b style=\"color: var(--wp--preset--color--accent-2);\">artista<\/b>, poder\u00e1 se conectar com curadores do mundo todo e expandir sua rede no mercado musical global..<\/p>\n\n\n\n<p><span style=\"color: var(--wp--preset--color--accent-2);\">&gt; <\/span> Se voc\u00ea \u00e9 <b style=\"color: var(--wp--preset--color--accent-2);\">curador\/a<\/b>, ter\u00e1 acesso r\u00e1pido a novos talentos da Am\u00e9rica Latina e dos pa\u00edses parceiros do Iberm\u00fasicas por meio de uma plataforma simples e automatizada, agilizando o processo!<\/p>\n\n\n\n<p><span style=\"color: var(--wp--preset--color--accent-2);\"><strong>&gt;<\/strong> <strong>Al\u00e9m disso<\/strong><\/span>, esta ferramenta gratuita permitir\u00e1 que voc\u00ea conhe\u00e7a artistas com turn\u00eas programadas na sua regi\u00e3o, em datas e destinos pr\u00f3ximos ao seu evento. E, se a Rodada de Vincula\u00e7\u00e3o for bem-sucedida, voc\u00ea poder\u00e1 aproveitar os outros canais de apoio do Programa Iberm\u00fasicas para ajud\u00e1-lo a concretizar seu projeto!<\/p>\n<\/div>\n<\/div>\n\n\n\n<h2 class=\"wp-block-heading has-text-align-left has-accent-3-color has-text-color has-link-color has-x-large-font-size wp-elements-7b54be6544d196dfdb728d7c29853efc\" style=\"margin-bottom:var(--wp--preset--spacing--50);text-transform:uppercase\">Quem pode participar?<\/h2>\n\n\n\n<div class=\"wp-block-columns alignwide is-layout-flex wp-container-core-columns-is-layout-47c5d72a wp-block-columns-is-layout-flex\" style=\"margin-bottom:var(--wp--preset--spacing--80)\">\n<div class=\"wp-block-column has-base-color has-accent-3-background-color has-text-color has-background has-link-color wp-elements-59d0fb1c6301f0a7da76e16daf7813ef is-layout-flow wp-block-column-is-layout-flow\" style=\"padding-top:var(--wp--preset--spacing--50);padding-right:var(--wp--preset--spacing--60);padding-bottom:var(--wp--preset--spacing--50);padding-left:var(--wp--preset--spacing--60)\">\n<div style=\"margin-bottom:-25px\" class=\"wp-block-getwid-icon is-aligned-center\"><div class=\"wp-block-getwid-icon__wrapper\" style=\"font-size:50px\"><i class=\"fas fa-headphones\"><\/i><\/div><\/div>\n\n\n\n<h3 class=\"wp-block-heading has-text-align-center has-medium-font-size\" style=\"text-transform:uppercase\">Curadores<\/h3>\n\n\n\n<p>Programadores, empres\u00e1rios, diretores ou gerentes de festivais, salas de concerto, teatros, gravadoras, agregadores digitais e profissionais da ind\u00fastria que desejam descobrir novos talentos.<\/p>\n<\/div>\n\n\n\n<div class=\"wp-block-column has-base-color has-accent-1-background-color has-text-color has-background has-link-color wp-elements-55e1b691598855912b5370dda7045e8e is-layout-flow wp-block-column-is-layout-flow\" style=\"padding-top:var(--wp--preset--spacing--50);padding-right:var(--wp--preset--spacing--60);padding-bottom:var(--wp--preset--spacing--50);padding-left:var(--wp--preset--spacing--60)\">\n<div style=\"margin-bottom:-25px\" class=\"wp-block-getwid-icon is-aligned-center\"><div class=\"wp-block-getwid-icon__wrapper\" style=\"font-size:50px\"><i class=\"fab fa-itunes-note\"><\/i><\/div><\/div>\n\n\n\n<h3 class=\"wp-block-heading has-text-align-center has-medium-font-size\" style=\"text-transform:uppercase\">Artistas<\/h3>\n\n\n\n<p>Empres\u00e1rios, produtores e qualquer pessoa que se candidate a representar um ou mais grupos art\u00edsticos e busque expandir sua carreira profissional.<\/p>\n<\/div>\n<\/div>\n\n\n\n<div class=\"wp-block-columns alignwide is-layout-flex wp-container-core-columns-is-layout-8dca0e93 wp-block-columns-is-layout-flex\" style=\"margin-bottom:var(--wp--preset--spacing--70)\">\n<div class=\"wp-block-column is-layout-flow wp-block-column-is-layout-flow\">\n<h2 class=\"wp-block-heading has-text-color has-link-color wp-elements-294a9f7e6cdf747cbc751167f24f6858\" style=\"color:#03a89d;margin-bottom:var(--wp--preset--spacing--50);margin-left:var(--wp--preset--spacing--50);font-size:clamp(1.998rem, 1.998rem + ((1vw - 0.2rem) * 2.423), 3.55rem);font-style:normal;font-weight:400;text-transform:uppercase\"><strong>COmo<br>funciona<\/strong> <strong>o<\/strong><br>Iberm\u00fasicas<br>Global?<\/h2>\n\n\n\n<p class=\"hilite-text\" style=\"font-size:clamp(1.011rem, 1.011rem + ((1vw - 0.2rem) * 0.841), 1.55rem);font-style:normal;font-weight:400;letter-spacing:-1px\">No site do Iberm\u00fasicas Global, voc\u00ea encontrar\u00e1 <strong>CHAMADAS P\u00daBLICAS<\/strong> \u00e0s quais poder\u00e1 se candidatar e inscrever os projetos musicais que atendam aos crit\u00e9rios e necessidades estabelecidos.<\/p>\n<\/div>\n\n\n\n<div class=\"wp-block-column is-layout-flow wp-block-column-is-layout-flow\">\n<h2 class=\"wp-block-heading has-accent-3-color has-text-color has-link-color wp-elements-8c2de2d9a7ce4890bd771ac37b1352de\" style=\"margin-bottom:var(--wp--preset--spacing--50);margin-left:var(--wp--preset--spacing--50);font-size:clamp(1.998rem, 1.998rem + ((1vw - 0.2rem) * 2.423), 3.55rem);font-style:normal;font-weight:400;text-transform:uppercase\">Como voc\u00ea pode participar?<\/h2>\n\n\n\n<p class=\"hilite-text\" style=\"font-size:clamp(1.011rem, 1.011rem + ((1vw - 0.2rem) * 0.841), 1.55rem);font-style:normal;font-weight:400;letter-spacing:-1px\">Se voc\u00ea \u00e9 um <b style=\"color: var(--wp--preset--color--accent-2);\">CURADOR\/A<\/b> e ainda n\u00e3o tem um perfil no Iberm\u00fasicas, dever\u00e1 CRIAR SEU PERFIL DE FESTIVAL, EMPRESA OU INSTITUI\u00c7\u00c3O e depois preencher um formul\u00e1rio muito simples onde dever\u00e1 especificar seus interesses e definir sua agenda para as <strong>RODADAS DE VINCULA\u00c7\u00c3O, <\/strong>de acordo com sua disponibilidade.<\/p>\n<\/div>\n<\/div>\n\n\n\n<div class=\"wp-block-columns alignwide is-layout-flex wp-container-core-columns-is-layout-8dca0e93 wp-block-columns-is-layout-flex\" style=\"margin-bottom:var(--wp--preset--spacing--70)\">\n<div class=\"wp-block-column is-layout-flow wp-block-column-is-layout-flow\">\n<h2 class=\"wp-block-heading has-accent-3-color has-text-color has-link-color wp-elements-8c2de2d9a7ce4890bd771ac37b1352de\" style=\"margin-bottom:var(--wp--preset--spacing--50);margin-left:var(--wp--preset--spacing--50);font-size:clamp(1.998rem, 1.998rem + ((1vw - 0.2rem) * 2.423), 3.55rem);font-style:normal;font-weight:400;text-transform:uppercase\">Como voc\u00ea pode participar?<\/h2>\n\n\n\n<p class=\"hilite-text\" style=\"font-size:clamp(1.011rem, 1.011rem + ((1vw - 0.2rem) * 0.841), 1.55rem);font-style:normal;font-weight:400;letter-spacing:-1px\">Se voc\u00ea \u00e9 um\/uma <b style=\"color: var(--wp--preset--color--accent-2)\">ARTISTA<\/b> e ainda n\u00e3o tem um perfil no Iberm\u00fasicas, dever\u00e1 cri\u00e1-lo e descrever claramente as caracter\u00edsticas de sua proposta art\u00edstica musical e c\u00eanica. Se voc\u00ea j\u00e1 tem um perfil, dever\u00e1 mant\u00ea-lo atualizado e atraente.<\/p>\n<\/div>\n\n\n\n<div class=\"wp-block-column is-layout-flow wp-block-column-is-layout-flow\">\n<h2 class=\"wp-block-heading has-accent-3-color has-text-color has-link-color wp-elements-8c2de2d9a7ce4890bd771ac37b1352de\" style=\"margin-bottom:var(--wp--preset--spacing--50);margin-left:var(--wp--preset--spacing--50);font-size:clamp(1.998rem, 1.998rem + ((1vw - 0.2rem) * 2.423), 3.55rem);font-style:normal;font-weight:400;text-transform:uppercase\">Como voc\u00ea pode participar?<\/h2>\n\n\n\n<p class=\"hilite-text\" style=\"font-size:clamp(1.011rem, 1.011rem + ((1vw - 0.2rem) * 0.841), 1.55rem);font-style:normal;font-weight:400;letter-spacing:-1px\">Se voc\u00ea \u00e9 <b style=\"color: var(--wp--preset--color--accent-2);\">ARTISTA E J\u00c1 TEM UMA TURN\u00ca PROGRAMADA<\/b> , ap\u00f3s criar seu perfil, dever\u00e1 preencher seu itiner\u00e1rio e definir uma agenda para as <strong>RODADAS DE VINCULA\u00c7\u00c3O<\/strong> com curadores de festivais e casas de shows.<\/p>\n<\/div>\n<\/div>\n\n\n\n<div class=\"wp-block-columns alignwide is-layout-flex wp-container-core-columns-is-layout-8dca0e93 wp-block-columns-is-layout-flex\" style=\"margin-bottom:var(--wp--preset--spacing--70)\">\n<div class=\"wp-block-column has-background is-layout-flow wp-block-column-is-layout-flow\" style=\"background-color:#03a89d;padding-top:var(--wp--preset--spacing--50);padding-right:var(--wp--preset--spacing--30);padding-bottom:var(--wp--preset--spacing--70);padding-left:var(--wp--preset--spacing--30)\">\n<p class=\"has-base-color has-text-color has-link-color wp-elements-876b09c02a387bfe3893954d7f0fb58a\" style=\"margin-bottom:var(--wp--preset--spacing--60);margin-left:var(--wp--preset--spacing--50);padding-top:0;padding-bottom:0;font-size:clamp(1.998rem, 1.998rem + ((1vw - 0.2rem) * 2.423), 3.55rem);font-style:normal;font-weight:400;text-transform:uppercase\">Match e rodadas de vincula\u00e7\u00e3o<\/p>\n\n\n\n<p class=\"hilite-text has-base-color has-text-color has-link-color wp-elements-771fd73326e2023e76d05b915c05659d\" style=\"font-size:clamp(1.011rem, 1.011rem + ((1vw - 0.2rem) * 0.841), 1.55rem);font-style:normal;font-weight:400;letter-spacing:-1px\">Os projetos musicais passar\u00e3o por uma revis\u00e3o t\u00e9cnica para garantir que atendam aos requisitos solicitados pelos curadores.<\/p>\n<\/div>\n\n\n\n<div class=\"wp-block-column is-layout-flow wp-block-column-is-layout-flow\" style=\"padding-top:var(--wp--preset--spacing--50);padding-bottom:var(--wp--preset--spacing--60)\">\n<p class=\"has-text-color has-link-color wp-elements-45c5135309b66783717bf3d6a71ef914\" style=\"color:#03a89d;margin-bottom:var(--wp--preset--spacing--60);margin-left:var(--wp--preset--spacing--50);font-size:clamp(1.998rem, 1.998rem + ((1vw - 0.2rem) * 2.423), 3.55rem);font-style:normal;font-weight:400;text-transform:uppercase\"><strong>Match e Rodadas de Vincula\u00e7\u00e3o<\/strong><\/p>\n\n\n\n<p class=\"hilite-text\" style=\"font-size:clamp(1.011rem, 1.011rem + ((1vw - 0.2rem) * 0.841), 1.55rem);font-style:normal;font-weight:400;letter-spacing:-1px\">Quando <b style=\"color: var(--wp--preset--color--accent-2);\">CURADORES E ARTISTAS DEREM O MATCH<\/b>, o sistema agendar\u00e1 automaticamente uma reuni\u00e3o virtual nas datas e hor\u00e1rios estabelecidos pela CHAMADA P\u00daBLICA, enviando o link e os detalhes por e-mail.<\/p>\n<\/div>\n<\/div>\n\n\n\n<div class=\"wp-block-columns alignwide is-layout-flex wp-container-core-columns-is-layout-8dca0e93 wp-block-columns-is-layout-flex\" style=\"margin-bottom:var(--wp--preset--spacing--70)\">\n<div class=\"wp-block-column is-layout-flow wp-block-column-is-layout-flow\">\n<div class=\"wp-block-getwid-section\"><div class=\"wp-block-getwid-section__wrapper getwid-padding-top-none getwid-padding-bottom-medium getwid-padding-left-medium getwid-padding-right-large\"><div class=\"wp-block-getwid-section__inner-wrapper\"><div class=\"wp-block-getwid-section__background-holder\"><div class=\"wp-block-getwid-section__background\"><\/div><div class=\"wp-block-getwid-section__foreground\"><\/div><\/div><div class=\"wp-block-getwid-section__content\"><div class=\"wp-block-getwid-section__inner-content\">\n<div class=\"wp-block-group has-border-color has-accent-2-border-color has-global-padding is-layout-constrained wp-container-core-group-is-layout-52009084 wp-block-group-is-layout-constrained\" style=\"border-width:3px;padding-top:var(--wp--preset--spacing--40);padding-right:var(--wp--preset--spacing--40);padding-bottom:var(--wp--preset--spacing--40);padding-left:var(--wp--preset--spacing--40)\">\n<h2 class=\"wp-block-heading has-accent-2-color has-text-color has-link-color wp-elements-9dbb9931da9a3a4aeab7a5f4e5ac871a\" style=\"font-style:normal;font-weight:400\">SUPER<br>IMPORTANTE!<\/h2>\n<\/div>\n<\/div><\/div><\/div><\/div><\/div>\n\n\n\n<p class=\"hilite-text\" style=\"font-size:clamp(1.011rem, 1.011rem + ((1vw - 0.2rem) * 0.841), 1.55rem);font-style:normal;font-weight:400;letter-spacing:-1px\">A reuni\u00e3o \u00e9 agendada de acordo com o fuso hor\u00e1rio da <strong>CHAMADA P\u00daBLICA<\/strong>, n\u00e3o sendo poss\u00edvel o seu reagendamento. A dura\u00e7\u00e3o m\u00e1xima da reuni\u00e3o ser\u00e1 de 10 minutos. <strong>Preste aten\u00e7\u00e3o \u00e0s nossas recomenda\u00e7\u00f5es<\/strong> para preparar suas reuni\u00f5es! Escolha o idioma preferido para a reuni\u00e3o e esteja com os materiais prontos para serem apresentados.<\/p>\n<\/div>\n\n\n\n<div class=\"wp-block-column is-layout-flow wp-block-column-is-layout-flow\"><\/div>\n<\/div>\n\n\n\n<div class=\"wp-block-columns alignwide is-layout-flex wp-container-core-columns-is-layout-783b4be3 wp-block-columns-is-layout-flex\" style=\"margin-bottom:var(--wp--preset--spacing--60)\">\n<div class=\"wp-block-column has-base-color has-accent-3-background-color has-text-color has-background has-link-color wp-elements-c0e0e21d3ba31985c2da5ff52c9efe12 is-layout-flow wp-container-core-column-is-layout-f016c79b wp-block-column-is-layout-flow\" style=\"padding-top:0;padding-right:0;padding-bottom:0;padding-left:0\">\n<div class=\"wp-block-getwid-section\"><div class=\"wp-block-getwid-section__wrapper getwid-padding-top-large getwid-padding-bottom-large getwid-padding-left-large getwid-padding-right-large\"><div class=\"wp-block-getwid-section__inner-wrapper\"><div class=\"wp-block-getwid-section__background-holder\"><div class=\"wp-block-getwid-section__background\"><\/div><div class=\"wp-block-getwid-section__foreground\"><\/div><\/div><div class=\"wp-block-getwid-section__content\"><div class=\"wp-block-getwid-section__inner-content\">\n<h2 class=\"wp-block-heading\" style=\"margin-bottom:var(--wp--preset--spacing--40);font-size:clamp(1.378rem, 1.378rem + ((1vw - 0.2rem) * 1.361), 2.25rem);text-transform:uppercase\"><span style=\"font-weight: 200;\">Perguntas freQuentes: <\/span>Artistas que desejam se candidatar a editais de curadoria<\/h2>\n<\/div><\/div><\/div><\/div><\/div>\n<\/div>\n\n\n\n<div class=\"wp-block-column is-vertically-aligned-center faq-accordion is-layout-flow wp-block-column-is-layout-flow\">\n<div class=\"wp-block-getwid-accordion has-icon-left\" data-active-element=\"none\">\n<div class=\"wp-block-getwid-accordion__header-wrapper\"><h3 class=\"wp-block-getwid-accordion__header\"><a href=\"#\"><span class=\"wp-block-getwid-accordion__header-title\">Cadastre-se<\/span><span class=\"wp-block-getwid-accordion__icon is-active\"><i class=\"\"><\/i><\/span><span class=\"wp-block-getwid-accordion__icon is-passive\"><i class=\"\"><\/i><\/span><\/a><\/h3><\/div><div class=\"wp-block-getwid-accordion__content-wrapper\"><div class=\"wp-block-getwid-accordion__content\">\n<p>Qualquer projeto que deseje participar deve se cadastrar no Cat\u00e1logo Iberm\u00fasicas.<\/p>\n<\/div><\/div>\n\n\n\n<div class=\"wp-block-getwid-accordion__header-wrapper\"><h3 class=\"wp-block-getwid-accordion__header\"><a href=\"#\"><span class=\"wp-block-getwid-accordion__header-title\">Perfil<\/span><span class=\"wp-block-getwid-accordion__icon is-active\"><i class=\"\"><\/i><\/span><span class=\"wp-block-getwid-accordion__icon is-passive\"><i class=\"\"><\/i><\/span><\/a><\/h3><\/div><div class=\"wp-block-getwid-accordion__content-wrapper\"><div class=\"wp-block-getwid-accordion__content\">\n<p>Cada Perfil carregado no cat\u00e1logo deve descrever claramente as caracter\u00edsticas de sua proposta musical e c\u00eanicas.<\/p>\n<\/div><\/div>\n\n\n\n<div class=\"wp-block-getwid-accordion__header-wrapper\"><h3 class=\"wp-block-getwid-accordion__header\"><a href=\"#\"><span class=\"wp-block-getwid-accordion__header-title\">Informa\u00e7\u00e3o<\/span><span class=\"wp-block-getwid-accordion__icon is-active\"><i class=\"\"><\/i><\/span><span class=\"wp-block-getwid-accordion__icon is-passive\"><i class=\"\"><\/i><\/span><\/a><\/h3><\/div><div class=\"wp-block-getwid-accordion__content-wrapper\"><div class=\"wp-block-getwid-accordion__content\">\n<p>As perguntas nos formul\u00e1rios de inscri\u00e7\u00e3o ser\u00e3o redigidas no idioma de prefer\u00eancia do curador respons\u00e1vel pela an\u00e1lise das propostas art\u00edsticas. Portanto, todas as respostas devem ser preenchidas nesse idioma, que pode ser espanhol, portugu\u00eas ou ingl\u00eas. Finalmente, os documentos comprobat\u00f3rios (EPK, riders, release e informa\u00e7\u00f5es complementares) devem ser preparados nos tr\u00eas idiomas.<\/p>\n<\/div><\/div>\n\n\n\n<div class=\"wp-block-getwid-accordion__header-wrapper\"><h3 class=\"wp-block-getwid-accordion__header\"><a href=\"#\"><span class=\"wp-block-getwid-accordion__header-title\">Chamadas p\u00fablicas<\/span><span class=\"wp-block-getwid-accordion__icon is-active\"><i class=\"\"><\/i><\/span><span class=\"wp-block-getwid-accordion__icon is-passive\"><i class=\"\"><\/i><\/span><\/a><\/h3><\/div><div class=\"wp-block-getwid-accordion__content-wrapper\"><div class=\"wp-block-getwid-accordion__content\">\n<p>As chamadas para as Rodadas de Vincula\u00e7\u00e3o com curadores estar\u00e3o abertas continuamente. As chamadas destacar\u00e3o os perfis adequados para cada inscri\u00e7\u00e3o (g\u00eanero musical, forma\u00e7\u00e3o instrumental, busca espec\u00edfica, etc.). Analise cuidadosamente se a chamada se encaixa nas suas necessidades antes de se inscrever.<\/p>\n<\/div><\/div>\n\n\n\n<div class=\"wp-block-getwid-accordion__header-wrapper\"><h3 class=\"wp-block-getwid-accordion__header\"><a href=\"#\"><span class=\"wp-block-getwid-accordion__header-title\">Processo de sele\u00e7\u00e3o<\/span><span class=\"wp-block-getwid-accordion__icon is-active\"><i class=\"\"><\/i><\/span><span class=\"wp-block-getwid-accordion__icon is-passive\"><i class=\"\"><\/i><\/span><\/a><\/h3><\/div><div class=\"wp-block-getwid-accordion__content-wrapper\"><div class=\"wp-block-getwid-accordion__content\">\n<p>Ap\u00f3s o encerramento do edital, as inscri\u00e7\u00f5es para as Rodadas de Vincula\u00e7\u00e3o passar\u00e3o por um processo de avalia\u00e7\u00e3o t\u00e9cnica para verificar se atendem aos requisitos solicitados pela Curadoria.<\/p>\n\n\n\n<p>A Curadoria selecionar\u00e1, da lista dispon\u00edvel, as propostas que se alinhem aos seus interesses (match).<\/p>\n<\/div><\/div>\n\n\n\n<div class=\"wp-block-getwid-accordion__header-wrapper\"><h3 class=\"wp-block-getwid-accordion__header\"><a href=\"#\"><span class=\"wp-block-getwid-accordion__header-title\">Rodadas de Vincula\u00e7\u00e3o (Speed Meetings)<\/span><span class=\"wp-block-getwid-accordion__icon is-active\"><i class=\"\"><\/i><\/span><span class=\"wp-block-getwid-accordion__icon is-passive\"><i class=\"\"><\/i><\/span><\/a><\/h3><\/div><div class=\"wp-block-getwid-accordion__content-wrapper\"><div class=\"wp-block-getwid-accordion__content\">\n<p>Sempre que o CURADOR selecionar uma proposta art\u00edstica e houver um match, o sistema agendar\u00e1 automaticamente uma reuni\u00e3o via Google Meet, respeitando as datas e hor\u00e1rios estabelecidos pelo CURADOR.<\/p>\n\n\n\n<p>Ser\u00e1 enviado um e-mail ao CURADOR e ao PROJETO MUSICAL com o link da reuni\u00e3o e informa\u00e7\u00f5es sobre os participantes (briefing da companhia\/festival, briefing do PROJETO MUSICAL, idioma de prefer\u00eancia para a reuni\u00e3o).<\/p>\n\n\n\n<p><strong>IMPORTANTE<\/strong>: A data e o hor\u00e1rio da reuni\u00e3o ser\u00e3o determinados de acordo com o fuso hor\u00e1rio local do CURADOR. Caso precise cancelar, voc\u00ea dever\u00e1 faz\u00ea-lo diretamente no seu calend\u00e1rio e\/ou notificar a outra parte no e-mail de contato fornecido no momento do match.<\/p>\n\n\n\n<p>A reuni\u00e3o ser\u00e1 programada para come\u00e7ar automaticamente com um intervalo de conex\u00e3o de 10 a 15 minutos.<\/p>\n<\/div><\/div>\n<\/div>\n<\/div>\n<\/div>\n\n\n\n<div class=\"wp-block-columns alignwide is-layout-flex wp-container-core-columns-is-layout-783b4be3 wp-block-columns-is-layout-flex\" style=\"margin-bottom:var(--wp--preset--spacing--60)\">\n<div class=\"wp-block-column is-vertically-aligned-center faq-accordion is-layout-flow wp-block-column-is-layout-flow\">\n<div class=\"wp-block-getwid-accordion has-icon-left\" data-active-element=\"none\">\n<div class=\"wp-block-getwid-accordion__header-wrapper\"><h3 class=\"wp-block-getwid-accordion__header\"><a href=\"#\"><span class=\"wp-block-getwid-accordion__header-title\">Cadastre-se<\/span><span class=\"wp-block-getwid-accordion__icon is-active\"><i class=\"\"><\/i><\/span><span class=\"wp-block-getwid-accordion__icon is-passive\"><i class=\"\"><\/i><\/span><\/a><\/h3><\/div><div class=\"wp-block-getwid-accordion__content-wrapper\"><div class=\"wp-block-getwid-accordion__content\">\n<p>Todos os PROJETOS MUSICAIS que j\u00e1 tenham turn\u00ea agendada e queiram participar do Iberm\u00fasicas Global devem se cadastrar no Cat\u00e1logo Iberm\u00fasicas.<\/p>\n<\/div><\/div>\n\n\n\n<div class=\"wp-block-getwid-accordion__header-wrapper\"><h3 class=\"wp-block-getwid-accordion__header\"><a href=\"#\"><span class=\"wp-block-getwid-accordion__header-title\">Descreva o itiner\u00e1rio da turn\u00ea<\/span><span class=\"wp-block-getwid-accordion__icon is-active\"><i class=\"\"><\/i><\/span><span class=\"wp-block-getwid-accordion__icon is-passive\"><i class=\"\"><\/i><\/span><\/a><\/h3><\/div><div class=\"wp-block-getwid-accordion__content-wrapper\"><div class=\"wp-block-getwid-accordion__content\">\n<p>Em cada chamada p\u00fablica, o PROJETO MUSICAL dever\u00e1 informar o itiner\u00e1rio da turn\u00ea prevista e o perfil do projeto.<\/p>\n<\/div><\/div>\n\n\n\n<div class=\"wp-block-getwid-accordion__header-wrapper\"><h3 class=\"wp-block-getwid-accordion__header\"><a href=\"#\"><span class=\"wp-block-getwid-accordion__header-title\">Processo de sele\u00e7\u00e3o: \u00abMatch\u00bb com Curadores<\/span><span class=\"wp-block-getwid-accordion__icon is-active\"><i class=\"\"><\/i><\/span><span class=\"wp-block-getwid-accordion__icon is-passive\"><i class=\"\"><\/i><\/span><\/a><\/h3><\/div><div class=\"wp-block-getwid-accordion__content-wrapper\"><div class=\"wp-block-getwid-accordion__content\">\n<p>PROJETOS MUSICAIS poder\u00e3o selecionar, a qualquer momento durante o per\u00edodo da chamada p\u00fablica, as propostas que correspondam aos seus interesses. O sistema fornecer\u00e1 os contatos dos programadores\/curadores de festivais e casas de shows que se inscreveram na chamada p\u00fablica, para que possam se comunicar diretamente.<\/p>\n<\/div><\/div>\n\n\n\n<div class=\"wp-block-getwid-accordion__header-wrapper\"><h3 class=\"wp-block-getwid-accordion__header\"><a href=\"#\"><span class=\"wp-block-getwid-accordion__header-title\">Rodadas de Vincula\u00e7\u00e3o (Speed Meetings)<\/span><span class=\"wp-block-getwid-accordion__icon is-active\"><i class=\"\"><\/i><\/span><span class=\"wp-block-getwid-accordion__icon is-passive\"><i class=\"\"><\/i><\/span><\/a><\/h3><\/div><div class=\"wp-block-getwid-accordion__content-wrapper\"><div class=\"wp-block-getwid-accordion__content\">\n<p>Aproveite estas rodadas para potenciar a sua tourn\u00e9 adicionando mais concertos com a Iberm\u00fasicas Global.<\/p>\n<\/div><\/div>\n<\/div>\n<\/div>\n\n\n\n<div class=\"wp-block-column has-base-color has-accent-3-background-color has-text-color has-background has-link-color wp-elements-50a5a38c1ed7f0c9618ffe457c523c56 is-layout-flow wp-container-core-column-is-layout-f016c79b wp-block-column-is-layout-flow\" style=\"padding-top:0;padding-right:0;padding-bottom:0;padding-left:0\">\n<div class=\"wp-block-getwid-section\"><div class=\"wp-block-getwid-section__wrapper getwid-padding-top-large getwid-padding-bottom-large getwid-padding-left-large getwid-padding-right-large\"><div class=\"wp-block-getwid-section__inner-wrapper\"><div class=\"wp-block-getwid-section__background-holder\"><div class=\"wp-block-getwid-section__background\"><\/div><div class=\"wp-block-getwid-section__foreground\"><\/div><\/div><div class=\"wp-block-getwid-section__content\"><div class=\"wp-block-getwid-section__inner-content\">\n<h2 class=\"wp-block-heading\" style=\"margin-bottom:var(--wp--preset--spacing--40);font-size:clamp(1.378rem, 1.378rem + ((1vw - 0.2rem) * 1.361), 2.25rem);text-transform:uppercase\"><span style=\"font-weight: 200;\">Perguntas Frequentes para abrir uma chamada: <\/span>Sou um artista em turn\u00ea com agenda aberta para novas datas<\/h2>\n<\/div><\/div><\/div><\/div><\/div>\n<\/div>\n<\/div>\n\n\n\n<div class=\"wp-block-columns alignwide is-layout-flex wp-container-core-columns-is-layout-47c5d72a wp-block-columns-is-layout-flex\" style=\"margin-bottom:var(--wp--preset--spacing--80)\">\n<div class=\"wp-block-column has-base-color has-accent-3-background-color has-text-color has-background has-link-color wp-elements-65b11e797d1b76a8b5bf530ef4aa2f6c is-layout-flow wp-container-core-column-is-layout-f016c79b wp-block-column-is-layout-flow\" style=\"padding-top:0;padding-right:0;padding-bottom:0;padding-left:0\">\n<div class=\"wp-block-getwid-section\"><div class=\"wp-block-getwid-section__wrapper getwid-padding-top-large getwid-padding-bottom-large getwid-padding-left-large getwid-padding-right-large\"><div class=\"wp-block-getwid-section__inner-wrapper\"><div class=\"wp-block-getwid-section__background-holder\"><div class=\"wp-block-getwid-section__background\"><\/div><div class=\"wp-block-getwid-section__foreground\"><\/div><\/div><div class=\"wp-block-getwid-section__content\"><div class=\"wp-block-getwid-section__inner-content\">\n<h2 class=\"wp-block-heading\" style=\"margin-bottom:var(--wp--preset--spacing--40);font-size:clamp(1.378rem, 1.378rem + ((1vw - 0.2rem) * 1.361), 2.25rem);text-transform:uppercase\"><span style=\"font-weight: 200;\">Perguntas Frequentes para abrir uma chamada:<\/span> Sou curador que procura artistas<\/h2>\n<\/div><\/div><\/div><\/div><\/div>\n<\/div>\n\n\n\n<div class=\"wp-block-column is-vertically-aligned-center faq-accordion is-layout-flow wp-block-column-is-layout-flow\">\n<div class=\"wp-block-getwid-accordion has-icon-left\" data-active-element=\"none\">\n<div class=\"wp-block-getwid-accordion__header-wrapper\"><h3 class=\"wp-block-getwid-accordion__header\"><a href=\"#\"><span class=\"wp-block-getwid-accordion__header-title\">Cadastre-se<\/span><span class=\"wp-block-getwid-accordion__icon is-active\"><i class=\"\"><\/i><\/span><span class=\"wp-block-getwid-accordion__icon is-passive\"><i class=\"\"><\/i><\/span><\/a><\/h3><\/div><div class=\"wp-block-getwid-accordion__content-wrapper\"><div class=\"wp-block-getwid-accordion__content\">\n<p>Todos os projetos ou empreendimentos (festivais, ciclos musicais, selos, casas de espet\u00e1culos, etc.) que queiram participar do Iberm\u00fasicas Global devem se cadastrar no Cat\u00e1logo Iberm\u00fasicas.<\/p>\n<\/div><\/div>\n\n\n\n<div class=\"wp-block-getwid-accordion__header-wrapper\"><h3 class=\"wp-block-getwid-accordion__header\"><a href=\"#\"><span class=\"wp-block-getwid-accordion__header-title\">Descreva o interesse da busca<\/span><span class=\"wp-block-getwid-accordion__icon is-active\"><i class=\"\"><\/i><\/span><span class=\"wp-block-getwid-accordion__icon is-passive\"><i class=\"\"><\/i><\/span><\/a><\/h3><\/div><div class=\"wp-block-getwid-accordion__content-wrapper\"><div class=\"wp-block-getwid-accordion__content\">\n<p>Em cada chamada p\u00fablica, o CURADOR poder\u00e1 compartilhar o foco de sua busca e os perfis de artistas que gostaria de conhecer e se conectar.<\/p>\n<\/div><\/div>\n\n\n\n<div class=\"wp-block-getwid-accordion__header-wrapper\"><h3 class=\"wp-block-getwid-accordion__header\"><a href=\"#\"><span class=\"wp-block-getwid-accordion__header-title\">Prazos<\/span><span class=\"wp-block-getwid-accordion__icon is-active\"><i class=\"\"><\/i><\/span><span class=\"wp-block-getwid-accordion__icon is-passive\"><i class=\"\"><\/i><\/span><\/a><\/h3><\/div><div class=\"wp-block-getwid-accordion__content-wrapper\"><div class=\"wp-block-getwid-accordion__content\">\n<p>Os curadores podem especificar sua disponibilidade (com base em seu fuso hor\u00e1rio local) para participar das Rodadas de Vincula\u00e7\u00e3o ou Speed \u200b\u200bMeetings. No caso de festivais, a data agendada para o evento tamb\u00e9m ser\u00e1 solicitada.<\/p>\n<\/div><\/div>\n\n\n\n<div class=\"wp-block-getwid-accordion__header-wrapper\"><h3 class=\"wp-block-getwid-accordion__header\"><a href=\"#\"><span class=\"wp-block-getwid-accordion__header-title\">Processo de sele\u00e7\u00e3o: \u00abMatch\u00bb com Projetos Musicais<\/span><span class=\"wp-block-getwid-accordion__icon is-active\"><i class=\"\"><\/i><\/span><span class=\"wp-block-getwid-accordion__icon is-passive\"><i class=\"\"><\/i><\/span><\/a><\/h3><\/div><div class=\"wp-block-getwid-accordion__content-wrapper\"><div class=\"wp-block-getwid-accordion__content\">\n<p>Ap\u00f3s o encerramento do edital, as inscri\u00e7\u00f5es para as Rodadas de Vincula\u00e7\u00e3o passar\u00e3o por um processo de avalia\u00e7\u00e3o t\u00e9cnica para verificar se atendem aos requisitos solicitados pela Curadoria.<\/p>\n\n\n\n<p>A Curadoria selecionar\u00e1, da lista dispon\u00edvel, as propostas que se alinhem aos seus interesses (match).<\/p>\n<\/div><\/div>\n\n\n\n<div class=\"wp-block-getwid-accordion__header-wrapper\"><h3 class=\"wp-block-getwid-accordion__header\"><a href=\"#\"><span class=\"wp-block-getwid-accordion__header-title\">Rodadas de Vincula\u00e7\u00e3o (Speed Meetings)<\/span><span class=\"wp-block-getwid-accordion__icon is-active\"><i class=\"\"><\/i><\/span><span class=\"wp-block-getwid-accordion__icon is-passive\"><i class=\"\"><\/i><\/span><\/a><\/h3><\/div><div class=\"wp-block-getwid-accordion__content-wrapper\"><div class=\"wp-block-getwid-accordion__content\">\n<p>Sempre que a CURADORIA selecionar uma proposta art\u00edstica e houver um match, o sistema agendar\u00e1 automaticamente uma reuni\u00e3o via Google Meet, respeitando as datas e hor\u00e1rios estabelecidos pela CURADORIA. <strong>Para este processo, o CURADORIA dever\u00e1 ter uma conta ativa no Gmail.<\/strong><\/p>\n\n\n\n<p>Ser\u00e1 enviado um e-mail \u00e0 CURADORIA e ao PROJETO MUSICAL com o link da reuni\u00e3o e informa\u00e7\u00f5es sobre os participantes (briefing da empresa\/festival, briefing do PROJETO MUSICAL, idioma de prefer\u00eancia para a reuni\u00e3o).<\/p>\n\n\n\n<p><strong>IMPORTANTE<\/strong>: A data e o hor\u00e1rio da reuni\u00e3o ser\u00e3o determinados de acordo com o fuso hor\u00e1rio local da CURADORIA. Caso precise cancelar, voc\u00ea dever\u00e1 faz\u00ea-lo diretamente no seu calend\u00e1rio e\/ou notificar a outra parte no e-mail de contato fornecido no momento do match.<\/p>\n\n\n\n<p>A reuni\u00e3o ser\u00e1 programada para come\u00e7ar automaticamente com um tempo de conex\u00e3o de 10 a 15 minutos.<\/p>\n<\/div><\/div>\n<\/div>\n<\/div>\n<\/div>\n\n\n\n<h2 class=\"wp-block-heading has-accent-3-color has-text-color has-link-color has-x-large-font-size wp-elements-573735fce5ba90f081de40aa9fe254b9\" style=\"text-transform:uppercase\">Documenta\u00e7\u00e3o geral<\/h2>\n\n\n\n<div class=\"wp-block-columns alignwide is-layout-flex wp-container-core-columns-is-layout-00ff1643 wp-block-columns-is-layout-flex\" style=\"margin-bottom:var(--wp--preset--spacing--20)\">\n<div class=\"wp-block-column has-border-color has-accent-3-border-color has-accent-3-color has-base-background-color has-text-color has-background has-link-color wp-elements-d3f06041154fa14e4ed7763daca6cfb0 is-layout-flow wp-block-column-is-layout-flow\" style=\"border-width:1px;padding-top:var(--wp--preset--spacing--40);padding-right:var(--wp--preset--spacing--50);padding-bottom:var(--wp--preset--spacing--40);padding-left:var(--wp--preset--spacing--50)\">\n<div class=\"wp-block-columns is-layout-flex wp-container-core-columns-is-layout-28f84493 wp-block-columns-is-layout-flex\">\n<div class=\"wp-block-column is-layout-flow wp-block-column-is-layout-flow\">\n<h5 class=\"wp-block-heading\">O QUE \u00c9 UMA RODADA DE VINCULA\u00c7\u00c3O?<\/h5>\n<\/div>\n\n\n\n<div class=\"wp-block-column is-layout-flow wp-block-column-is-layout-flow\">\n<div class=\"wp-block-group is-content-justification-right is-nowrap is-layout-flex wp-container-core-group-is-layout-17124a9a wp-block-group-is-layout-flex\">\n<div class=\"wp-block-columns is-layout-flex wp-container-core-columns-is-layout-28f84493 wp-block-columns-is-layout-flex\">\n<div class=\"wp-block-column is-layout-flow wp-block-column-is-layout-flow\" style=\"flex-basis:100%\">\n<div class=\"wp-block-buttons has-custom-font-size has-small-font-size is-content-justification-right is-nowrap is-layout-flex wp-container-core-buttons-is-layout-1a89d1a5 wp-block-buttons-is-layout-flex\">\n<div class=\"wp-block-button\"><a class=\"wp-block-button__link wp-element-button\" href=\"https:\/\/ibermusicasbucket.s3.us-east-1.amazonaws.com\/2025\/Global\/que_es_ronda\/IBERMU%CC%81SICAS+GLOBAL+-+O+que+e%CC%81+uma+rodada+de+vinculac%CC%A7a%CC%83o_.pdf\">BAIXAR<\/a><\/div>\n<\/div>\n<\/div>\n<\/div>\n<\/div>\n<\/div>\n<\/div>\n<\/div>\n<\/div>\n\n\n\n<div class=\"wp-block-columns alignwide is-layout-flex wp-container-core-columns-is-layout-00ff1643 wp-block-columns-is-layout-flex\" style=\"margin-bottom:var(--wp--preset--spacing--20)\">\n<div class=\"wp-block-column has-border-color has-accent-3-border-color has-accent-3-color has-base-background-color has-text-color has-background has-link-color wp-elements-101de9d32239c830e0354f6b00edfc22 is-layout-flow wp-block-column-is-layout-flow\" style=\"border-width:1px;padding-top:var(--wp--preset--spacing--40);padding-right:var(--wp--preset--spacing--50);padding-bottom:var(--wp--preset--spacing--40);padding-left:var(--wp--preset--spacing--50)\">\n<div class=\"wp-block-columns is-layout-flex wp-container-core-columns-is-layout-28f84493 wp-block-columns-is-layout-flex\">\n<div class=\"wp-block-column is-layout-flow wp-block-column-is-layout-flow\">\n<h5 class=\"wp-block-heading\">DOCUMENTA\u00c7\u00c3O RECOMENDADA<\/h5>\n<\/div>\n\n\n\n<div class=\"wp-block-column is-layout-flow wp-block-column-is-layout-flow\">\n<div class=\"wp-block-group is-content-justification-right is-nowrap is-layout-flex wp-container-core-group-is-layout-17124a9a wp-block-group-is-layout-flex\">\n<div class=\"wp-block-columns is-layout-flex wp-container-core-columns-is-layout-28f84493 wp-block-columns-is-layout-flex\">\n<div class=\"wp-block-column is-layout-flow wp-block-column-is-layout-flow\" style=\"flex-basis:100%\">\n<div class=\"wp-block-buttons has-custom-font-size has-small-font-size is-content-justification-right is-nowrap is-layout-flex wp-container-core-buttons-is-layout-1a89d1a5 wp-block-buttons-is-layout-flex\">\n<div class=\"wp-block-button\"><a class=\"wp-block-button__link wp-element-button\" href=\"https:\/\/ibermusicasbucket.s3.us-east-1.amazonaws.com\/2025\/Global\/Documentacio%CC%81n+Recomendada\/IBERMU%CC%81SICAS+GLOBAL+-+Documentac%CC%A7a%CC%83o+recomendada.pdf\">BAIXAR<\/a><\/div>\n<\/div>\n<\/div>\n<\/div>\n<\/div>\n<\/div>\n<\/div>\n<\/div>\n<\/div>\n\n\n\n<div class=\"wp-block-columns alignwide is-layout-flex wp-container-core-columns-is-layout-00ff1643 wp-block-columns-is-layout-flex\" style=\"margin-bottom:var(--wp--preset--spacing--20)\">\n<div class=\"wp-block-column has-border-color has-accent-3-border-color has-accent-3-color has-base-background-color has-text-color has-background has-link-color wp-elements-a59a76067320a7cef5b474e2c3bcb2f1 is-layout-flow wp-block-column-is-layout-flow\" style=\"border-width:1px;padding-top:var(--wp--preset--spacing--40);padding-right:var(--wp--preset--spacing--50);padding-bottom:var(--wp--preset--spacing--40);padding-left:var(--wp--preset--spacing--50)\">\n<div class=\"wp-block-columns is-layout-flex wp-container-core-columns-is-layout-28f84493 wp-block-columns-is-layout-flex\">\n<div class=\"wp-block-column is-layout-flow wp-block-column-is-layout-flow\">\n<h5 class=\"wp-block-heading\">TUTORIAL CRIA\u00c7\u00c3O DE CHAMADAS PARA CURADORIAS<\/h5>\n<\/div>\n\n\n\n<div class=\"wp-block-column is-layout-flow wp-block-column-is-layout-flow\">\n<div class=\"wp-block-group is-content-justification-right is-nowrap is-layout-flex wp-container-core-group-is-layout-17124a9a wp-block-group-is-layout-flex\">\n<div class=\"wp-block-columns is-layout-flex wp-container-core-columns-is-layout-28f84493 wp-block-columns-is-layout-flex\">\n<div class=\"wp-block-column is-layout-flow wp-block-column-is-layout-flow\" style=\"flex-basis:100%\">\n<div class=\"wp-block-buttons has-custom-font-size has-small-font-size is-content-justification-right is-nowrap is-layout-flex wp-container-core-buttons-is-layout-1a89d1a5 wp-block-buttons-is-layout-flex\">\n<div class=\"wp-block-button\"><a class=\"wp-block-button__link wp-element-button\" href=\"https:\/\/ibermusicasbucket.s3.us-east-1.amazonaws.com\/2025\/Global\/tutorial_curators\/Tutorial+-+global_at_pt+-+Curadores.pdf\">BAIXAR<\/a><\/div>\n<\/div>\n<\/div>\n<\/div>\n<\/div>\n<\/div>\n<\/div>\n<\/div>\n<\/div>\n\n\n\n<div class=\"wp-block-columns alignwide is-layout-flex wp-container-core-columns-is-layout-47c5d72a wp-block-columns-is-layout-flex\" style=\"margin-bottom:var(--wp--preset--spacing--80)\">\n<div class=\"wp-block-column has-border-color has-accent-3-border-color has-accent-3-color has-base-background-color has-text-color has-background has-link-color wp-elements-c4b94d5e48370a8bbf6ca754dde24029 is-layout-flow wp-block-column-is-layout-flow\" style=\"border-width:1px;padding-top:var(--wp--preset--spacing--40);padding-right:var(--wp--preset--spacing--50);padding-bottom:var(--wp--preset--spacing--40);padding-left:var(--wp--preset--spacing--50)\">\n<div class=\"wp-block-columns is-layout-flex wp-container-core-columns-is-layout-28f84493 wp-block-columns-is-layout-flex\">\n<div class=\"wp-block-column is-layout-flow wp-block-column-is-layout-flow\">\n<h5 class=\"wp-block-heading\">TUTORIAL CRIA\u00c7\u00c3O DE CHAMADAS PARA ARTISTAS COM TURN\u00caS<\/h5>\n<\/div>\n\n\n\n<div class=\"wp-block-column is-layout-flow wp-block-column-is-layout-flow\">\n<div class=\"wp-block-group is-content-justification-right is-nowrap is-layout-flex wp-container-core-group-is-layout-17124a9a wp-block-group-is-layout-flex\">\n<div class=\"wp-block-columns is-layout-flex wp-container-core-columns-is-layout-28f84493 wp-block-columns-is-layout-flex\">\n<div class=\"wp-block-column is-layout-flow wp-block-column-is-layout-flow\" style=\"flex-basis:100%\">\n<div class=\"wp-block-buttons has-custom-font-size has-small-font-size is-content-justification-right is-nowrap is-layout-flex wp-container-core-buttons-is-layout-1a89d1a5 wp-block-buttons-is-layout-flex\">\n<div class=\"wp-block-button\"><a class=\"wp-block-button__link wp-element-button\" href=\"https:\/\/ibermusicasbucket.s3.us-east-1.amazonaws.com\/2025\/Global\/tutorial_artists\/Tutorial+-+global_at_pt+-+Aristas+con+Gira.pdf\">BAIXAR<\/a><\/div>\n<\/div>\n<\/div>\n<\/div>\n<\/div>\n<\/div>\n<\/div>\n<\/div>\n<\/div>\n\n\n\n<h2 class=\"wp-block-heading has-accent-3-color has-text-color has-link-color has-x-large-font-size wp-elements-64e543dd81e33abfa4ca8a28a0438049\" style=\"text-transform:uppercase\">CRIE A SUA CHAMADA<\/h2>\n\n\n\n<div class=\"wp-block-columns alignwide is-layout-flex wp-container-core-columns-is-layout-47c5d72a wp-block-columns-is-layout-flex\" style=\"margin-bottom:var(--wp--preset--spacing--80)\">\n<div class=\"wp-block-column has-base-color has-accent-3-background-color has-text-color has-background has-link-color wp-elements-38948a33f21928cb2cd2bab610b7e7f3 is-layout-flow wp-block-column-is-layout-flow\" style=\"padding-top:var(--wp--preset--spacing--50);padding-right:var(--wp--preset--spacing--60);padding-bottom:var(--wp--preset--spacing--50);padding-left:var(--wp--preset--spacing--60)\">\n<h3 class=\"wp-block-heading has-medium-font-size\">CURADORIAS<\/h3>\n\n\n\n<div class=\"wp-block-buttons is-layout-flex wp-block-buttons-is-layout-flex\">\n<div class=\"wp-block-button\"><a class=\"wp-block-button__link wp-element-button\" href=\"https:\/\/www.ibermusicas.org\/index.php\/inscreva-se-em-editais-e-concursos-ibermusicas\/?gl=670\">CRIAR CHAMADA<\/a><\/div>\n<\/div>\n<\/div>\n\n\n\n<div class=\"wp-block-column has-base-color has-accent-1-background-color has-text-color has-background has-link-color wp-elements-d4dbf40c8b83a2a905516d8277361e3a is-layout-flow wp-block-column-is-layout-flow\" style=\"padding-top:var(--wp--preset--spacing--50);padding-right:var(--wp--preset--spacing--60);padding-bottom:var(--wp--preset--spacing--50);padding-left:var(--wp--preset--spacing--60)\">\n<h3 class=\"wp-block-heading has-medium-font-size\">ARTISTAS COM TURN\u00caS PROGRAMADAS<\/h3>\n\n\n\n<div class=\"wp-block-buttons is-layout-flex wp-block-buttons-is-layout-flex\">\n<div class=\"wp-block-button\"><a class=\"wp-block-button__link wp-element-button\" href=\"https:\/\/www.ibermusicas.org\/index.php\/inscreva-se-em-editais-e-concursos-ibermusicas\/?gl=767\">CRIAR CHAMADA<\/a><\/div>\n<\/div>\n<\/div>\n<\/div>\n\n\n\n<h2 class=\"wp-block-heading has-accent-3-color has-text-color has-link-color has-x-large-font-size wp-elements-1464e041c423e0a0f9b8a4381a812a61\" style=\"text-transform:uppercase\">CHamadas Ativas<\/h2>\n\n\n\n<div class=\"wp-block-group alignwide is-layout-flow wp-block-group-is-layout-flow\" style=\"margin-bottom:var(--wp--preset--spacing--80)\">\n<link rel=\"stylesheet\" href=\"https:\/\/cdn.jsdelivr.net\/npm\/bootstrap-select@1.13.14\/dist\/css\/bootstrap-select.min.css\">\n<style>\n.bootstrap-select {\n    margin-bottom: 15px;\n}\n.bootstrap-select .dropdown-toggle::after {\n    display: inline-block !important;\n    margin-left: 0.255em;\n    vertical-align: 0.255em;\n    content: \"\";\n    border-top: 0.3em solid;\n    border-right: 0.3em solid transparent;\n    border-bottom: 0;\n    border-left: 0.3em solid transparent;\n    position: absolute;\n    right: 12px;\n    top: 50%;\n    transform: translateY(-50%);\n}\n<\/style>\n\n<div>\n    <div class=\"row\">\n        <div class=\"col-md-3\">\n            <h4 id=\"filters-title\">Filtros<\/h4>\n            \n            <select id=\"filter-application-type\" class=\"form-control selectpicker\" multiple=\"multiple\" title=\"Seleccionar tipo\">\n                <option value=\"1\">Llamada de curadores: oportunidades para artistas<\/option>\n                <option value=\"2\">Llamada de artistas: conoce sus pr\u00f3ximas giras<\/option>\n            <\/select>\n            \n            <select id=\"filter-musicgenres\" class=\"form-control selectpicker\" multiple=\"multiple\" title=\"Seleccionar g\u00e9nero\">\n                                    <option \n                        value=\"R&amp;B: Funk \/ soul y derivados\"\n                        data-name-es=\"R&amp;B: Funk \/ soul y derivados\"\n                        data-name-pt=\"R&amp;B: Funk \/ soul e derivados\"\n                        data-name-en=\"R&amp;B: Funk \/ soul and derivatives\">\n                        R&amp;B: Funk \/ soul y derivados                    <\/option>\n                                    <option \n                        value=\"R&amp;B: Jazz\"\n                        data-name-es=\"R&amp;B: Jazz\"\n                        data-name-pt=\"R&amp;B: Jazz\"\n                        data-name-en=\"R&amp;B: Jazz\">\n                        R&amp;B: Jazz                    <\/option>\n                                    <option \n                        value=\"Metal y derivados\"\n                        data-name-es=\"Metal y derivados\"\n                        data-name-pt=\"Metal e derivados\"\n                        data-name-en=\"Metal and derivatives\">\n                        Metal y derivados                    <\/option>\n                                    <option \n                        value=\"M\u00fasica Acad\u00e9mica: Barroca\"\n                        data-name-es=\"M\u00fasica Acad\u00e9mica: Barroca\"\n                        data-name-pt=\"M\u00fasica Acad\u00eamica: Barroca\"\n                        data-name-en=\"Academic Music: Baroque\">\n                        M\u00fasica Acad\u00e9mica: Barroca                    <\/option>\n                                    <option \n                        value=\"M\u00fasica Acad\u00e9mica: Cl\u00e1sica\"\n                        data-name-es=\"M\u00fasica Acad\u00e9mica: Cl\u00e1sica\"\n                        data-name-pt=\"M\u00fasica Acad\u00eamica: Cl\u00e1ssica\"\n                        data-name-en=\"Academic Music: Classical\">\n                        M\u00fasica Acad\u00e9mica: Cl\u00e1sica                    <\/option>\n                                    <option \n                        value=\"M\u00fasica Acad\u00e9mica: Contempor\u00e1nea\"\n                        data-name-es=\"M\u00fasica Acad\u00e9mica: Contempor\u00e1nea\"\n                        data-name-pt=\"M\u00fasica Acad\u00eamica: Contempor\u00e2nea\"\n                        data-name-en=\"Academic Music: Contemporary\">\n                        M\u00fasica Acad\u00e9mica: Contempor\u00e1nea                    <\/option>\n                                    <option \n                        value=\"M\u00fasica Electroac\u00fastica \/ Acusm\u00e1tica\"\n                        data-name-es=\"M\u00fasica Electroac\u00fastica \/ Acusm\u00e1tica\"\n                        data-name-pt=\"M\u00fasica Eletroac\u00fastica \/ Acusm\u00e1tica\"\n                        data-name-en=\"Electroacoustic \/ Acousmatic Music\">\n                        M\u00fasica Electroac\u00fastica \/ Acusm\u00e1tica                    <\/option>\n                                    <option \n                        value=\"M\u00fasica Electr\u00f3nica\"\n                        data-name-es=\"M\u00fasica Electr\u00f3nica\"\n                        data-name-pt=\"M\u00fasica Eletr\u00f4nica\"\n                        data-name-en=\"Electronic Music\">\n                        M\u00fasica Electr\u00f3nica                    <\/option>\n                                    <option \n                        value=\"M\u00fasica Urbana\"\n                        data-name-es=\"M\u00fasica Urbana\"\n                        data-name-pt=\"M\u00fasica Urbana\"\n                        data-name-en=\"Urban Music\">\n                        M\u00fasica Urbana                    <\/option>\n                                    <option \n                        value=\"Pop\"\n                        data-name-es=\"Pop\"\n                        data-name-pt=\"Pop\"\n                        data-name-en=\"Pop\">\n                        Pop                    <\/option>\n                                    <option \n                        value=\"Punk y derivados\"\n                        data-name-es=\"Punk y derivados\"\n                        data-name-pt=\"Punk e derivados\"\n                        data-name-en=\"Punk and derivatives\">\n                        Punk y derivados                    <\/option>\n                                    <option \n                        value=\"Reggae\"\n                        data-name-es=\"Reggae\"\n                        data-name-pt=\"Reggae\"\n                        data-name-en=\"Reggae\">\n                        Reggae                    <\/option>\n                                    <option \n                        value=\"Rock: Alternativo \/ Indie Rock\"\n                        data-name-es=\"Rock: Alternativo \/ Indie Rock\"\n                        data-name-pt=\"Rock: Alternativo \/ Indie Rock\"\n                        data-name-en=\"Rock: Alternative \/ Indie Rock\">\n                        Rock: Alternativo \/ Indie Rock                    <\/option>\n                                    <option \n                        value=\"Rock: Cl\u00e1sico\"\n                        data-name-es=\"Rock: Cl\u00e1sico\"\n                        data-name-pt=\"Rock: Cl\u00e1ssico\"\n                        data-name-en=\"Rock: Classic\">\n                        Rock: Cl\u00e1sico                    <\/option>\n                                    <option \n                        value=\"Rock: Contempor\u00e1neo\"\n                        data-name-es=\"Rock: Contempor\u00e1neo\"\n                        data-name-pt=\"Rock: Contempor\u00e2neo\"\n                        data-name-en=\"Rock: Contemporary\">\n                        Rock: Contempor\u00e1neo                    <\/option>\n                                    <option \n                        value=\"M\u00fasicas Regionales: Folclore\"\n                        data-name-es=\"M\u00fasicas Regionales: Folclore\"\n                        data-name-pt=\"M\u00fasicas Regionais: Folclore\"\n                        data-name-en=\"Regional Music: Folklore\">\n                        M\u00fasicas Regionales: Folclore                    <\/option>\n                                    <option \n                        value=\"M\u00fasicas Regionales: Flamenco y derivados\"\n                        data-name-es=\"M\u00fasicas Regionales: Flamenco y derivados\"\n                        data-name-pt=\"M\u00fasicas Regionais: Flamenco e derivados\"\n                        data-name-en=\"Regional Music: Flamenco and derivatives\">\n                        M\u00fasicas Regionales: Flamenco y derivados                    <\/option>\n                                    <option \n                        value=\"M\u00fasicas Regionales: Trova \/ bolero \/ danz\u00f3n \/ son\"\n                        data-name-es=\"M\u00fasicas Regionales: Trova \/ bolero \/ danz\u00f3n \/ son\"\n                        data-name-pt=\"M\u00fasicas Regionais: Trova \/ bolero \/ danz\u00f3n \/ son\"\n                        data-name-en=\"Regional Music: Trova \/ bolero \/ danz\u00f3n \/ son\">\n                        M\u00fasicas Regionales: Trova \/ bolero \/ danz\u00f3n \/ son                    <\/option>\n                                    <option \n                        value=\"M\u00fasicas Regionales: Mambo &amp; Chachacha\"\n                        data-name-es=\"M\u00fasicas Regionales: Mambo &amp; Chachacha\"\n                        data-name-pt=\"M\u00fasicas Regionais: Mambo &amp; Chachacha\"\n                        data-name-en=\"Regional Music: Mambo &amp; Chachacha\">\n                        M\u00fasicas Regionales: Mambo &amp; Chachacha                    <\/option>\n                                    <option \n                        value=\"M\u00fasicas Regionales: Bossa Nova \/ Samba\"\n                        data-name-es=\"M\u00fasicas Regionales: Bossa Nova \/ Samba\"\n                        data-name-pt=\"M\u00fasicas Regionais: Bossa Nova \/ Samba\"\n                        data-name-en=\"Regional Music: Bossa Nova \/ Samba\">\n                        M\u00fasicas Regionales: Bossa Nova \/ Samba                    <\/option>\n                                    <option \n                        value=\"M\u00fasicas Regionales: Cumbia y derivados\"\n                        data-name-es=\"M\u00fasicas Regionales: Cumbia y derivados\"\n                        data-name-pt=\"M\u00fasicas Regionais: Cumbia e derivados\"\n                        data-name-en=\"Regional Music: Cumbia and derivatives\">\n                        M\u00fasicas Regionales: Cumbia y derivados                    <\/option>\n                                    <option \n                        value=\"M\u00fasicas Regionales: Tango\"\n                        data-name-es=\"M\u00fasicas Regionales: Tango\"\n                        data-name-pt=\"M\u00fasicas Regionais: Tango\"\n                        data-name-en=\"Regional Music: Tango\">\n                        M\u00fasicas Regionales: Tango                    <\/option>\n                                    <option \n                        value=\"M\u00fasicas Regionales: M\u00fasica andina\"\n                        data-name-es=\"M\u00fasicas Regionales: M\u00fasica andina\"\n                        data-name-pt=\"M\u00fasicas Regionais: M\u00fasica andina\"\n                        data-name-en=\"Regional Music: Andean Music\">\n                        M\u00fasicas Regionales: M\u00fasica andina                    <\/option>\n                                    <option \n                        value=\"M\u00fasicas Regionales: MPB (M\u00fasica Popular Brasileira)\"\n                        data-name-es=\"M\u00fasicas Regionales: MPB (M\u00fasica Popular Brasileira)\"\n                        data-name-pt=\"MPB (M\u00fasica Popular Brasileira)\"\n                        data-name-en=\"Regional Music: MPB (Brazilian Popular Music)\">\n                        M\u00fasicas Regionales: MPB (M\u00fasica Popular Brasileira)                    <\/option>\n                                    <option \n                        value=\"M\u00fasicas Regionales: Forr\u00f3\"\n                        data-name-es=\"M\u00fasicas Regionales: Forr\u00f3\"\n                        data-name-pt=\"M\u00fasicas Regionais: Forr\u00f3\"\n                        data-name-en=\"Regional Music: Forr\u00f3\">\n                        M\u00fasicas Regionales: Forr\u00f3                    <\/option>\n                                    <option \n                        value=\"M\u00fasicas Regionales: Samba de Roda\"\n                        data-name-es=\"M\u00fasicas Regionales: Samba de Roda\"\n                        data-name-pt=\"M\u00fasicas Regionais: Samba de Roda\"\n                        data-name-en=\"Regional Music: Samba de Roda\">\n                        M\u00fasicas Regionales: Samba de Roda                    <\/option>\n                                    <option \n                        value=\"M\u00fasicas Regionales: Calypso\"\n                        data-name-es=\"M\u00fasicas Regionales: Calypso\"\n                        data-name-pt=\"M\u00fasicas Regionais: Calypso\"\n                        data-name-en=\"Regional Music: Calypso\">\n                        M\u00fasicas Regionales: Calypso                    <\/option>\n                                    <option \n                        value=\"M\u00fasicas Regionales: Samba\"\n                        data-name-es=\"M\u00fasicas Regionales: Samba\"\n                        data-name-pt=\"M\u00fasicas Regionais: Samba\"\n                        data-name-en=\"Regional Music: Samba\">\n                        M\u00fasicas Regionales: Samba                    <\/option>\n                                    <option \n                        value=\"M\u00fasicas Regionales: Bossa Nova\"\n                        data-name-es=\"M\u00fasicas Regionales: Bossa Nova\"\n                        data-name-pt=\"M\u00fasicas Regionais: Bossa Nova\"\n                        data-name-en=\"Regional Music: Bossa Nova\">\n                        M\u00fasicas Regionales: Bossa Nova                    <\/option>\n                                    <option \n                        value=\"Videosjuegos, Series, Trailers y derivados\"\n                        data-name-es=\"Videosjuegos, Series, Trailers y derivados\"\n                        data-name-pt=\"Videogames, S\u00e9ries, Trailers e derivados\"\n                        data-name-en=\"Videogames, Series, Trailers and derivatives\">\n                        Videosjuegos, Series, Trailers y derivados                    <\/option>\n                                    <option \n                        value=\"Otras m\u00fasicas regionales\"\n                        data-name-es=\"Otras m\u00fasicas regionales\"\n                        data-name-pt=\"Outras m\u00fasicas regionais\"\n                        data-name-en=\"Other regional music\">\n                        Otras m\u00fasicas regionales                    <\/option>\n                            <\/select>\n            \n            <select id=\"filter-regions\" class=\"form-control selectpicker\" multiple=\"multiple\" title=\"Seleccionar regi\u00f3n\">\n                <option value=\"Am\u00e9rica del Norte\">Am\u00e9rica del Norte<\/option>\n                <option value=\"Am\u00e9rica Central y Caribe\">Am\u00e9rica Central y Caribe<\/option>\n                <option value=\"Am\u00e9rica del Sur\">Am\u00e9rica del Sur<\/option>\n                <option value=\"Europa\">Europa<\/option>\n                <option value=\"Asia Occidental (Medio Oriente)\">Asia Occidental (Medio Oriente)<\/option>\n                <option value=\"Asia Central\">Asia Central<\/option>\n                <option value=\"Asia Oriental\">Asia Oriental<\/option>\n                <option value=\"Sudeste Asi\u00e1tico\">Sudeste Asi\u00e1tico<\/option>\n                <option value=\"Asia Meridional (Sur de Asia)\">Asia Meridional (Sur de Asia)<\/option>\n                <option value=\"\u00c1frica del Norte\">\u00c1frica del Norte<\/option>\n                <option value=\"\u00c1frica Occidental y Central\">\u00c1frica Occidental y Central<\/option>\n                <option value=\"\u00c1frica Oriental y Meridional\">\u00c1frica Oriental y Meridional<\/option>\n                <option value=\"Ocean\u00eda\">Ocean\u00eda<\/option>\n            <\/select>\n            \n            <select id=\"filter-countries\" class=\"form-control selectpicker\" multiple=\"multiple\" title=\"Seleccionar pa\u00eds\">\n                                    <option value=\"Afganist\u00e1n\">Afganist\u00e1n<\/option>\n                                    <option value=\"Albania\">Albania<\/option>\n                                    <option value=\"Alemania\">Alemania<\/option>\n                                    <option value=\"Andorra\">Andorra<\/option>\n                                    <option value=\"Angola\">Angola<\/option>\n                                    <option value=\"Antigua y Barbuda\">Antigua y Barbuda<\/option>\n                                    <option value=\"Arabia Saudita\">Arabia Saudita<\/option>\n                                    <option value=\"Argelia\">Argelia<\/option>\n                                    <option value=\"Argentina\">Argentina<\/option>\n                                    <option value=\"Armenia\">Armenia<\/option>\n                                    <option value=\"Australia\">Australia<\/option>\n                                    <option value=\"Austria\">Austria<\/option>\n                                    <option value=\"Azerbaiy\u00e1n\">Azerbaiy\u00e1n<\/option>\n                                    <option value=\"Bahamas\">Bahamas<\/option>\n                                    <option value=\"Banglad\u00e9s\">Banglad\u00e9s<\/option>\n                                    <option value=\"Barbados\">Barbados<\/option>\n                                    <option value=\"Bar\u00e9in\">Bar\u00e9in<\/option>\n                                    <option value=\"B\u00e9lgica\">B\u00e9lgica<\/option>\n                                    <option value=\"Belice\">Belice<\/option>\n                                    <option value=\"Ben\u00edn\">Ben\u00edn<\/option>\n                                    <option value=\"Bielorrusia\">Bielorrusia<\/option>\n                                    <option value=\"Birmania\">Birmania<\/option>\n                                    <option value=\"Bolivia\">Bolivia<\/option>\n                                    <option value=\"Bosnia y Herzegovina\">Bosnia y Herzegovina<\/option>\n                                    <option value=\"Botsuana\">Botsuana<\/option>\n                                    <option value=\"Brasil\">Brasil<\/option>\n                                    <option value=\"Brun\u00e9i\">Brun\u00e9i<\/option>\n                                    <option value=\"Bulgaria\">Bulgaria<\/option>\n                                    <option value=\"Burkina Faso\">Burkina Faso<\/option>\n                                    <option value=\"Burundi\">Burundi<\/option>\n                                    <option value=\"But\u00e1n\">But\u00e1n<\/option>\n                                    <option value=\"Cabo Verde\">Cabo Verde<\/option>\n                                    <option value=\"Camboya\">Camboya<\/option>\n                                    <option value=\"Camer\u00fan\">Camer\u00fan<\/option>\n                                    <option value=\"Canad\u00e1\">Canad\u00e1<\/option>\n                                    <option value=\"Catar\">Catar<\/option>\n                                    <option value=\"Chad\">Chad<\/option>\n                                    <option value=\"Chile\">Chile<\/option>\n                                    <option value=\"China\">China<\/option>\n                                    <option value=\"Chipre\">Chipre<\/option>\n                                    <option value=\"Ciudad del Vaticano\">Ciudad del Vaticano<\/option>\n                                    <option value=\"Colombia\">Colombia<\/option>\n                                    <option value=\"Comoras\">Comoras<\/option>\n                                    <option value=\"Corea del Norte\">Corea del Norte<\/option>\n                                    <option value=\"Corea del Sur\">Corea del Sur<\/option>\n                                    <option value=\"Costa de Marfil\">Costa de Marfil<\/option>\n                                    <option value=\"Costa Rica\">Costa Rica<\/option>\n                                    <option value=\"Croacia\">Croacia<\/option>\n                                    <option value=\"Cuba\">Cuba<\/option>\n                                    <option value=\"Dinamarca\">Dinamarca<\/option>\n                                    <option value=\"Dominica\">Dominica<\/option>\n                                    <option value=\"Ecuador\">Ecuador<\/option>\n                                    <option value=\"Egipto\">Egipto<\/option>\n                                    <option value=\"El Salvador\">El Salvador<\/option>\n                                    <option value=\"Emiratos \u00c1rabes Unidos\">Emiratos \u00c1rabes Unidos<\/option>\n                                    <option value=\"Eritrea\">Eritrea<\/option>\n                                    <option value=\"Eslovaquia\">Eslovaquia<\/option>\n                                    <option value=\"Eslovenia\">Eslovenia<\/option>\n                                    <option value=\"Espa\u00f1a\">Espa\u00f1a<\/option>\n                                    <option value=\"Estados Unidos\">Estados Unidos<\/option>\n                                    <option value=\"Estonia\">Estonia<\/option>\n                                    <option value=\"Etiop\u00eda\">Etiop\u00eda<\/option>\n                                    <option value=\"Filipinas\">Filipinas<\/option>\n                                    <option value=\"Finlandia\">Finlandia<\/option>\n                                    <option value=\"Fiyi\">Fiyi<\/option>\n                                    <option value=\"Francia\">Francia<\/option>\n                                    <option value=\"Gab\u00f3n\">Gab\u00f3n<\/option>\n                                    <option value=\"Gambia\">Gambia<\/option>\n                                    <option value=\"Georgia\">Georgia<\/option>\n                                    <option value=\"Ghana\">Ghana<\/option>\n                                    <option value=\"Granada\">Granada<\/option>\n                                    <option value=\"Grecia\">Grecia<\/option>\n                                    <option value=\"Guatemala\">Guatemala<\/option>\n                                    <option value=\"Guyana\">Guyana<\/option>\n                                    <option value=\"Guinea\">Guinea<\/option>\n                                    <option value=\"Guinea ecuatorial\">Guinea ecuatorial<\/option>\n                                    <option value=\"Guinea-Bis\u00e1u\">Guinea-Bis\u00e1u<\/option>\n                                    <option value=\"Hait\u00ed\">Hait\u00ed<\/option>\n                                    <option value=\"Honduras\">Honduras<\/option>\n                                    <option value=\"Hungr\u00eda\">Hungr\u00eda<\/option>\n                                    <option value=\"India\">India<\/option>\n                                    <option value=\"Indonesia\">Indonesia<\/option>\n                                    <option value=\"Irak\">Irak<\/option>\n                                    <option value=\"Ir\u00e1n\">Ir\u00e1n<\/option>\n                                    <option value=\"Irlanda\">Irlanda<\/option>\n                                    <option value=\"Islandia\">Islandia<\/option>\n                                    <option value=\"Islas Marshall\">Islas Marshall<\/option>\n                                    <option value=\"Islas Salom\u00f3n\">Islas Salom\u00f3n<\/option>\n                                    <option value=\"Israel\">Israel<\/option>\n                                    <option value=\"Italia\">Italia<\/option>\n                                    <option value=\"Jamaica\">Jamaica<\/option>\n                                    <option value=\"Jap\u00f3n\">Jap\u00f3n<\/option>\n                                    <option value=\"Jordania\">Jordania<\/option>\n                                    <option value=\"Kazajist\u00e1n\">Kazajist\u00e1n<\/option>\n                                    <option value=\"Kenia\">Kenia<\/option>\n                                    <option value=\"Kirguist\u00e1n\">Kirguist\u00e1n<\/option>\n                                    <option value=\"Kiribati\">Kiribati<\/option>\n                                    <option value=\"Kuwait\">Kuwait<\/option>\n                                    <option value=\"Laos\">Laos<\/option>\n                                    <option value=\"Lesoto\">Lesoto<\/option>\n                                    <option value=\"Letonia\">Letonia<\/option>\n                                    <option value=\"L\u00edbano\">L\u00edbano<\/option>\n                                    <option value=\"Liberia\">Liberia<\/option>\n                                    <option value=\"Libia\">Libia<\/option>\n                                    <option value=\"Liechtenstein\">Liechtenstein<\/option>\n                                    <option value=\"Lituania\">Lituania<\/option>\n                                    <option value=\"Luxemburgo\">Luxemburgo<\/option>\n                                    <option value=\"Macedonia del Norte\">Macedonia del Norte<\/option>\n                                    <option value=\"Madagascar\">Madagascar<\/option>\n                                    <option value=\"Malasia\">Malasia<\/option>\n                                    <option value=\"Malaui\">Malaui<\/option>\n                                    <option value=\"Maldivas\">Maldivas<\/option>\n                                    <option value=\"Maldivas\">Maldivas<\/option>\n                                    <option value=\"Malta\">Malta<\/option>\n                                    <option value=\"Marruecos\">Marruecos<\/option>\n                                    <option value=\"Mauricio\">Mauricio<\/option>\n                                    <option value=\"Mauritania\">Mauritania<\/option>\n                                    <option value=\"M\u00e9xico\">M\u00e9xico<\/option>\n                                    <option value=\"Micronesia\">Micronesia<\/option>\n                                    <option value=\"Moldavia\">Moldavia<\/option>\n                                    <option value=\"M\u00f3naco\">M\u00f3naco<\/option>\n                                    <option value=\"Mongolia\">Mongolia<\/option>\n                                    <option value=\"Montenegro\">Montenegro<\/option>\n                                    <option value=\"Mozambique\">Mozambique<\/option>\n                                    <option value=\"Namibia\">Namibia<\/option>\n                                    <option value=\"Nauru\">Nauru<\/option>\n                                    <option value=\"Nepal\">Nepal<\/option>\n                                    <option value=\"Nicaragua\">Nicaragua<\/option>\n                                    <option value=\"N\u00edger\">N\u00edger<\/option>\n                                    <option value=\"Nigeria\">Nigeria<\/option>\n                                    <option value=\"Noruega\">Noruega<\/option>\n                                    <option value=\"Nueva Zelanda\">Nueva Zelanda<\/option>\n                                    <option value=\"Om\u00e1n\">Om\u00e1n<\/option>\n                                    <option value=\"Pa\u00edses Bajos\">Pa\u00edses Bajos<\/option>\n                                    <option value=\"Pakist\u00e1n\">Pakist\u00e1n<\/option>\n                                    <option value=\"Palaos\">Palaos<\/option>\n                                    <option value=\"Panam\u00e1\">Panam\u00e1<\/option>\n                                    <option value=\"Pap\u00faa Nueva Guinea\">Pap\u00faa Nueva Guinea<\/option>\n                                    <option value=\"Paraguay\">Paraguay<\/option>\n                                    <option value=\"Per\u00fa\">Per\u00fa<\/option>\n                                    <option value=\"Polonia\">Polonia<\/option>\n                                    <option value=\"Portugal\">Portugal<\/option>\n                                    <option value=\"Reino Unido\">Reino Unido<\/option>\n                                    <option value=\"Rep\u00fablica Centroafricana\">Rep\u00fablica Centroafricana<\/option>\n                                    <option value=\"Rep\u00fablica Checa\">Rep\u00fablica Checa<\/option>\n                                    <option value=\"Rep\u00fablica del Congo\">Rep\u00fablica del Congo<\/option>\n                                    <option value=\"Rep\u00fablica Democr\u00e1tica del Congo\">Rep\u00fablica Democr\u00e1tica del Congo<\/option>\n                                    <option value=\"Rep\u00fablica Dominicana\">Rep\u00fablica Dominicana<\/option>\n                                    <option value=\"Rep\u00fablica Sudafricana\">Rep\u00fablica Sudafricana<\/option>\n                                    <option value=\"Ruanda\">Ruanda<\/option>\n                                    <option value=\"Ruman\u00eda\">Ruman\u00eda<\/option>\n                                    <option value=\"Rusia\">Rusia<\/option>\n                                    <option value=\"Samoa\">Samoa<\/option>\n                                    <option value=\"San Crist\u00f3bal y Nieves\">San Crist\u00f3bal y Nieves<\/option>\n                                    <option value=\"San Marino\">San Marino<\/option>\n                                    <option value=\"San Vicente y las Granadinas\">San Vicente y las Granadinas<\/option>\n                                    <option value=\"Santa Luc\u00eda\">Santa Luc\u00eda<\/option>\n                                    <option value=\"Santo Tom\u00e9 y Pr\u00edncipe\">Santo Tom\u00e9 y Pr\u00edncipe<\/option>\n                                    <option value=\"Senegal\">Senegal<\/option>\n                                    <option value=\"Serbia\">Serbia<\/option>\n                                    <option value=\"Seychelles\">Seychelles<\/option>\n                                    <option value=\"Sierra Leona\">Sierra Leona<\/option>\n                                    <option value=\"Singapur\">Singapur<\/option>\n                                    <option value=\"Siria\">Siria<\/option>\n                                    <option value=\"Somalia\">Somalia<\/option>\n                                    <option value=\"Sri Lanka\">Sri Lanka<\/option>\n                                    <option value=\"Suazilandia\">Suazilandia<\/option>\n                                    <option value=\"Sud\u00e1n\">Sud\u00e1n<\/option>\n                                    <option value=\"Sud\u00e1n del Sur\">Sud\u00e1n del Sur<\/option>\n                                    <option value=\"Suecia\">Suecia<\/option>\n                                    <option value=\"Suiza\">Suiza<\/option>\n                                    <option value=\"Surinam\">Surinam<\/option>\n                                    <option value=\"Tailandia\">Tailandia<\/option>\n                                    <option value=\"Tanzania\">Tanzania<\/option>\n                                    <option value=\"Tayikist\u00e1n\">Tayikist\u00e1n<\/option>\n                                    <option value=\"Timor Oriental\">Timor Oriental<\/option>\n                                    <option value=\"Togo\">Togo<\/option>\n                                    <option value=\"Tonga\">Tonga<\/option>\n                                    <option value=\"Trinidad y Tobago\">Trinidad y Tobago<\/option>\n                                    <option value=\"T\u00fanez\">T\u00fanez<\/option>\n                                    <option value=\"Turkmenist\u00e1n\">Turkmenist\u00e1n<\/option>\n                                    <option value=\"Turqu\u00eda\">Turqu\u00eda<\/option>\n                                    <option value=\"Tuvalu\">Tuvalu<\/option>\n                                    <option value=\"Ucrania\">Ucrania<\/option>\n                                    <option value=\"Uganda\">Uganda<\/option>\n                                    <option value=\"Uruguay\">Uruguay<\/option>\n                                    <option value=\"Uzbekist\u00e1n\">Uzbekist\u00e1n<\/option>\n                                    <option value=\"Vanuatu\">Vanuatu<\/option>\n                                    <option value=\"Venezuela\">Venezuela<\/option>\n                                    <option value=\"Vietnam\">Vietnam<\/option>\n                                    <option value=\"Yemen\">Yemen<\/option>\n                                    <option value=\"Yibuti\">Yibuti<\/option>\n                                    <option value=\"Zambia\">Zambia<\/option>\n                                    <option value=\"Zimbabue\">Zimbabue<\/option>\n                            <\/select>\n            \n            <div class=\"alert alert-warning\" id=\"filter-disclaimer\">\n                El filtro <b>Regi\u00f3n<\/b> permite ver eventos o instituciones que buscan artistas de esas zonas espec\u00edficas, y tambi\u00e9n filtra a los artistas seg\u00fan las regiones en las que est\u00e1n realizando giras. Por otro lado, el filtro <b>Pa\u00eds<\/b> muestra eventos o instituciones seg\u00fan el pa\u00eds donde ocurren o residen, y artistas seg\u00fan su pa\u00eds de origen.            <\/div>\n        <\/div>\n\n        <div class=\"col-md-9\">\n            <div id=\"approved-buyers\" class=\"approved-buyers row\">\n                                                                                    <div class=\"buyer mb-3 col-md-3\" \n                             data-application_type=\"2\" \n                             data-genres=\"M\u00fasica Acad\u00e9mica: Contempor\u00e1nea,M\u00fasicas Regionales: Folclore,Otras m\u00fasicas regionales\" \n                             data-country=\"Paraguay\" \n                             data-region=\"Am\u00e9rica Central y Caribe\">\n                            <div class=\"card\">\n                                <img decoding=\"async\" src=\"https:\/\/ibermusicasbucket.s3.us-east-1.amazonaws.com\/2025\/Global\/graficas\/global-logo.jpg\" class=\"card-img-top\" alt=\"Mbaraka Trio\">\n                                <div class=\"card-body\">\n                                    <h5 class=\"card-title\">Mbaraka Trio<\/h5>\n                                    <p class=\"buyer-start-date\"><b>Fecha de apertura:<\/b> \n                                        <span>9 de Marzo, 2026<\/span>\n                                    <\/p>\n                                    <p class=\"buyer-finish-date\"><b>Fecha de cierre:<\/b> \n                                        <span>10 de Mayo, 2026<\/span>\n                                    <\/p>\n                                    <button type=\"button\" class=\"btn-main moreInfo\" data-toggle=\"modal\" data-target=\"#buyerModal\" data-id=\"149\">\n                                        M\u00e1s info                                    <\/button>\n                                <\/div>\n                            <\/div>\n                        <\/div>\n                                                                    <div class=\"buyer mb-3 col-md-3\" \n                             data-application_type=\"2\" \n                             data-genres=\"M\u00fasica Acad\u00e9mica: Cl\u00e1sica,M\u00fasica Acad\u00e9mica: Contempor\u00e1nea,Otras m\u00fasicas regionales\" \n                             data-country=\"El Salvador\" \n                             data-region=\"Europa\">\n                            <div class=\"card\">\n                                <img decoding=\"async\" src=\"https:\/\/ibermusicasbucket.s3.us-east-1.amazonaws.com\/2025\/Global\/graficas\/global-logo.jpg\" class=\"card-img-top\" alt=\"D\u00fao Promusika\">\n                                <div class=\"card-body\">\n                                    <h5 class=\"card-title\">D\u00fao Promusika<\/h5>\n                                    <p class=\"buyer-start-date\"><b>Fecha de apertura:<\/b> \n                                        <span>9 de Marzo, 2026<\/span>\n                                    <\/p>\n                                    <p class=\"buyer-finish-date\"><b>Fecha de cierre:<\/b> \n                                        <span>23 de Mayo, 2026<\/span>\n                                    <\/p>\n                                    <button type=\"button\" class=\"btn-main moreInfo\" data-toggle=\"modal\" data-target=\"#buyerModal\" data-id=\"150\">\n                                        M\u00e1s info                                    <\/button>\n                                <\/div>\n                            <\/div>\n                        <\/div>\n                                                                    <div class=\"buyer mb-3 col-md-3\" \n                             data-application_type=\"2\" \n                             data-genres=\"M\u00fasicas Regionales: MPB (M\u00fasica Popular Brasileira)\" \n                             data-country=\"Portugal\" \n                             data-region=\"Europa\">\n                            <div class=\"card\">\n                                <img decoding=\"async\" src=\"https:\/\/ibermusicasbucket.s3.us-east-1.amazonaws.com\/2025\/Global\/graficas\/global-logo.jpg\" class=\"card-img-top\" alt=\"Scardinni\">\n                                <div class=\"card-body\">\n                                    <h5 class=\"card-title\">Scardinni<\/h5>\n                                    <p class=\"buyer-start-date\"><b>Fecha de apertura:<\/b> \n                                        <span>30 de Marzo, 2026<\/span>\n                                    <\/p>\n                                    <p class=\"buyer-finish-date\"><b>Fecha de cierre:<\/b> \n                                        <span>30 de Mayo, 2026<\/span>\n                                    <\/p>\n                                    <button type=\"button\" class=\"btn-main moreInfo\" data-toggle=\"modal\" data-target=\"#buyerModal\" data-id=\"178\">\n                                        M\u00e1s info                                    <\/button>\n                                <\/div>\n                            <\/div>\n                        <\/div>\n                                                                    <div class=\"buyer mb-3 col-md-3\" \n                             data-application_type=\"2\" \n                             data-genres=\"M\u00fasicas Regionales: Folclore,M\u00fasicas Regionales: Tango\" \n                             data-country=\"Argentina\" \n                             data-region=\"Am\u00e9rica del Sur\">\n                            <div class=\"card\">\n                                <img decoding=\"async\" src=\"https:\/\/ibermusicasbucket.s3.us-east-1.amazonaws.com\/2025\/Global\/graficas\/global-logo.jpg\" class=\"card-img-top\" alt=\"La canci\u00f3n de las poetas\">\n                                <div class=\"card-body\">\n                                    <h5 class=\"card-title\">La canci\u00f3n de las poetas<\/h5>\n                                    <p class=\"buyer-start-date\"><b>Fecha de apertura:<\/b> \n                                        <span>22 de Diciembre, 2025<\/span>\n                                    <\/p>\n                                    <p class=\"buyer-finish-date\"><b>Fecha de cierre:<\/b> \n                                        <span>30 de Mayo, 2026<\/span>\n                                    <\/p>\n                                    <button type=\"button\" class=\"btn-main moreInfo\" data-toggle=\"modal\" data-target=\"#buyerModal\" data-id=\"105\">\n                                        M\u00e1s info                                    <\/button>\n                                <\/div>\n                            <\/div>\n                        <\/div>\n                                                                    <div class=\"buyer mb-3 col-md-3\" \n                             data-application_type=\"2\" \n                             data-genres=\"R&amp;B: Funk \/ soul y derivados,M\u00fasica Electr\u00f3nica,M\u00fasica Urbana,Reggae,Otras m\u00fasicas regionales\" \n                             data-country=\"Brasil\" \n                             data-region=\"Europa\">\n                            <div class=\"card\">\n                                <img decoding=\"async\" src=\"https:\/\/ibermusicasbucket.s3.us-east-1.amazonaws.com\/2025\/Global\/graficas\/global-logo.jpg\" class=\"card-img-top\" alt=\"ADNON\">\n                                <div class=\"card-body\">\n                                    <h5 class=\"card-title\">ADNON<\/h5>\n                                    <p class=\"buyer-start-date\"><b>Fecha de apertura:<\/b> \n                                        <span>17 de Marzo, 2026<\/span>\n                                    <\/p>\n                                    <p class=\"buyer-finish-date\"><b>Fecha de cierre:<\/b> \n                                        <span>31 de Mayo, 2026<\/span>\n                                    <\/p>\n                                    <button type=\"button\" class=\"btn-main moreInfo\" data-toggle=\"modal\" data-target=\"#buyerModal\" data-id=\"164\">\n                                        M\u00e1s info                                    <\/button>\n                                <\/div>\n                            <\/div>\n                        <\/div>\n                                                                    <div class=\"buyer mb-3 col-md-3\" \n                             data-application_type=\"2\" \n                             data-genres=\"R&amp;B: Jazz,M\u00fasica Acad\u00e9mica: Cl\u00e1sica\" \n                             data-country=\"Espa\u00f1a\" \n                             data-region=\"Am\u00e9rica del Sur\">\n                            <div class=\"card\">\n                                <img decoding=\"async\" src=\"https:\/\/ibermusicasbucket.s3.us-east-1.amazonaws.com\/2025\/Global\/graficas\/global-logo.jpg\" class=\"card-img-top\" alt=\"Ariel Br\u00ednguez ---- Iv\u00e1n Melon Lewis ALMA EN CUBA\">\n                                <div class=\"card-body\">\n                                    <h5 class=\"card-title\">Ariel Br\u00ednguez ---- Iv\u00e1n Melon Lewis ALMA EN CUBA<\/h5>\n                                    <p class=\"buyer-start-date\"><b>Fecha de apertura:<\/b> \n                                        <span>20 de Febrero, 2026<\/span>\n                                    <\/p>\n                                    <p class=\"buyer-finish-date\"><b>Fecha de cierre:<\/b> \n                                        <span>1 de Junio, 2026<\/span>\n                                    <\/p>\n                                    <button type=\"button\" class=\"btn-main moreInfo\" data-toggle=\"modal\" data-target=\"#buyerModal\" data-id=\"138\">\n                                        M\u00e1s info                                    <\/button>\n                                <\/div>\n                            <\/div>\n                        <\/div>\n                                                                    <div class=\"buyer mb-3 col-md-3\" \n                             data-application_type=\"2\" \n                             data-genres=\"M\u00fasica Acad\u00e9mica: Contempor\u00e1nea,M\u00fasicas Regionales: Tango\" \n                             data-country=\"Argentina\" \n                             data-region=\"Europa\">\n                            <div class=\"card\">\n                                <img decoding=\"async\" src=\"https:\/\/ibermusicasbucket.s3.us-east-1.amazonaws.com\/2025\/Global\/graficas\/global-logo.jpg\" class=\"card-img-top\" alt=\"Ariel Pirotti\">\n                                <div class=\"card-body\">\n                                    <h5 class=\"card-title\">Ariel Pirotti<\/h5>\n                                    <p class=\"buyer-start-date\"><b>Fecha de apertura:<\/b> \n                                        <span>25 de Marzo, 2026<\/span>\n                                    <\/p>\n                                    <p class=\"buyer-finish-date\"><b>Fecha de cierre:<\/b> \n                                        <span>2 de Junio, 2026<\/span>\n                                    <\/p>\n                                    <button type=\"button\" class=\"btn-main moreInfo\" data-toggle=\"modal\" data-target=\"#buyerModal\" data-id=\"174\">\n                                        M\u00e1s info                                    <\/button>\n                                <\/div>\n                            <\/div>\n                        <\/div>\n                                                                    <div class=\"buyer mb-3 col-md-3\" \n                             data-application_type=\"2\" \n                             data-genres=\"M\u00fasica Acad\u00e9mica: Barroca,M\u00fasica Acad\u00e9mica: Cl\u00e1sica,M\u00fasica Acad\u00e9mica: Contempor\u00e1nea,M\u00fasicas Regionales: Flamenco y derivados\" \n                             data-country=\"Espa\u00f1a\" \n                             data-region=\"Am\u00e9rica del Sur\">\n                            <div class=\"card\">\n                                <img decoding=\"async\" src=\"https:\/\/ibermusicasbucket.s3.us-east-1.amazonaws.com\/2025\/Global\/graficas\/global-logo.jpg\" class=\"card-img-top\" alt=\"D\u00fao Mart\u00edn-Verdugo\">\n                                <div class=\"card-body\">\n                                    <h5 class=\"card-title\">D\u00fao Mart\u00edn-Verdugo<\/h5>\n                                    <p class=\"buyer-start-date\"><b>Fecha de apertura:<\/b> \n                                        <span>9 de Enero, 2026<\/span>\n                                    <\/p>\n                                    <p class=\"buyer-finish-date\"><b>Fecha de cierre:<\/b> \n                                        <span>10 de Junio, 2026<\/span>\n                                    <\/p>\n                                    <button type=\"button\" class=\"btn-main moreInfo\" data-toggle=\"modal\" data-target=\"#buyerModal\" data-id=\"115\">\n                                        M\u00e1s info                                    <\/button>\n                                <\/div>\n                            <\/div>\n                        <\/div>\n                                                                    <div class=\"buyer mb-3 col-md-3\" \n                             data-application_type=\"2\" \n                             data-genres=\"M\u00fasicas Regionales: Tango,Otras m\u00fasicas regionales\" \n                             data-country=\"Argentina\" \n                             data-region=\"Europa\">\n                            <div class=\"card\">\n                                <img decoding=\"async\" src=\"https:\/\/ibermusicasbucket.s3.us-east-1.amazonaws.com\/2025\/Global\/graficas\/global-logo.jpg\" class=\"card-img-top\" alt=\"Noelia Sinkunas\">\n                                <div class=\"card-body\">\n                                    <h5 class=\"card-title\">Noelia Sinkunas<\/h5>\n                                    <p class=\"buyer-start-date\"><b>Fecha de apertura:<\/b> \n                                        <span>9 de Marzo, 2026<\/span>\n                                    <\/p>\n                                    <p class=\"buyer-finish-date\"><b>Fecha de cierre:<\/b> \n                                        <span>15 de Junio, 2026<\/span>\n                                    <\/p>\n                                    <button type=\"button\" class=\"btn-main moreInfo\" data-toggle=\"modal\" data-target=\"#buyerModal\" data-id=\"148\">\n                                        M\u00e1s info                                    <\/button>\n                                <\/div>\n                            <\/div>\n                        <\/div>\n                                                                    <div class=\"buyer mb-3 col-md-3\" \n                             data-application_type=\"2\" \n                             data-genres=\"M\u00fasicas Regionales: Tango\" \n                             data-country=\"Argentina\" \n                             data-region=\"Ocean\u00eda\">\n                            <div class=\"card\">\n                                <img decoding=\"async\" src=\"https:\/\/ibermusicasbucket.s3.us-east-1.amazonaws.com\/2025\/Global\/graficas\/global-logo.jpg\" class=\"card-img-top\" alt=\"Jorge Retamoza\">\n                                <div class=\"card-body\">\n                                    <h5 class=\"card-title\">Jorge Retamoza<\/h5>\n                                    <p class=\"buyer-start-date\"><b>Fecha de apertura:<\/b> \n                                        <span>25 de Marzo, 2026<\/span>\n                                    <\/p>\n                                    <p class=\"buyer-finish-date\"><b>Fecha de cierre:<\/b> \n                                        <span>30 de Junio, 2026<\/span>\n                                    <\/p>\n                                    <button type=\"button\" class=\"btn-main moreInfo\" data-toggle=\"modal\" data-target=\"#buyerModal\" data-id=\"172\">\n                                        M\u00e1s info                                    <\/button>\n                                <\/div>\n                            <\/div>\n                        <\/div>\n                                                                    <div class=\"buyer mb-3 col-md-3\" \n                             data-application_type=\"2\" \n                             data-genres=\"M\u00fasica Acad\u00e9mica: Barroca,M\u00fasica Acad\u00e9mica: Cl\u00e1sica,M\u00fasica Acad\u00e9mica: Contempor\u00e1nea,M\u00fasica Electroac\u00fastica \/ Acusm\u00e1tica,Videosjuegos, Series, Trailers y derivados,Otras m\u00fasicas regionales\" \n                             data-country=\"Chile\" \n                             data-region=\"Europa\">\n                            <div class=\"card\">\n                                <img decoding=\"async\" src=\"https:\/\/ibermusicasbucket.s3.us-east-1.amazonaws.com\/2025\/Global\/graficas\/global-logo.jpg\" class=\"card-img-top\" alt=\"Alfonsina Torrealba\">\n                                <div class=\"card-body\">\n                                    <h5 class=\"card-title\">Alfonsina Torrealba<\/h5>\n                                    <p class=\"buyer-start-date\"><b>Fecha de apertura:<\/b> \n                                        <span>9 de Enero, 2026<\/span>\n                                    <\/p>\n                                    <p class=\"buyer-finish-date\"><b>Fecha de cierre:<\/b> \n                                        <span>30 de Junio, 2026<\/span>\n                                    <\/p>\n                                    <button type=\"button\" class=\"btn-main moreInfo\" data-toggle=\"modal\" data-target=\"#buyerModal\" data-id=\"114\">\n                                        M\u00e1s info                                    <\/button>\n                                <\/div>\n                            <\/div>\n                        <\/div>\n                                                                    <div class=\"buyer mb-3 col-md-3\" \n                             data-application_type=\"2\" \n                             data-genres=\"M\u00fasica Acad\u00e9mica: Contempor\u00e1nea\" \n                             data-country=\"Paraguay\" \n                             data-region=\"Europa\">\n                            <div class=\"card\">\n                                <img decoding=\"async\" src=\"https:\/\/ibermusicasbucket.s3.us-east-1.amazonaws.com\/2025\/Global\/graficas\/global-logo.jpg\" class=\"card-img-top\" alt=\"Mateo Servi\u00e1n Sforza\">\n                                <div class=\"card-body\">\n                                    <h5 class=\"card-title\">Mateo Servi\u00e1n Sforza<\/h5>\n                                    <p class=\"buyer-start-date\"><b>Fecha de apertura:<\/b> \n                                        <span>6 de Marzo, 2026<\/span>\n                                    <\/p>\n                                    <p class=\"buyer-finish-date\"><b>Fecha de cierre:<\/b> \n                                        <span>27 de Julio, 2026<\/span>\n                                    <\/p>\n                                    <button type=\"button\" class=\"btn-main moreInfo\" data-toggle=\"modal\" data-target=\"#buyerModal\" data-id=\"144\">\n                                        M\u00e1s info                                    <\/button>\n                                <\/div>\n                            <\/div>\n                        <\/div>\n                                                                    <div class=\"buyer mb-3 col-md-3\" \n                             data-application_type=\"2\" \n                             data-genres=\"M\u00fasica Acad\u00e9mica: Cl\u00e1sica,M\u00fasica Acad\u00e9mica: Contempor\u00e1nea,M\u00fasica Urbana,M\u00fasicas Regionales: Folclore\" \n                             data-country=\"Mexico\" \n                             data-region=\"Am\u00e9rica del Norte\">\n                            <div class=\"card\">\n                                <img decoding=\"async\" src=\"https:\/\/ibermusicasbucket.s3.us-east-1.amazonaws.com\/2025\/Global\/graficas\/global-logo.jpg\" class=\"card-img-top\" alt=\"Monarca, un musical mexicoamericano\">\n                                <div class=\"card-body\">\n                                    <h5 class=\"card-title\">Monarca, un musical mexicoamericano<\/h5>\n                                    <p class=\"buyer-start-date\"><b>Fecha de apertura:<\/b> \n                                        <span>19 de Diciembre, 2025<\/span>\n                                    <\/p>\n                                    <p class=\"buyer-finish-date\"><b>Fecha de cierre:<\/b> \n                                        <span>31 de Julio, 2026<\/span>\n                                    <\/p>\n                                    <button type=\"button\" class=\"btn-main moreInfo\" data-toggle=\"modal\" data-target=\"#buyerModal\" data-id=\"98\">\n                                        M\u00e1s info                                    <\/button>\n                                <\/div>\n                            <\/div>\n                        <\/div>\n                                                                    <div class=\"buyer mb-3 col-md-3\" \n                             data-application_type=\"2\" \n                             data-genres=\"R&amp;B: Jazz,M\u00fasicas Regionales: Bossa Nova \/ Samba,M\u00fasicas Regionales: MPB (M\u00fasica Popular Brasileira)\" \n                             data-country=\"Brasil\" \n                             data-region=\"Am\u00e9rica del Sur\">\n                            <div class=\"card\">\n                                <img decoding=\"async\" src=\"https:\/\/ibermusicasbucket.s3.us-east-1.amazonaws.com\/2025\/Global\/graficas\/global-logo.jpg\" class=\"card-img-top\" alt=\"Trio Cravo &amp; Canela\">\n                                <div class=\"card-body\">\n                                    <h5 class=\"card-title\">Trio Cravo &amp; Canela<\/h5>\n                                    <p class=\"buyer-start-date\"><b>Fecha de apertura:<\/b> \n                                        <span>30 de Marzo, 2026<\/span>\n                                    <\/p>\n                                    <p class=\"buyer-finish-date\"><b>Fecha de cierre:<\/b> \n                                        <span>31 de Julio, 2026<\/span>\n                                    <\/p>\n                                    <button type=\"button\" class=\"btn-main moreInfo\" data-toggle=\"modal\" data-target=\"#buyerModal\" data-id=\"177\">\n                                        M\u00e1s info                                    <\/button>\n                                <\/div>\n                            <\/div>\n                        <\/div>\n                                                                    <div class=\"buyer mb-3 col-md-3\" \n                             data-application_type=\"2\" \n                             data-genres=\"M\u00fasicas Regionales: MPB (M\u00fasica Popular Brasileira)\" \n                             data-country=\"Brasil\" \n                             data-region=\"Europa\">\n                            <div class=\"card\">\n                                <img decoding=\"async\" src=\"https:\/\/ibermusicasbucket.s3.us-east-1.amazonaws.com\/2025\/Global\/graficas\/global-logo.jpg\" class=\"card-img-top\" alt=\"Alzira E\">\n                                <div class=\"card-body\">\n                                    <h5 class=\"card-title\">Alzira E<\/h5>\n                                    <p class=\"buyer-start-date\"><b>Fecha de apertura:<\/b> \n                                        <span>15 de Enero, 2026<\/span>\n                                    <\/p>\n                                    <p class=\"buyer-finish-date\"><b>Fecha de cierre:<\/b> \n                                        <span>31 de Julio, 2026<\/span>\n                                    <\/p>\n                                    <button type=\"button\" class=\"btn-main moreInfo\" data-toggle=\"modal\" data-target=\"#buyerModal\" data-id=\"128\">\n                                        M\u00e1s info                                    <\/button>\n                                <\/div>\n                            <\/div>\n                        <\/div>\n                                                                    <div class=\"buyer mb-3 col-md-3\" \n                             data-application_type=\"2\" \n                             data-genres=\"M\u00fasica Electr\u00f3nica,M\u00fasica Urbana,Pop,M\u00fasicas Regionales: Folclore,M\u00fasicas Regionales: Cumbia y derivados,Otras m\u00fasicas regionales\" \n                             data-country=\"Uruguay\" \n                             data-region=\"Europa\">\n                            <div class=\"card\">\n                                <img decoding=\"async\" src=\"https:\/\/ibermusicasbucket.s3.us-east-1.amazonaws.com\/2025\/Global\/graficas\/global-logo.jpg\" class=\"card-img-top\" alt=\"FIESTA RARA\">\n                                <div class=\"card-body\">\n                                    <h5 class=\"card-title\">FIESTA RARA<\/h5>\n                                    <p class=\"buyer-start-date\"><b>Fecha de apertura:<\/b> \n                                        <span>17 de Marzo, 2026<\/span>\n                                    <\/p>\n                                    <p class=\"buyer-finish-date\"><b>Fecha de cierre:<\/b> \n                                        <span>18 de Agosto, 2026<\/span>\n                                    <\/p>\n                                    <button type=\"button\" class=\"btn-main moreInfo\" data-toggle=\"modal\" data-target=\"#buyerModal\" data-id=\"161\">\n                                        M\u00e1s info                                    <\/button>\n                                <\/div>\n                            <\/div>\n                        <\/div>\n                                                                    <div class=\"buyer mb-3 col-md-3\" \n                             data-application_type=\"2\" \n                             data-genres=\"M\u00fasica Electroac\u00fastica \/ Acusm\u00e1tica,M\u00fasica Electr\u00f3nica,M\u00fasica Urbana,M\u00fasicas Regionales: Cumbia y derivados,M\u00fasicas Regionales: M\u00fasica andina,Otras m\u00fasicas regionales\" \n                             data-country=\"Portugal\" \n                             data-region=\"Am\u00e9rica do Sul,Europa\">\n                            <div class=\"card\">\n                                <img decoding=\"async\" src=\"https:\/\/ibermusicasbucket.s3.us-east-1.amazonaws.com\/2025\/Global\/graficas\/global-logo.jpg\" class=\"card-img-top\" alt=\"Renato Oliveira a.k.a Till Sunday Pirate\">\n                                <div class=\"card-body\">\n                                    <h5 class=\"card-title\">Renato Oliveira a.k.a Till Sunday Pirate<\/h5>\n                                    <p class=\"buyer-start-date\"><b>Fecha de apertura:<\/b> \n                                        <span>11 de Diciembre, 2025<\/span>\n                                    <\/p>\n                                    <p class=\"buyer-finish-date\"><b>Fecha de cierre:<\/b> \n                                        <span>31 de Agosto, 2026<\/span>\n                                    <\/p>\n                                    <button type=\"button\" class=\"btn-main moreInfo\" data-toggle=\"modal\" data-target=\"#buyerModal\" data-id=\"96\">\n                                        M\u00e1s info                                    <\/button>\n                                <\/div>\n                            <\/div>\n                        <\/div>\n                                                                    <div class=\"buyer mb-3 col-md-3\" \n                             data-application_type=\"2\" \n                             data-genres=\"R&amp;B: Jazz,M\u00fasicas Regionales: Folclore,Otras m\u00fasicas regionales\" \n                             data-country=\"Paraguay\" \n                             data-region=\"Europa\">\n                            <div class=\"card\">\n                                <img decoding=\"async\" src=\"https:\/\/ibermusicasbucket.s3.us-east-1.amazonaws.com\/2025\/Global\/graficas\/global-logo.jpg\" class=\"card-img-top\" alt=\"Joaju cuarteto\">\n                                <div class=\"card-body\">\n                                    <h5 class=\"card-title\">Joaju cuarteto<\/h5>\n                                    <p class=\"buyer-start-date\"><b>Fecha de apertura:<\/b> \n                                        <span>20 de Abril, 2026<\/span>\n                                    <\/p>\n                                    <p class=\"buyer-finish-date\"><b>Fecha de cierre:<\/b> \n                                        <span>1 de Septiembre, 2026<\/span>\n                                    <\/p>\n                                    <button type=\"button\" class=\"btn-main moreInfo\" data-toggle=\"modal\" data-target=\"#buyerModal\" data-id=\"190\">\n                                        M\u00e1s info                                    <\/button>\n                                <\/div>\n                            <\/div>\n                        <\/div>\n                                                                    <div class=\"buyer mb-3 col-md-3\" \n                             data-application_type=\"2\" \n                             data-genres=\"R&amp;B: Funk \/ soul y derivados,Reggae\" \n                             data-country=\"Brasil\" \n                             data-region=\"Europa\">\n                            <div class=\"card\">\n                                <img decoding=\"async\" src=\"https:\/\/ibermusicasbucket.s3.us-east-1.amazonaws.com\/2025\/Global\/graficas\/global-logo.jpg\" class=\"card-img-top\" alt=\"Caet\u00e9 Raiz\">\n                                <div class=\"card-body\">\n                                    <h5 class=\"card-title\">Caet\u00e9 Raiz<\/h5>\n                                    <p class=\"buyer-start-date\"><b>Fecha de apertura:<\/b> \n                                        <span>24 de Marzo, 2026<\/span>\n                                    <\/p>\n                                    <p class=\"buyer-finish-date\"><b>Fecha de cierre:<\/b> \n                                        <span>13 de Septiembre, 2026<\/span>\n                                    <\/p>\n                                    <button type=\"button\" class=\"btn-main moreInfo\" data-toggle=\"modal\" data-target=\"#buyerModal\" data-id=\"169\">\n                                        M\u00e1s info                                    <\/button>\n                                <\/div>\n                            <\/div>\n                        <\/div>\n                                                                    <div class=\"buyer mb-3 col-md-3\" \n                             data-application_type=\"2\" \n                             data-genres=\"M\u00fasicas Regionales: Samba\" \n                             data-country=\"Brasil\" \n                             data-region=\"North America\">\n                            <div class=\"card\">\n                                <img decoding=\"async\" src=\"https:\/\/ibermusicasbucket.s3.us-east-1.amazonaws.com\/2025\/Global\/graficas\/global-logo.jpg\" class=\"card-img-top\" alt=\"Fabiana Cozza\">\n                                <div class=\"card-body\">\n                                    <h5 class=\"card-title\">Fabiana Cozza<\/h5>\n                                    <p class=\"buyer-start-date\"><b>Fecha de apertura:<\/b> \n                                        <span>9 de Enero, 2026<\/span>\n                                    <\/p>\n                                    <p class=\"buyer-finish-date\"><b>Fecha de cierre:<\/b> \n                                        <span>26 de Septiembre, 2026<\/span>\n                                    <\/p>\n                                    <button type=\"button\" class=\"btn-main moreInfo\" data-toggle=\"modal\" data-target=\"#buyerModal\" data-id=\"116\">\n                                        M\u00e1s info                                    <\/button>\n                                <\/div>\n                            <\/div>\n                        <\/div>\n                                                                    <div class=\"buyer mb-3 col-md-3\" \n                             data-application_type=\"2\" \n                             data-genres=\"M\u00fasicas Regionales: MPB (M\u00fasica Popular Brasileira)\" \n                             data-country=\"Brasil\" \n                             data-region=\"Europa\">\n                            <div class=\"card\">\n                                <img decoding=\"async\" src=\"https:\/\/ibermusicasbucket.s3.us-east-1.amazonaws.com\/2025\/Global\/graficas\/global-logo.jpg\" class=\"card-img-top\" alt=\"Cristov\u00e3o Bastos\">\n                                <div class=\"card-body\">\n                                    <h5 class=\"card-title\">Cristov\u00e3o Bastos<\/h5>\n                                    <p class=\"buyer-start-date\"><b>Fecha de apertura:<\/b> \n                                        <span>20 de Abril, 2026<\/span>\n                                    <\/p>\n                                    <p class=\"buyer-finish-date\"><b>Fecha de cierre:<\/b> \n                                        <span>30 de Septiembre, 2026<\/span>\n                                    <\/p>\n                                    <button type=\"button\" class=\"btn-main moreInfo\" data-toggle=\"modal\" data-target=\"#buyerModal\" data-id=\"189\">\n                                        M\u00e1s info                                    <\/button>\n                                <\/div>\n                            <\/div>\n                        <\/div>\n                                                                    <div class=\"buyer mb-3 col-md-3\" \n                             data-application_type=\"2\" \n                             data-genres=\"M\u00fasica Electr\u00f3nica,M\u00fasicas Regionales: Cumbia y derivados\" \n                             data-country=\"Portugal\" \n                             data-region=\"Am\u00e9rica do Sul\">\n                            <div class=\"card\">\n                                <img decoding=\"async\" src=\"https:\/\/ibermusicasbucket.s3.us-east-1.amazonaws.com\/2025\/Global\/graficas\/global-logo.jpg\" class=\"card-img-top\" alt=\"BISTEK TOE\">\n                                <div class=\"card-body\">\n                                    <h5 class=\"card-title\">BISTEK TOE<\/h5>\n                                    <p class=\"buyer-start-date\"><b>Fecha de apertura:<\/b> \n                                        <span>11 de Diciembre, 2025<\/span>\n                                    <\/p>\n                                    <p class=\"buyer-finish-date\"><b>Fecha de cierre:<\/b> \n                                        <span>30 de Septiembre, 2026<\/span>\n                                    <\/p>\n                                    <button type=\"button\" class=\"btn-main moreInfo\" data-toggle=\"modal\" data-target=\"#buyerModal\" data-id=\"97\">\n                                        M\u00e1s info                                    <\/button>\n                                <\/div>\n                            <\/div>\n                        <\/div>\n                                                                    <div class=\"buyer mb-3 col-md-3\" \n                             data-application_type=\"2\" \n                             data-genres=\"R&amp;B: Jazz\" \n                             data-country=\"Portugal\" \n                             data-region=\"Am\u00e9rica del Sur\">\n                            <div class=\"card\">\n                                <img decoding=\"async\" src=\"https:\/\/ibermusicasbucket.s3.us-east-1.amazonaws.com\/2025\/Global\/graficas\/global-logo.jpg\" class=\"card-img-top\" alt=\"Desid\u00e9rio L\u00e1zaro\">\n                                <div class=\"card-body\">\n                                    <h5 class=\"card-title\">Desid\u00e9rio L\u00e1zaro<\/h5>\n                                    <p class=\"buyer-start-date\"><b>Fecha de apertura:<\/b> \n                                        <span>17 de Marzo, 2026<\/span>\n                                    <\/p>\n                                    <p class=\"buyer-finish-date\"><b>Fecha de cierre:<\/b> \n                                        <span>30 de Septiembre, 2026<\/span>\n                                    <\/p>\n                                    <button type=\"button\" class=\"btn-main moreInfo\" data-toggle=\"modal\" data-target=\"#buyerModal\" data-id=\"162\">\n                                        M\u00e1s info                                    <\/button>\n                                <\/div>\n                            <\/div>\n                        <\/div>\n                                                                    <div class=\"buyer mb-3 col-md-3\" \n                             data-application_type=\"2\" \n                             data-genres=\"M\u00fasicas Regionales: Bossa Nova \/ Samba,Otras m\u00fasicas regionales\" \n                             data-country=\"Brasil\" \n                             data-region=\"Europa\">\n                            <div class=\"card\">\n                                <img decoding=\"async\" src=\"https:\/\/ibermusicasbucket.s3.us-east-1.amazonaws.com\/2025\/Global\/graficas\/global-logo.jpg\" class=\"card-img-top\" alt=\"Duo Saracoteando\">\n                                <div class=\"card-body\">\n                                    <h5 class=\"card-title\">Duo Saracoteando<\/h5>\n                                    <p class=\"buyer-start-date\"><b>Fecha de apertura:<\/b> \n                                        <span>9 de Septiembre, 2025<\/span>\n                                    <\/p>\n                                    <p class=\"buyer-finish-date\"><b>Fecha de cierre:<\/b> \n                                        <span>13 de Octubre, 2026<\/span>\n                                    <\/p>\n                                    <button type=\"button\" class=\"btn-main moreInfo\" data-toggle=\"modal\" data-target=\"#buyerModal\" data-id=\"63\">\n                                        M\u00e1s info                                    <\/button>\n                                <\/div>\n                            <\/div>\n                        <\/div>\n                                                                    <div class=\"buyer mb-3 col-md-3\" \n                             data-application_type=\"2\" \n                             data-genres=\"M\u00fasica Electr\u00f3nica,Pop\" \n                             data-country=\"Uruguay\" \n                             data-region=\"Europa\">\n                            <div class=\"card\">\n                                <img decoding=\"async\" src=\"https:\/\/ibermusicasbucket.s3.us-east-1.amazonaws.com\/2025\/Global\/graficas\/global-logo.jpg\" class=\"card-img-top\" alt=\"Ona\">\n                                <div class=\"card-body\">\n                                    <h5 class=\"card-title\">Ona<\/h5>\n                                    <p class=\"buyer-start-date\"><b>Fecha de apertura:<\/b> \n                                        <span>11 de Diciembre, 2025<\/span>\n                                    <\/p>\n                                    <p class=\"buyer-finish-date\"><b>Fecha de cierre:<\/b> \n                                        <span>14 de Noviembre, 2026<\/span>\n                                    <\/p>\n                                    <button type=\"button\" class=\"btn-main moreInfo\" data-toggle=\"modal\" data-target=\"#buyerModal\" data-id=\"91\">\n                                        M\u00e1s info                                    <\/button>\n                                <\/div>\n                            <\/div>\n                        <\/div>\n                                                                    <div class=\"buyer mb-3 col-md-3\" \n                             data-application_type=\"2\" \n                             data-genres=\"M\u00fasica Acad\u00e9mica: Barroca,M\u00fasica Acad\u00e9mica: Cl\u00e1sica,M\u00fasica Acad\u00e9mica: Contempor\u00e1nea,M\u00fasicas Regionales: Folclore,Otras m\u00fasicas regionales\" \n                             data-country=\"Mexico\" \n                             data-region=\"Europa\">\n                            <div class=\"card\">\n                                <img decoding=\"async\" src=\"https:\/\/ibermusicasbucket.s3.us-east-1.amazonaws.com\/2025\/Global\/graficas\/global-logo.jpg\" class=\"card-img-top\" alt=\"David Mart\u00ednez Z\u00e1rate\">\n                                <div class=\"card-body\">\n                                    <h5 class=\"card-title\">David Mart\u00ednez Z\u00e1rate<\/h5>\n                                    <p class=\"buyer-start-date\"><b>Fecha de apertura:<\/b> \n                                        <span>17 de Marzo, 2026<\/span>\n                                    <\/p>\n                                    <p class=\"buyer-finish-date\"><b>Fecha de cierre:<\/b> \n                                        <span>22 de Noviembre, 2026<\/span>\n                                    <\/p>\n                                    <button type=\"button\" class=\"btn-main moreInfo\" data-toggle=\"modal\" data-target=\"#buyerModal\" data-id=\"163\">\n                                        M\u00e1s info                                    <\/button>\n                                <\/div>\n                            <\/div>\n                        <\/div>\n                                                                    <div class=\"buyer mb-3 col-md-3\" \n                             data-application_type=\"2\" \n                             data-genres=\"M\u00fasica Electroac\u00fastica \/ Acusm\u00e1tica\" \n                             data-country=\"Chile\" \n                             data-region=\"Am\u00e9rica del Sur\">\n                            <div class=\"card\">\n                                <img decoding=\"async\" src=\"https:\/\/ibermusicasbucket.s3.us-east-1.amazonaws.com\/2025\/Global\/graficas\/global-logo.jpg\" class=\"card-img-top\" alt=\"Cristobal Da\u00f1obeitia\">\n                                <div class=\"card-body\">\n                                    <h5 class=\"card-title\">Cristobal Da\u00f1obeitia<\/h5>\n                                    <p class=\"buyer-start-date\"><b>Fecha de apertura:<\/b> \n                                        <span>20 de Febrero, 2026<\/span>\n                                    <\/p>\n                                    <p class=\"buyer-finish-date\"><b>Fecha de cierre:<\/b> \n                                        <span>31 de Diciembre, 2026<\/span>\n                                    <\/p>\n                                    <button type=\"button\" class=\"btn-main moreInfo\" data-toggle=\"modal\" data-target=\"#buyerModal\" data-id=\"137\">\n                                        M\u00e1s info                                    <\/button>\n                                <\/div>\n                            <\/div>\n                        <\/div>\n                                                                    <div class=\"buyer mb-3 col-md-3\" \n                             data-application_type=\"2\" \n                             data-genres=\"R&amp;B: Funk \/ soul y derivados,M\u00fasica Urbana,Reggae,M\u00fasicas Regionales: Folclore,M\u00fasicas Regionales: Mambo &amp; Chachacha,M\u00fasicas Regionales: Cumbia y derivados,Otras m\u00fasicas regionales\" \n                             data-country=\"Argentina\" \n                             data-region=\"Europa\">\n                            <div class=\"card\">\n                                <img decoding=\"async\" src=\"https:\/\/ibermusicasbucket.s3.us-east-1.amazonaws.com\/2025\/Global\/graficas\/global-logo.jpg\" class=\"card-img-top\" alt=\"German Cantero\">\n                                <div class=\"card-body\">\n                                    <h5 class=\"card-title\">German Cantero<\/h5>\n                                    <p class=\"buyer-start-date\"><b>Fecha de apertura:<\/b> \n                                        <span>19 de Diciembre, 2025<\/span>\n                                    <\/p>\n                                    <p class=\"buyer-finish-date\"><b>Fecha de cierre:<\/b> \n                                        <span>31 de Diciembre, 2026<\/span>\n                                    <\/p>\n                                    <button type=\"button\" class=\"btn-main moreInfo\" data-toggle=\"modal\" data-target=\"#buyerModal\" data-id=\"99\">\n                                        M\u00e1s info                                    <\/button>\n                                <\/div>\n                            <\/div>\n                        <\/div>\n                                                                    <div class=\"buyer mb-3 col-md-3\" \n                             data-application_type=\"2\" \n                             data-genres=\"M\u00fasica Acad\u00e9mica: Contempor\u00e1nea,Rock: Contempor\u00e1neo,M\u00fasicas Regionales: Folclore,M\u00fasicas Regionales: MPB (M\u00fasica Popular Brasileira),M\u00fasicas Regionales: Samba\" \n                             data-country=\"Brasil\" \n                             data-region=\"Am\u00e9rica do Sul\">\n                            <div class=\"card\">\n                                <img decoding=\"async\" src=\"https:\/\/ibermusicasbucket.s3.us-east-1.amazonaws.com\/2025\/Global\/graficas\/global-logo.jpg\" class=\"card-img-top\" alt=\"Estela Ceregatti\">\n                                <div class=\"card-body\">\n                                    <h5 class=\"card-title\">Estela Ceregatti<\/h5>\n                                    <p class=\"buyer-start-date\"><b>Fecha de apertura:<\/b> \n                                        <span>24 de Diciembre, 2025<\/span>\n                                    <\/p>\n                                    <p class=\"buyer-finish-date\"><b>Fecha de cierre:<\/b> \n                                        <span>31 de Diciembre, 2026<\/span>\n                                    <\/p>\n                                    <button type=\"button\" class=\"btn-main moreInfo\" data-toggle=\"modal\" data-target=\"#buyerModal\" data-id=\"109\">\n                                        M\u00e1s info                                    <\/button>\n                                <\/div>\n                            <\/div>\n                        <\/div>\n                                                                    <div class=\"buyer mb-3 col-md-3\" \n                             data-application_type=\"2\" \n                             data-genres=\"R&amp;B: Jazz,Otras m\u00fasicas regionales\" \n                             data-country=\"Chile\" \n                             data-region=\"Europa\">\n                            <div class=\"card\">\n                                <img decoding=\"async\" src=\"https:\/\/ibermusicasbucket.s3.us-east-1.amazonaws.com\/2025\/Global\/graficas\/global-logo.jpg\" class=\"card-img-top\" alt=\"B\u00e1rbara L\u00f3pez SIlva\">\n                                <div class=\"card-body\">\n                                    <h5 class=\"card-title\">B\u00e1rbara L\u00f3pez SIlva<\/h5>\n                                    <p class=\"buyer-start-date\"><b>Fecha de apertura:<\/b> \n                                        <span>10 de Marzo, 2026<\/span>\n                                    <\/p>\n                                    <p class=\"buyer-finish-date\"><b>Fecha de cierre:<\/b> \n                                        <span>31 de Diciembre, 2026<\/span>\n                                    <\/p>\n                                    <button type=\"button\" class=\"btn-main moreInfo\" data-toggle=\"modal\" data-target=\"#buyerModal\" data-id=\"158\">\n                                        M\u00e1s info                                    <\/button>\n                                <\/div>\n                            <\/div>\n                        <\/div>\n                                                                    <div class=\"buyer mb-3 col-md-3\" \n                             data-application_type=\"2\" \n                             data-genres=\"M\u00fasica Acad\u00e9mica: Cl\u00e1sica,M\u00fasica Acad\u00e9mica: Contempor\u00e1nea,M\u00fasicas Regionales: Folclore,M\u00fasicas Regionales: Bossa Nova \/ Samba,M\u00fasicas Regionales: MPB (M\u00fasica Popular Brasileira),M\u00fasicas Regionales: Samba,M\u00fasicas Regionales: Bossa Nova,Otras m\u00fasicas regionales\" \n                             data-country=\"Brasil\" \n                             data-region=\"\u00c1sia Oriental\">\n                            <div class=\"card\">\n                                <img decoding=\"async\" src=\"https:\/\/ibermusicasbucket.s3.us-east-1.amazonaws.com\/2025\/Global\/graficas\/global-logo.jpg\" class=\"card-img-top\" alt=\"Fabricio Mattos, Brazilian Classical Guitarist\">\n                                <div class=\"card-body\">\n                                    <h5 class=\"card-title\">Fabricio Mattos, Brazilian Classical Guitarist<\/h5>\n                                    <p class=\"buyer-start-date\"><b>Fecha de apertura:<\/b> \n                                        <span>11 de Diciembre, 2025<\/span>\n                                    <\/p>\n                                    <p class=\"buyer-finish-date\"><b>Fecha de cierre:<\/b> \n                                        <span>31 de Diciembre, 2026<\/span>\n                                    <\/p>\n                                    <button type=\"button\" class=\"btn-main moreInfo\" data-toggle=\"modal\" data-target=\"#buyerModal\" data-id=\"92\">\n                                        M\u00e1s info                                    <\/button>\n                                <\/div>\n                            <\/div>\n                        <\/div>\n                                                                    <div class=\"buyer mb-3 col-md-3\" \n                             data-application_type=\"2\" \n                             data-genres=\"R&amp;B: Jazz,M\u00fasicas Regionales: Trova \/ bolero \/ danz\u00f3n \/ son,M\u00fasicas Regionales: Bossa Nova \/ Samba,M\u00fasicas Regionales: Tango\" \n                             data-country=\"Argentina\" \n                             data-region=\"Europa,Asia Oriental\">\n                            <div class=\"card\">\n                                <img decoding=\"async\" src=\"https:\/\/ibermusicasbucket.s3.us-east-1.amazonaws.com\/2025\/Global\/graficas\/global-logo.jpg\" class=\"card-img-top\" alt=\"TRES Latin Jazz\">\n                                <div class=\"card-body\">\n                                    <h5 class=\"card-title\">TRES Latin Jazz<\/h5>\n                                    <p class=\"buyer-start-date\"><b>Fecha de apertura:<\/b> \n                                        <span>11 de Diciembre, 2025<\/span>\n                                    <\/p>\n                                    <p class=\"buyer-finish-date\"><b>Fecha de cierre:<\/b> \n                                        <span>31 de Diciembre, 2026<\/span>\n                                    <\/p>\n                                    <button type=\"button\" class=\"btn-main moreInfo\" data-toggle=\"modal\" data-target=\"#buyerModal\" data-id=\"89\">\n                                        M\u00e1s info                                    <\/button>\n                                <\/div>\n                            <\/div>\n                        <\/div>\n                                                                    <div class=\"buyer mb-3 col-md-3\" \n                             data-application_type=\"2\" \n                             data-genres=\"M\u00fasica Acad\u00e9mica: Cl\u00e1sica\" \n                             data-country=\"Portugal\" \n                             data-region=\"Europa\">\n                            <div class=\"card\">\n                                <img decoding=\"async\" src=\"https:\/\/ibermusicasbucket.s3.us-east-1.amazonaws.com\/2025\/Global\/graficas\/global-logo.jpg\" class=\"card-img-top\" alt=\"Ibertrio\">\n                                <div class=\"card-body\">\n                                    <h5 class=\"card-title\">Ibertrio<\/h5>\n                                    <p class=\"buyer-start-date\"><b>Fecha de apertura:<\/b> \n                                        <span>9 de Enero, 2026<\/span>\n                                    <\/p>\n                                    <p class=\"buyer-finish-date\"><b>Fecha de cierre:<\/b> \n                                        <span>31 de Diciembre, 2026<\/span>\n                                    <\/p>\n                                    <button type=\"button\" class=\"btn-main moreInfo\" data-toggle=\"modal\" data-target=\"#buyerModal\" data-id=\"120\">\n                                        M\u00e1s info                                    <\/button>\n                                <\/div>\n                            <\/div>\n                        <\/div>\n                                                                    <div class=\"buyer mb-3 col-md-3\" \n                             data-application_type=\"2\" \n                             data-genres=\"M\u00fasica Acad\u00e9mica: Cl\u00e1sica,M\u00fasica Acad\u00e9mica: Contempor\u00e1nea,M\u00fasica Electroac\u00fastica \/ Acusm\u00e1tica,Pop,M\u00fasicas Regionales: Folclore\" \n                             data-country=\"Espa\u00f1a\" \n                             data-region=\"Europa\">\n                            <div class=\"card\">\n                                <img decoding=\"async\" src=\"https:\/\/ibermusicasbucket.s3.us-east-1.amazonaws.com\/2025\/Global\/graficas\/global-logo.jpg\" class=\"card-img-top\" alt=\"Miguel Angel Pacheco Maicas\">\n                                <div class=\"card-body\">\n                                    <h5 class=\"card-title\">Miguel Angel Pacheco Maicas<\/h5>\n                                    <p class=\"buyer-start-date\"><b>Fecha de apertura:<\/b> \n                                        <span>15 de Enero, 2026<\/span>\n                                    <\/p>\n                                    <p class=\"buyer-finish-date\"><b>Fecha de cierre:<\/b> \n                                        <span>31 de Diciembre, 2026<\/span>\n                                    <\/p>\n                                    <button type=\"button\" class=\"btn-main moreInfo\" data-toggle=\"modal\" data-target=\"#buyerModal\" data-id=\"129\">\n                                        M\u00e1s info                                    <\/button>\n                                <\/div>\n                            <\/div>\n                        <\/div>\n                                                                    <div class=\"buyer mb-3 col-md-3\" \n                             data-application_type=\"2\" \n                             data-genres=\"R&amp;B: Jazz,M\u00fasicas Regionales: Folclore,M\u00fasicas Regionales: Calypso,Otras m\u00fasicas regionales\" \n                             data-country=\"Panam\u00e1\" \n                             data-region=\"Am\u00e9rica del Sur\">\n                            <div class=\"card\">\n                                <img decoding=\"async\" src=\"https:\/\/ibermusicasbucket.s3.us-east-1.amazonaws.com\/2025\/Global\/graficas\/global-logo.jpg\" class=\"card-img-top\" alt=\"Billy Herron\">\n                                <div class=\"card-body\">\n                                    <h5 class=\"card-title\">Billy Herron<\/h5>\n                                    <p class=\"buyer-start-date\"><b>Fecha de apertura:<\/b> \n                                        <span>10 de Marzo, 2026<\/span>\n                                    <\/p>\n                                    <p class=\"buyer-finish-date\"><b>Fecha de cierre:<\/b> \n                                        <span>31 de Mayo, 2027<\/span>\n                                    <\/p>\n                                    <button type=\"button\" class=\"btn-main moreInfo\" data-toggle=\"modal\" data-target=\"#buyerModal\" data-id=\"155\">\n                                        M\u00e1s info                                    <\/button>\n                                <\/div>\n                            <\/div>\n                        <\/div>\n                                                <\/div>\n            <div id=\"no-results-message\" class=\"alert alert-warning\" style=\"display:none;\">\n                No se encontraron resultados            <\/div>\n        <\/div>\n    <\/div>\n<\/div>\n\n<!-- Modal -->\n<div class=\"modal fade\" id=\"buyerModal\" tabindex=\"-1\" aria-labelledby=\"buyerModalLabel\" aria-hidden=\"true\">\n    <div class=\"modal-dialog modal-xl modal-dialog-centered\">\n        <div class=\"modal-content\">\n            <div class=\"modal-body\">\n                <!-- Modal content will be populated via AJAX -->\n            <\/div>\n        <\/div>\n    <\/div>\n<\/div>\n<\/div>\n\n\n\n<div class=\"wp-block-columns alignwide is-layout-flex wp-container-core-columns-is-layout-d2da2050 wp-block-columns-is-layout-flex\" style=\"margin-bottom:0\">\n<div class=\"wp-block-column is-layout-flow wp-block-column-is-layout-flow\" style=\"padding-top:var(--wp--preset--spacing--50);padding-right:var(--wp--preset--spacing--60);padding-bottom:var(--wp--preset--spacing--50);padding-left:var(--wp--preset--spacing--60)\"><\/div>\n\n\n\n<div class=\"wp-block-column has-base-color has-accent-3-background-color has-text-color has-background has-link-color wp-elements-ac77922e9ecd2ba68233253878367106 is-layout-flow wp-block-column-is-layout-flow\" style=\"padding-top:var(--wp--preset--spacing--50);padding-right:var(--wp--preset--spacing--60);padding-bottom:var(--wp--preset--spacing--50);padding-left:var(--wp--preset--spacing--60)\">\n<h4 class=\"wp-block-heading\">CONTATO<\/h4>\n\n\n\n<p><span><a href=\"mailto:Global@ibermusicas.org\">Global@ibermusicas.org<\/a><\/span><\/p>\n<\/div>\n\n\n\n<div class=\"wp-block-column is-layout-flow wp-block-column-is-layout-flow\"><\/div>\n<\/div>\n","protected":false},"excerpt":{"rendered":"<p>Iberm\u00fasicas \u00e9 um Programa de Coopera\u00e7\u00e3o Internacional que busca fortalecer o desenvolvimento profissional e art\u00edstico de m\u00fasicos e profissionais vinculados \u00e0 \u00e1rea. H\u00e1 mais de 10 anos, o Iberm\u00fasicas fomenta redes e internacionaliza a participa\u00e7\u00e3o de mais de 8.000 artistas, pesquisadores e gestores ibero-americanos, com um investimento superior a US$ 9 milh\u00f5es. Agora, o Iberm\u00fasicas [&hellip;]<\/p>\n","protected":false},"author":1,"featured_media":0,"parent":0,"menu_order":0,"comment_status":"closed","ping_status":"closed","template":"","meta":{"_monsterinsights_skip_tracking":false,"_monsterinsights_sitenote_active":false,"_monsterinsights_sitenote_note":"","_monsterinsights_sitenote_category":0,"footnotes":""},"class_list":["post-25892","page","type-page","status-publish","hentry"],"lang":"pt","translations":{"pt":25892,"es":18537,"en":25891},"pll_sync_post":[],"post_mailing_queue_ids":[],"_links":{"self":[{"href":"https:\/\/www.ibermusicas.org\/index.php\/wp-json\/wp\/v2\/pages\/25892","targetHints":{"allow":["GET"]}}],"collection":[{"href":"https:\/\/www.ibermusicas.org\/index.php\/wp-json\/wp\/v2\/pages"}],"about":[{"href":"https:\/\/www.ibermusicas.org\/index.php\/wp-json\/wp\/v2\/types\/page"}],"author":[{"embeddable":true,"href":"https:\/\/www.ibermusicas.org\/index.php\/wp-json\/wp\/v2\/users\/1"}],"replies":[{"embeddable":true,"href":"https:\/\/www.ibermusicas.org\/index.php\/wp-json\/wp\/v2\/comments?post=25892"}],"version-history":[{"count":11,"href":"https:\/\/www.ibermusicas.org\/index.php\/wp-json\/wp\/v2\/pages\/25892\/revisions"}],"predecessor-version":[{"id":26086,"href":"https:\/\/www.ibermusicas.org\/index.php\/wp-json\/wp\/v2\/pages\/25892\/revisions\/26086"}],"wp:attachment":[{"href":"https:\/\/www.ibermusicas.org\/index.php\/wp-json\/wp\/v2\/media?parent=25892"}],"curies":[{"name":"wp","href":"https:\/\/api.w.org\/{rel}","templated":true}]}}