{"id":26396,"date":"2025-10-13T17:31:31","date_gmt":"2025-10-13T17:31:31","guid":{"rendered":"https:\/\/www.ibermusicas.org\/?page_id=26396"},"modified":"2025-11-01T00:33:23","modified_gmt":"2025-11-01T00:33:23","slug":"encuentro-iberoamericano-de-orquestas-sinfonicas","status":"publish","type":"page","link":"https:\/\/www.ibermusicas.org\/index.php\/encuentro-iberoamericano-de-orquestas-sinfonicas\/","title":{"rendered":""},"content":{"rendered":"\n<figure class=\"wp-block-image size-full\"><img loading=\"lazy\" decoding=\"async\" width=\"4500\" height=\"1564\" src=\"https:\/\/www.ibermusicas.org\/wp-content\/uploads\/2025\/10\/2025-RIOS-EncORQ_-bann-1080x375_ES.png\" alt=\"\" class=\"wp-image-26665\"\/><\/figure>\n\n\n\n<div class=\"wp-block-group alignwide has-global-padding is-layout-constrained wp-block-group-is-layout-constrained\" style=\"margin-top:0;margin-bottom:0\">\n<div class=\"wp-block-getwid-tabs alignwide has-layout-vertical-left\" data-active-tab=\"0\"><ul class=\"wp-block-getwid-tabs__nav-links\"><\/ul>\n<div class=\"wp-block-getwid-tabs__nav-link\"><span class=\"wp-block-getwid-tabs__title-wrapper\"><a href=\"#\"><span class=\"wp-block-getwid-tabs__title\">Inicio<\/span><\/a><\/span><\/div><div class=\"wp-block-getwid-tabs__tab-content-wrapper\"><div class=\"wp-block-getwid-tabs__tab-content\">\n<figure class=\"wp-block-image size-full\"><img loading=\"lazy\" decoding=\"async\" width=\"1377\" height=\"243\" src=\"https:\/\/www.ibermusicas.org\/wp-content\/uploads\/2025\/10\/perc.jpg\" alt=\"\" class=\"wp-image-26620\"\/><\/figure>\n\n\n\n<p class=\"has-text-align-left\"><strong><mark style=\"background-color:rgba(0, 0, 0, 0);color:#d78738\" class=\"has-inline-color\">RIOS se propone crear un hecho hist\u00f3rico: <br>El primer encuentro de las orquestas sinf\u00f3nicas de Iberoam\u00e9rica.<\/mark><\/strong><\/p>\n\n\n\n<figure class=\"wp-block-image size-full\"><img loading=\"lazy\" decoding=\"async\" width=\"1384\" height=\"506\" src=\"https:\/\/www.ibermusicas.org\/wp-content\/uploads\/2025\/10\/cond.jpg\" alt=\"\" class=\"wp-image-26621\"\/><\/figure>\n\n\n\n<p><mark style=\"background-color:rgba(0, 0, 0, 0)\" class=\"has-inline-color has-accent-4-color\"><strong>FECHAS<\/strong><\/mark><\/p>\n\n\n\n<p><strong>6 al 8 de noviembre de 2025<\/strong><\/p>\n\n\n\n<p><strong><mark style=\"background-color:rgba(0, 0, 0, 0)\" class=\"has-inline-color has-accent-4-color\">ESPACIO<\/mark><\/strong><\/p>\n\n\n\n<p>Centro de Extensi\u00f3n Art\u00edstica y Cultural de la Universidad de Chile, sede de la Orquesta Sinf\u00f3nica Nacional de Chile.<\/p>\n\n\n\n<p><strong><mark style=\"background-color:rgba(0, 0, 0, 0)\" class=\"has-inline-color has-accent-4-color\">UBICACION<\/mark><\/strong><\/p>\n\n\n\n<p>Santiago de Chile.<br>Complejo Universitario VM20, Centro de Extensi\u00f3n Art\u00edstica y Cultural. Universidad de Chile.<br>Av. Vicu\u00f1a Mackenna 20, Providencia, Regi\u00f3n Metropolitana, Chile.<\/p>\n\n\n\n<figure class=\"wp-block-image size-full\"><img loading=\"lazy\" decoding=\"async\" width=\"4928\" height=\"3264\" src=\"https:\/\/www.ibermusicas.org\/wp-content\/uploads\/2025\/10\/18567090538_63d95af255_o-2.jpg\" alt=\"\" class=\"wp-image-26685\"\/><\/figure>\n\n\n\n<p><\/p>\n\n\n\n<p><\/p>\n<\/div><\/div>\n\n\n\n<div class=\"wp-block-getwid-tabs__nav-link\"><span class=\"wp-block-getwid-tabs__title-wrapper\"><a href=\"#\"><span class=\"wp-block-getwid-tabs__title\">Bienvenida<\/span><\/a><\/span><\/div><div class=\"wp-block-getwid-tabs__tab-content-wrapper\"><div class=\"wp-block-getwid-tabs__tab-content\">\n<p class=\"has-text-align-left\"><strong><mark style=\"background-color:rgba(0, 0, 0, 0);color:#d78738\" class=\"has-inline-color\">Les damos la m\u00e1s c\u00e1lida bienvenida al Primer&nbsp;Encuentro Iberoamericano de Orquestas.<\/mark><\/strong><\/p>\n\n\n\n<p>Este evento marca un hito para&nbsp;<strong>RIOS \u2013 Red Iberoamericana de Orquestas Sinf\u00f3nicas<\/strong>, la organizaci\u00f3n que conecta a m\u00e1s de 70 orquestas profesionales de 16 pa\u00edses, bajo el auspicio del Programa IBERM\u00daSICAS.<\/p>\n\n\n\n<p>Creada en 2022, RIOS trabaja para articular acciones conjuntas, fomentar el desarrollo institucional y fortalecer la presencia de la m\u00fasica sinf\u00f3nica en nuestra regi\u00f3n<br>y el mundo.<\/p>\n\n\n\n<p>Durante estos d\u00edas, nos reunimos para reflexionar sobre los principales desaf\u00edos y oportunidades que atraviesan nuestras orquestas: la sustentabilidad, la transformaci\u00f3n en la era digital, la formaci\u00f3n de audiencias, la innova- ci\u00f3n art\u00edstica y el papel clave de las orquestas en la vida cultural iberoamericana.<\/p>\n\n\n\n<p class=\"has-text-align-left\">En este sentido, este encuentro es una oportunidad para compartir estrategias, idear soluciones en conjunto y construir futuros sostenibles. <\/p>\n\n\n\n<p class=\"has-text-align-left\">\u00a1Gracias al CEAC y al Ministerio de las Culturas, las Artes<br>y el Patrimonio de Chile, por su respaldo decisivo para llevar adelante este paso fundamental en el desarrollo de nuestra red, y gracias a nuestras orquestas por sumarse a esta construcci\u00f3n colectiva!<\/p>\n\n\n\n<p><strong><mark style=\"background-color:rgba(0, 0, 0, 0);color:#d78738\" class=\"has-inline-color\">FRANCISCO VARELA<\/mark><\/strong><\/p>\n\n\n\n<p class=\"has-text-align-left\"><em>Director Ejecutivo<br>Red Iberoamericana de Orquestas Sinf\u00f3nicas, RIOS Iberm\u00fasicas<\/em><\/p>\n\n\n\n<figure class=\"wp-block-image size-full\"><img loading=\"lazy\" decoding=\"async\" width=\"1377\" height=\"243\" src=\"https:\/\/www.ibermusicas.org\/wp-content\/uploads\/2025\/10\/perc.jpg\" alt=\"\" class=\"wp-image-26620\"\/><\/figure>\n\n\n\n<p class=\"has-text-align-left\"><mark style=\"background-color:rgba(0, 0, 0, 0);color:#d78738\" class=\"has-inline-color\"><strong>Desde o Programa Iberm\u00fasicas damos as mais cordiais boas-vindas \u00e0s e aos participantes deste Primeiro Encontro da RIOS<\/strong>, <\/mark>um marco de enorme relev\u00e2ncia para o fortalecimento desta rede, criada h\u00e1 apenas tr\u00eas anos no \u00e2mbito do Iberm\u00fasicas.<\/p>\n\n\n\n<p>\u00c9 uma grande alegria podermos nos reunir no Chile gra\u00e7as ao decidido apoio do Minist\u00e9rio das Culturas, das Artes e do Patrim\u00f4nio, junto com o Centro de Extens\u00e3o das Artes da Universidade do Chile, institui\u00e7\u00f5es cuja colabora\u00e7\u00e3o tornou poss\u00edvel este encontro.<\/p>\n\n\n\n<p class=\"has-text-align-left\">Este espa\u00e7o ser\u00e1 uma inst\u00e2ncia de reflex\u00e3o, a\u00e7\u00e3o e proje\u00e7\u00e3o para o futuro, que certamente transformar\u00e1 a maneira como concebemos e desenvolvemos nossas orquestras, ao reconhecermo-nos como parte de uma mesma rede no marco deste grande concerto de na\u00e7\u00f5es. <\/p>\n\n\n\n<p class=\"has-text-align-left\">Como presidenta deste Programa de Coopera\u00e7\u00e3o Ibero- americana, integrado por dezesseis pa\u00edses, \u00e9 para mim uma honra e um privil\u00e9gio dar-lhes as boas-vindas em nome da Argentina, Brasil, Chile, Col\u00f4mbia, Costa Rica, Cuba, Equador, El Salvador, Espanha, M\u00e9xico, Panam\u00e1, Paraguai, Peru, Portugal, Uruguai, Venezuela e da Secretaria-Geral Ibero-americana (SEGIB).<\/p>\n\n\n\n<p><strong><mark style=\"background-color:rgba(0, 0, 0, 0);color:#d78738\" class=\"has-inline-color\">EUL\u00cdCIA ESTEVES<\/mark><\/strong><\/p>\n\n\n\n<p class=\"has-text-align-left\"><em>Presidenta de Iberm\u00fasicas<\/em><\/p>\n\n\n\n<figure class=\"wp-block-image size-full\"><img loading=\"lazy\" decoding=\"async\" width=\"1384\" height=\"506\" src=\"https:\/\/www.ibermusicas.org\/wp-content\/uploads\/2025\/10\/cond.jpg\" alt=\"\" class=\"wp-image-26621\"\/><\/figure>\n\n\n\n<p>Desde el Centro de Extensi\u00f3n Art\u00edstica y Cultural de la Universidad de Chile, hogar de la Orquesta Sinf\u00f3nica Nacional de Chile, queremos dar&nbsp;<mark style=\"background-color:rgba(0, 0, 0, 0);color:#d78738\" class=\"has-inline-color\"><strong>la m\u00e1s cordial bienvenida a todas y todos los participantes del Primer Encuentro Iberoamericano de Orquestas<\/strong>.<\/mark><\/p>\n\n\n\n<p>Este encuentro representa la materializaci\u00f3n de un sue\u00f1o compartido en Iberoam\u00e9rica: que a trav\u00e9s de nuestras orquestas se creen puentes entre pa\u00edses.<\/p>\n\n\n\n<p>Como instituci\u00f3n comprometida con las artes y la<br>cultura como agente de cambio y punto de uni\u00f3n, nos enorgullece ser anfitriones de este evento hist\u00f3rico, en el reci\u00e9n inaugurado complejo cultural, VM20. Agradecemos especialmente a RIOS, por permitirnos desde un inicio so\u00f1ar juntos y co-organizar este espacio de reuni\u00f3n tan anhelado. Asimismo, al Ministerio de las Culturas, las Artes y el Patrimonio por sumarse a la organizaci\u00f3n. \u00a1Sean todas y todos muy bienvenidos!<\/p>\n\n\n\n<p><strong><mark style=\"background-color:rgba(0, 0, 0, 0);color:#d78738\" class=\"has-inline-color\">DOMINIQUE MICHELLE THOMANN<\/mark><\/strong><\/p>\n\n\n\n<p><em>Directora CEAC Universidad de Chile<\/em><\/p>\n\n\n\n<figure class=\"wp-block-image size-full\"><img loading=\"lazy\" decoding=\"async\" width=\"1136\" height=\"386\" src=\"https:\/\/www.ibermusicas.org\/wp-content\/uploads\/2025\/10\/back.jpg\" alt=\"\" class=\"wp-image-26622\"\/><figcaption class=\"wp-element-caption\">Screenshot<\/figcaption><\/figure>\n\n\n\n<p>El Ministerio de las Culturas, las Artes y el Patrimonio<br>de Chile, junto al Consejo de Fomento de la M\u00fasica Nacional y la Secretar\u00eda Ejecutiva de la M\u00fasica,&nbsp;<strong><mark style=\"background-color:rgba(0, 0, 0, 0);color:#d78738\" class=\"has-inline-color\">celebra el Primer Encuentro de la Red Iberoamericana de Orquestas Sinf\u00f3nicas (RIOS)&nbsp;<\/mark><\/strong>, coorganizado junto a la Universidad de Chile y el Programa IBERM\u00daSICAS, encuentro que fortalece el v\u00ednculo entre orquestas profesionales de<\/p>\n\n\n\n<p>la regi\u00f3n, reafirmando as\u00ed nuestro compromiso con el desarrollo , el di\u00e1logo, la colaboraci\u00f3n y la proyecci\u00f3n internacional de la m\u00fasica sinf\u00f3nica, con la convicci\u00f3n de que la m\u00fasica es un lenguaje com\u00fan que une culturas, inspira personas y proyecta un futuro m\u00e1s integrado, creativo y solidario para Iberoam\u00e9rica.<\/p>\n\n\n\n<p><strong><mark style=\"background-color:rgba(0, 0, 0, 0);color:#d78738\" class=\"has-inline-color\">SUSANA TELLO IBARRA<\/mark><\/strong><\/p>\n\n\n\n<p><em>Secretaria Ejecutiva Fondo de Fomento de la M\u00fasica Nacional Subsecretar\u00eda de las Culturas y las Artes<br>Ministerio de las Culturas, las Artes y el Patrimonio<\/em><\/p>\n\n\n\n<p><\/p>\n<\/div><\/div>\n\n\n\n<div class=\"wp-block-getwid-tabs__nav-link\"><span class=\"wp-block-getwid-tabs__title-wrapper\"><a href=\"#\"><span class=\"wp-block-getwid-tabs__title\">Presentaci\u00f3n<\/span><\/a><\/span><\/div><div class=\"wp-block-getwid-tabs__tab-content-wrapper\"><div class=\"wp-block-getwid-tabs__tab-content\">\n<p><br>Directivos y gestores de las orquestas miembros de RIOS, directores de orquesta, m\u00fasicos, gestores culturales, instituciones educativas, y representantes del sector orquestal de la regi\u00f3n se dar\u00e1n cita durante tres d\u00edas para reflexionar sobre su situaci\u00f3n actual, compartir buenas pr\u00e1cticas y explorar estrategias para fortalecer el sector y prepararlo para los retos del futuro.<\/p>\n\n\n\n<p>El <strong>Primer Encuentro Iberoamericano de Orquestas <\/strong>se centrar\u00e1 en los desaf\u00edos y oportunidades que enfrenta el sector. Se plantear\u00e1n preguntas clave: \u00bfC\u00f3mo podemos fortalecer la resiliencia y la relevancia de nuestras orquestas dentro de las comunidades? \u00bfDe qu\u00e9 manera optimizamos las redes profesionales<br>y las nuevas tecnolog\u00edas para generar un mayor impacto? \u00bfC\u00f3mo podemos consolidar y fortalecer nuestras instituciones? \u00bfQu\u00e9 estrategias adoptamos para financiar nuestras temporadas? Y, lo m\u00e1s importante, \u00bfc\u00f3mo ser\u00e1n nuestras orquestas en la pr\u00f3xima d\u00e9cada: evolucionar\u00e1n para mantenerse relevantes o se transformar\u00e1n de manera radical?<\/p>\n\n\n\n<p>Estas son algunas de las preguntas que marcar\u00e1n no solo el futuro de las orquestas, sino tambi\u00e9n el avance de la cultura y la cooperaci\u00f3n internacional.<\/p>\n\n\n\n<figure class=\"wp-block-image size-full\"><img loading=\"lazy\" decoding=\"async\" width=\"6764\" height=\"2255\" src=\"https:\/\/www.ibermusicas.org\/wp-content\/uploads\/2025\/10\/MUSICOS-EN-GRUPO-ALTA-RESOLUCION-97.jpg\" alt=\"\" class=\"wp-image-26625\"\/><\/figure>\n\n\n\n<p><strong><mark style=\"background-color:rgba(0, 0, 0, 0)\" class=\"has-inline-color has-accent-4-color\">OBJETIVOS DEL EVENTO<\/mark><\/strong><\/p>\n\n\n\n<p><br><strong><mark style=\"background-color:rgba(0, 0, 0, 0);color:#d78738\" class=\"has-inline-color\">01&nbsp;<\/mark> <\/strong>Promover el intercambio y las buenas pr\u00e1cticas entre las orquestas sinf\u00f3nicas iberoamericanas.<br><br><strong><mark style=\"background-color:rgba(0, 0, 0, 0);color:#d78738\" class=\"has-inline-color\">02<\/mark>&nbsp; <\/strong>Fomentar la colaboraci\u00f3n art\u00edstica y cultural entre orquestas de Iberoam\u00e9rica.<br><br><strong><mark style=\"background-color:rgba(0, 0, 0, 0);color:#d78738\" class=\"has-inline-color\">03<\/mark>&nbsp; <\/strong>Establecer una red formal de contactos y colaboradores dentro del circuito art\u00edstico.<\/p>\n\n\n\n<p><strong><mark style=\"background-color:rgba(0, 0, 0, 0);color:#d78738\" class=\"has-inline-color\">04&nbsp;<\/mark> <\/strong>Ofrecer talleres y paneles sobre temas relevantes, como la gesti\u00f3n de orquestas, la innovaci\u00f3n en programaci\u00f3n y la inclusi\u00f3n en la m\u00fasica cl\u00e1sica.<br><\/p>\n\n\n\n<div class=\"wp-block-buttons is-layout-flex wp-block-buttons-is-layout-flex\">\n<div class=\"wp-block-button\"><a class=\"wp-block-button__link wp-element-button\" href=\"https:\/\/www.ibermusicas.org\/wp-content\/uploads\/2025\/10\/2025-RIOS-brochure-ES-_OKscreen.pdf\" target=\"_blank\" rel=\"noreferrer noopener\">DESCARGAR PROGRAMA EN PDF<\/a><\/div>\n<\/div>\n<\/div><\/div>\n\n\n\n<div class=\"wp-block-getwid-tabs__nav-link\"><span class=\"wp-block-getwid-tabs__title-wrapper\"><a href=\"#\"><span class=\"wp-block-getwid-tabs__title\">Agenda<\/span><\/a><\/span><\/div><div class=\"wp-block-getwid-tabs__tab-content-wrapper\"><div class=\"wp-block-getwid-tabs__tab-content\">\n<h2 class=\"wp-block-heading\"><mark style=\"background-color:rgba(0, 0, 0, 0)\" class=\"has-inline-color has-accent-4-color\">Agenda<\/mark><\/h2>\n\n\n\n<p><strong><mark style=\"background-color:rgba(0, 0, 0, 0);color:#d78738\" class=\"has-inline-color\">D\u00cdA 1 &#8211; 6 DE NOVIEMBRE DE 2025<\/mark><\/strong><\/p>\n\n\n\n<p><mark style=\"background-color:rgba(0, 0, 0, 0);color:#d78738\" class=\"has-inline-color\">17:30 \/\/&nbsp; <\/mark>Registro de Participantes<\/p>\n\n\n\n<p><mark style=\"background-color:rgba(0, 0, 0, 0);color:#d78738\" class=\"has-inline-color\">18:30 \/\/<\/mark> <strong>Ceremonia de Apertura:<\/strong><\/p>\n\n\n\n<p><em>Bienvenida por parte de autoridades<\/em><\/p>\n\n\n\n<p><mark style=\"background-color:rgba(0, 0, 0, 0);color:#d78738\" class=\"has-inline-color\">19:00 \/\/<\/mark> <strong>Brindis de Bienvenida<\/strong><\/p>\n\n\n\n<p><strong><mark style=\"background-color:rgba(0, 0, 0, 0);color:#d78738\" class=\"has-inline-color\">D\u00cdA 2 &#8211; 7 DE NOVIEMBRE DE 2025<\/mark><\/strong><\/p>\n\n\n\n<p><mark style=\"background-color:rgba(0, 0, 0, 0);color:#d78738\" class=\"has-inline-color\">08:30 \/\/ <\/mark>Networking<\/p>\n\n\n\n<p><mark style=\"background-color:rgba(0, 0, 0, 0);color:#d78738\" class=\"has-inline-color\">09:00 \/\/ <strong><em>La responsabilidad pol\u00edtica y social de las orquestas en el s.XXI.<\/em><\/strong><\/mark><strong><em><br><\/em>Marcela Reartes<\/strong>, Lic. en Ciencia Pol\u00edtica, gestora y productora art\u00edstica (Argentina)<\/p>\n\n\n\n<p><mark style=\"background-color:rgba(0, 0, 0, 0);color:#d78738\" class=\"has-inline-color\">10:10 \/\/ <strong><em>M\u00e1s all\u00e1 del escenario: hacia una gesti\u00f3n colectiva en la m\u00fasica.<\/em><\/strong><\/mark><strong><em><br><\/em>Carlos Mendes <\/strong>y <strong>Marcos Souza<\/strong>, Petrobras Sinf\u00f3nica (Brasil)<br><strong>Irene Monterroso<\/strong>,<strong> <\/strong>OSN Costa Rica &#8211; Federaci\u00f3n Internacional de M\u00fasicos FIM (Costa Rica)<br><em>Modera: <\/em><strong>Ver\u00f3nica Saracho<\/strong>, Orquesta de C\u00e1mara Municipal de Rosario (Argentina)<br><br><mark style=\"background-color:rgba(0, 0, 0, 0);color:#d78738\" class=\"has-inline-color\">11:20 \/\/ <\/mark>Coffee Break&nbsp;<\/p>\n\n\n\n<p><mark style=\"background-color:rgba(0, 0, 0, 0);color:#d78738\" class=\"has-inline-color\">11:50 \/\/ <strong><em>Construyendo Futuro: El Rol de las Orquestas en la formaci\u00f3n musical.<\/em><\/strong><\/mark><strong><em>&nbsp;<\/em>                                                                                                                 Rub\u00e9n Capriles<\/strong>, Orquesta Filarm\u00f3nica Nacional (Venezuela)<br><strong>Felipe Pinto d \u0301Aguiar<\/strong>,<strong> <\/strong>FAA-UACh (Chile)<br><strong>Isaac Terceros<\/strong>,<strong> <\/strong>Filarm\u00f3nica de Santa Cruz de la Sierra (Bolivia)<br><strong>Ana Fl\u00e1via Cabral Souza Leite<\/strong>,<strong> <\/strong>Orquesta Sinf\u00f3nica Brasile\u00f1a (Brasil)<br><em>Modera: <\/em><strong>Dominique Thomann<\/strong>,<strong> <\/strong>CEAC (Chile)&nbsp;<\/p>\n\n\n\n<p><mark style=\"background-color:rgba(0, 0, 0, 0);color:#d78738\" class=\"has-inline-color\">13:00 \/\/<strong> <\/strong><\/mark>Almuerzo<\/p>\n\n\n\n<p><mark style=\"background-color:rgba(0, 0, 0, 0);color:#d78738\" class=\"has-inline-color\">14:30 \/\/ <strong><em>La transformaci\u00f3n digital \u2013 orquestas y coros en un punto de inflexi\u00f3n.&nbsp;<\/em><\/strong><\/mark><br><strong>Anselm Rose<\/strong>,<strong> <\/strong>Director General de las Orquestas y Coros de Radio GmbH (Alemania)<\/p>\n\n\n\n<p><mark style=\"background-color:rgba(0, 0, 0, 0);color:#d78738\" class=\"has-inline-color\">15:40 \/\/ <\/mark>Coffee Break<\/p>\n\n\n\n<p><mark style=\"background-color:rgba(0, 0, 0, 0);color:#d78738\" class=\"has-inline-color\">16:10 \/\/<\/mark> <strong>Sesi\u00f3n de trabajo RIOS<\/strong><\/p>\n\n\n\n<p><mark style=\"background-color:rgba(0, 0, 0, 0);color:#d78738\" class=\"has-inline-color\">18:15 \/\/ <\/mark>Traslado al Concierto<\/p>\n\n\n\n<p><mark style=\"background-color:rgba(0, 0, 0, 0);color:#d78738\" class=\"has-inline-color\">19:30 \/\/ <\/mark><strong>Concierto<\/strong><br>Teatro California<br><strong>Orquesta de C\u00e1mara de Chile<br>Jorge Pinz\u00f3n<\/strong>, oboe<br><strong>Marc Moncusi<\/strong>, Director invitado <br><br>J. Turina: <em>La Oraci\u00f3n del Torero, Op. 34 <\/em><br>W. A. Mozart: <em>Concierto Oboe en Do Mayor, Kv. 314<\/em><br>L. v Beethoven: <em>Sinfon\u00eda N. 4 in Bb Major, Op. 60<\/em><\/p>\n\n\n\n<p><\/p>\n\n\n\n<p><strong><mark style=\"background-color:rgba(0, 0, 0, 0);color:#d78738\" class=\"has-inline-color\">D\u00cdA 3 &#8211; 8 DE NOVIEMBRE DE 2025<\/mark><\/strong><\/p>\n\n\n\n<p><mark style=\"background-color:rgba(0, 0, 0, 0);color:#d78738\" class=\"has-inline-color\">08:30 \/\/ <\/mark>Networking<\/p>\n\n\n\n<p><mark style=\"background-color:rgba(0, 0, 0, 0);color:#d78738\" class=\"has-inline-color\">09:00 \/\/<strong><em>Financiamento, gesti\u00f3n e impacto: la sostenibilidad de la Osesp.<\/em><\/strong><\/mark><strong><em><br><\/em>Marcelo Lopes<\/strong>, Orquestra Sinf\u00f3nica del Estado de San Pablo (Brasil)<br><em>Modera: <\/em><strong>Maria Catalina Prieto<\/strong>, FilarMed (Colombia)<\/p>\n\n\n\n<p><mark style=\"background-color:rgba(0, 0, 0, 0);color:#d78738\" class=\"has-inline-color\">10:10 \/\/ <strong><em>Liderazgo femenino y transformaci\u00f3n en el campo orquestal.<\/em><\/strong><\/mark><strong><em><br><\/em>Dominique Thomann, <\/strong>CEAC (Chile)<br><strong>Maria Catalina Prieto, <\/strong>FilarMed (Colombia)<br><strong>Ana Fl\u00e1via Cabral Souza Leite, <\/strong>Orquesta Sinf\u00f3nica Brasile\u00f1a (Brasil)<br><strong>Marcela Reartes, <\/strong>ex directora Teatro Libertador (Argentina)<br><em>Modera: <\/em><strong>Eul\u00edcia Esteves, <\/strong>Presidenta de Iberm\u00fasicas (Brasil)<\/p>\n\n\n\n<p><mark style=\"background-color:rgba(0, 0, 0, 0);color:#d78738\" class=\"has-inline-color\">11:20 \/\/ <\/mark>Coffee Break<\/p>\n\n\n\n<p><mark style=\"background-color:rgba(0, 0, 0, 0);color:#d78738\" class=\"has-inline-color\">11:50 \/\/ <strong><em>Nuevas orquestas para un nuevo siglo.<\/em><\/strong> <\/mark><mark style=\"background-color:rgba(0, 0, 0, 0);color:#000000\" class=\"has-inline-color\"> <\/mark><br><strong>Mar\u00eda Victoria Sosa Z\u00e1rate, <\/strong>OSN Paraguay (Paraguay)<br><strong>Martin Fraile Milstein, <\/strong>Orquesta Filarm\u00f3nica de R\u00edo Negro (Argentina)<br><strong>Diomar Silveira, <\/strong>Filarm\u00f3nica de Minas Gerais (Brasil)<br><em>Modera: <\/em><strong>Francisco Brunner, <\/strong>Orquesta UANDES (Chile)<\/p>\n\n\n\n<p><mark style=\"background-color:rgba(0, 0, 0, 0);color:#d78738\" class=\"has-inline-color\">13:00 \/\/ <\/mark>Almuerzo<\/p>\n\n\n\n<p><mark style=\"background-color:rgba(0, 0, 0, 0);color:#d78738\" class=\"has-inline-color\">14:30 \/\/ <strong><em>Del canon a la creaci\u00f3n: tensiones en el arte vivo.<\/em><\/strong><\/mark><strong><em><br><\/em>Jos\u00e9 Julio D\u00edaz Infante, <\/strong>Orquesta Filarm\u00f3nica de la UNAM (M\u00e9xico)<br><strong>Susana Palacios<\/strong>, Orquesta Sinf\u00f3nica de la EAFIT (Colombia)<br><strong>Igor Corcuera C\u00e1ceres<\/strong>, OSN Cuba (Cuba)<br><em>Modera: <\/em><strong>Anal\u00eda Belli, <\/strong>Orquesta Filarm\u00f3nica de Buenos Aires (Argentina)<\/p>\n\n\n\n<p><mark style=\"background-color:rgba(0, 0, 0, 0);color:#d78738\" class=\"has-inline-color\">15:40 \/\/ <\/mark>Coffee Break<\/p>\n\n\n\n<p><mark style=\"background-color:rgba(0, 0, 0, 0);color:#d78738\" class=\"has-inline-color\">16:10 \/\/ <strong><em>Liderando el cambio con audacia: transformaci\u00f3n en un mundo complejo.<\/em><\/strong><\/mark><br><strong>Simon Woods, <\/strong>Presidente de la League of American Orchestras (Estados Unidos)<\/p>\n\n\n\n<p><mark style=\"background-color:rgba(0, 0, 0, 0);color:#d78738\" class=\"has-inline-color\">17:30 \/\/ <\/mark><strong>Cierre del Encuentro<br>Dominique Thomann, <\/strong>CEAC (Chile)<br><strong>Francisco Varela, <\/strong>RIOS (Argentina)<\/p>\n\n\n\n<p><mark style=\"background-color:rgba(0, 0, 0, 0);color:#d78738\" class=\"has-inline-color\">19:30 \/\/ <\/mark><strong>Concierto<\/strong><br>Gran Sala Sinf\u00f3nica Nacional<br><strong>Orquesta Sinf\u00f3nica Nacional de Chile<\/strong><br><strong>Coro Sinf\u00f3nico Universidad de Chile<\/strong><br><strong>Camila Romero, <\/strong>soprano<br><strong>Javiera Barrios, <\/strong>mezzo soprano<br><strong>Ira Levin, <\/strong>director invitado&nbsp;<\/p>\n\n\n\n<p><br>G. Mahler: <em>Sinfon\u00eda No. 2<\/em><\/p>\n<\/div><\/div>\n\n\n\n<div class=\"wp-block-getwid-tabs__nav-link\"><span class=\"wp-block-getwid-tabs__title-wrapper\"><a href=\"#\"><span class=\"wp-block-getwid-tabs__title\">Oradores<\/span><\/a><\/span><\/div><div class=\"wp-block-getwid-tabs__tab-content-wrapper\"><div class=\"wp-block-getwid-tabs__tab-content\">\n<h2 class=\"wp-block-heading\"><mark style=\"background-color:rgba(0, 0, 0, 0)\" class=\"has-inline-color has-accent-4-color\">Oradores<\/mark><\/h2>\n\n\n\n<div class=\"wp-block-getwid-table country-members has-table-layout-auto\"><table><tbody><tr><td><img loading=\"lazy\" decoding=\"async\" width=\"150\" height=\"226\" class=\"wp-image-26543\" style=\"width: 150px;\" src=\"https:\/\/www.ibermusicas.org\/wp-content\/uploads\/2025\/10\/WhatsApp-Image-2025-09-30-at-10.58.41-AM1.jpeg\" alt=\"\"><\/td><td><strong>Marcela Reartes<\/strong> (Argentina)<br>Lic. en Ciencia Pol\u00edtica, gestora cultural, m\u00fasica, docente, productora de espect\u00e1culos y festivales. Ocup\u00f3 diversos cargos en la Secretar\u00eda de Cultura de la Provincia de C\u00f3rdoba e instituciones del \u00e1mbito cultural provincial, nacional e internacional entre ellos:&nbsp;<br>* Directora Teatro del Libertador San Mart\u00edn de la Ciudad de C\u00f3rdoba.<br>* Integrante de OLA, \u00d3pera Latino Americana.&nbsp;<br>* Delegada SInCA (Sistema de Informaci\u00f3n Cultural Argentina). Ministerio de Cultura de la Naci\u00f3n.&nbsp;<br>* Coordinadora Festival Internacional de M\u00fasica Barroca Camino de las Estancias, realizado en los sitios declarados Patrimonio de la Humanidad, UNESCO, C\u00f3rdoba.&nbsp;<br>* Directora de Consejos Regionales y miembro del Directorio de la Agencia C\u00f3rdoba Cultura, Gob. Provincia de C\u00f3rdoba.&nbsp;<br>* Directora Elencos Estables Municipalidad de C\u00f3rdoba.<br>En la actualidad desarrolla actividades de investigaci\u00f3n sobre Arte y Pol\u00edtica, Pol\u00edticas p\u00fablicas y producci\u00f3n art\u00edstica para la consultora Sinfo+.&nbsp;<br>Docente de producci\u00f3n y programaci\u00f3n Cultura Contempor\u00e1nea 220 Productora y curadora Festival M\u00fasica de dos mundos y Festival Oto\u00f1o Polif\u00f3nico. Clavecinista conjuntos barrocos (Barroco Bizarro y Confluencia Barroca).<\/td><\/tr><tr><td><img loading=\"lazy\" decoding=\"async\" width=\"150\" height=\"225\" class=\"wp-image-26578\" style=\"width: 150px;\" src=\"https:\/\/www.ibermusicas.org\/wp-content\/uploads\/2025\/10\/02-Carlos-Mendes.jpg\" alt=\"\"><\/td><td><strong>Carlos Mendez <\/strong>(Brasil)<br>Es licenciado en viol\u00edn por la Universidad Federal del Estado de R\u00edo de Janeiro (UNIRIO), en la clase del maestro Paulo Bosisio. Entre diversos cursos de extensi\u00f3n en interpretaci\u00f3n y did\u00e1ctica del viol\u00edn en que particip\u00f3, destacan la invitaci\u00f3n para ser becario por parte de la Acad\u00e9mie Europ\u00e9enne de Musique de Tournon (Francia) durante dos a\u00f1os consecutivos para participar en la Orchestre Philharmonique Rhodanien, en 1996, donde particip\u00f3 como concertino de la orquesta, y tambi\u00e9n en 1997. Es miembro de la Orquesta Sinf\u00f3nica del Teatro Municipal de R\u00edo de Janeiro y tambi\u00e9n de la Orquesta Sinf\u00f3nica de Petrobras, donde adem\u00e1s ocupa un puesto en la Junta Directiva. En m\u00fasica de c\u00e1mara, es miembro del Cuarteto Bosisio, el Cuarteto Atlas y el D\u00fao de Viol\u00edn Paulo Bosisio. Forma parte del jurado fijo del reconocido Concurso de Cuerdas Paulo Bosisio, adem\u00e1s de haber sido invitado como jurado para concursos de la Orquesta Sinf\u00f3nica del Teatro Municipal de R\u00edo de Janeiro, la Orquesta Sinf\u00f3nica de Petrobras y el Teatro Col\u00f3n, en Argentina. En el \u00e1mbito de la direcci\u00f3n orquestal, tuvo como primer profesor al Maestro Isaac Karabtchevsky. Ocup\u00f3 el puesto de director interino de la Orquesta Sinf\u00f3nica del Teatro Municipal de R\u00edo de Janeiro durante 2022.<\/td><\/tr><tr><td><img loading=\"lazy\" decoding=\"async\" width=\"150\" height=\"222\" class=\"wp-image-26581\" style=\"width: 150px;\" src=\"https:\/\/www.ibermusicas.org\/wp-content\/uploads\/2025\/10\/03-Marcos-Souza.jpg\" alt=\"\"><\/td><td><strong>Marcos Souza<\/strong> (Brasil)<br>Compositor de m\u00fasica para&nbsp; audiovisuales, supervisor musical y pianista, Marcos Souza produjo y concibi\u00f3 la pel\u00edcula \u00ab3 Irm\u00e3os de Sangue\u00bb (3 hermanos de sangre) sobre su familia, su padre Chico M\u00e1rio y sus t\u00edos Henfil y Betinho, dirigida por Angela Patr\u00edcia Reiniger. Dirigi\u00f3 la pel\u00edcula \u00abBetinho &#8211; Uma esperan\u00e7a equilibrista\u00bb de V\u00edctor L\u00f3pez y compuso la m\u00fasica de las pel\u00edculas \u00abHenfil\u00bb de Angela Zo\u00e9, \u00abAbdias Nascimento\u00bb y \u00abExpedito\u00bb de Aida Marques, y \u00abAngel Vianna\u00bb e \u00abIluminados\u00bb de Cristina Leal. Tambi\u00e9n compuso la m\u00fasica para las exposiciones \u00abAs Vistas Lumi\u00e9re\u00bb (Las Vistas Lumi\u00e8re) en el Centro Cultural dos Correios y \u00abRabin Ajaw, a Filha do Rei\u00bb (Rabin Ajaw, la Hija del Rey) en el CCBB Rio, ambas producidas por Aida Marques. Marcos tambi\u00e9n fue director del centro musical Funarte, director musical de la Orquesta Filarm\u00f3nica de Minas Gerais y de la Orquesta de Ouro Preto, gerente de marketing de un agregador musical en l\u00ednea en Espa\u00f1a, produjo varios proyectos en los Pa\u00edses Bajos, gerente de producto en TV Multirio y actualmente es director de proyectos de la Orquesta Sinf\u00f3nica de Petrobras y director del Festival Musimagem.<\/td><\/tr><tr><td><img loading=\"lazy\" decoding=\"async\" width=\"150\" height=\"224\" class=\"wp-image-26582\" style=\"width: 150px;\" src=\"https:\/\/www.ibermusicas.org\/wp-content\/uploads\/2025\/10\/04-Irene-Monterroso.jpeg\" alt=\"\"><\/td><td><strong>Irene Monterroso <\/strong>(Costa Rica)<br>M\u00fasica profesional en la Orquesta Sinf\u00f3nica Nacional de Costa Rica con la cual se ha presentado en escenarios dentro y fuera de su pa\u00eds, en Europa, Latinoam\u00e9rica y Asia, adem\u00e1s de participar en diversos festivales de m\u00fasica.&nbsp;<br>Comprometida con el enfoque social de su profesi\u00f3n, Irene ha dedicado 20 a\u00f1os a la defensa de los derechos art\u00edsticos y culturales a trav\u00e9s del sindicato ANEP OSN, donde ha ocupado cargos como vicepresidenta y presidenta de la organizaci\u00f3n. En la actualidad, adem\u00e1s sirve en una de las posiciones en la Junta Directiva a nivel nacional de esta asociaci\u00f3n gremial.&nbsp;<br>En 2020, fund\u00f3 una organizaci\u00f3n sin fines de lucro enfocada en promover actividades art\u00edsticas y culturales con impacto social. Para fortalecer su gesti\u00f3n en esta fundaci\u00f3n, obtuvo dos maestr\u00edas en Gesti\u00f3n y Direcci\u00f3n de Proyectos. Su ONG ha implementado tres proyectos significativos que han beneficiado a m\u00e1s de 500 artistas, t\u00e9cnicos y colaboradores, con un enfoque particular en ni\u00f1os, ni\u00f1as y adolescentes.<br>El proyecto m\u00e1s reciente de la fundaci\u00f3n es un modelo de m\u00fasica y arte que integra visiones hist\u00f3ricas y creativas para proteger y promover el patrimonio inmaterial ind\u00edgena y afrodescendiente de la provincia caribe\u00f1a de Lim\u00f3n, Costa Rica. Este proyecto, apoyado por la UNESCO y diversas instituciones, genera un impacto social considerable en comunidades vulnerables, promueve los derechos humanos y visibiliza la cultura limonense a nivel nacional e internacional.<br>Desde 2021, Irene ha colaborado con el Comit\u00e9 Ejecutivo de la Federaci\u00f3n Internacional de M\u00fasicos (FIM), siendo elegida vicepresidenta de la organizaci\u00f3n en 2025.<br>&nbsp;<\/td><\/tr><tr><td><img loading=\"lazy\" decoding=\"async\" width=\"150\" height=\"225\" class=\"wp-image-26583\" style=\"width: 150px;\" src=\"https:\/\/www.ibermusicas.org\/wp-content\/uploads\/2025\/10\/05-Ruben-Capriles.jpg\" alt=\"\"><\/td><td><strong>Rub\u00e9n Capriles <\/strong>(Venezuela)&nbsp;<br>Director Art\u00edstico de la Orquesta Filarm\u00f3nica Nacional de Venezuela y Profesor Titular de la C\u00e1tedra de Direcci\u00f3n Orquestal del Conservatorio de M\u00fasica Sim\u00f3n Bol\u00edvar de El Sistema. Desde 2013 hasta 2020 fue Director Musical de la Orquesta Sinf\u00f3nica de Falc\u00f3n. Antes de radicarse en Venezuela, se desempe\u00f1\u00f3 como Presidente y Director Musical de la Orquesta Philharmonia de Baltimore. Es egresado del Doctorado en M\u00fasica del Instituto Peabody de la Universidad Johns Hopkins, de la Maestr\u00eda en M\u00fasica de la Universidad Sim\u00f3n Bol\u00edvar, de las Maestr\u00edas en Pol\u00edticas P\u00fablicas y en Administraci\u00f3n de Empresas del IESA, y de la Maestr\u00eda en Ciencias Pol\u00edticas de la Universidad de Columbia en Nueva York.<br><\/td><\/tr><tr><td><img loading=\"lazy\" decoding=\"async\" width=\"150\" height=\"176\" class=\"wp-image-26584\" style=\"width: 150px;\" src=\"https:\/\/www.ibermusicas.org\/wp-content\/uploads\/2025\/10\/06-Felipe-Pinto-d_Aguiar_2025.jpg\" alt=\"\"><\/td><td><strong>Felipe Pinto d\u00b4Aguiar<\/strong> (Chile)<br>Compositor y educador. Las obras de Felipe Pinto d\u2019Aguiar (1982) han sido descritas como poseedoras de \u00abfuerza emocional e intensidad\u00bb [The Sydney Morning Herald]. Originario de Santiago, Felipe ha participado en proyectos en m\u00e1s de quince pa\u00edses en cinco continentes, colaborando con Arcko Symphonic Ensemble, Sound Icon, el Consort Guitarr\u00edstico de Chile, la Orquesta Sinf\u00f3nica Universidad de Concepci\u00f3n, el Ensamble Contempor\u00e1neo UC, TimeArt Studio, Boston Musica Viva, Names Ensemble, el Ensamble F(r)actura, Zone Exp\u00e9rimentale, la Cape Town Philharmonic Orchestra, Vertixe Sonora, el Hard Rain SoloistEnsemble y el JACK Quartet, entre otros. Es Doctor en Artes Musicales (Composici\u00f3n) por Boston University, donde estudi\u00f3 con Joshua Fineberg, gracias a una beca Fulbright. Previamente, complet\u00f3 un M\u00e1ster en la Universidad de Melbourne con la gu\u00eda de Elliott Gyger y adem\u00e1s fue alumno particular de Aliocha Solovera. Se\u00f1alado como uno de \u00ablos nombres chilenos m\u00e1s potentes nacidos en los 70 y 80\u00bb [El Mercurio], se inspira en diversas fuentes que incluyen las artes visuales, la literatura, el cine, lo cotidiano y la naturaleza. Es profesor titular de la Escuela de Artes Musicales &amp; Sonoras y decano de la Facultad de Arquitectura y Artes de la Universidad Austral de Chile, en Valdivia.<\/td><\/tr><tr><td><img loading=\"lazy\" decoding=\"async\" width=\"150\" height=\"192\" class=\"wp-image-26585\" style=\"width: 150px;\" src=\"https:\/\/www.ibermusicas.org\/wp-content\/uploads\/2025\/10\/07-Isaac-Terceros-1.jpg\" alt=\"\"><\/td><td><strong>Isaac Terceros<\/strong> (Bolivia)<br>Director de orquesta, director de coro y gestor cultural con trayectoria en Latinoam\u00e9rica, Estados Unidos y Europa. Doctor en M\u00fasica por la Universidad de Indiana, actualmente es profesor en Kent State University (Ohio) y Director Art\u00edstico del Kent Blossom Music Festival. En Estados Unidos tambi\u00e9n dirigi\u00f3 la Orquesta Sinf\u00f3nica de Bloomington (Indiana). Obtuvo la Maestr\u00eda en Direcci\u00f3n de Orquesta en la Universidad Central de Arkansas y la Licenciatura en Direcci\u00f3n Orquestal y Coral en la Universidad de S\u00e3o Paulo (Brasil).<br>En Bolivia, es fundador y Director Art\u00edstico de la Orquesta Filarm\u00f3nica de Santa Cruz de la Sierra, con la que dirigi\u00f3 m\u00e1s de 80 conciertos desde 2016, incluyendo estrenos locales de Carmina Burana y la Novena Sinfon\u00eda de Beethoven. Es tambi\u00e9n Director del Ensamble Vocal Entrecantos, doble ganador del concurso \u201cSanta Cruz Canta\u201d. Designado en 2018 como Consejero Departamental de Cultura de Santa Cruz, ha recibido numerosos reconocimientos, entre ellos el Youth Peace Prize (2017), el Premio Tiqui (2018) y el Premio JCI TOYP (2019) como Joven Sobresaliente de Bolivia.<br><\/td><\/tr><tr><td><img loading=\"lazy\" decoding=\"async\" width=\"150\" height=\"225\" class=\"wp-image-26586\" style=\"width: 150px;\" src=\"https:\/\/www.ibermusicas.org\/wp-content\/uploads\/2025\/10\/08-ANA-FLAVIA-2025.jpeg\" alt=\"\"><\/td><td><strong>Ana Fl\u00e1via Cabral Souza Leite<\/strong> (Brasil)<br>Conselheira Vice-Presidente Executiva e Superintendente Geral da Funda\u00e7\u00e3o Orquestra Sinf\u00f4nica Brasileira. Conselheira do Conselho de Comunica\u00e7\u00e3o Social do Congresso<br>Nacional. Conselheira da Nuclea Educa\u00e7\u00e3o, empresa do Mercado Financeiro. Em mais de 25 anos de carreira vem atuando como conselheira e executiva na \u00e1rea de Direito das Funda\u00e7\u00f5es, sustentabilidade, educa\u00e7\u00e3o, tendo ocupado posi\u00e7\u00f5es de CSO e diretoria em empresas do mercado financeiro e setor el\u00e9trico. Passou pela Funda\u00e7\u00e3o OSESP, governo do estado de S\u00e3o Paulo, BID e Minist\u00e9rio da Cultura. Advogada pela PUC\/SP, Ana Fl\u00e1via \u00e9 mestre pela EACH\/USP e MBA em Gest\u00e3o de Bens Culturais pela FGV. \u00c9 professora de field project na faculdade de Direito da FGV\/RJ. \u00c9 autora da obra \u201cOSESP &#8211; um caso de sucesso\u201d<\/td><\/tr><tr><td><img loading=\"lazy\" decoding=\"async\" width=\"150\" height=\"100\" class=\"wp-image-26600\" style=\"width: 150px;\" src=\"https:\/\/www.ibermusicas.org\/wp-content\/uploads\/2025\/10\/09-Anselm-Rose.jpg\" alt=\"\"><\/td><td><strong>Anselm Rose <\/strong>(Alemania)<br>Act\u00faa como director general (CEO) y \u00fanico director gerente de Rundfunk Orchester und Ch\u00f6re gGmbH Berlin, la empresa matriz del Deutsches Symphonie-Orchester, el Rundfunk-Sinfonieorchester Berlin, el Rundfunkchor Berlin y el RIAS Kammerchor. Fue director general y art\u00edstico (Intendant) de la Filarm\u00f3nica de Dresde (2004-2014), e impuls\u00f3 la construcci\u00f3n de la nueva sala de conciertos en el Kulturpalast de Dresde, desempe\u00f1ando un papel clave en su concepci\u00f3n, planificaci\u00f3n e implementaci\u00f3n. Anteriormente, ocup\u00f3 el mismo cargo en la Orquesta Sinf\u00f3nica de M\u00fanich, tras haber sido director gerente de la Orquesta de C\u00e1mara de Stuttgart y de los Bergische Symphoniker \u2013 Orquesta de las Ciudades de Solingen\/Remscheid GmbH. Tambi\u00e9n ha trabajado como consultor y experto para instituciones culturales y en pol\u00edticas culturales. Fue el creador del Deutscher Orchestertag \u2013 el mayor encuentro del sector en el \u00e1mbito germanoparlante, que cofund\u00f3 en 2003.<br>Este licenciado en ciencias administrativas naci\u00f3 en Wolfsburg y estudi\u00f3 derecho, econom\u00eda y ciencias pol\u00edticas en la Universidad de Constanza, as\u00ed como gesti\u00f3n cultural estadounidense en el marco de una beca Eisenhower en EE. UU. Ha publicado art\u00edculos (incluidos en Der St\u00e4dtetag, European Journal of Cultural Economics, Das Orchester) y es un experto muy solicitado en conferencias y simposios tanto nacionales como internacionales. Rose fue profesor de gesti\u00f3n cultural en la Universidad Internacional de Dresde y de gesti\u00f3n teatral y orquestal en la Universidad de M\u00fasica y Artes Esc\u00e9nicas de Fr\u00e1ncfort. Su compromiso voluntario incluye muchos a\u00f1os de participaci\u00f3n en los comit\u00e9s del Deutscher B\u00fchnenverein (Asociaci\u00f3n Alemana de Escenarios), incluyendo el comit\u00e9 de convenios colectivos, el grupo de directores art\u00edsticos y el comit\u00e9 de orquestas. Es miembro del consejo de supervisi\u00f3n de Landesb\u00fchnen Sachsen GmbH Radebeul y del Grupo de Expertos de Conjuntos de Radio de la EBU (Uni\u00f3n Europea de Radiodifusi\u00f3n).<br><br>&nbsp;<\/td><\/tr><tr><td><img loading=\"lazy\" decoding=\"async\" width=\"150\" height=\"190\" class=\"wp-image-26588\" style=\"width: 150px;\" src=\"https:\/\/www.ibermusicas.org\/wp-content\/uploads\/2025\/10\/10-Marcelo-Lopes.jpg\" alt=\"\"><\/td><td><strong>Marcelo Lopes<\/strong> (Brasil)&nbsp;&nbsp;<br>M\u00fasico, economista e advogado, com especializa\u00e7\u00e3o em Finan\u00e7as P\u00fablicas e Mestre em Direito pela Escola de Direito de S\u00e3o Paulo da Funda\u00e7\u00e3o Get\u00falio Vargas. Gestor cultural, tem atuado em palestras e confer\u00eancias no Brasil e no Exterior, tendo foco a gest\u00e3o de equipamentos culturais atrav\u00e9s do modelo de Organiza\u00e7\u00f5es Sociais. Diretor Executivo da Funda\u00e7\u00e3o Osesp desde sua cria\u00e7\u00e3o, liderou uma iniciativa hoje considerada como um dos melhores projetos culturais brasileiros. De departamento p\u00fablico, transformou a institui\u00e7\u00e3o numa das refer\u00eancias em gest\u00e3o cultural no pa\u00eds, desde a estrutura\u00e7\u00e3o legal e financeira \u00e0 renova\u00e7\u00e3o do planejamento art\u00edstico, erigindo um modelo de administra\u00e7\u00e3o de reconhecido sucesso. Aos 19 anos ingressou na Orquestra Sinf\u00f4nica do Estado de S\u00e3o Paulo como trompetista, fun\u00e7\u00e3o em que permaneceu regularmente at\u00e9 2005, ao assumir a Dire\u00e7\u00e3o da Funda\u00e7\u00e3o Osesp. Desde 1991 \u00e9 Professor Titular de Trompete da Funda\u00e7\u00e3o das Artes de S\u00e3o Caetano.<\/td><\/tr><tr><td><img loading=\"lazy\" decoding=\"async\" width=\"150\" height=\"124\" class=\"wp-image-26589\" style=\"width: 150px;\" src=\"https:\/\/www.ibermusicas.org\/wp-content\/uploads\/2025\/10\/11-Maria-Catalina-Prieto.jpeg\" alt=\"\"><\/td><td><strong>Maria Catalina Prieto<\/strong> (Colombia)&nbsp;&nbsp;<br>Directora Ejecutiva de la Orquesta Filarm\u00f3nica de Medell\u00edn, Mar\u00eda Catalina es m\u00fasico de la Universidad de los Andes, m\u00e1ster en administraci\u00f3n de empresas e instituciones culturales, y especialista en pol\u00edticas culturales de la Universitat de Barcelona y especialista en gerencia de responsabilidad social empresarial y valor compartido de la Universidad EAN. Ha trabajado en Colombia, Estados Unidos y Europa en instituciones del sector p\u00fablico, el sector privado y de cooperaci\u00f3n internacional.&nbsp;<br>Ha dedicado su carrera a crear proyectos que permitan la transformaci\u00f3n a partir de la m\u00fasica. Es as\u00ed como ha sido creadora de iniciativas como el D\u00eda internacional del Canto Coral, el Plan Nacional de Coros y la Asociaci\u00f3n Colombiana de Coros del Ministerio de Cultura, las agrupaciones juveniles, los Centros Orquestales, el programa hospitalario y el programa de formaci\u00f3n de la Orquesta Filarm\u00f3nica de Bogot\u00e1, y el Coro Reconciliaci\u00f3n &#8211; un coro que desde 2019 une a excombatientes y v\u00edctimas del conflicto armado colombiano- y el programa Soy m\u00fasico &#8211; Un programa de formaci\u00f3n y visibilizaci\u00f3n de j\u00f3venes neurodiversos- de la Orquesta Filarm\u00f3nica de Medell\u00edn, entre otros. En los \u00faltimos a\u00f1os se ha dedicado a fomentar la transformaci\u00f3n del modelo de gesti\u00f3n de las organizaciones culturales de manera que puedan ser relevantes y sostenibles en el tiempo. Gracias a ello ha logrado un reconocimiento internacional que le permiti\u00f3 ser egresada del Global Arts Management Fellowship del DeVos Institute con una de las figuras m\u00e1s importantes de la administraci\u00f3n cultural en el mundo Michael Kaiser, y el programa de mentor\u00eda de la Asociaci\u00f3n de Orquestas Brit\u00e1nicas y el British Council. Actualmente y desde el 2021 es la directora ejecutiva de la Orquesta Filarm\u00f3nica de Medell\u00edn con quien ha logrado reconocimientos como el Innovation Award de Classical Next, el Grammy latino 2021 y el LEAD Award del Kennedy Center.<\/td><\/tr><tr><td><img loading=\"lazy\" decoding=\"async\" width=\"150\" height=\"225\" class=\"wp-image-26590\" style=\"width: 150px;\" src=\"https:\/\/www.ibermusicas.org\/wp-content\/uploads\/2025\/10\/12-Dominique-Thomann_por-Gloria-Henriquez.jpg\" alt=\"\"><\/td><td><strong>Dominique Thomann Etchegaray <\/strong>(Chile)<br>Directora del Centro de Extensi\u00f3n Art\u00edstica y Cultural de la Universidad de Chile, CEAC, es ingeniera comercial, int\u00e9rprete en viola de la Pontificia Universidad Cat\u00f3lica, M\u00e1ster en gesti\u00f3n de orquestas y teatros, adem\u00e1s de Pedagog\u00eda en viola de la Universidad de M\u00fasica y Artes Esc\u00e9nicas de Frankfurt, Alemania. En 2021 fue seleccionada como becaria Santander Femenina para cursar el Programa de Liderazgo W50 en el London School of Economics and Political Science (LSE), Reino Unido.&nbsp;<br>Reconocida por diario El Mercurio y Mujeres Empresarias como una de las 100 Mujeres L\u00edderes 2022, premio que destaca, visibiliza y promueve el liderazgo femenino en diversas \u00e1reas, como el mundo empresarial, las artes, ciencias, servicio p\u00fablico, la academia y tecnolog\u00eda, destacando el aporte fundamental de las mujeres al desarrollo del pa\u00eds.<br>Dominique se ha desempe\u00f1ado en importantes instituciones culturales en Chile y el extranjero, entre ellas el Teatro Municipal de Santiago y la Orquesta de C\u00e1mara de Valdivia, adem\u00e1s de ser seleccionada como productora asociada adjunta de la gira a Europa de The Orchestras of the Americas.&nbsp;<\/td><\/tr><tr><td><img loading=\"lazy\" decoding=\"async\" width=\"150\" height=\"155\" class=\"wp-image-26591\" style=\"width: 150px;\" src=\"https:\/\/www.ibermusicas.org\/wp-content\/uploads\/2025\/10\/13-Maria-Victoria-Sosa.jpeg\" alt=\"\"><\/td><td><strong>Mar\u00eda Victoria Sosa Z\u00e1rate<\/strong> (Paraguay)<br>Directora General&nbsp; de la Orquesta Sinf\u00f3nica Nacional de Paraguay. El a\u00f1o 2005, ingresa por concurso p\u00fablico a conformar la fila de violines de la Orquesta Sinf\u00f3nica Nacional del Paraguay, de la cual es miembro ininterrumpidamente hasta la fecha, y en su car\u00e1cter de Directora General desde enero del 2023 para realizar la tarea de articular de manera efectiva la gesti\u00f3n art\u00edstica, administrativa y jur\u00eddica &#8211; organizacional, como principal estrategia para abordar los desaf\u00edos institucionales. Realiza su Licenciatura en m\u00fasica con orientaci\u00f3n en viol\u00edn en la Universidad Nacional de las Artes, de Buenos Aires Argentina; egresando en el a\u00f1o 2018, d\u00f3nde adem\u00e1s cursa en la actualidad la Maestr\u00eda en Musicologia. Adem\u00e1s de su desarrollo acad\u00e9mico y profesional en las ciencias y artes musicales, es Abogada, Especialista en Did\u00e1ctica Superior Universitaria y Magister en Gesti\u00f3n Educativa. Diplomada adem\u00e1s en Gesti\u00f3n Administrativa, con \u00e9nfasis en Funci\u00f3n P\u00fablica, y en Legislaci\u00f3n Cultural con \u00e9nfasis en Pol\u00edticas P\u00fablicas.<\/td><\/tr><tr><td><img loading=\"lazy\" decoding=\"async\" width=\"150\" height=\"99\" class=\"wp-image-26592\" style=\"width: 150px;\" src=\"https:\/\/www.ibermusicas.org\/wp-content\/uploads\/2025\/10\/14-Martin-Fraile.jpeg\" alt=\"\"><\/td><td><strong>Martin Fraile<\/strong> (Argentina)<br>Director art\u00edstico y musical argentino, con una amplia trayectoria en la direcci\u00f3n orquestal, y la difusi\u00f3n de la nueva m\u00fasica. Actual titular de la Orquesta Filarm\u00f3nica de R\u00edo Negro, organismo oficial de la provincia, y director art\u00edstico del festival internacional de Bariloche. Ha trabajado con orquestas en Estados Unidos, Argentina, Latinoam\u00e9rica y Europa, demostrando su compromiso con la innovaci\u00f3n y la excelencia musical.Fue director visitante por la universidad de Missouri, y director invitado por la universidad estatal de Campinas en S\u00e3o Paulo. Ganador de tres premios nacional cl\u00e1sica a la gesti\u00f3n y excelencia art\u00edstica en 2023.&nbsp;<br>Es licenciado en Direcci\u00f3n Coral por la Facultad de Bellas Artes de la Universidad Nacional de La Plata, tiene un Master in Arts con especializaci\u00f3n en Direcci\u00f3n Orquestal y Viol\u00edn en la Louisiana State University (LSU) en Estados Unidos y actualmente se encuentra doctor\u00e1ndose en la Universidad Nacional de las Artes en Argentina.<br>Ha sido Director Asociado de la Orquesta Sinf\u00f3nica y de la Orquesta Filarm\u00f3nica de la Universidad de Stanford, California, y ha dirigido orquestas como la Stanford Symphony, Louisiana State Symphony, orquesta Sinfonica nacional libertador San Mart\u00edn, Orquesta Sinf\u00f3nica de Santa Fe, Orquesta Sinf\u00f3nica de Yucat\u00e1n en M\u00e9xico, Orquesta Sinf\u00f4nica da Para\u00edba en Brasil, entre otras.&nbsp;<br>Es un firme defensor de la m\u00fasica contempor\u00e1nea y ha colaborado activamente en proyectos para la difusi\u00f3n de la m\u00fasica sinf\u00f3nica argentina. Plan federal de orquestas en convenio con la Asociacion Argentina de compositores, Foro Argentino de Compositoras. Ha sido jurado en varios concursos internacionales, incluyendo el International Rostrum of Composers de la UNESCO en cuatro oportunidades.<br>Su compromiso con la innovaci\u00f3n y la excelencia musical lo ha llevado a trabajar con destacadas instituciones y orquestas en todo el mundo, convirti\u00e9ndolo en un referente en el \u00e1mbito regional.&nbsp;<\/td><\/tr><tr><td><img loading=\"lazy\" decoding=\"async\" width=\"150\" height=\"191\" class=\"wp-image-26844\" style=\"width: 150px;\" src=\"https:\/\/www.ibermusicas.org\/wp-content\/uploads\/2025\/11\/WhatsApp-Image-2025-10-31-at-3.13.40-PM.jpeg\" alt=\"\"><\/td><td><strong>Diomar Silveira <\/strong>(Brasil)<br>Bacharel em Ci\u00eancias Econ\u00f4micas pela Faculdade de Economia da Universidade Federal de Minas Gerais e Mestre em Rela\u00e7\u00f5es Internacionais pela Universidade para a Paz, em San Jos\u00e9, Costa Rica. Entre os cursos de especializa\u00e7\u00e3o realizados, destacam-se o de \u201cPlanejamento Econ\u00f4mico\u201d no Instituto de Pesquisa para os Pa\u00edses em Desenvolvimento de Vars\u00f3via, Pol\u00f4nia; \u201cEstudos Aprofundados sobre a Am\u00e9rica Latina\u201d na Universidade da Sorbonne, Paris, Fran\u00e7a; \u201cFerramentas de Gest\u00e3o para o Terceiro Setor\u201d, promovido pelo Grupo de Institui\u00e7\u00f5es, Funda\u00e7\u00f5es e Empresas (GIFE), S\u00e3o Paulo; e o de \u201cGest\u00e3o Cultural\u201d oferecido pelo Laborat\u00f3rio de Pol\u00edticas Culturais de Grenoble, Fran\u00e7a. No ano de 2014, foi um dos l\u00edderes mundiais escolhidos para participar do programa de capacita\u00e7\u00e3o de lideran\u00e7as culturais organizado pela institui\u00e7\u00e3o norte-americana National Arts Strategy. Com extensa experi\u00eancia profissional na elabora\u00e7\u00e3o, implementa\u00e7\u00e3o e gerenciamento de programas e projetos, Diomar Silveira exerceu, ao longo de sua carreira, diversas fun\u00e7\u00f5es em institui\u00e7\u00f5es p\u00fablicas e privadas, como a Funda\u00e7\u00e3o Cl\u00f3vis Salgado (Pal\u00e1cio das Artes) e Funda\u00e7\u00e3o Jo\u00e3o Pinheiro, em Belo Horizonte, a Secretaria Executiva do Minist\u00e9rio do Meio Ambiente, em Brasilia, al\u00e9m das organiza\u00e7\u00f5es n\u00e3o-governamentais Rede de Desenvolvimento Humano (Redeh) no Rio de Janeiro e Earth Council, em San Jos\u00e9, Costa Rica.&nbsp; Diomar Silveira exerce o cargo de Diretor-Presidente do Instituto Cultural Filarm\u00f4nica (ICF), Organiza\u00e7\u00e3o Social respons\u00e1vel pela gest\u00e3o da Orquestra Filarm\u00f4nica de Minas Gerais (OFMG), criada, pelo Governo de Minas Gerais, em fevereiro de 2008 e tamb\u00e9m da Sala Minas Gerais, sede da orquestra, inaugurada em janeiro de 2015.<\/td><\/tr><tr><td><img loading=\"lazy\" decoding=\"async\" width=\"150\" height=\"225\" class=\"wp-image-26594\" style=\"width: 150px;\" src=\"https:\/\/www.ibermusicas.org\/wp-content\/uploads\/2025\/10\/16-julio-diaz-infante-8.jpg\" alt=\"\"><\/td><td><strong>Jos\u00e9 Julio D\u00edaz Infante<\/strong>\u00a0(M\u00e9xico)<br>Originario de la Ciudad de M\u00e9xico, Jos\u00e9 Julio D\u00edaz Infante ha desarrollado su carrera en los \u00e1mbitos de la composici\u00f3n, la docencia y la gesti\u00f3n musical. A partir de febrero de 2024 asumi\u00f3 la Direcci\u00f3n General de M\u00fasica de la Universidad Nacional Aut\u00f3noma de M\u00e9xico, despu\u00e9s de m\u00e1s de 8 a\u00f1os al frente de la Coordinaci\u00f3n Nacional de M\u00fasica y \u00d3pera del Instituto Nacional de Bellas Artes y Literatura, periodo durante el cual tambi\u00e9n se desempe\u00f1\u00f3 como director art\u00edstico del Foro Internacional de M\u00fasica Nueva Manuel Enr\u00edquez. Fue presidente y representante por M\u00e9xico ante el programa de colaboraci\u00f3n Iberm\u00fasicas y fue responsable del programa de est\u00edmulos fiscales Efim\u00fasica desde su creaci\u00f3n. Junto a la Maestra Mar\u00eda Antonieta Lozano fund\u00f3 la Escuela de M\u00fasica del Estado de Hidalgo, instituci\u00f3n de la cual fue director acad\u00e9mico; ejerci\u00f3 la docencia en el Centro de Investigaci\u00f3n y Estudios de la M\u00fasica (CIEM) por m\u00e1s de 25 a\u00f1os y la direcci\u00f3n acad\u00e9mica durante cuatro.<br>Obtuvo la beca Fulbright-Garc\u00eda Robles para realizar estudios de posgrado en la Universidad de Louisville en EE.UU. y en M\u00e9xico realiz\u00f3 estudios de composici\u00f3n y pedagog\u00eda musical en el CIEM, obteniendo los grados de Licenciatura en Composici\u00f3n y Licenciatura en M\u00fasica Te\u00f3rica conferidos por el Trinity College de Londres.\u00a0<br>Ha tenido una activa participaci\u00f3n en la organizaci\u00f3n y creaci\u00f3n de proyectos musicales y multidisciplinarios dentro y fuera de M\u00e9xico. Su m\u00fasica ha sido interpretada por agrupaciones como la Orquesta Sinf\u00f3nica Nacional, Orquesta Filarm\u00f3nica de la CDMX, Orquesta Sinf\u00f3nica del Estado de M\u00e9xico, Cepromusic, Orquesta de C\u00e1mara de Bellas Artes, los cuartetos de cuerda Parker, Mir\u00f3, Jos\u00e9 White y Latinoamericano, y los ensambles Signal y Dal Niente, entre otros.<br>Direcci\u00f3n General de M\u00fasica de la Universidad Nacional Aut\u00f3noma de M\u00e9xico\u00a0<br>\u00a0<\/td><\/tr><tr><td><img loading=\"lazy\" decoding=\"async\" width=\"150\" height=\"188\" class=\"wp-image-26597\" style=\"width: 150px;\" src=\"https:\/\/www.ibermusicas.org\/wp-content\/uploads\/2025\/10\/17-Susana-Palacios.jpeg\" alt=\"\"><\/td><td><strong>Susana Palacios <\/strong>(Colombia)<br>Gestora cultural y gerente de la Orquesta Sinf\u00f3nica EAFIT. Cuenta con amplia trayectoria en la programaci\u00f3n, divulgaci\u00f3n y ejecuci\u00f3n de proyectos musicales en instituciones como el Ministerio de Cultura, el Ministerio de Relaciones Exteriores y la Biblioteca Luis \u00c1ngel Arango. Ha liderado iniciativas que fortalecen la diplomacia cultural, la formaci\u00f3n art\u00edstica y la cooperaci\u00f3n internacional. Su gesti\u00f3n promueve la conexi\u00f3n entre m\u00fasica, territorio y desarrollo sostenible, impulsando nuevos liderazgos y la participaci\u00f3n de mujeres y j\u00f3venes en la creaci\u00f3n sinf\u00f3nica. Es mag\u00edster en Desarrollo de la Universidad de los Andes.<br>&nbsp;<\/td><\/tr><tr><td><img loading=\"lazy\" decoding=\"async\" width=\"150\" height=\"150\" class=\"wp-image-26598\" style=\"width: 150px;\" src=\"https:\/\/www.ibermusicas.org\/wp-content\/uploads\/2025\/10\/18-Igor-Corcuera.jpg\" alt=\"\"><\/td><td><strong>Igor E. Corcuera C\u00e1ceres<\/strong> (Cuba)<br>Trompetista y Director de Orquesta. Desde muy joven, ejerce labor docente como profesor de Trompeta, Director de Orquestas y Bandas y Jefe de C\u00e1tedra en varios planteles de La Habana. Asimismo, es profesor del departamento de Direcci\u00f3n Orquestal en la Universidad de las Artes, ISA.<br>Se destaca por su versatilidad al frente de varias formaciones y su repertorio abarca desde obras de la m\u00fasica acad\u00e9mica, hasta la m\u00fasica contempor\u00e1nea y popular, siendo frecuentemente contactado por compositores nacionales y extranjeros para estrenar sus obras. Como Director Invitado se ha presentado con la mayor\u00eda de las orquestas sinf\u00f3nicas cubanas destac\u00e1ndose las de Villa Clara, Matanzas, Camag\u00fcey y Oriente. Igualmente, ha dirigido las Bandas Sinf\u00f3nicas de las Universidades de Vanderbilt y Cornell (USA), en visitas a Cuba de estas agrupaciones y la Sinfonietta Duchesne Cuz\u00e1n. Entre 2013 y 2014 fue Director Asistente de la Orquesta del Lyceum Mozartiano de La Habana y de 2014 a 2025 fue Director Titular de la Banda Nacional de Conciertos de Cuba. En 2022 debuta en la Orquesta Sinf\u00f3nica Nacional de Cuba y en septiembre de 2024 es nombrado Director Adjunto de la misma. Desde enero de 2025 es su Director Titular.<br>Igualmente colabora con instituciones como el Teatro L\u00edrico Nacional, Ballet Espa\u00f1ol de Cuba, Ballet \u201cLaura Alonso\u201d, Conjunto Folkl\u00f3rico Nacional y otras en conciertos, galas, puestas de zarzuelas y espect\u00e1culos danzarios como \u201cMar\u00eda la O\u201d, \u201cCecilia Vald\u00e9s\u201d, \u201cDe Espa\u00f1a Vengo\u201d (antolog\u00eda de zarzuelas espa\u00f1olas) y \u201cComunidad\u201d.<br>Le han sido conferidas las distinciones \u201cPor la Cultura Nacional\u201d y \u201cRa\u00fal G\u00f3mez Garc\u00eda\u201d; as\u00ed como la r\u00e9plica de la Batuta de Guillermo Tom\u00e1s, siendo una de las personalidades m\u00e1s j\u00f3venes en ostentar tan importantes reconocimientos del pa\u00eds.<\/td><\/tr><tr><td><img loading=\"lazy\" decoding=\"async\" width=\"150\" height=\"100\" class=\"wp-image-26599\" style=\"width: 150px;\" src=\"https:\/\/www.ibermusicas.org\/wp-content\/uploads\/2025\/10\/19-Simon-Woods-credit-Douglas-Carter-Photography.jpg\" alt=\"\"><\/td><td><strong>Simon Woods <\/strong>(Estados Unidos)<br>Aporta cuatro d\u00e9cadas de experiencia en el mundo de la m\u00fasica cl\u00e1sica a su rol de liderazgo como presidente y director ejecutivo de la Liga de Orquestas Americanas. Con una profunda formaci\u00f3n musical y un compromiso con el papel inspirador que desempe\u00f1an las organizaciones art\u00edsticas en la comunidad y la vida p\u00fablica, Woods es reconocido como un mentor y asesor de gran confianza para las orquestas y quienes trabajan en ellas. Su liderazgo intelectual incluye art\u00edculos peri\u00f3dicos sobre el liderazgo de las orquestas, as\u00ed como frecuentes conferencias en Estados Unidos y en el extranjero.<br>Antes de unirse a la Liga en 2020, Woods ocup\u00f3 cargos de director ejecutivo en la Filarm\u00f3nica de Los \u00c1ngeles, la Sinf\u00f3nica de Seattle, la Orquesta Nacional Real Escocesa y la Orquesta Sinf\u00f3nica de Nueva Jersey, tras un per\u00edodo en el equipo directivo de la Orquesta de Filadelfia tras su primera mudanza a Estados Unidos en 1997. Comenz\u00f3 su carrera en EMI Classics en Londres, donde produjo grabaciones con muchos de los artistas, conjuntos y orquestas cl\u00e1sicas m\u00e1s importantes del mundo. Woods se licenci\u00f3 en m\u00fasica en la Universidad de Cambridge y obtuvo un diploma en direcci\u00f3n de orquesta en la Guildhall School of Music and Drama de Londres. Simon Woods tuvo el honor de convertirse en ciudadano estadounidense en 2018.<br><\/td><\/tr><tr><td><img loading=\"lazy\" decoding=\"async\" width=\"150\" height=\"225\" class=\"wp-image-26603\" style=\"width: 150px;\" src=\"https:\/\/www.ibermusicas.org\/wp-content\/uploads\/2025\/10\/Francisco-Varela-1.jpg\" alt=\"\"><\/td><td><strong>Francisco Varela  (Argentina)<\/strong><br>Director de orquesta, compositor y programador musical, Francisco Varela ha enfocado su trabajo en ampliar el repertorio tradicional y transformar las orquestas de la regi\u00f3n para afrontar los desaf\u00edos del siglo XXI.<br>Como gestor cultural, fue asesor del Ministerio de Cultura de la Naci\u00f3n Argentina, donde cre\u00f3 en 2016 el primer Foro Nacional de Orquestas Sinf\u00f3nicas. Entre 2017 y 2021 se desempe\u00f1\u00f3 como Coordinador Art\u00edstico y General de la Orquesta Sinf\u00f3nica Nacional y, desde 2022, lidera RIOS (Red Iberoamericana de Orquestas Sinf\u00f3nicas), proyecto que fund\u00f3. Adem\u00e1s, es programador y director art\u00edstico de diversos ciclos y festivales en Argentina, y desde 2024, Programador Art\u00edstico del Coro Nacional de M\u00fasica Argentina.<br>Graduado con honores se form\u00f3 con Guillermo Scarabino, Gerardo Edelstein, Marta Lambertini y Julio Viera, y se perfeccion\u00f3 con Marin Alsop, Harold Farbermann, Charles Dutoit, Pedro Calder\u00f3n, Jordi Mora y Gerardo Gandini, entre otros.<br>Su m\u00fasica ha sido publicada por la Editorial Melos. Como director y programador, promueve obras olvidadas y nuevas del rico legado musical argentino y latinoamericano, en particular en proyectos de grabaci\u00f3n y puesta en valor realizados para Guild Music y Naxos Music Group.<\/td><\/tr><\/tbody><\/table><\/div>\n<\/div><\/div>\n\n\n\n<div class=\"wp-block-getwid-tabs__nav-link\"><span class=\"wp-block-getwid-tabs__title-wrapper\"><a href=\"#\"><span class=\"wp-block-getwid-tabs__title\">Institucional<\/span><\/a><\/span><\/div><div class=\"wp-block-getwid-tabs__tab-content-wrapper\"><div class=\"wp-block-getwid-tabs__tab-content\">\n<figure class=\"wp-block-image size-full\"><img loading=\"lazy\" decoding=\"async\" width=\"4501\" height=\"5626\" src=\"https:\/\/www.ibermusicas.org\/wp-content\/uploads\/2025\/10\/2025-RIOS-EncORQ_fly-1080x1350_04.png\" alt=\"\" class=\"wp-image-26608\"\/><\/figure>\n\n\n\n<figure class=\"wp-block-image size-full\"><img loading=\"lazy\" decoding=\"async\" width=\"4500\" height=\"5626\" src=\"https:\/\/www.ibermusicas.org\/wp-content\/uploads\/2025\/10\/2025-RIOS-EncORQ_fly-1080x1350_05.png\" alt=\"\" class=\"wp-image-26609\"\/><\/figure>\n\n\n\n<p><\/p>\n<\/div><\/div>\n<\/div>\n<\/div>\n\n\n\n<p><\/p>\n","protected":false},"excerpt":{"rendered":"","protected":false},"author":7,"featured_media":0,"parent":0,"menu_order":0,"comment_status":"closed","ping_status":"closed","template":"","meta":{"_monsterinsights_skip_tracking":false,"_monsterinsights_sitenote_active":false,"_monsterinsights_sitenote_note":"","_monsterinsights_sitenote_category":0,"footnotes":""},"class_list":["post-26396","page","type-page","status-publish","hentry"],"lang":"es","translations":{"es":26396,"pt":26667},"pll_sync_post":[],"post_mailing_queue_ids":[],"_links":{"self":[{"href":"https:\/\/www.ibermusicas.org\/index.php\/wp-json\/wp\/v2\/pages\/26396","targetHints":{"allow":["GET"]}}],"collection":[{"href":"https:\/\/www.ibermusicas.org\/index.php\/wp-json\/wp\/v2\/pages"}],"about":[{"href":"https:\/\/www.ibermusicas.org\/index.php\/wp-json\/wp\/v2\/types\/page"}],"author":[{"embeddable":true,"href":"https:\/\/www.ibermusicas.org\/index.php\/wp-json\/wp\/v2\/users\/7"}],"replies":[{"embeddable":true,"href":"https:\/\/www.ibermusicas.org\/index.php\/wp-json\/wp\/v2\/comments?post=26396"}],"version-history":[{"count":49,"href":"https:\/\/www.ibermusicas.org\/index.php\/wp-json\/wp\/v2\/pages\/26396\/revisions"}],"predecessor-version":[{"id":26845,"href":"https:\/\/www.ibermusicas.org\/index.php\/wp-json\/wp\/v2\/pages\/26396\/revisions\/26845"}],"wp:attachment":[{"href":"https:\/\/www.ibermusicas.org\/index.php\/wp-json\/wp\/v2\/media?parent=26396"}],"curies":[{"name":"wp","href":"https:\/\/api.w.org\/{rel}","templated":true}]}}