{"id":26667,"date":"2025-10-17T20:22:20","date_gmt":"2025-10-17T20:22:20","guid":{"rendered":"https:\/\/www.ibermusicas.org\/?page_id=26667"},"modified":"2025-11-01T00:20:58","modified_gmt":"2025-11-01T00:20:58","slug":"encontro-ibero-americano-de-orquestras","status":"publish","type":"page","link":"https:\/\/www.ibermusicas.org\/index.php\/encontro-ibero-americano-de-orquestras\/","title":{"rendered":""},"content":{"rendered":"\n<figure class=\"wp-block-image size-full\"><img loading=\"lazy\" decoding=\"async\" width=\"4501\" height=\"1564\" src=\"https:\/\/www.ibermusicas.org\/wp-content\/uploads\/2025\/10\/2025-RIOS-EncORQ_-bann-1080x375-PR.png\" alt=\"\" class=\"wp-image-26669\"\/><\/figure>\n\n\n\n<div class=\"wp-block-group alignwide has-global-padding is-layout-constrained wp-block-group-is-layout-constrained\" style=\"margin-top:0;margin-bottom:0\">\n<div class=\"wp-block-getwid-tabs alignwide has-layout-vertical-left\" data-active-tab=\"0\"><ul class=\"wp-block-getwid-tabs__nav-links\"><\/ul>\n<div class=\"wp-block-getwid-tabs__nav-link\"><span class=\"wp-block-getwid-tabs__title-wrapper\"><a href=\"#\"><span class=\"wp-block-getwid-tabs__title\">Inicial<\/span><\/a><\/span><\/div><div class=\"wp-block-getwid-tabs__tab-content-wrapper\"><div class=\"wp-block-getwid-tabs__tab-content\">\n<figure class=\"wp-block-image size-full\"><img loading=\"lazy\" decoding=\"async\" width=\"1377\" height=\"243\" src=\"https:\/\/www.ibermusicas.org\/wp-content\/uploads\/2025\/10\/perc.jpg\" alt=\"\" class=\"wp-image-26620\"\/><\/figure>\n\n\n\n<p class=\"has-text-align-left\"><strong><mark style=\"background-color:rgba(0, 0, 0, 0);color:#d78738\" class=\"has-inline-color\">RIOS se prop\u00f5e a criar um fato hist\u00f3rico:<br>o primeiro encontro das orquestras sinf\u00f4nicas da Ibero-America.<\/mark><\/strong><\/p>\n\n\n\n<figure class=\"wp-block-image size-full\"><img loading=\"lazy\" decoding=\"async\" width=\"1384\" height=\"506\" src=\"https:\/\/www.ibermusicas.org\/wp-content\/uploads\/2025\/10\/cond.jpg\" alt=\"\" class=\"wp-image-26621\"\/><\/figure>\n\n\n\n<p><strong><mark style=\"background-color:rgba(0, 0, 0, 0)\" class=\"has-inline-color has-accent-4-color\">DATAS<\/mark><\/strong><\/p>\n\n\n\n<p>6 al 8 de novembro de 2025<\/p>\n\n\n\n<p><strong><mark style=\"background-color:rgba(0, 0, 0, 0)\" class=\"has-inline-color has-accent-4-color\">ESPA\u00c7O<\/mark><\/strong><\/p>\n\n\n\n<p>Centro de Extens\u00e3o Art\u00edstica e Cultural da Universidade do Chile, sede da Orquestra Sinf\u00f4nica Nacional do Chile.<\/p>\n\n\n\n<p><strong><mark style=\"background-color:rgba(0, 0, 0, 0)\" class=\"has-inline-color has-accent-4-color\">LOCAL<\/mark><\/strong><\/p>\n\n\n\n<p>Santiago do Chile.<br>Complexo Universit\u00e1rio VM20, Centro de Extens\u00e3o Art\u00edstica e Cultural. Universidade do Chile.<br>Av. Vicu\u00f1a Mackenna 20, Providencia, Regi\u00e3o Metropolitana, Chile.<\/p>\n\n\n\n<figure class=\"wp-block-image size-full\"><img loading=\"lazy\" decoding=\"async\" width=\"4928\" height=\"3264\" src=\"https:\/\/www.ibermusicas.org\/wp-content\/uploads\/2025\/10\/18567090538_63d95af255_o-1.jpg\" alt=\"\" class=\"wp-image-26683\"\/><\/figure>\n\n\n\n<p><\/p>\n\n\n\n<p><\/p>\n<\/div><\/div>\n\n\n\n<div class=\"wp-block-getwid-tabs__nav-link\"><span class=\"wp-block-getwid-tabs__title-wrapper\"><a href=\"#\"><span class=\"wp-block-getwid-tabs__title\">Bem-vindo<\/span><\/a><\/span><\/div><div class=\"wp-block-getwid-tabs__tab-content-wrapper\"><div class=\"wp-block-getwid-tabs__tab-content\">\n<p class=\"has-text-align-left\"><mark style=\"background-color:rgba(0, 0, 0, 0);color:#d78738\" class=\"has-inline-color\"><strong>Damos as boas-vindas ao Primeiro Encontro Ibero-Americano de Orquestras.<\/strong><\/mark><\/p>\n\n\n\n<p>Este evento representa um marco para a RIOS \u2013 Rede Ibero-Americana de Orquestras Sinf\u00f4nicas, organiza\u00e7\u00e3o que conecta mais de 70 orquestras profissionais de 16 pa\u00edses, sob os ausp\u00edcios do Programa IBERM\u00daSICAS.<\/p>\n\n\n\n<p>Criada em 2022, a RIOS trabalha para coordenar a\u00e7\u00f5es conjuntas, promover o desenvolvimento institucional e fortalecer a presen\u00e7a da m\u00fasica sinf\u00f4nica em nossa regi\u00e3o e no mundo.<\/p>\n\n\n\n<p>Durante estes dias, reunimo-nos para refletir sobre os principais desafios e oportunidades que as nossas orquestras enfrentam: sustentabilidade, transforma\u00e7\u00e3o na era digital, desenvolvimento de p\u00fablico, inova\u00e7\u00e3o art\u00edstica e o papel fundamental das orquestras na vida cultural ibero-americana.<\/p>\n\n\n\n<p>Nesse sentido, este encontro \u00e9 uma oportunidade para compartilhar estrat\u00e9gias, desenvolver solu\u00e7\u00f5es em conjunto e construir futuros sustent\u00e1veis.<\/p>\n\n\n\n<p>Agradecemos ao CEAC e ao Minist\u00e9rio da Cultura, Artes e Patrim\u00f4nio do Chile pelo apoio decisivo na realiza\u00e7\u00e3o deste passo fundamental no desenvolvimento da nossa rede, e \u00e0s nossas orquestras por se unirem a este esfor\u00e7o coletivo!<\/p>\n\n\n\n<p><strong><mark style=\"background-color:rgba(0, 0, 0, 0);color:#d78738\" class=\"has-inline-color\">FRANCISCO VARELA<\/mark><\/strong><\/p>\n\n\n\n<p class=\"has-text-align-left\">Diretor Executivo<br>Rede Ibero-Americana de Orquestras Sinf\u00f4nicas, RIOS Iberm\u00fasicas<\/p>\n\n\n\n<figure class=\"wp-block-image size-full\"><img loading=\"lazy\" decoding=\"async\" width=\"1377\" height=\"243\" src=\"https:\/\/www.ibermusicas.org\/wp-content\/uploads\/2025\/10\/perc.jpg\" alt=\"\" class=\"wp-image-26620\"\/><\/figure>\n\n\n\n<p class=\"has-text-align-left\"><mark style=\"background-color:rgba(0, 0, 0, 0);color:#d78738\" class=\"has-inline-color\"><strong>Desde o Programa Iberm\u00fasicas damos as mais cordiais boas-vindas \u00e0s e aos participantes deste Primeiro Encontro da RIOS<\/strong>, <\/mark>um marco de enorme relev\u00e2ncia para o fortalecimento desta rede, criada h\u00e1 apenas tr\u00eas anos no \u00e2mbito do Iberm\u00fasicas.<\/p>\n\n\n\n<p>\u00c9 uma grande alegria podermos nos reunir no Chile gra\u00e7as ao decidido apoio do Minist\u00e9rio das Culturas, das Artes e do Patrim\u00f4nio, junto com o Centro de Extens\u00e3o das Artes da Universidade do Chile, institui\u00e7\u00f5es cuja colabora\u00e7\u00e3o tornou poss\u00edvel este encontro.<\/p>\n\n\n\n<p class=\"has-text-align-left\">Este espa\u00e7o ser\u00e1 uma inst\u00e2ncia de reflex\u00e3o, a\u00e7\u00e3o e proje\u00e7\u00e3o para o futuro, que certamente transformar\u00e1 a maneira como concebemos e desenvolvemos nossas orquestras, ao reconhecermo-nos como parte de uma mesma rede no marco deste grande concerto de na\u00e7\u00f5es. <\/p>\n\n\n\n<p class=\"has-text-align-left\">Como presidenta deste Programa de Coopera\u00e7\u00e3o Ibero- americana, integrado por dezesseis pa\u00edses, \u00e9 para mim uma honra e um privil\u00e9gio dar-lhes as boas-vindas em nome da Argentina, Brasil, Chile, Col\u00f4mbia, Costa Rica, Cuba, Equador, El Salvador, Espanha, M\u00e9xico, Panam\u00e1, Paraguai, Peru, Portugal, Uruguai, Venezuela e da Secretaria-Geral Ibero-americana (SEGIB).<\/p>\n\n\n\n<p><strong><mark style=\"background-color:rgba(0, 0, 0, 0);color:#d78738\" class=\"has-inline-color\">EUL\u00cdCIA ESTEVES<\/mark><\/strong><\/p>\n\n\n\n<p class=\"has-text-align-left\"><em>Presidenta de Iberm\u00fasicas<\/em><\/p>\n\n\n\n<figure class=\"wp-block-image size-full\"><img loading=\"lazy\" decoding=\"async\" width=\"1384\" height=\"506\" src=\"https:\/\/www.ibermusicas.org\/wp-content\/uploads\/2025\/10\/cond.jpg\" alt=\"\" class=\"wp-image-26621\"\/><\/figure>\n\n\n\n<p>Do Centro de Extens\u00e3o Art\u00edstica e Cultural da Universidade do Chile, sede da Orquestra Sinf\u00f4nica Nacional do Chile, gostar\u00edamos de <mark style=\"background-color:rgba(0, 0, 0, 0);color:#d78738\" class=\"has-inline-color\"><strong>dar as boas-vindas a todos os participantes do Primeiro Encontro Ibero-Americano de Orquestras.<\/strong><\/mark><\/p>\n\n\n\n<p>Este encontro representa a concretiza\u00e7\u00e3o de um sonho compartilhado na Ibero-Am\u00e9rica: que, por meio de nossas orquestras, se construam pontes entre os pa\u00edses.<\/p>\n\n\n\n<p>Como uma institui\u00e7\u00e3o comprometida com as artes e a cultura como agentes de mudan\u00e7a e ponto de uni\u00e3o, temos orgulho de sediar este evento hist\u00f3rico no rec\u00e9m-inaugurado complexo cultural VM20. Agradecemos especialmente \u00e0 RIOS por nos permitir sonhar juntos desde o in\u00edcio e coorganizar este t\u00e3o aguardado espa\u00e7o de encontro. Tamb\u00e9m estendemos nossa gratid\u00e3o ao Minist\u00e9rio da Cultura, Artes e Patrim\u00f4nio por se juntar \u00e0 organiza\u00e7\u00e3o. Bem-vindos a todos!<\/p>\n\n\n\n<p><mark style=\"background-color:rgba(0, 0, 0, 0);color:#d78738\" class=\"has-inline-color\"><strong>DOMINIQUE MICHELLE THOMANN<\/strong><\/mark><\/p>\n\n\n\n<p>Diretor do CEAC, Universidade do Chile<\/p>\n\n\n\n<figure class=\"wp-block-image size-full\"><img loading=\"lazy\" decoding=\"async\" width=\"1136\" height=\"386\" src=\"https:\/\/www.ibermusicas.org\/wp-content\/uploads\/2025\/10\/back.jpg\" alt=\"\" class=\"wp-image-26622\"\/><figcaption class=\"wp-element-caption\">Screenshot<\/figcaption><\/figure>\n\n\n\n<p>O Minist\u00e9rio da Cultura, Artes e Patrim\u00f4nio do Chile, em conjunto com o Conselho Nacional de Promo\u00e7\u00e3o Musical e a Secretaria Executiva de M\u00fasica, <mark style=\"background-color:rgba(0, 0, 0, 0);color:#d78738\" class=\"has-inline-color\"><strong>realiza o Primeiro Encontro da Rede Ibero-Americana de Orquestras Sinf\u00f4nicas (RIOS)<\/strong>, <\/mark>coorganizado com a Universidade do Chile e o Programa IBERM\u00daSICAS. Este encontro fortalece os la\u00e7os entre as orquestras profissionais da regi\u00e3o, reafirmando assim nosso compromisso com o desenvolvimento, o di\u00e1logo, a colabora\u00e7\u00e3o e a proje\u00e7\u00e3o internacional da m\u00fasica sinf\u00f4nica, com a convic\u00e7\u00e3o de que a m\u00fasica \u00e9 uma linguagem comum que une culturas, inspira pessoas e projeta um futuro mais integrado, criativo e solid\u00e1rio para a Ibero-Am\u00e9rica.<\/p>\n\n\n\n<p><strong><mark style=\"background-color:rgba(0, 0, 0, 0);color:#d78738\" class=\"has-inline-color\">SUSANA TELLO IBARRA<\/mark><\/strong><\/p>\n\n\n\n<p>Secret\u00e1ria Executiva, Fundo Nacional de Promo\u00e7\u00e3o Musical, Subsecretaria de Cultura e Artes<br>Minist\u00e9rio da Cultura, Artes e Patrim\u00f4nio<\/p>\n\n\n\n<p><\/p>\n<\/div><\/div>\n\n\n\n<div class=\"wp-block-getwid-tabs__nav-link\"><span class=\"wp-block-getwid-tabs__title-wrapper\"><a href=\"#\"><span class=\"wp-block-getwid-tabs__title\">Apresenta\u00e7\u00e3o<\/span><\/a><\/span><\/div><div class=\"wp-block-getwid-tabs__tab-content-wrapper\"><div class=\"wp-block-getwid-tabs__tab-content\">\n<p><br>Dirigentes e gestores das orquestras membros da RIOS, maestros, m\u00fasicos, gestores culturais, institui\u00e7\u00f5es educativas e representantes do setor orquestral da regi\u00e3o, se reunir\u00e3o durante tr\u00eas dias para refletir sobre sua situa\u00e7\u00e3o atual, compartilhar boas pr\u00e1ticas e explorar estrat\u00e9gias para fortalecer o setor e prepar\u00e1-lo para os desafios do futuro.<\/p>\n\n\n\n<p>O <strong>Primeiro Encontro Ibero-Americano de Orquestras<\/strong> se concentrar\u00e1<br>nos desafios e oportunidades que o setor enfrenta. Ser\u00e3o levantadas quest\u00f5es fundamentais: Como podemos fortalecer a resili\u00eancia e a relev\u00e2ncia de nossas orquestras dentro das comunidades? De que maneira otimizamos as redes profissionais e as novas tecnologias para gerar um maior impacto? Como podemos consolidar e fortalecer nossas institui\u00e7\u00f5es? Que estrat\u00e9gias adotamos para financiar nossas temporadas? E, o mais importante, como ser\u00e3o nossas orquestras na pr\u00f3xima d\u00e9cada: elas evoluir\u00e3o para se manterem relevantes ou se transformar\u00e3o radicalmente?<\/p>\n\n\n\n<p>Essas s\u00e3o algumas das quest\u00f5es que marcar\u00e3o n\u00e3o apenas o futuro das orquestras, mas tamb\u00e9m o avan\u00e7o da cultura e da coopera\u00e7\u00e3o internacional.<\/p>\n\n\n\n<figure class=\"wp-block-image size-full\"><img loading=\"lazy\" decoding=\"async\" width=\"6764\" height=\"2255\" src=\"https:\/\/www.ibermusicas.org\/wp-content\/uploads\/2025\/10\/MUSICOS-EN-GRUPO-ALTA-RESOLUCION-97.jpg\" alt=\"\" class=\"wp-image-26625\"\/><\/figure>\n\n\n\n<p><strong><mark style=\"background-color:rgba(0, 0, 0, 0)\" class=\"has-inline-color has-accent-4-color\">OBJETIVOS DO EVENTO<\/mark><\/strong><\/p>\n\n\n\n<p><mark style=\"background-color:rgba(0, 0, 0, 0);color:#d78738\" class=\"has-inline-color\"><strong>01<\/strong> <\/mark>Promover o interc\u00e2mbio e as boas pr\u00e1ticas entre as orquestras sinf\u00f4nicas ibero-americanas.<\/p>\n\n\n\n<p><mark style=\"background-color:rgba(0, 0, 0, 0);color:#d78738\" class=\"has-inline-color\"><strong>02<\/strong> <\/mark>Fomentar a colabora\u00e7\u00e3o art\u00edstica e cultural entre orquestras da Ibero-Am\u00e9rica.<\/p>\n\n\n\n<p><mark style=\"background-color:rgba(0, 0, 0, 0);color:#d78738\" class=\"has-inline-color\"><strong>03<\/strong> <\/mark>Estabelecer uma rede formal de contatos e colaboradores dentro do circuito art\u00edstico.<\/p>\n\n\n\n<p><strong><mark style=\"background-color:rgba(0, 0, 0, 0);color:#d78738\" class=\"has-inline-color\">04<\/mark><\/strong> Oferecer workshops e pain\u00e9is sobre temas relevantes, como a gest\u00e3o de orquestras, a inova\u00e7\u00e3o na programa\u00e7\u00e3o e a inclus\u00e3o na m\u00fasica de concerto.<br><\/p>\n\n\n\n<div class=\"wp-block-buttons is-layout-flex wp-block-buttons-is-layout-flex\">\n<div class=\"wp-block-button\"><a class=\"wp-block-button__link wp-element-button\" href=\"https:\/\/www.ibermusicas.org\/wp-content\/uploads\/2025\/10\/2025-RIOS-brochure-PR-_OKscreen.pdf\" target=\"_blank\" rel=\"noreferrer noopener\">DESCARREGAR PROGRAMA EM PDF<\/a><\/div>\n<\/div>\n<\/div><\/div>\n\n\n\n<div class=\"wp-block-getwid-tabs__nav-link\"><span class=\"wp-block-getwid-tabs__title-wrapper\"><a href=\"#\"><span class=\"wp-block-getwid-tabs__title\">Agenda<\/span><\/a><\/span><\/div><div class=\"wp-block-getwid-tabs__tab-content-wrapper\"><div class=\"wp-block-getwid-tabs__tab-content\">\n<h2 class=\"wp-block-heading\"><mark style=\"background-color:rgba(0, 0, 0, 0)\" class=\"has-inline-color has-accent-4-color\">Agenda<\/mark><\/h2>\n\n\n\n<p><strong><mark style=\"background-color:rgba(0, 0, 0, 0);color:#d78738\" class=\"has-inline-color\">D\u00cdA 1 &#8211; 6 DE NOVEMBRO DE 2025<\/mark><\/strong><\/p>\n\n\n\n<p><mark style=\"background-color:rgba(0, 0, 0, 0);color:#d78738\" class=\"has-inline-color\">17:30 \/\/<\/mark> Credenciamento de Participantes<\/p>\n\n\n\n<p><mark style=\"background-color:rgba(0, 0, 0, 0);color:#d78738\" class=\"has-inline-color\">18:30 \/\/ <\/mark><strong>Cerim\u00f4nia de Abertura:<\/strong><br><em>Palavras de boas-vindas das autoridades<\/em><\/p>\n\n\n\n<p><mark style=\"background-color:rgba(0, 0, 0, 0);color:#d78738\" class=\"has-inline-color\">19:00 \/\/<\/mark> <strong>Coquetel de boas-vindas<\/strong><\/p>\n\n\n\n<p><strong><mark style=\"background-color:rgba(0, 0, 0, 0);color:#d78738\" class=\"has-inline-color\">D\u00cdA 2 &#8211; 7 DE NOVEMBRO DE 2025<\/mark><\/strong><\/p>\n\n\n\n<p><mark style=\"background-color:rgba(0, 0, 0, 0);color:#d78738\" class=\"has-inline-color\">08:30 \/\/<\/mark> Networking<\/p>\n\n\n\n<p><mark style=\"background-color:rgba(0, 0, 0, 0);color:#d78738\" class=\"has-inline-color\">09:00 \/\/ <strong><em>A responsabilidade pol\u00edtica e social das orquestras no s\u00e9culo XXI.<\/em><\/strong><\/mark><br><strong>Marcela Reartes<\/strong>, Lic. em Ci\u00eancia Pol\u00edtica, gestora e produtora art\u00edstica (Argentina)<\/p>\n\n\n\n<p><mark style=\"background-color:rgba(0, 0, 0, 0);color:#d78738\" class=\"has-inline-color\">10:10 \/\/ <strong><em>Para al\u00e9m do palco: rumo a uma gest\u00e3o coletiva na m\u00fasica.<\/em><\/strong><\/mark><br><strong>Carlos Mendes<\/strong> e <strong>Marcos Souza<\/strong>, Petrobras Sinf\u00f4nica (Brasil)<br><strong>Irene Monterroso<\/strong>, OSN Costa Rica &#8211; Federa\u00e7\u00e3o Internacional dos M\u00fasicos FIM (Costa Rica)<br>Mediadora: <strong>Ver\u00f3nica Saracho<\/strong>, Orquestra de C\u00e2mara de Rosario (Argentina)<\/p>\n\n\n\n<p><mark style=\"background-color:rgba(0, 0, 0, 0);color:#d78738\" class=\"has-inline-color\">11:20 \/\/ <\/mark>Coffee Break<\/p>\n\n\n\n<p><mark style=\"background-color:rgba(0, 0, 0, 0);color:#d78738\" class=\"has-inline-color\">11:50 \/\/ <em><strong>Construindo o Futuro: o papel das orquestras na forma\u00e7\u00e3o musical.<\/strong><\/em><\/mark><br><strong>Rub\u00e9n Capriles<\/strong>, Orquestra Filarm\u00f4nica Nacional (Venezuela)<br><strong>Felipe Pinto d \u0301Aguiar<\/strong>, FAA-UACh (Chile)<br><strong>Isaac Terceros<\/strong>, Filarm\u00f4nica de Santa Cruz de la Sierra (Bolivia)<br><strong>Ana Fl\u00e1via Cabral Souza Leite<\/strong>, Orquestra Sinf\u00f4nica Brasileira (Brasil)<br>Mediadora: <strong>Dominique Thomann<\/strong>, CEAC (Chile)<\/p>\n\n\n\n<p><mark style=\"background-color:rgba(0, 0, 0, 0);color:#d78738\" class=\"has-inline-color\">13:00 \/\/ <\/mark>Almo\u00e7o<\/p>\n\n\n\n<p><mark style=\"background-color:rgba(0, 0, 0, 0);color:#d78738\" class=\"has-inline-color\">14:30 \/\/ <em><strong>A transforma\u00e7\u00e3o digital \u2013 orquestras e coros em ponto de inflex\u00e3o.<\/strong><\/em><\/mark><br><strong>Anselm Rose<\/strong>. Diretor Geral das Orquestras e Coros da R\u00e1dio GmbH (Alemanha)<\/p>\n\n\n\n<p><mark style=\"background-color:rgba(0, 0, 0, 0);color:#d78738\" class=\"has-inline-color\">15:40 \/\/ <\/mark>Coffee Break<\/p>\n\n\n\n<p><mark style=\"background-color:rgba(0, 0, 0, 0);color:#d78738\" class=\"has-inline-color\">16:10 \/\/ <\/mark><strong>Sess\u00e3o de trabalho RIOS<\/strong><\/p>\n\n\n\n<p><mark style=\"background-color:rgba(0, 0, 0, 0);color:#d78738\" class=\"has-inline-color\">18:15 \/\/ <\/mark>Traslado para o Concerto<\/p>\n\n\n\n<p><mark style=\"background-color:rgba(0, 0, 0, 0);color:#d78738\" class=\"has-inline-color\">19:30 \/\/<\/mark><mark style=\"background-color:rgba(0, 0, 0, 0);color:#000000\" class=\"has-inline-color\"> <\/mark><strong>Concerto<\/strong><br>Teatro California<br><strong>Orquestra de C\u00e2mara do Chile<\/strong><br><strong>Jorge Pinz\u00f3n,<\/strong> obo\u00e9<br><strong>Marc Moncusi<\/strong>, Regente convidado<\/p>\n\n\n\n<p>J. Turina: La Oraci\u00f3n del Torero, Op. 34<br>W. A. Mozart: Concerto para Obo\u00e9 em D\u00f3 Maior, Kv. 314<br>L. v Beethoven: Sinfonia No 4 em Sib Maior, Op. 60<\/p>\n\n\n\n<p><strong><mark style=\"background-color:rgba(0, 0, 0, 0);color:#d78738\" class=\"has-inline-color\">D\u00cdA 3 &#8211; 8 DE NOVEMBRO DE 2025<\/mark><\/strong><\/p>\n\n\n\n<p><mark style=\"background-color:rgba(0, 0, 0, 0);color:#d78738\" class=\"has-inline-color\">08:30 \/\/ <\/mark>Networking<\/p>\n\n\n\n<p><mark style=\"background-color:rgba(0, 0, 0, 0);color:#d78738\" class=\"has-inline-color\">09:00 \/\/ <strong><em>Financiamento, gest\u00e3o e impacto: a sustentabilidade da Osesp.<\/em><\/strong><\/mark><br><strong>Marcelo Lopes,<\/strong> Orquestra Sinf\u00f4nica do Estado de S\u00e3o Paulo (Brasil)<br><strong>Modera<\/strong>: Maria Catalina Prieto, FilarMed (Col\u00f4mbia)<\/p>\n\n\n\n<p><mark style=\"background-color:rgba(0, 0, 0, 0);color:#d78738\" class=\"has-inline-color\">10:10 \/\/ <strong><em>Lideran\u00e7a feminina e transforma\u00e7\u00e3o no campo orquestral.<\/em><\/strong><\/mark><br><strong>Dominique Thomann<\/strong>, CEAC (Chile)<br><strong>Maria Catalina Prieto<\/strong>, FilarMed (Col\u00f4mbia)<br><strong>Ana Fl\u00e1via Cabral Souza Leite<\/strong>, Orquestra Sinf\u00f4nica Brasileira (Brasil)<br><strong>Marcela Reartes<\/strong>, ex diretor Teatro Libertador (Argentina)<br>Mediadora: <strong>Eul\u00edcia Esteves<\/strong>, Presidenta do Iberm\u00fasicas (Brasil)<\/p>\n\n\n\n<p><mark style=\"background-color:rgba(0, 0, 0, 0);color:#d78738\" class=\"has-inline-color\">11:20 \/\/ <\/mark>Coffee Break<\/p>\n\n\n\n<p><mark style=\"background-color:rgba(0, 0, 0, 0);color:#d78738\" class=\"has-inline-color\">11:50 \/\/ <strong><em>Novas orquestras para um novo s\u00e9culo.<\/em><\/strong><\/mark><br><strong>Mar\u00eda Victoria Sosa Z\u00e1rate<\/strong>, OSN Paraguai (Paraguai)<br><strong>Martin Fraile Milstein<\/strong>, Orquestra Filarm\u00f4nica de R\u00edo Negro (Argentina)<br><strong>Diomar Silveira<\/strong>, Filarm\u00f4nica de Minas Gerais (Brasil)<br>Mediador: <strong>Francisco Brunner<\/strong>, Orquestra UANDES (Chile)<\/p>\n\n\n\n<p><mark style=\"background-color:rgba(0, 0, 0, 0);color:#d78738\" class=\"has-inline-color\">13:00 \/\/ <\/mark>Almo\u00e7o<\/p>\n\n\n\n<p><mark style=\"background-color:rgba(0, 0, 0, 0);color:#d78738\" class=\"has-inline-color\">14:30 \/\/ <strong><em>Do c\u00e2none \u00e0 cria\u00e7\u00e3o: tens\u00f5es na arte viva.<\/em><\/strong><\/mark><br><strong>Jos\u00e9 Julio D\u00edaz Infante<\/strong>, Orquestra Filarm\u00f4nica de la UNAM (M\u00e9xico)<br><strong>Susana Palacios<\/strong>, Orquestra Sinf\u00f4nica de la EAFIT (Col\u00f4mbia)<br><strong>Igor Corcuera C\u00e1ceres<\/strong>, OSN Cuba (Cuba)<br>Mediadora: <strong>Anal\u00eda Belli<\/strong>, Orquestra Filarm\u00f4nica de Buenos Aires (Argentina)<\/p>\n\n\n\n<p><mark style=\"background-color:rgba(0, 0, 0, 0);color:#d78738\" class=\"has-inline-color\">15:40 \/\/ <\/mark>Coffee Break<\/p>\n\n\n\n<p><mark style=\"background-color:rgba(0, 0, 0, 0);color:#d78738\" class=\"has-inline-color\">16:10 \/\/ <strong><em>Liderando a mudan\u00e7a com ousadia: transforma\u00e7\u00e3o em um mundo complexo.<\/em><\/strong><\/mark><br><strong>Simon Woods<\/strong>, Presidente da League of American Orchestras (Estados Unidos)<\/p>\n\n\n\n<p><mark style=\"background-color:rgba(0, 0, 0, 0);color:#d78738\" class=\"has-inline-color\">17:30 \/\/ <\/mark><strong>Encerramento do Encontro<\/strong><br><strong>Dominique Thomann<\/strong>, CEAC (Chile)<br><strong>Francisco Varela<\/strong>, RIOS (Argentina)<\/p>\n\n\n\n<p><mark style=\"background-color:rgba(0, 0, 0, 0);color:#d78738\" class=\"has-inline-color\">19:30 \/\/ <\/mark><strong>Concierto<\/strong><br>Grande Sala Sinf\u00f4nica Nacional<br><strong>Orquestra Sinf\u00f4nica Nacional do Chile<br>Coro Sinf\u00f4nico da Universidade do Chile<\/strong><br><strong>Camila Romero<\/strong>, soprano<br><strong>Javiera Barrios<\/strong>, mezzo soprano<br><strong>Ira Levin<\/strong>, regente invitado<\/p>\n\n\n\n<p>G. Mahler: Sinfon\u00eda No. 2<\/p>\n<\/div><\/div>\n\n\n\n<div class=\"wp-block-getwid-tabs__nav-link\"><span class=\"wp-block-getwid-tabs__title-wrapper\"><a href=\"#\"><span class=\"wp-block-getwid-tabs__title\">Palestrantes<\/span><\/a><\/span><\/div><div class=\"wp-block-getwid-tabs__tab-content-wrapper\"><div class=\"wp-block-getwid-tabs__tab-content\">\n<h2 class=\"wp-block-heading\"><mark style=\"background-color:rgba(0, 0, 0, 0)\" class=\"has-inline-color has-accent-4-color\">Palestrantes<\/mark><\/h2>\n\n\n\n<div class=\"wp-block-getwid-table country-members has-table-layout-auto\"><table><tbody><tr><td><img loading=\"lazy\" decoding=\"async\" width=\"150\" height=\"226\" class=\"wp-image-26543\" style=\"width: 150px;\" src=\"https:\/\/www.ibermusicas.org\/wp-content\/uploads\/2025\/10\/WhatsApp-Image-2025-09-30-at-10.58.41-AM1.jpeg\" alt=\"\"><\/td><td><strong>Marcela Reartes<\/strong> (Argentina)<br>Graduada em Ci\u00eancia Pol\u00edtica, gestora cultural, musicista, professora e produtora de espet\u00e1culos e festivais. Ocupou diversos cargos na Secretaria de Cultura da Prov\u00edncia de C\u00f3rdoba e em institui\u00e7\u00f5es culturais provinciais, nacionais e internacionais, incluindo:<br>* Diretora do Teatro Libertador San Mart\u00edn, na Cidade de C\u00f3rdoba.<br>* Membro da OLA, \u00d3pera Latino-Americana.<br>* Delegada do SInCA (Sistema Argentino de Informa\u00e7\u00e3o Cultural). Minist\u00e9rio da Cultura da Na\u00e7\u00e3o.<br>* Coordenadora do Festival Internacional de M\u00fasica Barroca Camino de las Estancias, realizado em C\u00f3rdoba, Patrim\u00f4nio Mundial da UNESCO.<br>* Diretora de Conselhos Regionais e membro do Conselho de Administra\u00e7\u00e3o da Ag\u00eancia de Cultura de C\u00f3rdoba, Governo da Prov\u00edncia de C\u00f3rdoba.<br>* Diretora de Elencos Permanentes, Prefeitura de C\u00f3rdoba.<br>Atualmente, realiza pesquisas sobre arte e pol\u00edtica, pol\u00edticas p\u00fablicas e produ\u00e7\u00e3o art\u00edstica para a consultoria Sinfo+. Professora de produ\u00e7\u00e3o e programa\u00e7\u00e3o na Cultura Contempor\u00e1nea 220. Produtor e curador do Festival M\u00fasica de Dois Mundos e do Festival Polif\u00f4nico de Outono. Cravista de conjuntos barrocos (Barroco Bizarro e Confluencia Barroca).<\/td><\/tr><tr><td><img loading=\"lazy\" decoding=\"async\" width=\"150\" height=\"225\" class=\"wp-image-26578\" style=\"width: 150px;\" src=\"https:\/\/www.ibermusicas.org\/wp-content\/uploads\/2025\/10\/02-Carlos-Mendes.jpg\" alt=\"\"><\/td><td><strong>Carlos Mendes <\/strong>(Brasil)<br>\u00c9 formado em violino pela Universidade Federal do Estado do Rio de Janeiro (UNIRIO), na classe de Paulo Bosisio. Dentre os diversos cursos de extens\u00e3o em execu\u00e7\u00e3o e ensino de violino dos quais participou, foi convidado como bolsista pela Acad\u00e9mie Europ\u00e9enne de Musique de Tournon (Fran\u00e7a) por dois anos consecutivos para participar da Orchestre Philharmonique Rhodanien, em 1996, onde atuou como spalla, e novamente em 1997. \u00c9 membro da Orquestra Sinf\u00f4nica do Theatro Municipal do Rio de Janeiro e da Orquestra Petrobras Sinf\u00f4nica, onde tamb\u00e9m ocupa um cargo no Conselho Diretor. Em m\u00fasica de c\u00e2mara, \u00e9 membro do Quarteto Bosisio, do Quarteto Atlas e do Duo de Violinos Paulo Bosisio. \u00c9 membro do j\u00fari permanente do renomado Concurso de Cordas Paulo Bosisio e tamb\u00e9m foi convidado para atuar como j\u00fari em concursos com a Orquestra Sinf\u00f4nica do Theatro Municipal do Rio de Janeiro, a Orquestra Petrobras Sinf\u00f4nica e o Teatro Col\u00f3n, na Argentina. Seu primeiro professor de reg\u00eancia foi o Maestro Isaac Karabtchevsky. Ele atuou como regente interino da Orquestra Sinf\u00f4nica do Theatro Municipal do Rio de Janeiro em 2022. <\/td><\/tr><tr><td><img loading=\"lazy\" decoding=\"async\" width=\"150\" height=\"222\" class=\"wp-image-26581\" style=\"width: 150px;\" src=\"https:\/\/www.ibermusicas.org\/wp-content\/uploads\/2025\/10\/03-Marcos-Souza.jpg\" alt=\"\"><\/td><td><strong>Marcos Souza<\/strong> (Brasil)<br>Compositor de m\u00fasica para audiovisual, supervisor musical e pianista, Marcos Souza produziu e idealizou o filme sobre sua fam\u00edlia, seu pai Chico M\u00e1rio e seus tios Henfil e Betinho: \u201c3 Irm\u00e3os de Sangue\u201d de Angela Patr\u00edcia Reiniger.&nbsp; Fez a dire\u00e7\u00e3o musical do filme \u00abBetinho &#8211; Uma esperan\u00e7a equilibrista\u00bb de Victor Lopez e comp\u00f4s a m\u00fasica para os filmes \u00abHenfil\u00bbde Angela Zo\u00e9, \u00abAbdias Nascimento\u00bb e \u00abExpedito\u00bb de Aida Marques, \u00abAngel Vianna\u00bb e \u00abIluminados\u00bb de Cristina Leal. Fez ainda a m\u00fasica para as exposi\u00e7\u00f5es \u00abAs Vistas Lumi\u00e9re\u00bb no Centro Cultural dos Correios e \u00abRabin Ajaw, a Filha do Rei\u00bb no CCBB Rio, ambas produzidas por Aida Marques.&nbsp;<br>Marcos foi ainda diretor do centro de m\u00fasica da Funarte, Diretor musical da Orquestra Filarm\u00f4nica de MG e Orquestra Ouro Preto, Gerente de Marketing de uma agregadora musical online na Espanha, produziu diversos projetos na Holanda, Gerente de produto da TV Multirio e atualmente \u00e9 diretor de projetos da Orquestra Petrobras Sinf\u00f4nica e diretor do Festival Musimagem.<\/td><\/tr><tr><td><img loading=\"lazy\" decoding=\"async\" width=\"150\" height=\"224\" class=\"wp-image-26582\" style=\"width: 150px;\" src=\"https:\/\/www.ibermusicas.org\/wp-content\/uploads\/2025\/10\/04-Irene-Monterroso.jpeg\" alt=\"\"><\/td><td><strong>Irene Monterroso <\/strong>(Costa Rica)<br>\u00c9 musicista profissional da Orquestra Sinf\u00f4nica Nacional da Costa Rica, com a qual se apresentou em palcos nacionais e internacionais, na Europa, Am\u00e9rica Latina e \u00c1sia, al\u00e9m de participar de diversos festivais de m\u00fasica.<br>Comprometida com o foco social de sua profiss\u00e3o, Irene dedicou-se durante 20 anos \u00e0 defesa dos direitos art\u00edsticos e culturais por meio do sindicato ANEP OSN, onde ocupou cargos como vice-presidente e presidente. Atualmente, tamb\u00e9m atua no Conselho Diretor Nacional desta associa\u00e7\u00e3o.<br>Em 2020, fundou uma organiza\u00e7\u00e3o sem fins lucrativos focada na promo\u00e7\u00e3o de atividades art\u00edsticas e culturais com impacto social. Para fortalecer sua lideran\u00e7a nesta funda\u00e7\u00e3o, obteve dois mestrados em Gest\u00e3o e Administra\u00e7\u00e3o de Projetos. Sua ONG implementou tr\u00eas projetos significativos que beneficiaram mais de 500 artistas, t\u00e9cnicos e colaboradores, com foco especial em crian\u00e7as e adolescentes.<br>O projeto mais recente da funda\u00e7\u00e3o \u00e9 um modelo de m\u00fasica e arte que integra vis\u00f5es hist\u00f3ricas e criativas para proteger e promover o patrim\u00f4nio imaterial ind\u00edgena e afrodescendente da prov\u00edncia caribenha de Lim\u00f3n, na Costa Rica. Este projeto, apoiado pela UNESCO e diversas institui\u00e7\u00f5es, gera um impacto social significativo em comunidades vulner\u00e1veis, promove os direitos humanos e eleva a visibilidade da cultura de Lim\u00f3n nacional e internacionalmente.<br>Desde 2021, Irene colabora com o Comit\u00ea Executivo da Federa\u00e7\u00e3o Internacional de M\u00fasicos (FIM), sendo eleita vice-presidente da organiza\u00e7\u00e3o em 2025.<\/td><\/tr><tr><td><img loading=\"lazy\" decoding=\"async\" width=\"150\" height=\"225\" class=\"wp-image-26583\" style=\"width: 150px;\" src=\"https:\/\/www.ibermusicas.org\/wp-content\/uploads\/2025\/10\/05-Ruben-Capriles.jpg\" alt=\"\"><\/td><td><strong>Rub\u00e9n Capriles <\/strong>(Venezuela)&nbsp;<br>Diretor Art\u00edstico da Orquestra Filarm\u00f4nica Nacional da Venezuela e Professor de Reg\u00eancia Orquestral no Conservat\u00f3rio de M\u00fasica Sim\u00f3n Bol\u00edvar de El Sistema. De 2013 a 2020, atuou como Diretor Musical da Orquestra Sinf\u00f4nica Falc\u00f3n. Antes de se estabelecer na Venezuela, atuou como Presidente e Diretor Musical da Orquestra Filarm\u00f4nica de Baltimore. Possui doutorado em M\u00fasica pelo Instituto Peabody da Universidade Johns Hopkins, mestrado em M\u00fasica pela Universidade Sim\u00f3n Bol\u00edvar, mestrado em Pol\u00edticas P\u00fablicas e em Administra\u00e7\u00e3o de Empresas pelo IESA, e mestrado em Ci\u00eancia Pol\u00edtica pela Universidade Columbia, em Nova York.<\/td><\/tr><tr><td><img loading=\"lazy\" decoding=\"async\" width=\"150\" height=\"176\" class=\"wp-image-26584\" style=\"width: 150px;\" src=\"https:\/\/www.ibermusicas.org\/wp-content\/uploads\/2025\/10\/06-Felipe-Pinto-d_Aguiar_2025.jpg\" alt=\"\"><\/td><td><strong>Felipe Pinto d\u00b4Aguiar<\/strong> (Chile)<br>Compositor e educador. As obras de Felipe Pinto d\u2019Aguiar (1982) foram descritas como possuidoras de \u201cpoder e intensidade emocional\u201d [The Sydney Morning Herald]. Natural de Santiago, Felipe participou de projetos em mais de quinze pa\u00edses em cinco continentes, colaborando com o Arcko Symphonic Ensemble, Sound Icon, o Consort Guitarr\u00edstico de Chile, a Orquestra Sinf\u00f4nica da Universidad de Concepci\u00f3n, o UC Contemporary Ensemble, o TimeArt Studio, o Boston Musica Viva, o Names Ensemble, o F(r)actura Ensemble, o Zone Exp\u00e9rimentale, a Cape Town Philharmonic Orchestra, o Vertixe Sonora, o Hard Rain Soloist Ensemble e o JACK Quartet, entre outros. Ele \u00e9 Doutor em Artes Musicais (Composi\u00e7\u00e3o) pela Universidade de Boston, onde estudou com Joshua Fineberg, gra\u00e7as a uma bolsa Fulbright. Anteriormente, concluiu o mestrado na Universidade de Melbourne sob a orienta\u00e7\u00e3o de Elliott Gyger e foi aluno particular de Aliocha Solovera. Reconhecido como um dos \u00abnomes chilenos mais poderosos nascidos nas d\u00e9cadas de 70 e 80\u00bb [El Mercurio], inspira-se em diversas fontes, incluindo artes visuais, literatura, cinema, vida cotidiana e natureza. \u00c9 professor da Escola de Artes Musicais e Sonoras e reitor da Faculdade de Arquitetura e Artes da Universidade Austral do Chile, em Valdivia.<\/td><\/tr><tr><td><img loading=\"lazy\" decoding=\"async\" width=\"150\" height=\"192\" class=\"wp-image-26585\" style=\"width: 150px;\" src=\"https:\/\/www.ibermusicas.org\/wp-content\/uploads\/2025\/10\/07-Isaac-Terceros-1.jpg\" alt=\"\"><\/td><td><strong>Isaac Terceros<\/strong> (Bolivia)<br>Maestro orquestral, diretor coral e gestor cultural com experi\u00eancia na Am\u00e9rica Latina, Estados Unidos e Europa. Doutor em M\u00fasica pela Universidade de Indiana, atualmente professor na Universidade Estadual de Kent (Ohio) e Diretor Art\u00edstico do Kent Blossom Music Festival. Nos Estados Unidos, tamb\u00e9m regeu a Orquestra Sinf\u00f4nica de Bloomington (Indiana). Mestre em Reg\u00eancia Orquestral pela Universidade do Arkansas Central e bacharel em Reg\u00eancia Orquestral e Coral pela Universidade de S\u00e3o Paulo (Brasil).<br>Na Bol\u00edvia, \u00e9 fundador e Diretor Art\u00edstico da Orquestra Filarm\u00f4nica de Santa Cruz de la Sierra, com a qual regeu mais de 80 concertos desde 2016, incluindo estreias locais de Carmina Burana e da Nona Sinfonia de Beethoven. \u00c9 tamb\u00e9m Diretor do Conjunto Vocal Entrecantos, duas vezes vencedor do concurso \u00abSanta Cruz Canta\u00bb. Nomeado em 2018 como Conselheiro Departamental de Cultura de Santa Cruz, recebeu v\u00e1rios pr\u00eamios, incluindo o Pr\u00eamio da Paz da Juventude (2017), o Pr\u00eamio Tiqui (2018) e o Pr\u00eamio JCI TOYP (2019) como Jovem Destaque da Bol\u00edvia.<\/td><\/tr><tr><td><img loading=\"lazy\" decoding=\"async\" width=\"150\" height=\"225\" class=\"wp-image-26586\" style=\"width: 150px;\" src=\"https:\/\/www.ibermusicas.org\/wp-content\/uploads\/2025\/10\/08-ANA-FLAVIA-2025.jpeg\" alt=\"\"><\/td><td><strong>Ana Fl\u00e1via Cabral Souza Leite<\/strong> (Brasil)<br>Conselheira Vice-Presidente Executiva e Superintendente Geral da Funda\u00e7\u00e3o Orquestra Sinf\u00f4nica Brasileira. Conselheira do Conselho de Comunica\u00e7\u00e3o Social do Congresso Nacional. Conselheira da Nuclea Educa\u00e7\u00e3o, empresa do Mercado Financeiro. Em mais de 25 anos de carreira vem atuando como conselheira e executiva na \u00e1rea de Direito das Funda\u00e7\u00f5es, sustentabilidade, educa\u00e7\u00e3o, tendo ocupado posi\u00e7\u00f5es de CSO e diretoria em empresas do mercado financeiro e setor el\u00e9trico. Passou pela Funda\u00e7\u00e3o OSESP, governo do estado de S\u00e3o Paulo, BID e Minist\u00e9rio da Cultura. Advogada pela PUC\/SP, Ana Fl\u00e1via \u00e9 mestre pela EACH\/USP e MBA em Gest\u00e3o de Bens Culturais pela FGV. \u00c9 professora<br>de field project na faculdade de Direito da FGV\/RJ. \u00c9 autora da obra \u201cOSESP &#8211; um caso de sucesso\u201d<\/td><\/tr><tr><td><img loading=\"lazy\" decoding=\"async\" width=\"150\" height=\"100\" class=\"wp-image-26600\" style=\"width: 150px;\" src=\"https:\/\/www.ibermusicas.org\/wp-content\/uploads\/2025\/10\/09-Anselm-Rose.jpg\" alt=\"\"><\/td><td><strong>Anselm Rose <\/strong>(Alemania)<br>Ele atua como CEO e \u00fanico diretor-geral da Rundfunk Orchester und Ch\u00f6re gGmbH Berlin, empresa controladora da Deutsches Symphonie-Orchester, da Rundfunk-Sinfonieorchester Berlin, do Rundfunkchor Berlin e do RIAS Kammerchor. Foi Diretor Geral e Art\u00edstico (Intendente) da Filarm\u00f4nica de Dresden (2004-2014) e impulsionou a constru\u00e7\u00e3o da nova sala de concertos no Kulturpalast de Dresden, desempenhando um papel fundamental em sua concep\u00e7\u00e3o, planejamento e implementa\u00e7\u00e3o. Anteriormente, ocupou o mesmo cargo na Orquestra Sinf\u00f4nica de Munique, ap\u00f3s atuar como diretor-geral da Orquestra de C\u00e2mara de Stuttgart e da Bergische Symphoniker \u2013 Orquestra das Cidades de Solingen\/Remscheid GmbH. Tamb\u00e9m trabalhou como consultor e especialista para institui\u00e7\u00f5es culturais e em pol\u00edtica cultural. Ele foi o fundador do Deutscher Orchestertag \u2013 o maior encontro do setor no mundo de l\u00edngua alem\u00e3, do qual foi cofundador em 2003.<br>Formado em administra\u00e7\u00e3o de empresas, estudou direito, economia e ci\u00eancia pol\u00edtica, al\u00e9m de gest\u00e3o cultural americana como bolsista Eisenhower. Publicou artigos (incluindo no Der St\u00e4dtetag, no European Journal of Cultural Economics e no Das Orchester) e \u00e9 um especialista requisitado em confer\u00eancias e simp\u00f3sios nacionais e internacionais. Rose foi professor de gest\u00e3o cultural na Universidade Internacional de Dresden e de gest\u00e3o teatral e orquestral na Universidade de M\u00fasica e Artes C\u00eanicas de Frankfurt.<\/td><\/tr><tr><td><img loading=\"lazy\" decoding=\"async\" width=\"150\" height=\"190\" class=\"wp-image-26588\" style=\"width: 150px;\" src=\"https:\/\/www.ibermusicas.org\/wp-content\/uploads\/2025\/10\/10-Marcelo-Lopes.jpg\" alt=\"\"><\/td><td><strong>Marcelo Lopes<\/strong> (Brasil)&nbsp;&nbsp;<br>M\u00fasico, economista e advogado, com especializa\u00e7\u00e3o em Finan\u00e7as P\u00fablicas e Mestre em Direito pela Escola de Direito de S\u00e3o Paulo da Funda\u00e7\u00e3o Get\u00falio Vargas. Gestor cultural, tem atuado em palestras e confer\u00eancias no Brasil e no Exterior, tendo foco a gest\u00e3o de equipamentos culturais atrav\u00e9s do modelo de Organiza\u00e7\u00f5es Sociais. Diretor Executivo da Funda\u00e7\u00e3o Osesp desde sua cria\u00e7\u00e3o, liderou uma iniciativa hoje considerada como um dos melhores projetos culturais brasileiros. De departamento p\u00fablico, transformou a institui\u00e7\u00e3o numa das refer\u00eancias em gest\u00e3o cultural no pa\u00eds, desde a estrutura\u00e7\u00e3o legal e financeira \u00e0 renova\u00e7\u00e3o do planejamento art\u00edstico, erigindo um modelo de administra\u00e7\u00e3o de reconhecido sucesso. Aos 19 anos ingressou na Orquestra Sinf\u00f4nica do Estado de S\u00e3o Paulo como trompetista, fun\u00e7\u00e3o em que permaneceu regularmente at\u00e9 2005, ao assumir a Dire\u00e7\u00e3o da Funda\u00e7\u00e3o Osesp. Desde 1991 \u00e9 Professor Titular de Trompete da Funda\u00e7\u00e3o das Artes de S\u00e3o Caetano.<\/td><\/tr><tr><td><img loading=\"lazy\" decoding=\"async\" width=\"150\" height=\"124\" class=\"wp-image-26589\" style=\"width: 150px;\" src=\"https:\/\/www.ibermusicas.org\/wp-content\/uploads\/2025\/10\/11-Maria-Catalina-Prieto.jpeg\" alt=\"\"><\/td><td><strong>Maria Catalina Prieto<\/strong> (Colombia)&nbsp;&nbsp;<br>M\u00fasica, com mestrado em Administra\u00e7\u00e3o de Empresas e Institui\u00e7\u00f5es Culturais, especialista em pol\u00edticas culturais pela Universidade de Barcelona e em responsabilidade social corporativa e gest\u00e3o de valor compartilhado pela Universidade EAN. Trabalhou na Col\u00f4mbia, nos Estados Unidos e na Europa em institui\u00e7\u00f5es p\u00fablicas e privadas, bem como em ag\u00eancias de coopera\u00e7\u00e3o internacional.<br>Dedicou sua carreira \u00e0 cria\u00e7\u00e3o de projetos que possibilitam a transforma\u00e7\u00e3o por meio da m\u00fasica: o Dia Internacional do Canto Coral, o Plano Nacional de Corais e a Associa\u00e7\u00e3o Colombiana de Corais do Minist\u00e9rio da Cultura, grupos juvenis, centros orquestrais, o programa hospitalar e de forma\u00e7\u00e3o da Orquestra Filarm\u00f4nica de Bogot\u00e1, o Coral da Reconcilia\u00e7\u00e3o \u2014 coral que re\u00fane ex-combatentes e v\u00edtimas do conflito armado colombiano desde 2019 \u2014 e o programa Eu Sou M\u00fasico \u2014 programa de forma\u00e7\u00e3o e conscientiza\u00e7\u00e3o para jovens neurodiversos \u2014 da Orquestra Filarm\u00f4nica de Medell\u00edn, entre outros. Nos \u00faltimos anos, dedicou-se a promover a transforma\u00e7\u00e3o do modelo de gest\u00e3o de organiza\u00e7\u00f5es culturais para garantir sua relev\u00e2ncia e sustentabilidade. Isso lhe rendeu reconhecimento internacional, permitindo-lhe concluir a bolsa de estudos em Gest\u00e3o de Artes Globais do Instituto DeVos, com Michael Kaiser, uma das principais figuras mundiais em gest\u00e3o cultural, e o programa de mentoria da Associa\u00e7\u00e3o de Orquestras Brit\u00e2nicas e do British Council. Atualmente, \u00e9 diretora executiva da Orquestra Filarm\u00f4nica de Medell\u00edn, com a qual recebeu pr\u00eamios como o Pr\u00eamio de Inova\u00e7\u00e3o Classical Next, o Grammy Latino de 2021 e o Pr\u00eamio LEAD do Kennedy Center.<\/td><\/tr><tr><td><img loading=\"lazy\" decoding=\"async\" width=\"150\" height=\"225\" class=\"wp-image-26590\" style=\"width: 150px;\" src=\"https:\/\/www.ibermusicas.org\/wp-content\/uploads\/2025\/10\/12-Dominique-Thomann_por-Gloria-Henriquez.jpg\" alt=\"\"><\/td><td><strong>Dominique Thomann Etchegaray <\/strong>(Chile)<br>Diretora do Centro de Extens\u00e3o Art\u00edstica e Cultural da Universidade do Chile (CEAC), \u00e9 formada em engenharia comercial e violista pela Pontif\u00edcia Universidade Cat\u00f3lica. Possui mestrado em Gest\u00e3o de Orquestra e Teatro, al\u00e9m de gradua\u00e7\u00e3o em Pedagogia da Viola pela Universidade de M\u00fasica e Artes C\u00eanicas de Frankfurt, Alemanha. Em 2021, foi selecionada como bolsista do Santander Femenina para cursar o Programa de Lideran\u00e7a W50 na London School of Economics and Political Science (LSE), Reino Unido.<br>Reconhecida pelo jornal El Mercurio e pelo Mujeres Empresarias como uma das 100 Mulheres L\u00edderes de 2022, pr\u00eamio que destaca, visibiliza e promove a lideran\u00e7a feminina em diversas \u00e1reas, como neg\u00f3cios, artes, ci\u00eancias, servi\u00e7o p\u00fablico, academia e tecnologia, destacando a contribui\u00e7\u00e3o fundamental das mulheres para o desenvolvimento do pa\u00eds.<br>Dominique se apresentou em importantes institui\u00e7\u00f5es culturais no Chile e no exterior, incluindo o Teatro Municipal de Santiago e a Orquestra de C\u00e2mara de Valdivia, e tamb\u00e9m foi selecionado como produtor associado para a turn\u00ea europeia das Orquestras das Am\u00e9ricas.&nbsp;<\/td><\/tr><tr><td><img loading=\"lazy\" decoding=\"async\" width=\"150\" height=\"155\" class=\"wp-image-26591\" style=\"width: 150px;\" src=\"https:\/\/www.ibermusicas.org\/wp-content\/uploads\/2025\/10\/13-Maria-Victoria-Sosa.jpeg\" alt=\"\"><\/td><td><strong>Mar\u00eda Victoria Sosa Z\u00e1rate<\/strong> (Paraguay)<br>Diretora Geral da Orquestra Sinf\u00f4nica Nacional do Paraguai. Em 2005, ingressou no concurso p\u00fablico para integrar a se\u00e7\u00e3o de violinos da Orquestra Sinf\u00f4nica Nacional do Paraguai, da qual \u00e9 membro ininterrupto at\u00e9 hoje. Atua como Diretora Geral desde janeiro de 2023, atuando na coordena\u00e7\u00e3o eficaz da gest\u00e3o art\u00edstica, administrativa e jur\u00eddico-organizacional como principal estrat\u00e9gia para enfrentar os desafios institucionais. Formou-se em M\u00fasica com \u00eanfase em Violino pela Universidade Nacional das Artes de Buenos Aires, Argentina, onde tamb\u00e9m cursa Mestrado em Musicologia. Al\u00e9m de sua forma\u00e7\u00e3o acad\u00eamica e profissional em ci\u00eancias musicais e artes, \u00e9 advogada, especialista em Did\u00e1tica Universit\u00e1ria Avan\u00e7ada e Mestre em Gest\u00e3o Educacional. Possui tamb\u00e9m diplomas em Gest\u00e3o Administrativa, com \u00eanfase em Servi\u00e7o P\u00fablico, e em Legisla\u00e7\u00e3o Cultural, com \u00eanfase em Pol\u00edticas P\u00fablicas.<\/td><\/tr><tr><td><img loading=\"lazy\" decoding=\"async\" width=\"150\" height=\"99\" class=\"wp-image-26592\" style=\"width: 150px;\" src=\"https:\/\/www.ibermusicas.org\/wp-content\/uploads\/2025\/10\/14-Martin-Fraile.jpeg\" alt=\"\"><\/td><td><strong>Martin Fraile<\/strong> (Argentina)<br>Diretor art\u00edstico e musical argentino com vasta experi\u00eancia em reg\u00eancia orquestral e divulga\u00e7\u00e3o da nova m\u00fasica. Atualmente, \u00e9 o maestro titular da Orquestra Filarm\u00f4nica de R\u00edo Negro, a orquestra oficial da prov\u00edncia, e diretor art\u00edstico do Festival Internacional de Bariloche. Trabalhou com orquestras nos Estados Unidos, Argentina, Am\u00e9rica Latina e Europa, demonstrando seu compromisso com a inova\u00e7\u00e3o e a excel\u00eancia musical. Foi maestro visitante na Universidade do Missouri e maestro convidado na Universidade Estadual de Campinas, em S\u00e3o Paulo. Ganhou tr\u00eas Pr\u00eamios Nacionais Cl\u00e1ssicos por gest\u00e3o art\u00edstica e excel\u00eancia em 2023.<br>\u00c9 bacharel em Reg\u00eancia Coral pela Faculdade de Belas Artes da Universidade Nacional de La Plata, mestre em Reg\u00eancia Orquestral e Violino pela Universidade Estadual da Louisiana (LSU), nos Estados Unidos, e atualmente cursa doutorado na Universidade Nacional das Artes, na Argentina.<br>Atuou como maestro associado da Orquestra Sinf\u00f4nica da Universidade de Stanford e da Orquestra Filarm\u00f4nica da Universidade de Stanford, na Calif\u00f3rnia.<br>\u00c9 um fervoroso defensor da m\u00fasica contempor\u00e2nea e tem colaborado ativamente em projetos que promovem a m\u00fasica sinf\u00f4nica argentina. \u00c9 tamb\u00e9m membro do Plano Federal de Orquestras, em parceria com a Associa\u00e7\u00e3o Argentina de Compositores e o F\u00f3rum Argentino de Mulheres Compositoras. Participou de diversos concursos internacionais, incluindo o Tribuna Internacional de Compositores da UNESCO em quatro ocasi\u00f5es.<br>Seu compromisso com a inova\u00e7\u00e3o e a excel\u00eancia musical o levou a trabalhar com importantes institui\u00e7\u00f5es e orquestras em todo o mundo, tornando-o uma refer\u00eancia regional.<\/td><\/tr><tr><td><img loading=\"lazy\" decoding=\"async\" width=\"150\" height=\"191\" class=\"wp-image-26838\" style=\"width: 150px;\" src=\"https:\/\/www.ibermusicas.org\/wp-content\/uploads\/2025\/10\/WhatsApp-Image-2025-10-31-at-3.13.40-PM1.jpeg\" alt=\"\"><\/td><td><strong>Diomar Silveira <\/strong>(Brasil)<br>Bacharel em Ci\u00eancias Econ\u00f4micas pela Faculdade de Economia da Universidade Federal de Minas Gerais e Mestre em Rela\u00e7\u00f5es Internacionais pela Universidade para a Paz, em San Jos\u00e9, Costa Rica. Entre os cursos de especializa\u00e7\u00e3o realizados, destacam-se o de \u201cPlanejamento Econ\u00f4mico\u201d no Instituto de Pesquisa para os Pa\u00edses em Desenvolvimento de Vars\u00f3via, Pol\u00f4nia; \u201cEstudos Aprofundados sobre a Am\u00e9rica Latina\u201d na Universidade da Sorbonne, Paris, Fran\u00e7a; \u201cFerramentas de Gest\u00e3o para o Terceiro Setor\u201d, promovido pelo Grupo de Institui\u00e7\u00f5es, Funda\u00e7\u00f5es e Empresas (GIFE), S\u00e3o Paulo; e o de \u201cGest\u00e3o Cultural\u201d oferecido pelo Laborat\u00f3rio de Pol\u00edticas Culturais de Grenoble, Fran\u00e7a. No ano de 2014, foi um dos l\u00edderes mundiais escolhidos para participar do programa de capacita\u00e7\u00e3o de lideran\u00e7as culturais organizado pela institui\u00e7\u00e3o norte-americana National Arts Strategy. Com extensa experi\u00eancia profissional na elabora\u00e7\u00e3o, implementa\u00e7\u00e3o e gerenciamento de programas e projetos, Diomar Silveira exerceu, ao longo de sua carreira, diversas fun\u00e7\u00f5es em institui\u00e7\u00f5es p\u00fablicas e privadas, como a Funda\u00e7\u00e3o Cl\u00f3vis Salgado (Pal\u00e1cio das Artes) e Funda\u00e7\u00e3o Jo\u00e3o Pinheiro, em Belo Horizonte, a Secretaria Executiva do Minist\u00e9rio do Meio Ambiente, em Brasilia, al\u00e9m das organiza\u00e7\u00f5es n\u00e3o-governamentais Rede de Desenvolvimento Humano (Redeh) no Rio de Janeiro e Earth Council, em San Jos\u00e9, Costa Rica.&nbsp; Diomar Silveira exerce o cargo de Diretor-Presidente do Instituto Cultural Filarm\u00f4nica (ICF), Organiza\u00e7\u00e3o Social respons\u00e1vel pela gest\u00e3o da Orquestra Filarm\u00f4nica de Minas Gerais (OFMG), criada, pelo Governo de Minas Gerais, em fevereiro de 2008 e tamb\u00e9m da Sala Minas Gerais, sede da orquestra, inaugurada em janeiro de 2015.<\/td><\/tr><tr><td><img loading=\"lazy\" decoding=\"async\" width=\"150\" height=\"225\" class=\"wp-image-26841\" style=\"width: 150px;\" src=\"https:\/\/www.ibermusicas.org\/wp-content\/uploads\/2025\/11\/julio-diaz-infante-8.jpg\" alt=\"\"><\/td><td><strong>Jos\u00e9 Julio D\u00edaz Infante<\/strong>\u00a0(M\u00e9xico)<br>Desenvolveu sua carreira nas \u00e1reas de composi\u00e7\u00e3o, ensino e gest\u00e3o musical. Em 2024, assumiu o cargo de Diretor Geral de M\u00fasica da Universidade Nacional Aut\u00f4noma do M\u00e9xico, ap\u00f3s mais de oito anos \u00e0 frente da Coordena\u00e7\u00e3o Nacional de M\u00fasica e \u00d3pera do Instituto Nacional de Belas Artes e Letras, per\u00edodo em que tamb\u00e9m atuou como diretor art\u00edstico do F\u00f3rum Internacional Manuel Enr\u00edquez de M\u00fasica Nova. Foi presidente e representante do M\u00e9xico no programa Iberm\u00fasicas e respons\u00e1vel pelo programa de incentivos fiscais Efim\u00fasica desde sua cria\u00e7\u00e3o. Juntamente com a Maestro Mar\u00eda Antonieta Lozano, fundou a Escola Estadual de M\u00fasica de Hidalgo, onde atuou como diretor acad\u00eamico. Lecionou no Centro de Pesquisa e Estudos Musicais (CIEM) por mais de 25 anos. Recebeu uma bolsa Fulbright-Garc\u00eda Robles para cursar p\u00f3s-gradua\u00e7\u00e3o na Universidade de Louisville, nos EUA, e, no M\u00e9xico, estudou composi\u00e7\u00e3o e pedagogia musical no CIEM (Instituto de M\u00fasica da Cidade do M\u00e9xico), obtendo o bacharelado em Composi\u00e7\u00e3o e o bacharelado em Teoria Musical pelo Trinity College London.<br>Participa ativamente da organiza\u00e7\u00e3o e cria\u00e7\u00e3o de projetos musicais multidisciplinares no M\u00e9xico e no exterior. Sua m\u00fasica foi interpretada por grupos como a Orquestra Sinf\u00f4nica Nacional, a Orquestra Filarm\u00f4nica da Cidade do M\u00e9xico, a Orquestra Sinf\u00f4nica do Estado do M\u00e9xico, o Cepromusic, a Orquestra de C\u00e2mara de Bellas Artes, os quartetos de cordas Parker, Mir\u00f3, Jos\u00e9 White e Latinoamericano, e os conjuntos Signal e Dal Niente, entre outros. <\/td><\/tr><tr><td><img loading=\"lazy\" decoding=\"async\" width=\"150\" height=\"188\" class=\"wp-image-26597\" style=\"width: 150px;\" src=\"https:\/\/www.ibermusicas.org\/wp-content\/uploads\/2025\/10\/17-Susana-Palacios.jpeg\" alt=\"\"><\/td><td><strong>Susana Palacios <\/strong>(Colombia)<br>Gestora cultural e diretora da Orquestra Sinf\u00f4nica da EAFIT. Possui vasta experi\u00eancia em programa\u00e7\u00e3o, difus\u00e3o e implementa\u00e7\u00e3o de projetos musicais em institui\u00e7\u00f5es como o Minist\u00e9rio da Cultura, o Minist\u00e9rio das Rela\u00e7\u00f5es Exteriores e a Biblioteca Luis \u00c1ngel Arango. Liderou iniciativas que fortalecem a diplomacia cultural, a forma\u00e7\u00e3o art\u00edstica e a coopera\u00e7\u00e3o internacional. Seu trabalho promove a conex\u00e3o entre m\u00fasica, territ\u00f3rio e desenvolvimento sustent\u00e1vel, fomentando novas lideran\u00e7as e a participa\u00e7\u00e3o de mulheres e jovens na cria\u00e7\u00e3o sinf\u00f4nica. Possui mestrado em Desenvolvimento pela Universidad de los Andes.<\/td><\/tr><tr><td><img loading=\"lazy\" decoding=\"async\" width=\"150\" height=\"150\" class=\"wp-image-26598\" style=\"width: 150px;\" src=\"https:\/\/www.ibermusicas.org\/wp-content\/uploads\/2025\/10\/18-Igor-Corcuera.jpg\" alt=\"\"><\/td><td><strong>Igor E. Corcuera C\u00e1ceres<\/strong> (Cuba)<br>Trompetista e Maestro de Orquestra. Desde a juventude, trabalhou como professor de trompete, regente de orquestra e banda, e chefe de departamento em diversas escolas de Havana. \u00c9 tamb\u00e9m professor do Departamento de Reg\u00eancia Orquestral da Universidade das Artes (ISA).<br>\u00c9 conhecido por sua versatilidade na lideran\u00e7a de diversos conjuntos, e seu repert\u00f3rio abrange desde m\u00fasica cl\u00e1ssica at\u00e9 m\u00fasica contempor\u00e2nea e popular. \u00c9 frequentemente contatado por compositores nacionais e internacionais para estrear suas obras. Como maestro convidado, apresentou-se com a maioria das orquestras sinf\u00f4nicas cubanas, incluindo as de Villa Clara, Matanzas, Camag\u00fcey e Oriente. Tamb\u00e9m regeu as Bandas Sinf\u00f4nicas das Universidades Vanderbilt e Cornell (EUA), durante visitas desses grupos a Cuba, e com a Sinfonietta Duchesne Cuz\u00e1n. Entre 2013 e 2014, foi Maestro Assistente da Orquestra Mozart do Liceu de Havana e, de 2014 a 2025, foi Maestro Titular da Banda Nacional de Concertos de Cuba. Em 2022, estreou-se na Orquestra Sinf\u00f4nica Nacional de Cuba e foi nomeado Maestro Adjunto em setembro de 2024. Tornou-se Maestro Titular em janeiro de 2025.<br>Colabora tamb\u00e9m com institui\u00e7\u00f5es como o Teatro L\u00edrico Nacional, o Bal\u00e9 Espanhol Cubano, o Bal\u00e9 Laura Alonso e o Conjunto Folcl\u00f3rico Nacional. Recebeu as distin\u00e7\u00f5es \u00abPela Cultura Nacional\u00bb e \u00abRa\u00fal G\u00f3mez Garc\u00eda\u00bb, bem como a rel\u00edquia da batuta de Guillermo Tom\u00e1s, tornando-o uma das figuras mais jovens a receber reconhecimentos t\u00e3o importantes no pa\u00eds.<\/td><\/tr><tr><td><img loading=\"lazy\" decoding=\"async\" width=\"150\" height=\"100\" class=\"wp-image-26599\" style=\"width: 150px;\" src=\"https:\/\/www.ibermusicas.org\/wp-content\/uploads\/2025\/10\/19-Simon-Woods-credit-Douglas-Carter-Photography.jpg\" alt=\"\"><\/td><td><strong>Simon Woods <\/strong>(Estados Unidos)<br>Ele traz quatro d\u00e9cadas de experi\u00eancia no mundo da m\u00fasica cl\u00e1ssica para sua fun\u00e7\u00e3o de lideran\u00e7a como Presidente e CEO da Liga das Orquestras Americanas. Com uma s\u00f3lida forma\u00e7\u00e3o musical e um compromisso com o papel inspirador que as organiza\u00e7\u00f5es art\u00edsticas desempenham na comunidade e na vida p\u00fablica, Woods \u00e9 reconhecido como um mentor e consultor confi\u00e1vel para orquestras e aqueles que trabalham nelas. Sua lideran\u00e7a intelectual inclui artigos regulares sobre lideran\u00e7a orquestral, bem como palestras frequentes nos Estados Unidos e no exterior.<br>Antes de ingressar na Liga em 2020, Woods ocupou cargos de diretor executivo na Filarm\u00f4nica de Los Angeles, na Sinf\u00f4nica de Seattle, na Orquestra Nacional Real Escocesa e na Orquestra Sinf\u00f4nica de Nova Jersey, ap\u00f3s uma passagem pela equipe de lideran\u00e7a da Orquestra da Filad\u00e9lfia ap\u00f3s sua mudan\u00e7a inicial para os Estados Unidos em 1997. Ele come\u00e7ou sua carreira na EMI Classics em Londres, onde produziu grava\u00e7\u00f5es com muitos dos principais artistas, conjuntos e orquestras cl\u00e1ssicas do mundo. Woods formou-se em m\u00fasica pela Universidade de Cambridge e obteve um diploma em reg\u00eancia pela Guildhall School of Music and Drama, em Londres. Simon Woods teve a honra de se tornar cidad\u00e3o americano em 2018.<\/td><\/tr><tr><td><img loading=\"lazy\" decoding=\"async\" width=\"150\" height=\"225\" class=\"wp-image-26603\" style=\"width: 150px;\" src=\"https:\/\/www.ibermusicas.org\/wp-content\/uploads\/2025\/10\/Francisco-Varela-1.jpg\" alt=\"\"><\/td><td><strong>Francisco Varela  (Argentina)<\/strong><br>Regente de orquestra, compositor e programador musical, Francisco Varela tem focado seu trabalho na expans\u00e3o do repert\u00f3rio tradicional e na transforma\u00e7\u00e3o das orquestras da regi\u00e3o para enfrentar os desafios do s\u00e9culo XXI.<br>Como gestor cultural, atuou como assessor do Minist\u00e9rio da Cultura da Argentina, onde criou o primeiro F\u00f3rum Nacional de Orquestras Sinf\u00f4nicas em 2016. De 2017 a 2021, atuou como Coordenador Art\u00edstico e Geral da Orquestra Sinf\u00f4nica Nacional e, desde 2022, lidera a RIOS (Rede Ibero-Americana de Orquestras Sinf\u00f4nicas), projeto que fundou. Tamb\u00e9m \u00e9 programador e diretor art\u00edstico de diversas s\u00e9ries e festivais na Argentina e, desde 2024, Programador Art\u00edstico do Coral Nacional de M\u00fasica da Argentina.<br>Graduado com honras, estudou com Guillermo Scarabino, Gerardo Edelstein, Marta Lambertini e Julio Viera, e aprofundou seus estudos com Marin Alsop, Harold Farbermann, Charles Dutoit, Pedro Calder\u00f3n, Jordi Mora e Gerardo Gandini, entre outros.<br>Sua m\u00fasica \u00e9 publicada pela Melos Publishing. Como maestro e programador, promove obras novas e esquecidas do rico legado musical argentino e latino-americano, particularmente em projetos de grava\u00e7\u00e3o e promo\u00e7\u00e3o para a Guild Music (Reino Unido) e o Naxos Music Group.<\/td><\/tr><\/tbody><\/table><\/div>\n<\/div><\/div>\n\n\n\n<div class=\"wp-block-getwid-tabs__nav-link\"><span class=\"wp-block-getwid-tabs__title-wrapper\"><a href=\"#\"><span class=\"wp-block-getwid-tabs__title\">Institucional<\/span><\/a><\/span><\/div><div class=\"wp-block-getwid-tabs__tab-content-wrapper\"><div class=\"wp-block-getwid-tabs__tab-content\">\n<figure class=\"wp-block-image size-full\"><img loading=\"lazy\" decoding=\"async\" width=\"4501\" height=\"5626\" src=\"https:\/\/www.ibermusicas.org\/wp-content\/uploads\/2025\/10\/2025-RIOS-EncORQ_fly-1080x1350_04.png\" alt=\"\" class=\"wp-image-26608\"\/><\/figure>\n\n\n\n<figure class=\"wp-block-image size-full\"><img loading=\"lazy\" decoding=\"async\" width=\"4500\" height=\"5626\" src=\"https:\/\/www.ibermusicas.org\/wp-content\/uploads\/2025\/10\/2025-RIOS-EncORQ_fly-1080x1350_05.png\" alt=\"\" class=\"wp-image-26609\"\/><\/figure>\n\n\n\n<p><\/p>\n<\/div><\/div>\n<\/div>\n<\/div>\n\n\n\n<p><\/p>\n","protected":false},"excerpt":{"rendered":"","protected":false},"author":7,"featured_media":0,"parent":0,"menu_order":0,"comment_status":"closed","ping_status":"closed","template":"","meta":{"_monsterinsights_skip_tracking":false,"_monsterinsights_sitenote_active":false,"_monsterinsights_sitenote_note":"","_monsterinsights_sitenote_category":0,"footnotes":""},"class_list":["post-26667","page","type-page","status-publish","hentry"],"lang":"pt","translations":{"pt":26667,"es":26396},"pll_sync_post":[],"post_mailing_queue_ids":[],"_links":{"self":[{"href":"https:\/\/www.ibermusicas.org\/index.php\/wp-json\/wp\/v2\/pages\/26667","targetHints":{"allow":["GET"]}}],"collection":[{"href":"https:\/\/www.ibermusicas.org\/index.php\/wp-json\/wp\/v2\/pages"}],"about":[{"href":"https:\/\/www.ibermusicas.org\/index.php\/wp-json\/wp\/v2\/types\/page"}],"author":[{"embeddable":true,"href":"https:\/\/www.ibermusicas.org\/index.php\/wp-json\/wp\/v2\/users\/7"}],"replies":[{"embeddable":true,"href":"https:\/\/www.ibermusicas.org\/index.php\/wp-json\/wp\/v2\/comments?post=26667"}],"version-history":[{"count":34,"href":"https:\/\/www.ibermusicas.org\/index.php\/wp-json\/wp\/v2\/pages\/26667\/revisions"}],"predecessor-version":[{"id":26842,"href":"https:\/\/www.ibermusicas.org\/index.php\/wp-json\/wp\/v2\/pages\/26667\/revisions\/26842"}],"wp:attachment":[{"href":"https:\/\/www.ibermusicas.org\/index.php\/wp-json\/wp\/v2\/media?parent=26667"}],"curies":[{"name":"wp","href":"https:\/\/api.w.org\/{rel}","templated":true}]}}