{"id":9567,"date":"2021-08-09T14:51:14","date_gmt":"2021-08-09T14:51:14","guid":{"rendered":"https:\/\/www.ibermusicas.org\/?page_id=9567"},"modified":"2025-08-19T21:48:13","modified_gmt":"2025-08-19T21:48:13","slug":"rios-directorio-orquestas","status":"publish","type":"page","link":"https:\/\/www.ibermusicas.org\/index.php\/rios-directorio-orquestas\/","title":{"rendered":"Directorio de Orquestas"},"content":{"rendered":"\n<div class=\"wpdt-c\">\n    \n\n    <div class=\"wpDataTables wpDataTablesFilter wpDataTablesWrapper data-t\"\n         data-wpdatatable_id=\"15\">\n        <div id=\"filterBox_table_1\" class=\"wpDataTableFilterBox\">\n                                                                                                                                    <div class=\"wpDataTableFilterSection\" id=\"table_1_3_filter_sections\">\n                        <label>Pa\u00eds:<\/label>\n                        <div id=\"table_1_3_filter\"><\/div>\n                    <\/div>\n                                                                <div class=\"wpDataTableFilterSection\" id=\"table_1_4_filter_sections\">\n                        <label>Tipo de instituci\u00f3n:<\/label>\n                        <div id=\"table_1_4_filter\"><\/div>\n                    <\/div>\n                                                                                                                                                                                                                                                                                                                                        <\/div>\n    <\/div>\n<input type=\"hidden\" id=\"wdtNonceFrontendEdit_15\" name=\"wdtNonceFrontendEdit_15\" value=\"6bc901696f\" \/><input type=\"hidden\" name=\"_wp_http_referer\" value=\"\/index.php\/wp-json\/wp\/v2\/pages\/9567\" \/>    <input type=\"hidden\" id=\"table_1_desc\" value='{\"tableId\":\"table_1\",\"tableType\":\"manual\",\"selector\":\"#table_1\",\"responsive\":true,\"editable\":false,\"inlineEditing\":false,\"infoBlock\":false,\"globalSearch\":true,\"showRowsPerPage\":false,\"popoverTools\":false,\"hideBeforeLoad\":true,\"number_format\":1,\"decimalPlaces\":2,\"spinnerSrc\":\"https:\\\/\\\/www.ibermusicas.org\\\/wp-content\\\/plugins\\\/wpdatatables\\\/assets\\\/\\\/img\\\/spinner.gif\",\"groupingEnabled\":false,\"tableWpId\":\"15\",\"dataTableParams\":{\"sDom\":\"BT\\u003C\\u0027clear\\u0027\\u003Eftp\",\"bSortCellsTop\":false,\"bFilter\":true,\"bPaginate\":true,\"aLengthMenu\":[[1,5,10,25,50,100,-1],[1,5,10,25,50,100,\"All\"]],\"iDisplayLength\":25,\"columnDefs\":[{\"sType\":\"string\",\"wdtType\":\"icon\",\"bVisible\":true,\"orderable\":false,\"searchable\":true,\"InputType\":\"attachment\",\"name\":\"imagen\",\"origHeader\":\"imagen\",\"notNull\":false,\"conditionalFormattingRules\":[],\"className\":\" column-imagen\",\"aTargets\":[0]},{\"sType\":\"formatted-num\",\"wdtType\":\"int\",\"bVisible\":false,\"orderable\":false,\"searchable\":true,\"InputType\":\"text\",\"name\":\"wdt_ID\",\"origHeader\":\"wdt_ID\",\"notNull\":false,\"conditionalFormattingRules\":[],\"className\":\"numdata integer  column-wdt_id\",\"aTargets\":[1]},{\"sType\":\"string\",\"wdtType\":\"string\",\"bVisible\":true,\"orderable\":false,\"searchable\":true,\"InputType\":\"text\",\"name\":\"nombre\",\"origHeader\":\"nombre\",\"notNull\":true,\"conditionalFormattingRules\":[],\"className\":\" column-nombre\",\"aTargets\":[2]},{\"sType\":\"string\",\"wdtType\":\"string\",\"bVisible\":true,\"orderable\":true,\"searchable\":true,\"InputType\":\"text\",\"name\":\"pas\",\"origHeader\":\"pas\",\"notNull\":false,\"conditionalFormattingRules\":[],\"className\":\" column-pas\",\"aTargets\":[3]},{\"sType\":\"string\",\"wdtType\":\"string\",\"bVisible\":true,\"orderable\":false,\"searchable\":true,\"InputType\":\"text\",\"name\":\"tipo_agrupacion\",\"origHeader\":\"tipo_agrupacion\",\"notNull\":false,\"conditionalFormattingRules\":[],\"className\":\" column-tipo_agrupacion\",\"aTargets\":[4]},{\"sType\":\"string\",\"wdtType\":\"string\",\"bVisible\":true,\"orderable\":false,\"searchable\":true,\"InputType\":\"textarea\",\"name\":\"descripcin\",\"origHeader\":\"descripcin\",\"notNull\":false,\"conditionalFormattingRules\":[],\"className\":\" column-descripcin\",\"aTargets\":[5]},{\"sType\":\"string\",\"wdtType\":\"string\",\"bVisible\":true,\"orderable\":false,\"searchable\":true,\"InputType\":\"textarea\",\"name\":\"catlogodepartituras\",\"origHeader\":\"catlogodepartituras\",\"notNull\":false,\"conditionalFormattingRules\":[],\"className\":\" column-catlogodepartituras\",\"aTargets\":[6]},{\"sType\":\"string\",\"wdtType\":\"link\",\"bVisible\":true,\"orderable\":false,\"searchable\":true,\"InputType\":\"link\",\"name\":\"facebook\",\"origHeader\":\"facebook\",\"notNull\":false,\"conditionalFormattingRules\":[],\"className\":\" column-facebook\",\"aTargets\":[7]},{\"sType\":\"string\",\"wdtType\":\"link\",\"bVisible\":true,\"orderable\":false,\"searchable\":true,\"InputType\":\"link\",\"name\":\"instagram\",\"origHeader\":\"instagram\",\"notNull\":false,\"conditionalFormattingRules\":[],\"className\":\" column-instagram\",\"aTargets\":[8]},{\"sType\":\"string\",\"wdtType\":\"link\",\"bVisible\":true,\"orderable\":true,\"searchable\":true,\"InputType\":\"link\",\"name\":\"twitter\",\"origHeader\":\"twitter\",\"notNull\":false,\"conditionalFormattingRules\":[],\"className\":\" column-twitter\",\"aTargets\":[9]},{\"sType\":\"string\",\"wdtType\":\"string\",\"bVisible\":true,\"orderable\":false,\"searchable\":true,\"InputType\":\"text\",\"name\":\"telfono\",\"origHeader\":\"telfono\",\"notNull\":true,\"conditionalFormattingRules\":[],\"className\":\" column-telfono\",\"aTargets\":[10]},{\"sType\":\"html\",\"wdtType\":\"email\",\"bVisible\":true,\"orderable\":false,\"searchable\":true,\"InputType\":\"email\",\"name\":\"music\",\"origHeader\":\"music\",\"notNull\":true,\"conditionalFormattingRules\":[],\"className\":\" column-music\",\"aTargets\":[11]},{\"sType\":\"string\",\"wdtType\":\"string\",\"bVisible\":true,\"orderable\":false,\"searchable\":true,\"InputType\":\"textarea\",\"name\":\"direccinpostal\",\"origHeader\":\"direccinpostal\",\"notNull\":false,\"conditionalFormattingRules\":[],\"className\":\" column-direccinpostal\",\"aTargets\":[12]},{\"sType\":\"formatted-num\",\"wdtType\":\"int\",\"bVisible\":false,\"orderable\":false,\"searchable\":true,\"InputType\":\"text\",\"name\":\"miembro\",\"origHeader\":\"miembro\",\"notNull\":false,\"conditionalFormattingRules\":[],\"className\":\"numdata integer  column-miembro\",\"aTargets\":[13]},{\"sType\":\"string\",\"wdtType\":\"link\",\"bVisible\":true,\"orderable\":false,\"searchable\":true,\"InputType\":\"link\",\"name\":\"pginaweb\",\"origHeader\":\"pginaweb\",\"notNull\":false,\"conditionalFormattingRules\":[],\"className\":\" column-pginaweb\",\"aTargets\":[14]}],\"bAutoWidth\":false,\"order\":[[3,\"asc\"]],\"ordering\":true,\"oLanguage\":{\"sProcessing\":\"Procesando...\",\"sLengthMenu\":\"Mostrar _MENU_ registros\",\"sZeroRecords\":\"No se encontraron resultados\",\"sEmptyTable\":\"Ning\\u00fan dato disponible en esta tabla\",\"sInfo\":\"Mostrando registros del _START_ al _END_ de un total de _TOTAL_ registros\",\"sInfoEmpty\":\"Mostrando registros del 0 al 0 de un total de 0 registros\",\"sInfoFiltered\":\"(filtrado de un total de _MAX_ registros)\",\"sInfoPostFix\":\"\",\"sSearch\":\"Buscar:\",\"sUrl\":\"\",\"sInfoThousands\":\",\",\"sLoadingRecords\":\"Cargando...\",\"oPaginate\":{\"sFirst\":\"Primero\",\"sLast\":\"\\u00daltimo\",\"sNext\":\"Siguiente\",\"sPrevious\":\"Anterior\"},\"fnInfoCallback\":null,\"oAria\":{\"sSortAscending\":\": Activar para ordernar la columna de manera ascendente\",\"sSortDescending\":\": Activar para ordernar la columna de manera descendente\"}},\"buttons\":[{\"extend\":\"print\",\"exportOptions\":{\"columns\":\":visible\"},\"className\":\"DTTT_button DTTT_button_print\",\"text\":\"Print\"},{\"extend\":\"excelHtml5\",\"exportOptions\":{\"columns\":\":visible\"},\"className\":\"DTTT_button DTTT_button_xls\",\"title\":\"RIOS - Directorio de orquestas\",\"text\":\"Excel\"},{\"extend\":\"copyHtml5\",\"exportOptions\":{\"columns\":\":visible\"},\"className\":\"DTTT_button DTTT_button_copy\",\"title\":\"RIOS - Directorio de orquestas\",\"text\":\"Copy\"}],\"bProcessing\":false,\"serverSide\":true,\"ajax\":{\"url\":\"https:\\\/\\\/www.ibermusicas.org\\\/wp-admin\\\/admin-ajax.php?action=get_wdtable&table_id=15\",\"type\":\"POST\"},\"sPaginationType\":\"full_numbers\",\"oSearch\":{\"bSmart\":false,\"bRegex\":false,\"sSearch\":\"\"}},\"tabletWidth\":\"1024\",\"mobileWidth\":\"480\",\"advancedFilterEnabled\":true,\"advancedFilterOptions\":{\"aoColumns\":[{\"type\":\"null\",\"columnType\":\"icon\",\"numberOfDecimalPlaces\":\"2\",\"possibleValuesType\":\"read\",\"values\":null,\"origHeader\":\"imagen\",\"displayHeader\":\"Imagen\",\"possibleValuesAddEmpty\":false,\"possibleValuesAjax\":-1,\"defaultValue\":\"\",\"exactFiltering\":false,\"filterLabel\":\"\",\"checkboxesInModal\":0,\"linkButtonLabel\":\"\",\"rangeSlider\":false,\"sSelector\":\"#table_1_0_filter\"},{\"type\":\"null\",\"columnType\":\"int\",\"numberOfDecimalPlaces\":\"2\",\"possibleValuesType\":\"read\",\"values\":null,\"origHeader\":\"wdt_ID\",\"displayHeader\":\"wdt_ID\",\"possibleValuesAddEmpty\":false,\"possibleValuesAjax\":-1,\"defaultValue\":\"\",\"exactFiltering\":false,\"filterLabel\":\"\",\"checkboxesInModal\":0,\"linkButtonLabel\":\"\",\"rangeSlider\":false,\"sSelector\":\"#table_1_1_filter\"},{\"type\":\"null\",\"columnType\":\"string\",\"numberOfDecimalPlaces\":\"2\",\"possibleValuesType\":\"read\",\"values\":null,\"origHeader\":\"nombre\",\"displayHeader\":\"Nombre\",\"possibleValuesAddEmpty\":false,\"possibleValuesAjax\":10,\"defaultValue\":\"\",\"exactFiltering\":false,\"filterLabel\":\"\",\"checkboxesInModal\":0,\"linkButtonLabel\":\"\",\"rangeSlider\":false,\"sSelector\":\"#table_1_2_filter\"},{\"type\":\"select\",\"columnType\":\"string\",\"numberOfDecimalPlaces\":\"2\",\"possibleValuesType\":\"read\",\"values\":[{\"value\":\"Argentina\",\"label\":\"Argentina\"},{\"value\":\"Brasil\",\"label\":\"Brasil\"},{\"value\":\"Colombia\",\"label\":\"Colombia\"},{\"value\":\"Costa Rica\",\"label\":\"Costa Rica\"},{\"value\":\"Ecuador\",\"label\":\"Ecuador\"},{\"value\":\"Espa\\u00f1a\",\"label\":\"Espa\\u00f1a\"},{\"value\":\"M\\u00e9xico\",\"label\":\"M\\u00e9xico\"},{\"value\":\"Panam\\u00e1\",\"label\":\"Panam\\u00e1\"},{\"value\":\"Paraguay\",\"label\":\"Paraguay\"},{\"value\":\"Venezuela\",\"label\":\"Venezuela\"}],\"origHeader\":\"pas\",\"displayHeader\":\"Pa\\u00eds\",\"possibleValuesAddEmpty\":false,\"possibleValuesAjax\":10,\"defaultValue\":\"\",\"exactFiltering\":false,\"filterLabel\":\"Pa\\u00eds\",\"checkboxesInModal\":0,\"linkButtonLabel\":\"\",\"rangeSlider\":false,\"sSelector\":\"#table_1_3_filter\"},{\"type\":\"select\",\"columnType\":\"string\",\"numberOfDecimalPlaces\":\"2\",\"possibleValuesType\":\"list\",\"values\":[{\"value\":\"Orquesta Sinf\\u00f3nica\",\"label\":\"Orquesta Sinf\\u00f3nica\"},{\"value\":\"Orquesta de C\\u00e1mara\",\"label\":\"Orquesta de C\\u00e1mara\"},{\"value\":\"Orquesta de Cuerdas\",\"label\":\"Orquesta de Cuerdas\"},{\"value\":\"Ensamble\",\"label\":\"Ensamble\"},{\"value\":\"Festival\",\"label\":\"Festival\"},{\"value\":\"Sector Privado\",\"label\":\"Sector Privado\"}],\"origHeader\":\"tipo_agrupacion\",\"displayHeader\":\"Tipo de instituci\\u00f3n\",\"possibleValuesAddEmpty\":false,\"possibleValuesAjax\":-1,\"defaultValue\":\"\",\"exactFiltering\":false,\"filterLabel\":\"Tipo de instituci\\u00f3n\",\"checkboxesInModal\":0,\"linkButtonLabel\":\"\",\"rangeSlider\":false,\"sSelector\":\"#table_1_4_filter\"},{\"type\":\"null\",\"columnType\":\"string\",\"numberOfDecimalPlaces\":\"2\",\"possibleValuesType\":\"read\",\"values\":null,\"origHeader\":\"descripcin\",\"displayHeader\":\"Descripci\\u00f3n\",\"possibleValuesAddEmpty\":false,\"possibleValuesAjax\":10,\"defaultValue\":\"\",\"exactFiltering\":false,\"filterLabel\":\"\",\"checkboxesInModal\":0,\"linkButtonLabel\":\"\",\"rangeSlider\":false,\"sSelector\":\"#table_1_5_filter\"},{\"type\":\"null\",\"columnType\":\"string\",\"numberOfDecimalPlaces\":\"2\",\"possibleValuesType\":\"read\",\"values\":null,\"origHeader\":\"catlogodepartituras\",\"displayHeader\":\"Contactos individuales\",\"possibleValuesAddEmpty\":false,\"possibleValuesAjax\":-1,\"defaultValue\":\"\",\"exactFiltering\":false,\"filterLabel\":\"\",\"checkboxesInModal\":0,\"linkButtonLabel\":\"Ver partituras disponibles\",\"rangeSlider\":false,\"sSelector\":\"#table_1_6_filter\"},{\"type\":\"null\",\"columnType\":\"link\",\"numberOfDecimalPlaces\":\"2\",\"possibleValuesType\":\"read\",\"values\":null,\"origHeader\":\"facebook\",\"displayHeader\":\"Facebook\",\"possibleValuesAddEmpty\":false,\"possibleValuesAjax\":-1,\"defaultValue\":\"\",\"exactFiltering\":false,\"filterLabel\":\"\",\"checkboxesInModal\":0,\"linkButtonLabel\":\"\",\"rangeSlider\":false,\"sSelector\":\"#table_1_7_filter\"},{\"type\":\"null\",\"columnType\":\"link\",\"numberOfDecimalPlaces\":\"2\",\"possibleValuesType\":\"read\",\"values\":null,\"origHeader\":\"instagram\",\"displayHeader\":\"Instagram\",\"possibleValuesAddEmpty\":false,\"possibleValuesAjax\":-1,\"defaultValue\":\"\",\"exactFiltering\":false,\"filterLabel\":\"\",\"checkboxesInModal\":0,\"linkButtonLabel\":\"\",\"rangeSlider\":false,\"sSelector\":\"#table_1_8_filter\"},{\"type\":\"null\",\"columnType\":\"link\",\"numberOfDecimalPlaces\":\"2\",\"possibleValuesType\":\"read\",\"values\":null,\"origHeader\":\"twitter\",\"displayHeader\":\"Twitter\",\"possibleValuesAddEmpty\":false,\"possibleValuesAjax\":-1,\"defaultValue\":\"\",\"exactFiltering\":false,\"filterLabel\":\"\",\"checkboxesInModal\":0,\"linkButtonLabel\":\"\",\"rangeSlider\":false,\"sSelector\":\"#table_1_9_filter\"},{\"type\":\"null\",\"columnType\":\"string\",\"numberOfDecimalPlaces\":\"2\",\"possibleValuesType\":\"read\",\"values\":null,\"origHeader\":\"telfono\",\"displayHeader\":\"Tel\\u00e9fono\",\"possibleValuesAddEmpty\":false,\"possibleValuesAjax\":10,\"defaultValue\":\"\",\"exactFiltering\":false,\"filterLabel\":\"\",\"checkboxesInModal\":0,\"linkButtonLabel\":\"\",\"rangeSlider\":false,\"sSelector\":\"#table_1_10_filter\"},{\"type\":\"null\",\"columnType\":\"email\",\"numberOfDecimalPlaces\":\"2\",\"possibleValuesType\":\"read\",\"values\":null,\"origHeader\":\"music\",\"displayHeader\":\"Mail\",\"possibleValuesAddEmpty\":false,\"possibleValuesAjax\":-1,\"defaultValue\":\"\",\"exactFiltering\":false,\"filterLabel\":\"\",\"checkboxesInModal\":0,\"linkButtonLabel\":\"\",\"rangeSlider\":false,\"sSelector\":\"#table_1_11_filter\"},{\"type\":\"null\",\"columnType\":\"string\",\"numberOfDecimalPlaces\":\"2\",\"possibleValuesType\":\"read\",\"values\":null,\"origHeader\":\"direccinpostal\",\"displayHeader\":\"Direcci\\u00f3n Postal\",\"possibleValuesAddEmpty\":false,\"possibleValuesAjax\":10,\"defaultValue\":\"\",\"exactFiltering\":false,\"filterLabel\":\"\",\"checkboxesInModal\":0,\"linkButtonLabel\":\"\",\"rangeSlider\":false,\"sSelector\":\"#table_1_12_filter\"},{\"type\":\"null\",\"columnType\":\"int\",\"numberOfDecimalPlaces\":\"2\",\"possibleValuesType\":\"read\",\"values\":null,\"origHeader\":\"miembro\",\"displayHeader\":\"miembro\",\"possibleValuesAddEmpty\":false,\"possibleValuesAjax\":-1,\"defaultValue\":\"\",\"exactFiltering\":false,\"filterLabel\":\"\",\"checkboxesInModal\":0,\"linkButtonLabel\":\"\",\"rangeSlider\":false,\"sSelector\":\"#table_1_13_filter\"},{\"type\":\"null\",\"columnType\":\"link\",\"numberOfDecimalPlaces\":\"2\",\"possibleValuesType\":\"read\",\"values\":null,\"origHeader\":\"pginaweb\",\"displayHeader\":\"P\\u00e1gina web\",\"possibleValuesAddEmpty\":false,\"possibleValuesAjax\":-1,\"defaultValue\":\"\",\"exactFiltering\":false,\"filterLabel\":\"\",\"checkboxesInModal\":0,\"linkButtonLabel\":\"\",\"rangeSlider\":false,\"sSelector\":\"#table_1_14_filter\"}],\"bUseColVis\":true},\"filterInForm\":true,\"serverSide\":true,\"autoRefreshInterval\":0,\"processing\":true,\"fnServerData\":true,\"columnsFixed\":0,\"sumFunctionsLabel\":\"\",\"avgFunctionsLabel\":\"\",\"minFunctionsLabel\":\"\",\"maxFunctionsLabel\":\"max\",\"columnsDecimalPlaces\":{\"imagen\":-1,\"wdt_ID\":-1,\"nombre\":-1,\"pas\":-1,\"tipo_agrupacion\":-1,\"descripcin\":-1,\"catlogodepartituras\":-1,\"facebook\":-1,\"instagram\":-1,\"twitter\":-1,\"telfono\":-1,\"music\":-1,\"direccinpostal\":-1,\"miembro\":-1,\"pginaweb\":-1},\"columnsThousandsSeparator\":{\"wdt_ID\":0,\"miembro\":1},\"sumColumns\":[],\"avgColumns\":[],\"sumAvgColumns\":[],\"timeFormat\":\"h:i A\",\"datepickFormat\":\"dd\\\/mm\\\/yy\",\"cascadeFiltering\":0,\"cascadeFilteringLogic\":\"\",\"hideTableBeforeFiltering\":0,\"showSearchFiltersButton\":0,\"disableSearchFiltersButton\":0}'\/>\n\n    <table id=\"table_1\"\n           class=\" responsive display nowrap data-t data-t wpDataTable\"\n           style=\"display: none; \"\n           data-described-by='table_1_desc'\n           data-wpdatatable_id=\"15\">\n\n        <!-- Table header -->\n        \n<thead>\n<tr>\n                    <th\n                data-hide=\"phone,tablet\"        class=\"phone,tablet wdtheader \"\n        style=\"\">Imagen<\/th>        <th\n                        class=\" wdtheader numdata integer \"\n        style=\"\">wdt_ID<\/th>        <th\n        data-class=\"expand\"                class=\" wdtheader \"\n        style=\"\">Nombre<\/th>        <th\n                        class=\" wdtheader sort \"\n        style=\"\">Pa\u00eds<\/th>        <th\n                        class=\" wdtheader \"\n        style=\"\">Tipo de instituci\u00f3n<\/th>        <th\n                        class=\" wdtheader \"\n        style=\"\">Descripci\u00f3n<\/th>        <th\n                        class=\" wdtheader \"\n        style=\"\">Contactos individuales<\/th>        <th\n                        class=\" wdtheader \"\n        style=\"\">Facebook<\/th>        <th\n                        class=\" wdtheader \"\n        style=\"\">Instagram<\/th>        <th\n                        class=\" wdtheader sort \"\n        style=\"\">Twitter<\/th>        <th\n                        class=\" wdtheader \"\n        style=\"\">Tel\u00e9fono<\/th>        <th\n                        class=\" wdtheader \"\n        style=\"\">Mail<\/th>        <th\n                        class=\" wdtheader \"\n        style=\"\">Direcci\u00f3n Postal<\/th>        <th\n                        class=\" wdtheader numdata integer \"\n        style=\"\">miembro<\/th>        <th\n                        class=\" wdtheader \"\n        style=\"\">P\u00e1gina web<\/th>    <\/tr>\n<\/thead>\n        <!-- \/Table header -->\n\n        <!-- Table body -->\n        \n<tbody>\n        <tr id=\"table_15_row_0\">\n                    <td style=\"\"><img src='https:\/\/ibermusicas.org\/wp-content\/uploads\/2020\/04\/Logo-Assoc-Marc-Moncusi\u0301.jpg' \/><\/td>\n                    <td style=\"\">53<\/td>\n                    <td style=\"\">Asociaci\u00f3n de Conciertos de Reus<\/td>\n                    <td style=\"\">Espa\u00f1a<\/td>\n                    <td style=\"\">Ciclo de Conciertos <\/td>\n                    <td style=\"\"><\/td>\n                    <td style=\"\"><\/td>\n                    <td style=\"\"><a href='https:\/\/www.facebook.com\/Associaci%C3%B3-de-Concerts-de-Reus-454649454616674' target='_blank'>https:\/\/www.facebook.com\/Associaci%C3%B3-de-Concerts-de-Reus-454649454616674<\/a><\/td>\n                    <td style=\"\"><a href='https:\/\/www.instagram.com\/associacio_de_concerts\/?hl=es' target='_blank'>https:\/\/www.instagram.com\/associacio_de_concerts\/?hl=es<\/a><\/td>\n                    <td style=\"\"><a href='https:\/\/twitter.com\/AConcertsReus' target='_blank'>https:\/\/twitter.com\/AConcertsReus<\/a><\/td>\n                    <td style=\"\">+34636301782<\/td>\n                    <td style=\"\"><a href='mailto:info@associacioconcertsreus.cat '>info@associacioconcertsreus.cat <\/a><\/td>\n                    <td style=\"\">Associaci\u00f3 de Concerts de Reus<br>Pl. Prim 4.   <br>43201  <br>Reus <br>(Espa\u00f1a)<\/td>\n                    <td style=\"\"><\/td>\n                    <td style=\"\"><a href='https:\/\/associacioconcertsreus.cat\/' target='_blank'>https:\/\/associacioconcertsreus.cat\/<\/a><\/td>\n            <\/tr>\n            <tr id=\"table_15_row_1\">\n                    <td style=\"\"><img src='https:\/\/ibermusicas.org\/wp-content\/uploads\/2020\/04\/Orquesta-PNF-Proartes-Cali.png' \/><\/td>\n                    <td style=\"\">40<\/td>\n                    <td style=\"\">Orquesta Filarm\u00f3nica de Cali<\/td>\n                    <td style=\"\">Colombia<\/td>\n                    <td style=\"\">Orquesta sinf\u00f3nica<\/td>\n                    <td style=\"\">En Colombia existen solo 6 orquestas sinf\u00f3nicas profesionales, dos de ellas en Bogot\u00e1, dos en Medell\u00edn, una en Caldas y una en Cali: La Orquesta Filarm\u00f3nica de Cali, \u00fanica representativa de la regi\u00f3n pac\u00edfica colombiana y heredera de una tradici\u00f3n sinf\u00f3nica de m\u00e1s de 80 a\u00f1os. Desde el inicio y con Antonio Mar\u00eda Valencia como impulsor, la ciudad de Cali ha contado con ilustres directores que han contribuido al desarrollo a la Orquesta y a la vida musical de la regi\u00f3n.<br><br>La OFC est\u00e1 conformada por 38 m\u00fasicos de un alto nivel profesional, colombianos y extranjeros, seleccionados mediante proceso de audici\u00f3n abierta con la participaci\u00f3n de un jurado nacional e internacional de amplia trayectoria musical.<br><br>Para la OFC es un privilegio hacer parte de la escena cultural de la ciudad y de la regi\u00f3n pac\u00edfica, por esto trabaja con pasi\u00f3n para traer cada temporada a los mejores solistas y directores invitados, quienes vienen de distintas partes del mundo y se llevan de Cali la imagen de una ciudad que alberga orgullosamente una Orquesta Filarm\u00f3nica.<br><br>Su historia ha tenido el privilegio de contar con un grupo importante de destacados directores, nacionales e internacionales, desde sus inicios a finales de 1930, hasta su historia m\u00e1s reciente.<\/td>\n                    <td style=\"\">Asociaci\u00f3n para la Promoci\u00f3n de las Artes PROARTES<br>Mariana Garc\u00e9s C\u00f3rdoba - Representante Legal <\/td>\n                    <td style=\"\"><a href='https:\/\/www.facebook.com\/filarmonicacali' target='_blank'>https:\/\/www.facebook.com\/filarmonicacali<\/a><\/td>\n                    <td style=\"\"><a href='https:\/\/www.instagram.com\/filarcali\/' target='_blank'>https:\/\/www.instagram.com\/filarcali\/<\/a><\/td>\n                    <td style=\"\"><a href='https:\/\/twitter.com\/FilarmonicaCali' target='_blank'>https:\/\/twitter.com\/FilarmonicaCali<\/a><\/td>\n                    <td style=\"\">+57 (2)8851179<\/td>\n                    <td style=\"\"><a href='mailto:proartes@proartescali.com'>proartes@proartescali.com<\/a><\/td>\n                    <td style=\"\">Carrera 5 #7-02, Cali, Valle del Cauca, Colombia<\/td>\n                    <td style=\"\">1<\/td>\n                    <td style=\"\"><a href='https:\/\/www.orquestafilarmonicadecali.com\/' target='_blank'>https:\/\/www.orquestafilarmonicadecali.com\/<\/a><\/td>\n            <\/tr>\n            <tr id=\"table_15_row_2\">\n                    <td style=\"\"><img src='https:\/\/ibermusicas.org\/wp-content\/uploads\/2020\/04\/OFUNAM-1.jpg' \/><\/td>\n                    <td style=\"\">48<\/td>\n                    <td style=\"\">Orquesta Filarm\u00f3nica de la Universidad Nacional Aut\u00f3noma de M\u00e9xico <\/td>\n                    <td style=\"\">M\u00e9xico<\/td>\n                    <td style=\"\">Orquesta sinf\u00f3nica<\/td>\n                    <td style=\"\">La Orquesta Filarm\u00f3nica de la UNAM (OFUNAM), fundada en 1936, es una de las orquestas m\u00e1s importantes de M\u00e9xico, y su sede es la Sala Nezahualc\u00f3yotl, en Ciudad Universitaria.<br><br>En sus m\u00e1s de ochenta a\u00f1os de historia la OFUNAM ha pasado por la batuta de Jos\u00e9 Rocabruna, Jos\u00e9 Francisco V\u00e1squez, Icilio Bredo, Eduardo Mata, H\u00e9ctor Quintanar, Enrique Diemecke, Eduardo Diazmu\u00f1oz, Jorge Velazco, Jes\u00fas Medina, Ronald Zollman, Zuohuang Chen, Alun Francis, Jan Latham-Koenig y Massimo Quarta como directores titulares, adem\u00e1s de docenas de directores hu\u00e9spedes. Ha comisionado y estrenado obras de varios compositores mexicanos y ha tenido dos giras internacionales: Italia en 2014 y Reino Unido en 2015.<br><br>La OFUNAM ofrece tres temporadas de conciertos al a\u00f1o, realizados en la Sala Nezahualc\u00f3yotl. La orquesta tambi\u00e9n realiza giras por diferentes escuelas y facultades de la UNAM.<\/td>\n                    <td style=\"\">SUBDIRECTORA EJECUTIVA<br>Edith Citlali Morales Hern\u00e1ndez<\/td>\n                    <td style=\"\"><a href='https:\/\/www.facebook.com\/musicaunamdgm' target='_blank'>https:\/\/www.facebook.com\/musicaunamdgm<\/a><\/td>\n                    <td style=\"\"><a href='https:\/\/www.instagram.com\/musicaunam\/?hl=es-la' target='_blank'>https:\/\/www.instagram.com\/musicaunam\/?hl=es-la<\/a><\/td>\n                    <td style=\"\"><a href='https:\/\/twitter.com\/musicaunam' target='_blank'>https:\/\/twitter.com\/musicaunam<\/a><\/td>\n                    <td style=\"\">+ 52 56227128<\/td>\n                    <td style=\"\"><a href='mailto:ofunam1@unam.mx'>ofunam1@unam.mx<\/a><\/td>\n                    <td style=\"\">Insurgentes Sur 3000, Ciudad Universitaria<br>Centro Cultural Universitario<br>Edificio anexo a la Sala Nezahualc\u00f3yotl, planta baja<br>Acceso por la entrada de m\u00fasicos<br>C.P. 04510, Alcald\u00eda Coyoac\u00e1n<\/td>\n                    <td style=\"\"><\/td>\n                    <td style=\"\"><a href='https:\/\/musica.unam.mx\/ofunam' target='_blank'>https:\/\/musica.unam.mx\/ofunam<\/a><\/td>\n            <\/tr>\n            <tr id=\"table_15_row_3\">\n                    <td style=\"\"><img src='https:\/\/ibermusicas.org\/wp-content\/uploads\/2020\/04\/Logos-Filarmed-blanco-Johanna-Galeano-Gil.png' \/><\/td>\n                    <td style=\"\">34<\/td>\n                    <td style=\"\">Orquesta Filarm\u00f3nica de Medell\u00edn<\/td>\n                    <td style=\"\">Colombia<\/td>\n                    <td style=\"\">Orquesta Sinf\u00f3nica<\/td>\n                    <td style=\"\">La Orquesta se cre\u00f3 con el objetivo principal de acompa\u00f1ar el Estudio Polif\u00f3nico de Medell\u00edn y de darles la oportunidad a j\u00f3venes m\u00fasicos de la ciudad de realizar pr\u00e1cticas orquestales.<\/td>\n                    <td style=\"\">Direcci\u00f3n Ejecutiva: <br>Mar\u00eda Catalina Prieto V\u00e1squez<br>direccionejecutiva@filarmed.org<br><br>Subdirecci\u00f3n de programaci\u00f3n:<br>Vania Abello<br>programacion@filarmed.org<\/td>\n                    <td style=\"\"><a href='https:\/\/www.facebook.com\/filarmed' target='_blank'>https:\/\/www.facebook.com\/filarmed<\/a><\/td>\n                    <td style=\"\"><a href='https:\/\/www.instagram.com\/filarmed ' target='_blank'>https:\/\/www.instagram.com\/filarmed <\/a><\/td>\n                    <td style=\"\"><a href='https:\/\/twitter.com\/filarmed' target='_blank'>https:\/\/twitter.com\/filarmed<\/a><\/td>\n                    <td style=\"\">262-55-00<\/td>\n                    <td style=\"\"><a href='mailto:info@filarmed.org'>info@filarmed.org<\/a><\/td>\n                    <td style=\"\">Carrera 42 # 8 - 00 <br>Palermo Cultural, Medell\u00edn, Antioquia, Colombia<\/td>\n                    <td style=\"\">1<\/td>\n                    <td style=\"\"><a href='https:\/\/filarmed.org\/' target='_blank'>https:\/\/filarmed.org\/<\/a><\/td>\n            <\/tr>\n            <tr id=\"table_15_row_4\">\n                    <td style=\"\"><img src='https:\/\/ibermusicas.org\/wp-content\/uploads\/2020\/04\/logo-Fundacio\u0301n-Compan\u0303ia-Nacional-de-Musica.png' \/><\/td>\n                    <td style=\"\">43<\/td>\n                    <td style=\"\">Orquesta Filarm\u00f3nica Nacional de Venezuela<\/td>\n                    <td style=\"\">Venezuela<\/td>\n                    <td style=\"\">Orquesta sinf\u00f3nica<\/td>\n                    <td style=\"\"><\/td>\n                    <td style=\"\">Ruben Capriles: Director Musical (rubenfcapriles@gmail.com)  <br><br>Mar\u00eda Alejandra Jim\u00e9nez: Coordinaci\u00f3n de Operaciones (mariale.jimenezm@gmail.com)<\/td>\n                    <td style=\"\"><a href='https:\/\/www.facebook.com\/ve.musica\/' target='_blank'>https:\/\/www.facebook.com\/ve.musica\/<\/a><\/td>\n                    <td style=\"\"><a href='https:\/\/www.instagram.com\/Ven_Musica\/' target='_blank'>https:\/\/www.instagram.com\/Ven_Musica\/<\/a><\/td>\n                    <td style=\"\"><a href='https:\/\/twitter.com\/Ven_Musica\/' target='_blank'>https:\/\/twitter.com\/Ven_Musica\/<\/a><\/td>\n                    <td style=\"\">+582124848062<\/td>\n                    <td style=\"\"><a href='mailto:fcnm.asistencia.presidencia@gmail.com'>fcnm.asistencia.presidencia@gmail.com<\/a><\/td>\n                    <td style=\"\">Torre Norte del Centro Sim\u00f3n Bol\u00edvar, piso 27, El Silencio. C. Bolivar Nte., Caracas 1012, Distrito Capital, Venezuela<\/td>\n                    <td style=\"\">1<\/td>\n                    <td style=\"\"><a href='http:\/\/cnm.gob.ve' target='_blank'>http:\/\/cnm.gob.ve<\/a><\/td>\n            <\/tr>\n            <tr id=\"table_15_row_5\">\n                    <td style=\"\"><img src='https:\/\/ibermusicas.org\/wp-content\/uploads\/2020\/04\/Teatro-del-Libertador-Teatro-Del-Libertador.png' \/><\/td>\n                    <td style=\"\">30<\/td>\n                    <td style=\"\">Orquesta Sinf\u00f3nica de C\u00f3rdoba <\/td>\n                    <td style=\"\">Argentina<\/td>\n                    <td style=\"\">Orquesta Sinf\u00f3nica<\/td>\n                    <td style=\"\">Orquesta Sinf\u00f3nica de la Provincia de C\u00f3rdoba dependiente del Teatro del Libertador San Mart\u00edn<\/td>\n                    <td style=\"\"><\/td>\n                    <td style=\"\"><a href='https:\/\/www.facebook.com\/TeatroDelLibertador\/' target='_blank'>https:\/\/www.facebook.com\/TeatroDelLibertador\/<\/a><\/td>\n                    <td style=\"\"><a href='https:\/\/www.instagram.com\/teatrodellibertador' target='_blank'>https:\/\/www.instagram.com\/teatrodellibertador<\/a><\/td>\n                    <td style=\"\"><\/td>\n                    <td style=\"\">+543514143412<\/td>\n                    <td style=\"\"><a href='mailto:direccion.libertador@gmail.com'>direccion.libertador@gmail.com<\/a><\/td>\n                    <td style=\"\">Av. V\u00e9lez Sarsfield 365, X5000 JJD, C\u00f3rdoba<\/td>\n                    <td style=\"\">1<\/td>\n                    <td style=\"\"><a href='https:\/\/cultura.cba.gov.ar\/teatrodellibertador\/' target='_blank'>https:\/\/cultura.cba.gov.ar\/teatrodellibertador\/<\/a><\/td>\n            <\/tr>\n            <tr id=\"table_15_row_6\">\n                    <td style=\"\"><img src='https:\/\/ibermusicas.org\/wp-content\/uploads\/2020\/04\/OSFalcon.jpg' \/><\/td>\n                    <td style=\"\">51<\/td>\n                    <td style=\"\">Orquesta Sinf\u00f3nica de Falc\u00f3n<\/td>\n                    <td style=\"\">Venezuela<\/td>\n                    <td style=\"\">Orquesta sinf\u00f3nica<\/td>\n                    <td style=\"\">La Orquesta Sinf\u00f3nica de Falc\u00f3n fue declarada por el Gobierno Regional Patrimonio Art\u00edstico y Cultural del estado Falc\u00f3n el 08 de marzo de 2002. La integran destacados artistas falconianos que han resistido dificultades, superado obst\u00e1culos, pero cada victoria les ha permitido crecer gracias al trabajo infatigable, tesonero y al producto del esfuerzo personal y colectivo. Hoy es un patrimonio cultural vivo y es embajadora musical del estado. Durante sus 29 a\u00f1os de existencia ha tenido como norte el entusiasmo y la pasi\u00f3n por alcanzar exigentes est\u00e1ndares de excelencia profesional y musical.<br><br>\n<\/td>\n                    <td style=\"\"><\/td>\n                    <td style=\"\"><a href='https:\/\/www.facebook.com\/LasinfonicaF\/' target='_blank'>https:\/\/www.facebook.com\/LasinfonicaF\/<\/a><\/td>\n                    <td style=\"\"><a href='https:\/\/www.instagram.com\/\/lasinfonicaf\/' target='_blank'>https:\/\/www.instagram.com\/\/lasinfonicaf\/<\/a><\/td>\n                    <td style=\"\"><a href='https:\/\/twitter.com\/Lasinfonicaf' target='_blank'>https:\/\/twitter.com\/Lasinfonicaf<\/a><\/td>\n                    <td style=\"\">+58 0268 252 3658<\/td>\n                    <td style=\"\"><a href='mailto:fosinfonicafalcon@gmail.com'>fosinfonicafalcon@gmail.com<\/a><\/td>\n                    <td style=\"\">C. Falc\u00f3n, <br>Coro 4101, <br>Falc\u00f3n, <br>Venezuela<\/td>\n                    <td style=\"\"><\/td>\n                    <td style=\"\"><a href='https:\/\/www.orquestasinfonicadefalcon.org\/general\/' target='_blank'>https:\/\/www.orquestasinfonicadefalcon.org\/general\/<\/a><\/td>\n            <\/tr>\n            <tr id=\"table_15_row_7\">\n                    <td style=\"\"><img src='https:\/\/ibermusicas.org\/wp-content\/uploads\/2020\/04\/Logo-SFA-Luis-Szaran.png' \/><\/td>\n                    <td style=\"\">33<\/td>\n                    <td style=\"\">Orquesta Sinf\u00f3nica de la Ciudad de Asunci\u00f3n (OSCA)<\/td>\n                    <td style=\"\">Paraguay<\/td>\n                    <td style=\"\">Orquesta Sinf\u00f3nica  <\/td>\n                    <td style=\"\">Agrupaci\u00f3n sinf\u00f3nica dependiente de la Direcci\u00f3n General de Cultura y Turismo de la Municipalidad de Asunci\u00f3n. Tiene su sede en el Teatro Municipal. Desde al a\u00f1o 1992 la gesti\u00f3n, producci\u00f3n y administraci\u00f3n de las temporadas de conciertos est\u00e1 a cargo de la Sociedad Filarm\u00f3nica de Asunci\u00f3n, entidad sin fines de lucro. Cuenta con 70 integrantes y realiza un promedio de 40 conciertos en el a\u00f1o. Director: Luis Szaran<\/td>\n                    <td style=\"\">Elba Perito. Coordinaci\u00f3n de producci\u00f3n sfa@pol.com.py <\/td>\n                    <td style=\"\"><a href='https:\/\/www.facebook.com\/SociedadFilarmonicadeAsuncion\/' target='_blank'>https:\/\/www.facebook.com\/SociedadFilarmonicadeAsuncion\/<\/a><\/td>\n                    <td style=\"\"><\/td>\n                    <td style=\"\"><\/td>\n                    <td style=\"\">+59521492416<\/td>\n                    <td style=\"\"><a href='mailto:sfa@pol.com.py'>sfa@pol.com.py<\/a><\/td>\n                    <td style=\"\">Cerro Cor\u00e1 848, Asunci\u00f3n, Paraguay<\/td>\n                    <td style=\"\">1<\/td>\n                    <td style=\"\"><a href='https:\/\/sfa.org.py\/' target='_blank'>https:\/\/sfa.org.py\/<\/a><\/td>\n            <\/tr>\n            <tr id=\"table_15_row_8\">\n                    <td style=\"\"><img src='https:\/\/ibermusicas.org\/wp-content\/uploads\/2020\/04\/ORQUESTAUNCUYO-Jose-Loyero.png' \/><\/td>\n                    <td style=\"\">32<\/td>\n                    <td style=\"\">Orquesta Sinf\u00f3nica de la Universidad Nacional de Cuyo<\/td>\n                    <td style=\"\">Argentina<\/td>\n                    <td style=\"\">Orquesta Sinf\u00f3nica<\/td>\n                    <td style=\"\">La Orquesta Sinf\u00f3nica de la Universidad Nacional de Cuyo es un organismo profesional art\u00edstico-musical dependiente jer\u00e1rquica y funcionalmente de la Secretar\u00eda de Extensi\u00f3n Universitaria del Rectorado de la UNCUYO. Act\u00faa en conciertos y en otras formas del arte musical, ya sean espect\u00e1culos coreogr\u00e1ficos, l\u00edricos y sinf\u00f3nico-corales. Interpreta el repertorio sinf\u00f3nico universal, con el objetivo de promover y alentar la creaci\u00f3n musical, abordando obras de compositores nacionales y regionales.<br>Asimismo desarrolla actuaciones did\u00e1cticas y pedag\u00f3gicas que forman parte de la programaci\u00f3n anual elaboradas por la Comisi\u00f3n Art\u00edstica con acuerdo del Sec. de Extensi\u00f3n.<br>Sus actividades contribuyen a optimizar la relaci\u00f3n entre la UNCuyo y la comunidad, promoviendo el intercambio de conocimiento y el despliegue de sus potencialidades, aportando a mejorar la calidad de vida, la inclusi\u00f3n e integraci\u00f3n en el \u00e1mbito local, nacional, regional e internacional, impulsando el desarrollo de los individuos desde principios sist\u00e9micos y hol\u00edsticos, con una fuerte vocaci\u00f3n de servicio al bien com\u00fan. <\/td>\n                    <td style=\"\">Lic. Jos\u00e9 F. Loyero, Coordinador General <br>Mail: jloyero@uncu.edu.ar \/ <br><br><br>\n<\/td>\n                    <td style=\"\"><a href='https:\/\/www.facebook.com\/OSUNCuyo' target='_blank'>https:\/\/www.facebook.com\/OSUNCuyo<\/a><\/td>\n                    <td style=\"\"><a href='https:\/\/www.instagram.com\/orquestauncuyo\/' target='_blank'>https:\/\/www.instagram.com\/orquestauncuyo\/<\/a><\/td>\n                    <td style=\"\"><a href='https:\/\/twitter.com\/orquestauncuyo' target='_blank'>https:\/\/twitter.com\/orquestauncuyo<\/a><\/td>\n                    <td style=\"\">+54 261 4054890<\/td>\n                    <td style=\"\"><a href='mailto:orquesta@uncu.edu.ar'>orquesta@uncu.edu.ar<\/a><\/td>\n                    <td style=\"\">Nave UNCUYO - Maza 255 Ciudad de Mendoza CP5500<\/td>\n                    <td style=\"\">1<\/td>\n                    <td style=\"\"><a href='http:\/\/www.orquesta.uncu.edu.ar\/' target='_blank'>http:\/\/www.orquesta.uncu.edu.ar\/<\/a><\/td>\n            <\/tr>\n            <tr id=\"table_15_row_9\">\n                    <td style=\"\"><\/td>\n                    <td style=\"\">54<\/td>\n                    <td style=\"\">Orquesta Sinf\u00f3nica de la Universidad Nacional de San Juan<\/td>\n                    <td style=\"\">Argentina<\/td>\n                    <td style=\"\">Orquesta Sinf\u00f3nica<\/td>\n                    <td style=\"\">Somos una Orquesta Sinf\u00f3nica, con m\u00fasicos que adem\u00e1s son docentes universitarios encargados de formar nuevos m\u00fasicos, tanto preuniversitarios como universitarios.   <\/td>\n                    <td style=\"\">La secretaria del Centro de Creaci\u00f3n Art\u00edstico Orquestal, organismo del que depende nuestra Orquesta, su contacto es sinfonicadesanjuan@gmail.com<\/td>\n                    <td style=\"\"><a href='https:\/\/www.facebook.com\/orquestasinfonicadesanjuan' target='_blank'>https:\/\/www.facebook.com\/orquestasinfonicadesanjuan<\/a><\/td>\n                    <td style=\"\"><\/td>\n                    <td style=\"\"><\/td>\n                    <td style=\"\">+54264-4220772\/ +54264-4219454<\/td>\n                    <td style=\"\"><a href='mailto:sinfonicadesanjuan@gmail.com'>sinfonicadesanjuan@gmail.com<\/a><\/td>\n                    <td style=\"\">25 de Mayo 1215 Oeste<br>Capital<br>San Juan<br>Argentina<\/td>\n                    <td style=\"\"><\/td>\n                    <td style=\"\"><\/td>\n            <\/tr>\n    <\/tbody>        <!-- \/Table body -->\n\n        <!-- Table footer -->\n        \n    <tfoot>\n                <tr style=\"display: none\">\n                            <td\n                class=\"wdtheader  \"\n                style=\"\"><\/td>                <td\n                class=\"wdtheader  numdata integer \"\n                style=\"\"><\/td>                <td\n                class=\"wdtheader  \"\n                style=\"\"><\/td>                <td\n                class=\"wdtheader sort \"\n                style=\"\">Pa\u00eds<\/td>                <td\n                class=\"wdtheader  \"\n                style=\"\">Tipo de instituci\u00f3n<\/td>                <td\n                class=\"wdtheader  \"\n                style=\"\"><\/td>                <td\n                class=\"wdtheader  \"\n                style=\"\"><\/td>                <td\n                class=\"wdtheader  \"\n                style=\"\"><\/td>                <td\n                class=\"wdtheader  \"\n                style=\"\"><\/td>                <td\n                class=\"wdtheader sort \"\n                style=\"\"><\/td>                <td\n                class=\"wdtheader  \"\n                style=\"\"><\/td>                <td\n                class=\"wdtheader  \"\n                style=\"\"><\/td>                <td\n                class=\"wdtheader  \"\n                style=\"\"><\/td>                <td\n                class=\"wdtheader  numdata integer \"\n                style=\"\"><\/td>                <td\n                class=\"wdtheader  \"\n                style=\"\"><\/td>        <\/tr>\n                            <\/tfoot>\n        <!-- \/Table footer -->\n\n    <\/table>\n\n<\/div><style>\n\n#table_1 > tbody > tr > td.column-pas:not(:empty):before,\n                                       \n#table_1 > tbody > tr.row-detail ul li.column-pas span.columnValue:before\n                                            { content: 'Pa\u00eds: ' }\n#table_1 > tbody > tr > td.column-tipo_agrupacion:not(:empty):before,\n                                       \n#table_1 > tbody > tr.row-detail ul li.column-tipo_agrupacion span.columnValue:before\n                                            { content: 'Tipo de instituci\u00f3n: ' }\n#table_1 > tbody > tr > td.column-descripcin:not(:empty):before,\n                                       \n#table_1 > tbody > tr.row-detail ul li.column-descripcin span.columnValue:before\n                                            { content: 'Descripci\u00f3n: ' }\n#table_1 > tbody > tr > td.column-catlogodepartituras:not(:empty):before,\n                                       \n#table_1 > tbody > tr.row-detail ul li.column-catlogodepartituras span.columnValue:before\n                                            { content: 'Contactos: ' }\n#table_1 > tbody > tr > td.column-facebook:not(:empty):before,\n                                       \n#table_1 > tbody > tr.row-detail ul li.column-facebook span.columnValue:before\n                                            { content: 'fbook: ' }\n#table_1 > tbody > tr > td.column-instagram:not(:empty):before,\n                                       \n#table_1 > tbody > tr.row-detail ul li.column-instagram span.columnValue:before\n                                            { content: 'IG: ' }\n#table_1 > tbody > tr > td.column-twitter:not(:empty):before,\n                                       \n#table_1 > tbody > tr.row-detail ul li.column-twitter span.columnValue:before\n                                            { content: 'tw: ' }\n#table_1 > tbody > tr > td.column-telfono:not(:empty):before,\n                                       \n#table_1 > tbody > tr.row-detail ul li.column-telfono span.columnValue:before\n                                            { content: 'Tel\u00e9fono: ' }\n#table_1 > tbody > tr > td.column-music:not(:empty):before,\n                                       \n#table_1 > tbody > tr.row-detail ul li.column-music span.columnValue:before\n                                            { content: 'email: ' }\n#table_1 > tbody > tr > td.column-direccinpostal:not(:empty):before,\n                                       \n#table_1 > tbody > tr.row-detail ul li.column-direccinpostal span.columnValue:before\n                                            { content: 'Direcci\u00f3n Postal: ' }table.wpDataTable { table-layout: fixed !important; }\ntable.wpDataTable td.numdata { text-align: right !important; }\n<\/style>\n\n<style>\n\n\n<\/style>\n\n","protected":false},"excerpt":{"rendered":"","protected":false},"author":1,"featured_media":0,"parent":0,"menu_order":0,"comment_status":"closed","ping_status":"closed","template":"rios","meta":{"_monsterinsights_skip_tracking":false,"_monsterinsights_sitenote_active":false,"_monsterinsights_sitenote_note":"","_monsterinsights_sitenote_category":0,"footnotes":""},"class_list":["post-9567","page","type-page","status-publish","hentry"],"lang":"es","translations":{"es":9567,"pt":10646},"pll_sync_post":[],"post_mailing_queue_ids":[],"_links":{"self":[{"href":"https:\/\/www.ibermusicas.org\/index.php\/wp-json\/wp\/v2\/pages\/9567","targetHints":{"allow":["GET"]}}],"collection":[{"href":"https:\/\/www.ibermusicas.org\/index.php\/wp-json\/wp\/v2\/pages"}],"about":[{"href":"https:\/\/www.ibermusicas.org\/index.php\/wp-json\/wp\/v2\/types\/page"}],"author":[{"embeddable":true,"href":"https:\/\/www.ibermusicas.org\/index.php\/wp-json\/wp\/v2\/users\/1"}],"replies":[{"embeddable":true,"href":"https:\/\/www.ibermusicas.org\/index.php\/wp-json\/wp\/v2\/comments?post=9567"}],"version-history":[{"count":1,"href":"https:\/\/www.ibermusicas.org\/index.php\/wp-json\/wp\/v2\/pages\/9567\/revisions"}],"predecessor-version":[{"id":25717,"href":"https:\/\/www.ibermusicas.org\/index.php\/wp-json\/wp\/v2\/pages\/9567\/revisions\/25717"}],"wp:attachment":[{"href":"https:\/\/www.ibermusicas.org\/index.php\/wp-json\/wp\/v2\/media?parent=9567"}],"curies":[{"name":"wp","href":"https:\/\/api.w.org\/{rel}","templated":true}]}}